{"id":3265,"date":"2022-09-15T08:34:47","date_gmt":"2022-09-15T11:34:47","guid":{"rendered":"https:\/\/www.prppg.ufpr.br\/site\/portalcapacitacao\/?page_id=3265"},"modified":"2025-02-05T14:36:39","modified_gmt":"2025-02-05T17:36:39","slug":"pdp-2022-acoes","status":"publish","type":"page","link":"https:\/\/progepe.ufpr.br\/capacitacao\/pdp-2022-acoes\/","title":{"rendered":"A\u00e7\u00f5es PDP 2022"},"content":{"rendered":"\n<div style=\"height:1em\" aria-hidden=\"true\" class=\"wp-block-spacer\"><\/div>\n\n\n\n<p class=\"has-text-align-center\"><a href=\"#bibliotecas\" data-type=\"internal\" data-id=\"#bibliotecas\">Bibliotecas<\/a>&nbsp;|&nbsp;<a href=\"#campus\" data-type=\"internal\" data-id=\"#campus\">Campus<\/a>&nbsp;|&nbsp;<a href=\"#hc\" data-type=\"internal\" data-id=\"#hc\">Hospital de Cl\u00ednicas<\/a>&nbsp;|&nbsp;<a href=\"#proreitorias\" data-type=\"internal\" data-id=\"#proreitorias\">Pr\u00f3-reitorias<\/a>&nbsp;|&nbsp;<a href=\"#rt\" data-type=\"internal\" data-id=\"#rt\">Reitoria<\/a>&nbsp;|&nbsp;<a href=\"#setores\" data-type=\"internal\" data-id=\"#setores\">Setores<\/a>&nbsp;|&nbsp;<a href=\"#superintendencias\" data-type=\"internal\" data-id=\"#superintendencias\">Superintend\u00eancias<\/a><\/p>\n\n\n\n<div style=\"height:1em\" aria-hidden=\"true\" class=\"wp-block-spacer\"><\/div>\n\n\n\n<hr class=\"wp-block-separator has-alpha-channel-opacity\"\/>\n\n\n\n<div style=\"height:1em\" aria-hidden=\"true\" class=\"wp-block-spacer\"><\/div>\n\n\n\n<h3 class=\"wp-block-heading\" id=\"bibliotecas\">Bibliotecas &#8211; SiBi<\/h3>\n\n\n\n<div class=\"wp-block-group is-layout-flow wp-block-group-is-layout-flow\" style=\"padding-left:var(--wp--preset--spacing--40)\"><\/div>\n\n\n\n<div style=\"height:2em\" aria-hidden=\"true\" class=\"wp-block-spacer\"><\/div>\n\n\n\n<hr class=\"wp-block-separator has-alpha-channel-opacity\"\/>\n\n\n\n<div style=\"height:0.75em\" aria-hidden=\"true\" class=\"wp-block-spacer\"><\/div>\n\n\n\n<h3 class=\"wp-block-heading\" id=\"campus\">Campus<\/h3>\n\n\n\n<div class=\"wp-block-group is-layout-flow wp-block-group-is-layout-flow\" style=\"padding-left:var(--wp--preset--spacing--40)\">\n<h4 class=\"wp-block-heading has-medium-font-size\"><strong>Campus Jandaia do Sul<\/strong><\/h4>\n\n\n\n<div class=\"wp-block-group is-layout-flow wp-block-group-is-layout-flow\" style=\"padding-left:var(--wp--preset--spacing--40)\">\n<figure class=\"wp-block-table is-style-regular has-small-font-size\"><table><tbody><tr><td class=\"has-text-align-center\" data-align=\"center\"><a href=\"https:\/\/progepe.ufpr.br\/capacitacao\/wp-content\/uploads\/2022\/09\/evento-comprovante-pdp-2022-ja.pdf\" data-type=\"link\" data-id=\"https:\/\/progepe.ufpr.br\/capacitacao\/wp-content\/uploads\/2022\/09\/evento-comprovante-pdp-2022-ja.pdf\">Afastamento para evento<\/a><\/td><td class=\"has-text-align-center\" data-align=\"center\"><a href=\"https:\/\/progepe.ufpr.br\/capacitacao\/wp-content\/uploads\/2022\/09\/stricto-sensu-comprovante-pdp-2022-ja.pdf\" data-type=\"link\" data-id=\"https:\/\/progepe.ufpr.br\/capacitacao\/wp-content\/uploads\/2022\/09\/stricto-sensu-comprovante-pdp-2022-ja.pdf\">Afastamento para estudos\/<em>Stricto sensu<\/em><\/a><\/td><td class=\"has-text-align-center\" data-align=\"center\"><a href=\"https:\/\/progepe.ufpr.br\/capacitacao\/wp-content\/uploads\/2022\/09\/pos-doutorado-comprovante-pdp-2022-ja.pdf\" data-type=\"link\" data-id=\"https:\/\/progepe.ufpr.br\/capacitacao\/wp-content\/uploads\/2022\/09\/pos-doutorado-comprovante-pdp-2022-ja.pdf\">Afastamento para estudos\/P\u00f3s-doutorado<\/a><\/td><td class=\"has-text-align-center\" data-align=\"center\">Afastamento para CAPES PrInt<br><strong>Sem a\u00e7\u00e3o cadastrada<\/strong><\/td><td class=\"has-text-align-center\" data-align=\"center\"><a href=\"https:\/\/progepe.ufpr.br\/capacitacao\/wp-content\/uploads\/2022\/09\/lic-comprovante-pdp-2022-ja.pdf\" data-type=\"link\" data-id=\"https:\/\/progepe.ufpr.br\/capacitacao\/wp-content\/uploads\/2022\/09\/lic-comprovante-pdp-2022-ja.pdf\">Licen\u00e7a para capacita\u00e7\u00e3o<\/a><\/td><\/tr><\/tbody><\/table><\/figure>\n<\/div>\n\n\n\n<div style=\"height:0.75em\" aria-hidden=\"true\" class=\"wp-block-spacer\"><\/div>\n\n\n\n<h4 class=\"wp-block-heading has-medium-font-size\"><strong>Campus Pontal do Paran\u00e1 &#8211; Centro de Estudos do Mar<\/strong><\/h4>\n\n\n\n<div class=\"wp-block-group is-layout-flow wp-block-group-is-layout-flow\" style=\"padding-left:var(--wp--preset--spacing--40)\">\n<figure class=\"wp-block-table is-style-regular has-small-font-size\"><table><tbody><tr><td class=\"has-text-align-center\" data-align=\"center\"><a href=\"https:\/\/progepe.ufpr.br\/capacitacao\/wp-content\/uploads\/2022\/09\/evento-comprovante-pdp-2022-pontal-1.pdf\" data-type=\"link\" data-id=\"https:\/\/progepe.ufpr.br\/capacitacao\/wp-content\/uploads\/2022\/09\/evento-comprovante-pdp-2022-pontal-1.pdf\">Afastamento para evento<\/a><\/td><td class=\"has-text-align-center\" data-align=\"center\"><a href=\"https:\/\/progepe.ufpr.br\/capacitacao\/wp-content\/uploads\/2022\/09\/stricto-sensu-comprovante-pdp-2022-pontal-1.pdf\" data-type=\"link\" data-id=\"https:\/\/progepe.ufpr.br\/capacitacao\/wp-content\/uploads\/2022\/09\/stricto-sensu-comprovante-pdp-2022-pontal-1.pdf\">Afastamento para estudos\/<em>Stricto sensu<\/em><\/a><\/td><td class=\"has-text-align-center\" data-align=\"center\">Afastamento para estudos\/P\u00f3s-doutorado<br><strong>Sem a\u00e7\u00e3o cadastrada<\/strong><\/td><td class=\"has-text-align-center\" data-align=\"center\"><a href=\"https:\/\/progepe.ufpr.br\/capacitacao\/wp-content\/uploads\/2022\/09\/capes-print-comprovante-pdp-2022-pontal.pdf\" data-type=\"link\" data-id=\"https:\/\/progepe.ufpr.br\/capacitacao\/wp-content\/uploads\/2022\/09\/capes-print-comprovante-pdp-2022-pontal.pdf\">Afastamento para CAPES PrInt<\/a><\/td><td class=\"has-text-align-center\" data-align=\"center\"><a href=\"https:\/\/progepe.ufpr.br\/capacitacao\/wp-content\/uploads\/2022\/09\/modelo-lic-comprovante-pdp-2022-pontal.pdf\" data-type=\"link\" data-id=\"https:\/\/progepe.ufpr.br\/capacitacao\/wp-content\/uploads\/2022\/09\/modelo-lic-comprovante-pdp-2022-pontal.pdf\">Licen\u00e7a para capacita\u00e7\u00e3o<\/a><\/td><\/tr><\/tbody><\/table><\/figure>\n<\/div>\n\n\n\n<div style=\"height:0.75em\" aria-hidden=\"true\" class=\"wp-block-spacer\"><\/div>\n\n\n\n<h4 class=\"wp-block-heading has-medium-font-size\"><strong>Campus Toledo<\/strong><\/h4>\n\n\n\n<div class=\"wp-block-group is-layout-flow wp-block-group-is-layout-flow\" style=\"padding-left:var(--wp--preset--spacing--40)\">\n<figure class=\"wp-block-table is-style-regular has-small-font-size\"><table><tbody><tr><td class=\"has-text-align-center\" data-align=\"center\">Afastamento para evento<br><strong>Sem a\u00e7\u00e3o cadastrada<\/strong><\/td><td class=\"has-text-align-center\" data-align=\"center\">Afastamento para estudos\/<em>Stricto sensu<\/em><br><strong>Sem a\u00e7\u00e3o cadastrada<\/strong><\/td><td class=\"has-text-align-center\" data-align=\"center\">Afastamento para estudos\/P\u00f3s-doutorado<br><strong>Sem a\u00e7\u00e3o cadastrada<\/strong><\/td><td class=\"has-text-align-center\" data-align=\"center\">Afastamento para CAPES PrInt<br><strong>Sem a\u00e7\u00e3o cadastrada<\/strong><\/td><td class=\"has-text-align-center\" data-align=\"center\">Licen\u00e7a para capacita\u00e7\u00e3o<br><strong>Sem a\u00e7\u00e3o cadastrada<\/strong><\/td><\/tr><\/tbody><\/table><\/figure>\n<\/div>\n\n\n\n<div class=\"wp-block-group is-layout-flow wp-block-group-is-layout-flow\" style=\"padding-left:var(--wp--preset--spacing--40)\"><\/div>\n<\/div>\n\n\n\n<div style=\"height:2em\" aria-hidden=\"true\" class=\"wp-block-spacer\"><\/div>\n\n\n\n<hr class=\"wp-block-separator has-alpha-channel-opacity\"\/>\n\n\n\n<div style=\"height:0.75em\" aria-hidden=\"true\" class=\"wp-block-spacer\"><\/div>\n\n\n\n<h3 class=\"wp-block-heading\" id=\"hc\">Hospital de Cl\u00ednicas<\/h3>\n\n\n\n<div class=\"wp-block-group is-layout-flow wp-block-group-is-layout-flow\" style=\"padding-left:var(--wp--preset--spacing--40)\"><\/div>\n\n\n\n<div style=\"height:3em\" aria-hidden=\"true\" class=\"wp-block-spacer\"><\/div>\n\n\n\n<hr class=\"wp-block-separator has-alpha-channel-opacity\"\/>\n\n\n\n<div style=\"height:1em\" aria-hidden=\"true\" class=\"wp-block-spacer\"><\/div>\n\n\n\n<h3 class=\"wp-block-heading\" id=\"proreitorias\">Pr\u00f3-reitorias<\/h3>\n\n\n\n<div class=\"wp-block-group is-layout-flow wp-block-group-is-layout-flow\" style=\"padding-left:var(--wp--preset--spacing--40)\">\n<h4 class=\"wp-block-heading has-medium-font-size\"><strong>PRA<\/strong><\/h4>\n\n\n\n<div class=\"wp-block-group is-layout-flow wp-block-group-is-layout-flow\" style=\"padding-left:var(--wp--preset--spacing--40)\"><\/div>\n\n\n\n<div style=\"height:1em\" aria-hidden=\"true\" class=\"wp-block-spacer\"><\/div>\n\n\n\n<h4 class=\"wp-block-heading has-medium-font-size\"><strong>PRAE<\/strong><\/h4>\n\n\n\n<div class=\"wp-block-group is-layout-flow wp-block-group-is-layout-flow\" style=\"padding-left:var(--wp--preset--spacing--40)\"><\/div>\n\n\n\n<div style=\"height:1em\" aria-hidden=\"true\" class=\"wp-block-spacer\"><\/div>\n\n\n\n<h4 class=\"wp-block-heading has-medium-font-size\"><strong>PROEC<\/strong><\/h4>\n\n\n\n<div class=\"wp-block-group is-layout-flow wp-block-group-is-layout-flow\" style=\"padding-left:var(--wp--preset--spacing--40)\"><\/div>\n\n\n\n<div style=\"height:1em\" aria-hidden=\"true\" class=\"wp-block-spacer\"><\/div>\n\n\n\n<h4 class=\"wp-block-heading has-medium-font-size\"><strong>PROGEPE<\/strong><\/h4>\n\n\n\n<div class=\"wp-block-group is-layout-flow wp-block-group-is-layout-flow\" style=\"padding-left:var(--wp--preset--spacing--40)\">\n<figure class=\"wp-block-table is-style-regular has-small-font-size\"><table><tbody><tr><td class=\"has-text-align-center\" data-align=\"center\"><a href=\"https:\/\/progepe.ufpr.br\/capacitacao\/wp-content\/uploads\/2022\/09\/stricto-sensu-comprovante-pdp-2022-progepe.pdf\" data-type=\"link\" data-id=\"https:\/\/progepe.ufpr.br\/capacitacao\/wp-content\/uploads\/2022\/09\/stricto-sensu-comprovante-pdp-2022-progepe.pdf\">Afastamento para estudos\/<em>Stricto sensu<\/em><\/a><\/td><td class=\"has-text-align-center\" data-align=\"center\"><a href=\"https:\/\/progepe.ufpr.br\/capacitacao\/wp-content\/uploads\/2022\/09\/pos-doutorado-comprovante-pdp-2022-progepe.pdf\" data-type=\"link\" data-id=\"https:\/\/progepe.ufpr.br\/capacitacao\/wp-content\/uploads\/2022\/09\/pos-doutorado-comprovante-pdp-2022-progepe.pdf\">Afastamento para estudos\/P\u00f3s-doutorado<\/a><\/td><td class=\"has-text-align-center\" data-align=\"center\"><a href=\"https:\/\/progepe.ufpr.br\/capacitacao\/wp-content\/uploads\/2022\/09\/lic-comprovante-pdp-2022-progepe.pdf\" data-type=\"link\" data-id=\"https:\/\/progepe.ufpr.br\/capacitacao\/wp-content\/uploads\/2022\/09\/lic-comprovante-pdp-2022-progepe.pdf\">Licen\u00e7a para capacita\u00e7\u00e3o<\/a><\/td><\/tr><\/tbody><\/table><\/figure>\n<\/div>\n\n\n\n<div style=\"height:1em\" aria-hidden=\"true\" class=\"wp-block-spacer\"><\/div>\n\n\n\n<h4 class=\"wp-block-heading has-medium-font-size\"><strong>PROGRAD<\/strong><\/h4>\n\n\n\n<div class=\"wp-block-group is-layout-flow wp-block-group-is-layout-flow\" style=\"padding-left:var(--wp--preset--spacing--40)\"><\/div>\n\n\n\n<div style=\"height:1em\" aria-hidden=\"true\" class=\"wp-block-spacer\"><\/div>\n\n\n\n<h4 class=\"wp-block-heading has-medium-font-size\"><strong>PRPPG<\/strong><\/h4>\n\n\n\n<div class=\"wp-block-group is-layout-flow wp-block-group-is-layout-flow\" style=\"padding-left:var(--wp--preset--spacing--40)\"><\/div>\n\n\n\n<div style=\"height:1em\" aria-hidden=\"true\" class=\"wp-block-spacer\"><\/div>\n\n\n\n<h4 class=\"wp-block-heading has-medium-font-size\"><strong>PROPLAN<\/strong><\/h4>\n\n\n\n<div class=\"wp-block-group is-layout-flow wp-block-group-is-layout-flow\" style=\"padding-left:var(--wp--preset--spacing--40)\"><\/div>\n<\/div>\n\n\n\n<div style=\"height:3em\" aria-hidden=\"true\" class=\"wp-block-spacer\"><\/div>\n\n\n\n<hr class=\"wp-block-separator has-alpha-channel-opacity\"\/>\n\n\n\n<div style=\"height:1em\" aria-hidden=\"true\" class=\"wp-block-spacer\"><\/div>\n\n\n\n<h3 class=\"wp-block-heading\" id=\"rt\">Reitoria<\/h3>\n\n\n\n<div class=\"wp-block-group is-layout-flow wp-block-group-is-layout-flow\" style=\"padding-left:var(--wp--preset--spacing--40)\">\n<h4 class=\"wp-block-heading has-medium-font-size\"><strong>Ag\u00eancia de Inova\u00e7\u00e3o<\/strong><\/h4>\n\n\n\n<div class=\"wp-block-group is-layout-flow wp-block-group-is-layout-flow\" style=\"padding-left:var(--wp--preset--spacing--40)\"><\/div>\n\n\n\n<div style=\"height:1em\" aria-hidden=\"true\" class=\"wp-block-spacer\"><\/div>\n\n\n\n<h4 class=\"wp-block-heading has-medium-font-size\"><strong>Ag\u00eancia UFPR Internacional (AUI)<\/strong><\/h4>\n\n\n\n<div class=\"wp-block-group is-layout-flow wp-block-group-is-layout-flow\" style=\"padding-left:var(--wp--preset--spacing--40)\"><\/div>\n\n\n\n<div style=\"height:1em\" aria-hidden=\"true\" class=\"wp-block-spacer\"><\/div>\n\n\n\n<h4 class=\"wp-block-heading has-medium-font-size\"><strong>Auditoria Interna (AUDIN)<\/strong><\/h4>\n\n\n\n<div class=\"wp-block-group is-layout-flow wp-block-group-is-layout-flow\" style=\"padding-left:var(--wp--preset--spacing--40)\"><\/div>\n\n\n\n<div style=\"height:1em\" aria-hidden=\"true\" class=\"wp-block-spacer\"><\/div>\n\n\n\n<h4 class=\"wp-block-heading has-medium-font-size\"><strong>Reitoria<\/strong><\/h4>\n\n\n\n<div class=\"wp-block-group is-layout-flow wp-block-group-is-layout-flow\" style=\"padding-left:var(--wp--preset--spacing--40)\"><\/div>\n<\/div>\n\n\n\n<div style=\"height:3em\" aria-hidden=\"true\" class=\"wp-block-spacer\"><\/div>\n\n\n\n<hr class=\"wp-block-separator has-alpha-channel-opacity\"\/>\n\n\n\n<div style=\"height:1em\" aria-hidden=\"true\" class=\"wp-block-spacer\"><\/div>\n\n\n\n<h3 class=\"wp-block-heading\" id=\"setores\">Setores<\/h3>\n\n\n\n<div class=\"wp-block-group is-layout-flow wp-block-group-is-layout-flow\" style=\"padding-left:var(--wp--preset--spacing--40)\">\n<h4 class=\"wp-block-heading has-medium-font-size\"><strong>Artes, Comunica\u00e7\u00e3o e Design<\/strong><\/h4>\n\n\n\n<div class=\"wp-block-group is-layout-flow wp-block-group-is-layout-flow\" style=\"padding-left:var(--wp--preset--spacing--40)\"><\/div>\n\n\n\n<div style=\"height:1em\" aria-hidden=\"true\" class=\"wp-block-spacer\"><\/div>\n\n\n\n<h4 class=\"wp-block-heading has-medium-font-size\"><strong>Ci\u00eancias Agr\u00e1rias<\/strong><\/h4>\n\n\n\n<div class=\"wp-block-group is-layout-flow wp-block-group-is-layout-flow\" style=\"padding-left:var(--wp--preset--spacing--40)\"><\/div>\n\n\n\n<div style=\"height:1em\" aria-hidden=\"true\" class=\"wp-block-spacer\"><\/div>\n\n\n\n<h4 class=\"wp-block-heading has-medium-font-size\"><strong>Ci\u00eancias Biol\u00f3gicas<\/strong><\/h4>\n\n\n\n<div class=\"wp-block-group is-layout-flow wp-block-group-is-layout-flow\" style=\"padding-left:var(--wp--preset--spacing--40)\"><\/div>\n\n\n\n<div style=\"height:1em\" aria-hidden=\"true\" class=\"wp-block-spacer\"><\/div>\n\n\n\n<h4 class=\"wp-block-heading has-medium-font-size\"><strong>Ci\u00eancias da Sa\u00fade<\/strong><\/h4>\n\n\n\n<div class=\"wp-block-group is-layout-flow wp-block-group-is-layout-flow\" style=\"padding-left:var(--wp--preset--spacing--40)\">\n<h5 class=\"wp-block-heading has-small-font-size\" style=\"text-transform:none\"><strong>Departamento de An\u00e1lises Cl\u00ednicas<\/strong><\/h5>\n\n\n\n<div class=\"wp-block-group is-layout-flow wp-block-group-is-layout-flow\" style=\"padding-left:var(--wp--preset--spacing--40)\">\n<figure class=\"wp-block-table is-style-regular has-small-font-size\"><table><tbody><tr><td class=\"has-text-align-center\" data-align=\"center\">Afastamento para evento<br><strong>Sem a\u00e7\u00e3o cadastrada<\/strong><\/td><td class=\"has-text-align-center\" data-align=\"center\"><a href=\"https:\/\/progepe.ufpr.br\/capacitacao\/wp-content\/uploads\/2022\/09\/stricto-sensu-comprovante-pdp-2022-analises-clinicas.pdf\" data-type=\"link\" data-id=\"https:\/\/progepe.ufpr.br\/capacitacao\/wp-content\/uploads\/2022\/09\/stricto-sensu-comprovante-pdp-2022-analises-clinicas.pdf\">Afastamento para estudos\/<em>Stricto sensu<\/em><\/a><\/td><td class=\"has-text-align-center\" data-align=\"center\"><a href=\"https:\/\/progepe.ufpr.br\/capacitacao\/wp-content\/uploads\/2022\/09\/pos-doutorado-comprovante-pdp-2022-analises-clinica.pdf\" data-type=\"link\" data-id=\"https:\/\/progepe.ufpr.br\/capacitacao\/wp-content\/uploads\/2022\/09\/pos-doutorado-comprovante-pdp-2022-analises-clinica.pdf\">Afastamento para estudos\/P\u00f3s-doutorado<\/a><\/td><td class=\"has-text-align-center\" data-align=\"center\"><a href=\"https:\/\/progepe.ufpr.br\/capacitacao\/wp-content\/uploads\/2022\/09\/capes-print-comprovante-pdp-2022-analises-clinicas.pdf\" data-type=\"link\" data-id=\"https:\/\/progepe.ufpr.br\/capacitacao\/wp-content\/uploads\/2022\/09\/capes-print-comprovante-pdp-2022-analises-clinicas.pdf\">Afastamento para CAPES PrInt<\/a><\/td><td class=\"has-text-align-center\" data-align=\"center\"><a href=\"https:\/\/progepe.ufpr.br\/capacitacao\/wp-content\/uploads\/2022\/09\/lic-comprovante-pdp-2022-analises-clinicas.pdf\" data-type=\"link\" data-id=\"https:\/\/progepe.ufpr.br\/capacitacao\/wp-content\/uploads\/2022\/09\/lic-comprovante-pdp-2022-analises-clinicas.pdf\">Licen\u00e7a para capacita\u00e7\u00e3o<\/a><\/td><\/tr><\/tbody><\/table><\/figure>\n<\/div>\n\n\n\n<div style=\"height:0.45em\" aria-hidden=\"true\" class=\"wp-block-spacer\"><\/div>\n<\/div>\n\n\n\n<div class=\"wp-block-group is-layout-flow wp-block-group-is-layout-flow\" style=\"padding-left:var(--wp--preset--spacing--40)\">\n<h5 class=\"wp-block-heading has-small-font-size\" style=\"text-transform:none\"><strong>Departamento de Cirurgia<\/strong><\/h5>\n\n\n\n<div class=\"wp-block-group is-layout-flow wp-block-group-is-layout-flow\" style=\"padding-left:var(--wp--preset--spacing--40)\">\n<figure class=\"wp-block-table is-style-regular has-small-font-size\"><table><tbody><tr><td class=\"has-text-align-center\" data-align=\"center\"><a href=\"https:\/\/progepe.ufpr.br\/capacitacao\/wp-content\/uploads\/2022\/09\/evento-comprovante-pdp-2022-cirurgia.pdf\" data-type=\"link\" data-id=\"https:\/\/progepe.ufpr.br\/capacitacao\/wp-content\/uploads\/2022\/09\/evento-comprovante-pdp-2022-cirurgia.pdf\">Afastamento para evento<\/a><\/td><td class=\"has-text-align-center\" data-align=\"center\">Afastamento para estudos\/<em>Stricto sensu<\/em><br><strong>Sem a\u00e7\u00e3o cadastrada<\/strong><\/td><td class=\"has-text-align-center\" data-align=\"center\">Afastamento para estudos\/P\u00f3s-doutorado<br><strong>Sem a\u00e7\u00e3o cadastrada<\/strong><\/td><td class=\"has-text-align-center\" data-align=\"center\">Afastamento para CAPES PrInt<br><strong>Sem a\u00e7\u00e3o cadastrada<\/strong><\/td><td class=\"has-text-align-center\" data-align=\"center\"><a href=\"https:\/\/progepe.ufpr.br\/capacitacao\/wp-content\/uploads\/2022\/09\/lic-comprovante-pdp-2022-cirurgia.pdf\" data-type=\"link\" data-id=\"https:\/\/progepe.ufpr.br\/capacitacao\/wp-content\/uploads\/2022\/09\/lic-comprovante-pdp-2022-cirurgia.pdf\">Licen\u00e7a para capacita\u00e7\u00e3o<\/a><\/td><\/tr><\/tbody><\/table><\/figure>\n<\/div>\n\n\n\n<div style=\"height:0.45em\" aria-hidden=\"true\" class=\"wp-block-spacer\"><\/div>\n<\/div>\n\n\n\n<div class=\"wp-block-group is-layout-flow wp-block-group-is-layout-flow\" style=\"padding-left:var(--wp--preset--spacing--40)\">\n<h5 class=\"wp-block-heading has-small-font-size\" style=\"text-transform:none\"><strong>Departamento de Cl\u00ednica M\u00e9dica<\/strong><\/h5>\n\n\n\n<div class=\"wp-block-group is-layout-flow wp-block-group-is-layout-flow\" style=\"padding-left:var(--wp--preset--spacing--40)\">\n<figure class=\"wp-block-table is-style-regular has-small-font-size\"><table><tbody><tr><td class=\"has-text-align-center\" data-align=\"center\"><a href=\"https:\/\/progepe.ufpr.br\/capacitacao\/wp-content\/uploads\/2022\/09\/evento-comprovante-pdp-2022-clinica-medica.pdf\" data-type=\"link\" data-id=\"https:\/\/progepe.ufpr.br\/capacitacao\/wp-content\/uploads\/2022\/09\/evento-comprovante-pdp-2022-clinica-medica.pdf\">Afastamento para evento<\/a><\/td><td class=\"has-text-align-center\" data-align=\"center\">Afastamento para estudos\/<em>Stricto sensu<\/em><br><strong>Sem a\u00e7\u00e3o cadastrada<\/strong><\/td><td class=\"has-text-align-center\" data-align=\"center\">Afastamento para estudos\/P\u00f3s-doutorado<br><strong>Sem a\u00e7\u00e3o cadastrada<\/strong><\/td><td class=\"has-text-align-center\" data-align=\"center\">Afastamento para CAPES PrInt<br><strong>Sem a\u00e7\u00e3o cadastrada<\/strong><\/td><td class=\"has-text-align-center\" data-align=\"center\">Licen\u00e7a para capacita\u00e7\u00e3o<br><strong>Sem a\u00e7\u00e3o cadastrada<\/strong><\/td><\/tr><\/tbody><\/table><\/figure>\n<\/div>\n\n\n\n<div style=\"height:0.45em\" aria-hidden=\"true\" class=\"wp-block-spacer\"><\/div>\n<\/div>\n\n\n\n<div class=\"wp-block-group is-layout-flow wp-block-group-is-layout-flow\" style=\"padding-left:var(--wp--preset--spacing--40)\">\n<h5 class=\"wp-block-heading has-small-font-size\" style=\"text-transform:none\"><strong>Departamento de Enfermagem<\/strong><\/h5>\n\n\n\n<div class=\"wp-block-group is-layout-flow wp-block-group-is-layout-flow\" style=\"padding-left:var(--wp--preset--spacing--40)\">\n<figure class=\"wp-block-table is-style-regular has-small-font-size\"><table><tbody><tr><td class=\"has-text-align-center\" data-align=\"center\"><a href=\"https:\/\/progepe.ufpr.br\/capacitacao\/wp-content\/uploads\/2022\/09\/evento-comprovante-pdp-2022-enfermagem.pdf\" data-type=\"link\" data-id=\"https:\/\/progepe.ufpr.br\/capacitacao\/wp-content\/uploads\/2022\/09\/evento-comprovante-pdp-2022-enfermagem.pdf\">Afastamento para evento<\/a><\/td><td class=\"has-text-align-center\" data-align=\"center\">Afastamento para estudos\/<em>Stricto sensu<\/em><br><strong>Sem a\u00e7\u00e3o cadastrada<\/strong><\/td><td class=\"has-text-align-center\" data-align=\"center\">Afastamento para estudos\/P\u00f3s-doutorado<br><strong>Sem a\u00e7\u00e3o cadastrada<\/strong><\/td><td class=\"has-text-align-center\" data-align=\"center\"><a href=\"https:\/\/progepe.ufpr.br\/capacitacao\/wp-content\/uploads\/2022\/09\/capes-print-comprovante-pdp-2022-enfermagem.pdf\" data-type=\"link\" data-id=\"https:\/\/progepe.ufpr.br\/capacitacao\/wp-content\/uploads\/2022\/09\/capes-print-comprovante-pdp-2022-enfermagem.pdf\">Afastamento para CAPES PrInt<\/a><\/td><td class=\"has-text-align-center\" data-align=\"center\">Licen\u00e7a para capacita\u00e7\u00e3o<br><strong>Sem a\u00e7\u00e3o cadastrada<\/strong><\/td><\/tr><\/tbody><\/table><\/figure>\n<\/div>\n\n\n\n<div style=\"height:0.45em\" aria-hidden=\"true\" class=\"wp-block-spacer\"><\/div>\n<\/div>\n\n\n\n<div class=\"wp-block-group is-layout-flow wp-block-group-is-layout-flow\" style=\"padding-left:var(--wp--preset--spacing--40)\">\n<h5 class=\"wp-block-heading has-small-font-size\" style=\"text-transform:none\"><strong>Departamento de Estomatologia<\/strong><\/h5>\n\n\n\n<div class=\"wp-block-group is-layout-flow wp-block-group-is-layout-flow\" style=\"padding-left:var(--wp--preset--spacing--40)\">\n<figure class=\"wp-block-table is-style-regular has-small-font-size\"><table><tbody><tr><td class=\"has-text-align-center\" data-align=\"center\"><a href=\"https:\/\/progepe.ufpr.br\/capacitacao\/wp-content\/uploads\/2022\/09\/evento-comprovante-pdp-2022-estomatologia.pdf\" data-type=\"link\" data-id=\"https:\/\/progepe.ufpr.br\/capacitacao\/wp-content\/uploads\/2022\/09\/evento-comprovante-pdp-2022-estomatologia.pdf\">Afastamento para evento<\/a><\/td><td class=\"has-text-align-center\" data-align=\"center\">Afastamento para estudos\/<em>Stricto sensu<\/em><br><strong>Sem a\u00e7\u00e3o cadastrada<\/strong><\/td><td class=\"has-text-align-center\" data-align=\"center\">Afastamento para estudos\/P\u00f3s-doutorado<br><strong>Sem a\u00e7\u00e3o cadastrada<\/strong><\/td><td class=\"has-text-align-center\" data-align=\"center\">Afastamento para CAPES PrInt<br><strong>Sem a\u00e7\u00e3o cadastrada<\/strong><\/td><td class=\"has-text-align-center\" data-align=\"center\"><a href=\"https:\/\/progepe.ufpr.br\/capacitacao\/wp-content\/uploads\/2022\/09\/lic-comprovante-pdp-2022-estomatologia.pdf\" data-type=\"link\" data-id=\"https:\/\/progepe.ufpr.br\/capacitacao\/wp-content\/uploads\/2022\/09\/lic-comprovante-pdp-2022-analises-clinicas.pdf\">Licen\u00e7a para capacita\u00e7\u00e3o<\/a><\/td><\/tr><\/tbody><\/table><\/figure>\n<\/div>\n\n\n\n<div style=\"height:0.45em\" aria-hidden=\"true\" class=\"wp-block-spacer\"><\/div>\n<\/div>\n\n\n\n<div class=\"wp-block-group is-layout-flow wp-block-group-is-layout-flow\" style=\"padding-left:var(--wp--preset--spacing--40)\">\n<h5 class=\"wp-block-heading has-small-font-size\" style=\"text-transform:none\"><strong>Departamento de Farm\u00e1cia<\/strong><\/h5>\n\n\n\n<div class=\"wp-block-group is-layout-flow wp-block-group-is-layout-flow\" style=\"padding-left:var(--wp--preset--spacing--40)\">\n<figure class=\"wp-block-table is-style-regular has-small-font-size\"><table><tbody><tr><td class=\"has-text-align-center\" data-align=\"center\"><a href=\"https:\/\/progepe.ufpr.br\/capacitacao\/wp-content\/uploads\/2022\/09\/evento-comprovante-pdp-2022-farmacia.pdf\" data-type=\"link\" data-id=\"https:\/\/progepe.ufpr.br\/capacitacao\/wp-content\/uploads\/2022\/09\/evento-comprovante-pdp-2022-farmacia.pdf\">Afastamento para evento<\/a><\/td><td class=\"has-text-align-center\" data-align=\"center\"><a href=\"https:\/\/progepe.ufpr.br\/capacitacao\/wp-content\/uploads\/2022\/09\/stricto-sensu-comprovante-pdp-2022-farmacia.pdf\" data-type=\"link\" data-id=\"https:\/\/progepe.ufpr.br\/capacitacao\/wp-content\/uploads\/2022\/09\/stricto-sensu-comprovante-pdp-2022-farmacia.pdf\">Afastamento para estudos\/<em>Stricto sensu<\/em><\/a><\/td><td class=\"has-text-align-center\" data-align=\"center\">Afastamento para estudos\/P\u00f3s-doutorado<br><strong>Sem a\u00e7\u00e3o cadastrada<\/strong><\/td><td class=\"has-text-align-center\" data-align=\"center\">Afastamento para CAPES PrInt<br><strong>Sem a\u00e7\u00e3o cadastrada<\/strong><\/td><td class=\"has-text-align-center\" data-align=\"center\">Licen\u00e7a para capacita\u00e7\u00e3o<br><strong>Sem a\u00e7\u00e3o cadastrada<\/strong><\/td><\/tr><\/tbody><\/table><\/figure>\n<\/div>\n<\/div>\n\n\n\n<div style=\"height:1em\" aria-hidden=\"true\" class=\"wp-block-spacer\"><\/div>\n\n\n\n<h4 class=\"wp-block-heading has-medium-font-size\"><strong>Ci\u00eancias da Terra<\/strong><\/h4>\n\n\n\n<div class=\"wp-block-group is-layout-flow wp-block-group-is-layout-flow\" style=\"padding-left:var(--wp--preset--spacing--40)\"><\/div>\n\n\n\n<div style=\"height:1em\" aria-hidden=\"true\" class=\"wp-block-spacer\"><\/div>\n\n\n\n<h4 class=\"wp-block-heading has-medium-font-size\"><strong>Ci\u00eancias Exatas<\/strong><\/h4>\n\n\n\n<div class=\"wp-block-group is-layout-flow wp-block-group-is-layout-flow\" style=\"padding-left:var(--wp--preset--spacing--40)\"><\/div>\n\n\n\n<div style=\"height:1em\" aria-hidden=\"true\" class=\"wp-block-spacer\"><\/div>\n\n\n\n<h4 class=\"wp-block-heading has-medium-font-size\"><strong>Ci\u00eancias Humanas<\/strong><\/h4>\n\n\n\n<div class=\"wp-block-group is-layout-flow wp-block-group-is-layout-flow\" style=\"padding-left:var(--wp--preset--spacing--40)\">\n<h5 class=\"wp-block-heading has-small-font-size\" style=\"text-transform:none\"><strong>Departamento de Antropologia<\/strong><\/h5>\n\n\n\n<div class=\"wp-block-group is-layout-flow wp-block-group-is-layout-flow\" style=\"padding-left:var(--wp--preset--spacing--40)\">\n<figure class=\"wp-block-table is-style-regular has-small-font-size\"><table><tbody><tr><td class=\"has-text-align-center\" data-align=\"center\"><a href=\"https:\/\/progepe.ufpr.br\/capacitacao\/wp-content\/uploads\/2022\/09\/evento-comprovante-pdp-2022-antropolgia.pdf\" data-type=\"link\" data-id=\"https:\/\/progepe.ufpr.br\/capacitacao\/wp-content\/uploads\/2022\/09\/evento-comprovante-pdp-2022-antropolgia.pdf\">Afastamento para evento<\/a><\/td><td class=\"has-text-align-center\" data-align=\"center\">Afastamento para estudos\/<em>Stricto sensu<\/em><br><strong>Sem a\u00e7\u00e3o cadastrada<\/strong><\/td><td class=\"has-text-align-center\" data-align=\"center\"><a href=\"https:\/\/progepe.ufpr.br\/capacitacao\/wp-content\/uploads\/2022\/09\/pos-doutorado-comprovante-pdp-2022-antropologia.pdf\" data-type=\"link\" data-id=\"https:\/\/progepe.ufpr.br\/capacitacao\/wp-content\/uploads\/2022\/09\/pos-doutorado-comprovante-pdp-2022-antropologia.pdf\">Afastamento para estudos\/P\u00f3s-doutorado<\/a><\/td><td class=\"has-text-align-center\" data-align=\"center\"><a href=\"https:\/\/progepe.ufpr.br\/capacitacao\/wp-content\/uploads\/2022\/09\/capes-print-comprovante-pdp-2022-antropologia.pdf\" data-type=\"link\" data-id=\"https:\/\/progepe.ufpr.br\/capacitacao\/wp-content\/uploads\/2022\/09\/capes-print-comprovante-pdp-2022-antropologia.pdf\">Afastamento para CAPES PrInt<\/a><\/td><td class=\"has-text-align-center\" data-align=\"center\"><a href=\"https:\/\/progepe.ufpr.br\/capacitacao\/wp-content\/uploads\/2022\/09\/lic-comprovante-pdp-2022-antropologia.pdf\" data-type=\"link\" data-id=\"https:\/\/progepe.ufpr.br\/capacitacao\/wp-content\/uploads\/2022\/09\/lic-comprovante-pdp-2022-antropologia.pdf\">Licen\u00e7a para capacita\u00e7\u00e3o<\/a><\/td><\/tr><\/tbody><\/table><\/figure>\n<\/div>\n\n\n\n<div style=\"height:0.45em\" aria-hidden=\"true\" class=\"wp-block-spacer\"><\/div>\n<\/div>\n\n\n\n<div class=\"wp-block-group is-layout-flow wp-block-group-is-layout-flow\" style=\"padding-left:var(--wp--preset--spacing--40)\">\n<h5 class=\"wp-block-heading has-small-font-size\" style=\"text-transform:none\"><strong>Departamento de Ci\u00eancia Pol\u00edtica<\/strong><\/h5>\n\n\n\n<div class=\"wp-block-group is-layout-flow wp-block-group-is-layout-flow\" style=\"padding-left:var(--wp--preset--spacing--40)\">\n<figure class=\"wp-block-table is-style-regular has-small-font-size\"><table><tbody><tr><td class=\"has-text-align-center\" data-align=\"center\"><a href=\"https:\/\/progepe.ufpr.br\/capacitacao\/wp-content\/uploads\/2022\/09\/evento-comprovante-pdp-2022-cpol.pdf\" data-type=\"link\" data-id=\"https:\/\/progepe.ufpr.br\/capacitacao\/wp-content\/uploads\/2022\/09\/evento-comprovante-pdp-2022-cpol.pdf\">Afastamento para evento<\/a><\/td><td class=\"has-text-align-center\" data-align=\"center\">Afastamento para estudos\/<em>Stricto sensu<\/em><br><strong>Sem a\u00e7\u00e3o cadastrada<\/strong><\/td><td class=\"has-text-align-center\" data-align=\"center\"><a href=\"https:\/\/progepe.ufpr.br\/capacitacao\/wp-content\/uploads\/2022\/09\/pos-doutorado-comprovante-pdp-2022-cpol.pdf\" data-type=\"link\" data-id=\"https:\/\/progepe.ufpr.br\/capacitacao\/wp-content\/uploads\/2022\/09\/pos-doutorado-comprovante-pdp-2022-cpol.pdf\">Afastamento para estudos\/P\u00f3s-doutorado<\/a><\/td><td class=\"has-text-align-center\" data-align=\"center\"><a href=\"https:\/\/progepe.ufpr.br\/capacitacao\/wp-content\/uploads\/2022\/09\/capes-print-comprovante-pdp-2022-cpol.pdf\" data-type=\"link\" data-id=\"https:\/\/progepe.ufpr.br\/capacitacao\/wp-content\/uploads\/2022\/09\/capes-print-comprovante-pdp-2022-cpol.pdf\">Afastamento para CAPES PrInt<\/a><\/td><td class=\"has-text-align-center\" data-align=\"center\">Licen\u00e7a para capacita\u00e7\u00e3o<br><strong>Sem a\u00e7\u00e3o cadastrada<\/strong><\/td><\/tr><\/tbody><\/table><\/figure>\n<\/div>\n\n\n\n<div style=\"height:0.45em\" aria-hidden=\"true\" class=\"wp-block-spacer\"><\/div>\n<\/div>\n\n\n\n<div class=\"wp-block-group is-layout-flow wp-block-group-is-layout-flow\" style=\"padding-left:var(--wp--preset--spacing--40)\">\n<h5 class=\"wp-block-heading has-small-font-size\" style=\"text-transform:none\"><strong>Departamento de Sociologia<\/strong><\/h5>\n\n\n\n<div class=\"wp-block-group is-layout-flow wp-block-group-is-layout-flow\" style=\"padding-left:var(--wp--preset--spacing--40)\">\n<figure class=\"wp-block-table is-style-regular has-small-font-size\"><table><tbody><tr><td class=\"has-text-align-center\" data-align=\"center\"><a href=\"https:\/\/progepe.ufpr.br\/capacitacao\/wp-content\/uploads\/2022\/09\/evento-comprovante-pdp-2022-sociologia.pdf\" data-type=\"link\" data-id=\"https:\/\/progepe.ufpr.br\/capacitacao\/wp-content\/uploads\/2022\/09\/evento-comprovante-pdp-2022-sociologia.pdf\">Afastamento para evento<\/a><\/td><td class=\"has-text-align-center\" data-align=\"center\">Afastamento para estudos\/<em>Stricto sensu<\/em><br><strong>Sem a\u00e7\u00e3o cadastrada<\/strong><\/td><td class=\"has-text-align-center\" data-align=\"center\"><a href=\"https:\/\/progepe.ufpr.br\/capacitacao\/wp-content\/uploads\/2022\/09\/pos-doutorado-comprovante-pdp-2022-sociologia.pdf\" data-type=\"link\" data-id=\"https:\/\/progepe.ufpr.br\/capacitacao\/wp-content\/uploads\/2022\/09\/pos-doutorado-comprovante-pdp-2022-sociologia.pdf\">Afastamento para estudos\/P\u00f3s-doutorado<\/a><\/td><td class=\"has-text-align-center\" data-align=\"center\"><a href=\"https:\/\/progepe.ufpr.br\/capacitacao\/wp-content\/uploads\/2022\/09\/capes-print-comprovante-pdp-2022-sociologia.pdf\" data-type=\"link\" data-id=\"https:\/\/progepe.ufpr.br\/capacitacao\/wp-content\/uploads\/2022\/09\/capes-print-comprovante-pdp-2022-sociologia.pdf\">Afastamento para CAPES PrInt<\/a><\/td><td class=\"has-text-align-center\" data-align=\"center\">Licen\u00e7a para capacita\u00e7\u00e3o<br><strong>Sem a\u00e7\u00e3o cadastrada<\/strong><\/td><\/tr><\/tbody><\/table><\/figure>\n<\/div>\n\n\n\n<div style=\"height:0.45em\" aria-hidden=\"true\" class=\"wp-block-spacer\"><\/div>\n<\/div>\n\n\n\n<div class=\"wp-block-group is-layout-flow wp-block-group-is-layout-flow\" style=\"padding-left:var(--wp--preset--spacing--40)\">\n<h5 class=\"wp-block-heading has-small-font-size\" style=\"text-transform:none\"><strong>Departamento de Filosofia<\/strong><\/h5>\n\n\n\n<div class=\"wp-block-group is-layout-flow wp-block-group-is-layout-flow\" style=\"padding-left:var(--wp--preset--spacing--40)\">\n<figure class=\"wp-block-table is-style-regular has-small-font-size\"><table><tbody><tr><td class=\"has-text-align-center\" data-align=\"center\"><a href=\"https:\/\/progepe.ufpr.br\/capacitacao\/wp-content\/uploads\/2022\/09\/evento-comprovante-pdp-2022-filosofia.pdf\" data-type=\"link\" data-id=\"https:\/\/progepe.ufpr.br\/capacitacao\/wp-content\/uploads\/2022\/09\/evento-comprovante-pdp-2022-filosofia.pdf\">Afastamento para evento<\/a><\/td><td class=\"has-text-align-center\" data-align=\"center\">Afastamento para estudos\/<em>Stricto sensu<\/em><br><strong>Sem a\u00e7\u00e3o cadastrada<\/strong><\/td><td class=\"has-text-align-center\" data-align=\"center\"><a href=\"https:\/\/progepe.ufpr.br\/capacitacao\/wp-content\/uploads\/2022\/09\/pos-doutorado-comprovante-pdp-2022-filosofia.pdf\" data-type=\"link\" data-id=\"https:\/\/progepe.ufpr.br\/capacitacao\/wp-content\/uploads\/2022\/09\/pos-doutorado-comprovante-pdp-2022-filosofia.pdf\">Afastamento para estudos\/P\u00f3s-doutorado<\/a><\/td><td class=\"has-text-align-center\" data-align=\"center\">Afastamento para CAPES PrInt<br><strong>Sem a\u00e7\u00e3o cadastrada<\/strong><\/td><td class=\"has-text-align-center\" data-align=\"center\"><a href=\"https:\/\/progepe.ufpr.br\/capacitacao\/wp-content\/uploads\/2022\/09\/lic-comprovante-pdp-2022-filosofia.pdf\" data-type=\"link\" data-id=\"https:\/\/progepe.ufpr.br\/capacitacao\/wp-content\/uploads\/2022\/09\/lic-comprovante-pdp-2022-filosofia.pdf\">Licen\u00e7a para capacita\u00e7\u00e3o<\/a><\/td><\/tr><\/tbody><\/table><\/figure>\n<\/div>\n\n\n\n<div style=\"height:0.45em\" aria-hidden=\"true\" class=\"wp-block-spacer\"><\/div>\n<\/div>\n\n\n\n<div class=\"wp-block-group is-layout-flow wp-block-group-is-layout-flow\" style=\"padding-left:var(--wp--preset--spacing--40)\">\n<h5 class=\"wp-block-heading has-small-font-size\" style=\"text-transform:none\"><strong>Departamento de Hist\u00f3ria<\/strong><\/h5>\n\n\n\n<div class=\"wp-block-group is-layout-flow wp-block-group-is-layout-flow\" style=\"padding-left:var(--wp--preset--spacing--40)\">\n<figure class=\"wp-block-table is-style-regular has-small-font-size\"><table><tbody><tr><td class=\"has-text-align-center\" data-align=\"center\"><a href=\"https:\/\/progepe.ufpr.br\/capacitacao\/wp-content\/uploads\/2022\/09\/evento-comprovante-pdp-2022-historia.pdf\" data-type=\"link\" data-id=\"https:\/\/progepe.ufpr.br\/capacitacao\/wp-content\/uploads\/2022\/09\/evento-comprovante-pdp-2022-historia.pdf\">Afastamento para evento<\/a><\/td><td class=\"has-text-align-center\" data-align=\"center\">Afastamento para estudos\/<em>Stricto sensu<\/em><br><strong>Sem a\u00e7\u00e3o cadastrada<\/strong><\/td><td class=\"has-text-align-center\" data-align=\"center\"><a href=\"https:\/\/progepe.ufpr.br\/capacitacao\/wp-content\/uploads\/2022\/09\/pos-doutorado-comprovante-pdp-2022-historia.pdf\" data-type=\"link\" data-id=\"https:\/\/progepe.ufpr.br\/capacitacao\/wp-content\/uploads\/2022\/09\/pos-doutorado-comprovante-pdp-2022-historia.pdf\">Afastamento para estudos\/P\u00f3s-doutorado<\/a><\/td><td class=\"has-text-align-center\" data-align=\"center\"><a href=\"https:\/\/progepe.ufpr.br\/capacitacao\/wp-content\/uploads\/2022\/09\/capes-print-comprovante-pdp-2022-historia.pdf\" data-type=\"link\" data-id=\"https:\/\/progepe.ufpr.br\/capacitacao\/wp-content\/uploads\/2022\/09\/capes-print-comprovante-pdp-2022-historia.pdf\">Afastamento para CAPES PrInt<\/a><\/td><td class=\"has-text-align-center\" data-align=\"center\"><a href=\"https:\/\/progepe.ufpr.br\/capacitacao\/wp-content\/uploads\/2022\/09\/lic-comprovante-pdp-2022-historia.pdf\" data-type=\"link\" data-id=\"https:\/\/progepe.ufpr.br\/capacitacao\/wp-content\/uploads\/2022\/09\/lic-comprovante-pdp-2022-historia.pdf\">Licen\u00e7a para capacita\u00e7\u00e3o<\/a><\/td><\/tr><\/tbody><\/table><\/figure>\n<\/div>\n\n\n\n<div style=\"height:0.45em\" aria-hidden=\"true\" class=\"wp-block-spacer\"><\/div>\n<\/div>\n\n\n\n<div class=\"wp-block-group is-layout-flow wp-block-group-is-layout-flow\" style=\"padding-left:var(--wp--preset--spacing--40)\">\n<h5 class=\"wp-block-heading has-small-font-size\" style=\"text-transform:none\"><strong>Departamento de Letras Libras<\/strong><\/h5>\n\n\n\n<div class=\"wp-block-group is-layout-flow wp-block-group-is-layout-flow\" style=\"padding-left:var(--wp--preset--spacing--40)\">\n<figure class=\"wp-block-table is-style-regular has-small-font-size\"><table><tbody><tr><td class=\"has-text-align-center\" data-align=\"center\">Afastamento para evento<br><strong>Sem a\u00e7\u00e3o cadastrada<\/strong><\/td><td class=\"has-text-align-center\" data-align=\"center\">Afastamento para estudos\/<em>Stricto sensu<\/em><br><strong>Sem a\u00e7\u00e3o cadastrada<\/strong><\/td><td class=\"has-text-align-center\" data-align=\"center\">Afastamento para estudos\/P\u00f3s-doutorado<br><strong>Sem a\u00e7\u00e3o cadastrada<\/strong><\/td><td class=\"has-text-align-center\" data-align=\"center\">Afastamento para CAPES PrInt<br><strong>Sem a\u00e7\u00e3o cadastrada<\/strong><\/td><td class=\"has-text-align-center\" data-align=\"center\">Licen\u00e7a para capacita\u00e7\u00e3o<br><strong>Sem a\u00e7\u00e3o cadastrada<\/strong><\/td><\/tr><\/tbody><\/table><\/figure>\n<\/div>\n\n\n\n<div style=\"height:0.45em\" aria-hidden=\"true\" class=\"wp-block-spacer\"><\/div>\n<\/div>\n\n\n\n<div class=\"wp-block-group is-layout-flow wp-block-group-is-layout-flow\" style=\"padding-left:var(--wp--preset--spacing--40)\">\n<h5 class=\"wp-block-heading has-small-font-size\" style=\"text-transform:none\"><strong>Departamento de Letras Estrangeiras Modernas<\/strong><\/h5>\n\n\n\n<div class=\"wp-block-group is-layout-flow wp-block-group-is-layout-flow\" style=\"padding-left:var(--wp--preset--spacing--40)\">\n<figure class=\"wp-block-table is-style-regular has-small-font-size\"><table><tbody><tr><td class=\"has-text-align-center\" data-align=\"center\">Afastamento para evento<br><strong>Sem a\u00e7\u00e3o cadastrada<\/strong><\/td><td class=\"has-text-align-center\" data-align=\"center\">Afastamento para estudos\/<em>Stricto sensu<\/em><br><strong>Sem a\u00e7\u00e3o cadastrada<\/strong><\/td><td class=\"has-text-align-center\" data-align=\"center\">Afastamento para estudos\/P\u00f3s-doutorado<br><strong>Sem a\u00e7\u00e3o cadastrada<\/strong><\/td><td class=\"has-text-align-center\" data-align=\"center\">Afastamento para CAPES PrInt<br><strong>Sem a\u00e7\u00e3o cadastrada<\/strong><\/td><td class=\"has-text-align-center\" data-align=\"center\">Licen\u00e7a para capacita\u00e7\u00e3o<br><strong>Sem a\u00e7\u00e3o cadastrada<\/strong><\/td><\/tr><\/tbody><\/table><\/figure>\n<\/div>\n<\/div>\n\n\n\n<div style=\"height:1em\" aria-hidden=\"true\" class=\"wp-block-spacer\"><\/div>\n\n\n\n<h4 class=\"wp-block-heading has-medium-font-size\"><strong>Ci\u00eancias Jur\u00eddicas<\/strong><\/h4>\n\n\n\n<div class=\"wp-block-group is-layout-flow wp-block-group-is-layout-flow\" style=\"padding-left:var(--wp--preset--spacing--40)\">\n<h5 class=\"wp-block-heading has-small-font-size\" style=\"text-transform:none\"><strong>Departamento de Direito Civil e Processual Civil<\/strong><\/h5>\n\n\n\n<div class=\"wp-block-group is-layout-flow wp-block-group-is-layout-flow\" style=\"padding-left:var(--wp--preset--spacing--40)\">\n<figure class=\"wp-block-table is-style-regular has-small-font-size\"><table><tbody><tr><td class=\"has-text-align-center\" data-align=\"center\">Afastamento para evento<br><strong>Sem a\u00e7\u00e3o cadastrada<\/strong><\/td><td class=\"has-text-align-center\" data-align=\"center\">Afastamento para estudos\/<em>Stricto sensu<\/em><br><strong>Sem a\u00e7\u00e3o cadastrada<\/strong><\/td><td class=\"has-text-align-center\" data-align=\"center\">Afastamento para estudos\/P\u00f3s-doutorado<br><strong>Sem a\u00e7\u00e3o cadastrada<\/strong><\/td><td class=\"has-text-align-center\" data-align=\"center\">Afastamento para CAPES PrInt<br><strong>Sem a\u00e7\u00e3o cadastrada<\/strong><\/td><td class=\"has-text-align-center\" data-align=\"center\">Licen\u00e7a para capacita\u00e7\u00e3o<br><strong>Sem a\u00e7\u00e3o cadastrada<\/strong><\/td><\/tr><\/tbody><\/table><\/figure>\n<\/div>\n\n\n\n<div style=\"height:0.45em\" aria-hidden=\"true\" class=\"wp-block-spacer\"><\/div>\n<\/div>\n\n\n\n<div class=\"wp-block-group is-layout-flow wp-block-group-is-layout-flow\" style=\"padding-left:var(--wp--preset--spacing--40)\">\n<h5 class=\"wp-block-heading has-small-font-size\" style=\"text-transform:none\"><strong>Departamento de Direito Penal e Processual Penal<\/strong><\/h5>\n\n\n\n<div class=\"wp-block-group is-layout-flow wp-block-group-is-layout-flow\" style=\"padding-left:var(--wp--preset--spacing--40)\">\n<figure class=\"wp-block-table is-style-regular has-small-font-size\"><table><tbody><tr><td class=\"has-text-align-center\" data-align=\"center\">Afastamento para evento<br><strong>Sem a\u00e7\u00e3o cadastrada<\/strong><\/td><td class=\"has-text-align-center\" data-align=\"center\">Afastamento para estudos\/<em>Stricto sensu<\/em><br><strong>Sem a\u00e7\u00e3o cadastrada<\/strong><\/td><td class=\"has-text-align-center\" data-align=\"center\">Afastamento para estudos\/P\u00f3s-doutorado<br><strong>Sem a\u00e7\u00e3o cadastrada<\/strong><\/td><td class=\"has-text-align-center\" data-align=\"center\">Afastamento para CAPES PrInt<br><strong>Sem a\u00e7\u00e3o cadastrada<\/strong><\/td><td class=\"has-text-align-center\" data-align=\"center\">Licen\u00e7a para capacita\u00e7\u00e3o<br><strong>Sem a\u00e7\u00e3o cadastrada<\/strong><\/td><\/tr><\/tbody><\/table><\/figure>\n<\/div>\n\n\n\n<div style=\"height:0.45em\" aria-hidden=\"true\" class=\"wp-block-spacer\"><\/div>\n<\/div>\n\n\n\n<div class=\"wp-block-group is-layout-flow wp-block-group-is-layout-flow\" style=\"padding-left:var(--wp--preset--spacing--40)\">\n<h5 class=\"wp-block-heading has-small-font-size\" style=\"text-transform:none\"><strong>Departamento de Direito Privado<\/strong><\/h5>\n\n\n\n<div class=\"wp-block-group is-layout-flow wp-block-group-is-layout-flow\" style=\"padding-left:var(--wp--preset--spacing--40)\">\n<figure class=\"wp-block-table is-style-regular has-small-font-size\"><table><tbody><tr><td class=\"has-text-align-center\" data-align=\"center\"><a href=\"https:\/\/progepe.ufpr.br\/capacitacao\/wp-content\/uploads\/2022\/09\/evento-comprovante-pdp-2022-direito-privado.pdf\" data-type=\"link\" data-id=\"https:\/\/progepe.ufpr.br\/capacitacao\/wp-content\/uploads\/2022\/09\/evento-comprovante-pdp-2022-direito-privado.pdf\">Afastamento para evento<\/a><\/td><td class=\"has-text-align-center\" data-align=\"center\">Afastamento para estudos\/<em>Stricto sensu<\/em><br><strong>Sem a\u00e7\u00e3o cadastrada<\/strong><\/td><td class=\"has-text-align-center\" data-align=\"center\"><a href=\"https:\/\/progepe.ufpr.br\/capacitacao\/wp-content\/uploads\/2022\/09\/pos-doutorado-comprovante-pdp-2022-direito-privado.pdf\" data-type=\"link\" data-id=\"https:\/\/progepe.ufpr.br\/capacitacao\/wp-content\/uploads\/2022\/09\/pos-doutorado-comprovante-pdp-2022-direito-privado.pdf\">Afastamento para estudos\/P\u00f3s-doutorado<\/a><\/td><td class=\"has-text-align-center\" data-align=\"center\"><a href=\"https:\/\/progepe.ufpr.br\/capacitacao\/wp-content\/uploads\/2022\/09\/capes-print-comprovante-pdp-2022-direito-privado.pdf\" data-type=\"link\" data-id=\"https:\/\/progepe.ufpr.br\/capacitacao\/wp-content\/uploads\/2022\/09\/capes-print-comprovante-pdp-2022-direito-privado.pdf\">Afastamento para CAPES PrInt<\/a><\/td><td class=\"has-text-align-center\" data-align=\"center\"><a href=\"https:\/\/progepe.ufpr.br\/capacitacao\/wp-content\/uploads\/2022\/09\/lic-comprovante-pdp-2022-direito-privado.pdf\" data-type=\"link\" data-id=\"https:\/\/progepe.ufpr.br\/capacitacao\/wp-content\/uploads\/2022\/09\/lic-comprovante-pdp-2022-direito-privado.pdf\">Licen\u00e7a para capacita\u00e7\u00e3o<\/a><\/td><\/tr><\/tbody><\/table><\/figure>\n<\/div>\n\n\n\n<div style=\"height:0.45em\" aria-hidden=\"true\" class=\"wp-block-spacer\"><\/div>\n<\/div>\n\n\n\n<div class=\"wp-block-group is-layout-flow wp-block-group-is-layout-flow\" style=\"padding-left:var(--wp--preset--spacing--40)\">\n<h5 class=\"wp-block-heading has-small-font-size\" style=\"text-transform:none\"><strong>Departamento de Direito P\u00fablico<\/strong><\/h5>\n\n\n\n<div class=\"wp-block-group is-layout-flow wp-block-group-is-layout-flow\" style=\"padding-left:var(--wp--preset--spacing--40)\">\n<figure class=\"wp-block-table is-style-regular has-small-font-size\"><table><tbody><tr><td class=\"has-text-align-center\" data-align=\"center\"><a href=\"https:\/\/progepe.ufpr.br\/capacitacao\/wp-content\/uploads\/2022\/09\/evento-comprovante-pdp-2022-direito-publico.pdf\" data-type=\"link\" data-id=\"https:\/\/progepe.ufpr.br\/capacitacao\/wp-content\/uploads\/2022\/09\/evento-comprovante-pdp-2022-direito-publico.pdf\">Afastamento para evento<\/a><\/td><td class=\"has-text-align-center\" data-align=\"center\"><a href=\"https:\/\/progepe.ufpr.br\/capacitacao\/wp-content\/uploads\/2022\/09\/stricto-sensu-comprovante-pdp-2022-direito-publico.pdf\" data-type=\"link\" data-id=\"https:\/\/progepe.ufpr.br\/capacitacao\/wp-content\/uploads\/2022\/09\/stricto-sensu-comprovante-pdp-2022-direito-publico.pdf\">Afastamento para estudos\/<em>Stricto sensu<\/em><\/a><\/td><td class=\"has-text-align-center\" data-align=\"center\"><a href=\"https:\/\/progepe.ufpr.br\/capacitacao\/wp-content\/uploads\/2022\/09\/pos-doutorado-comprovante-pdp-2022-direito-publico.pdf\" data-type=\"link\" data-id=\"https:\/\/progepe.ufpr.br\/capacitacao\/wp-content\/uploads\/2022\/09\/pos-doutorado-comprovante-pdp-2022-direito-publico.pdf\">Afastamento para estudos\/P\u00f3s-doutorado<\/a><\/td><td class=\"has-text-align-center\" data-align=\"center\"><a href=\"https:\/\/progepe.ufpr.br\/capacitacao\/wp-content\/uploads\/2022\/09\/capes-print-comprovante-pdp-2022-direito-publico.pdf\" data-type=\"link\" data-id=\"https:\/\/progepe.ufpr.br\/capacitacao\/wp-content\/uploads\/2022\/09\/capes-print-comprovante-pdp-2022-direito-publico.pdf\">Afastamento para CAPES PrInt<\/a><\/td><td class=\"has-text-align-center\" data-align=\"center\"><a href=\"https:\/\/progepe.ufpr.br\/capacitacao\/wp-content\/uploads\/2022\/09\/lic-comprovante-pdp-2022-direito-publico.pdf\" data-type=\"link\" data-id=\"https:\/\/progepe.ufpr.br\/capacitacao\/wp-content\/uploads\/2022\/09\/lic-comprovante-pdp-2022-direito-publico.pdf\">Licen\u00e7a para capacita\u00e7\u00e3o<\/a><\/td><\/tr><\/tbody><\/table><\/figure>\n<\/div>\n<\/div>\n\n\n\n<div style=\"height:1em\" aria-hidden=\"true\" class=\"wp-block-spacer\"><\/div>\n\n\n\n<h4 class=\"wp-block-heading has-medium-font-size\"><strong>Ci\u00eancias Sociais Aplicadas<\/strong><\/h4>\n\n\n\n<div class=\"wp-block-group is-layout-flow wp-block-group-is-layout-flow\" style=\"padding-left:var(--wp--preset--spacing--40)\">\n<h5 class=\"wp-block-heading has-small-font-size\" style=\"text-transform:none\"><strong>Departamento de Administra\u00e7\u00e3o Geral e Aplicada<\/strong><\/h5>\n\n\n\n<div class=\"wp-block-group is-layout-flow wp-block-group-is-layout-flow\" style=\"padding-left:var(--wp--preset--spacing--40)\">\n<figure class=\"wp-block-table is-style-regular has-small-font-size\"><table><tbody><tr><td class=\"has-text-align-center\" data-align=\"center\"><a href=\"https:\/\/progepe.ufpr.br\/capacitacao\/wp-content\/uploads\/2022\/09\/evento-comprovante-pdp-2022-daga.pdf\" data-type=\"link\" data-id=\"https:\/\/progepe.ufpr.br\/capacitacao\/wp-content\/uploads\/2022\/09\/evento-comprovante-pdp-2022-daga.pdf\">Afastamento para evento<\/a><\/td><td class=\"has-text-align-center\" data-align=\"center\">Afastamento para estudos\/<em>Stricto sensu<\/em><br><strong>Sem a\u00e7\u00e3o cadastrada<\/strong><\/td><td class=\"has-text-align-center\" data-align=\"center\"><a href=\"https:\/\/progepe.ufpr.br\/capacitacao\/wp-content\/uploads\/2022\/09\/pos-doutorado-comprovante-pdp-2022-daga.pdf\" data-type=\"link\" data-id=\"https:\/\/progepe.ufpr.br\/capacitacao\/wp-content\/uploads\/2022\/09\/pos-doutorado-comprovante-pdp-2022-daga.pdf\">Afastamento para estudos\/P\u00f3s-doutorado<\/a><\/td><td class=\"has-text-align-center\" data-align=\"center\">Afastamento para CAPES PrInt<br><strong>Sem a\u00e7\u00e3o cadastrada<\/strong><\/td><td class=\"has-text-align-center\" data-align=\"center\"><a href=\"https:\/\/progepe.ufpr.br\/capacitacao\/wp-content\/uploads\/2022\/09\/lic-comprovante-pdp-2022-daga.pdf\" data-type=\"link\" data-id=\"https:\/\/progepe.ufpr.br\/capacitacao\/wp-content\/uploads\/2022\/09\/lic-comprovante-pdp-2022-daga.pdf\">Licen\u00e7a para capacita\u00e7\u00e3o<\/a><\/td><\/tr><\/tbody><\/table><\/figure>\n<\/div>\n\n\n\n<div style=\"height:0.45em\" aria-hidden=\"true\" class=\"wp-block-spacer\"><\/div>\n<\/div>\n\n\n\n<div class=\"wp-block-group is-layout-flow wp-block-group-is-layout-flow\" style=\"padding-left:var(--wp--preset--spacing--40)\">\n<h5 class=\"wp-block-heading has-small-font-size\" style=\"text-transform:none\"><strong>Departamento de Contabilidade<\/strong><\/h5>\n\n\n\n<div class=\"wp-block-group is-layout-flow wp-block-group-is-layout-flow\" style=\"padding-left:var(--wp--preset--spacing--40)\">\n<figure class=\"wp-block-table is-style-regular has-small-font-size\"><table><tbody><tr><td class=\"has-text-align-center\" data-align=\"center\">Afastamento para evento<br><strong>Sem a\u00e7\u00e3o cadastrada<\/strong><\/td><td class=\"has-text-align-center\" data-align=\"center\">Afastamento para estudos\/<em>Stricto sensu<\/em><br><strong>Sem a\u00e7\u00e3o cadastrada<\/strong><\/td><td class=\"has-text-align-center\" data-align=\"center\">Afastamento para estudos\/P\u00f3s-doutorado<br><strong>Sem a\u00e7\u00e3o cadastrada<\/strong><\/td><td class=\"has-text-align-center\" data-align=\"center\">Afastamento para CAPES PrInt<br><strong>Sem a\u00e7\u00e3o cadastrada<\/strong><\/td><td class=\"has-text-align-center\" data-align=\"center\">Licen\u00e7a para capacita\u00e7\u00e3o<br><strong>Sem a\u00e7\u00e3o cadastrada<\/strong><\/td><\/tr><\/tbody><\/table><\/figure>\n<\/div>\n\n\n\n<div style=\"height:0.45em\" aria-hidden=\"true\" class=\"wp-block-spacer\"><\/div>\n<\/div>\n\n\n\n<div class=\"wp-block-group is-layout-flow wp-block-group-is-layout-flow\" style=\"padding-left:var(--wp--preset--spacing--40)\">\n<h5 class=\"wp-block-heading has-small-font-size\" style=\"text-transform:none\"><strong>Departamento de Economia<\/strong><\/h5>\n\n\n\n<div class=\"wp-block-group is-layout-flow wp-block-group-is-layout-flow\" style=\"padding-left:var(--wp--preset--spacing--40)\">\n<figure class=\"wp-block-table is-style-regular has-small-font-size\"><table><tbody><tr><td class=\"has-text-align-center\" data-align=\"center\"><a href=\"https:\/\/progepe.ufpr.br\/capacitacao\/wp-content\/uploads\/2022\/09\/evento-comprovante-pdp-2022-economia.pdf\" data-type=\"link\" data-id=\"https:\/\/progepe.ufpr.br\/capacitacao\/wp-content\/uploads\/2022\/09\/evento-comprovante-pdp-2022-economia.pdf\">Afastamento para evento<\/a><\/td><td class=\"has-text-align-center\" data-align=\"center\"><a href=\"https:\/\/progepe.ufpr.br\/capacitacao\/wp-content\/uploads\/2022\/09\/stricto-sensu-comprovante-pdp-2022-economia.pdf\" data-type=\"link\" data-id=\"https:\/\/progepe.ufpr.br\/capacitacao\/wp-content\/uploads\/2022\/09\/stricto-sensu-comprovante-pdp-2022-economia.pdf\">Afastamento para estudos\/<em>Stricto sensu<\/em><\/a><\/td><td class=\"has-text-align-center\" data-align=\"center\"><a href=\"https:\/\/progepe.ufpr.br\/capacitacao\/wp-content\/uploads\/2022\/09\/pos-doutorado-comprovante-pdp-2022-economia.pdf\" data-type=\"link\" data-id=\"https:\/\/progepe.ufpr.br\/capacitacao\/wp-content\/uploads\/2022\/09\/pos-doutorado-comprovante-pdp-2022-economia.pdf\">Afastamento para estudos\/P\u00f3s-doutorado<\/a><\/td><td class=\"has-text-align-center\" data-align=\"center\"><a href=\"https:\/\/progepe.ufpr.br\/capacitacao\/wp-content\/uploads\/2022\/09\/capes-print-comprovante-pdp-2022-economia.pdf\" data-type=\"link\" data-id=\"https:\/\/progepe.ufpr.br\/capacitacao\/wp-content\/uploads\/2022\/09\/capes-print-comprovante-pdp-2022-economia.pdf\">Afastamento para CAPES PrInt<\/a><\/td><td class=\"has-text-align-center\" data-align=\"center\"><a href=\"https:\/\/progepe.ufpr.br\/capacitacao\/wp-content\/uploads\/2022\/09\/lic-comprovante-pdp-2022-economia.pdf\" data-type=\"link\" data-id=\"https:\/\/progepe.ufpr.br\/capacitacao\/wp-content\/uploads\/2022\/09\/lic-comprovante-pdp-2022-economia.pdf\">Licen\u00e7a para capacita\u00e7\u00e3o<\/a><\/td><\/tr><\/tbody><\/table><\/figure>\n<\/div>\n\n\n\n<div style=\"height:0.45em\" aria-hidden=\"true\" class=\"wp-block-spacer\"><\/div>\n<\/div>\n\n\n\n<div class=\"wp-block-group is-layout-flow wp-block-group-is-layout-flow\" style=\"padding-left:var(--wp--preset--spacing--40)\">\n<h5 class=\"wp-block-heading has-small-font-size\" style=\"text-transform:none\"><strong>Departamento de Ci\u00eancia e Gest\u00e3o da Informa\u00e7\u00e3o<\/strong><\/h5>\n\n\n\n<div class=\"wp-block-group is-layout-flow wp-block-group-is-layout-flow\" style=\"padding-left:var(--wp--preset--spacing--40)\">\n<figure class=\"wp-block-table is-style-regular has-small-font-size\"><table><tbody><tr><td class=\"has-text-align-center\" data-align=\"center\"><a href=\"https:\/\/progepe.ufpr.br\/capacitacao\/wp-content\/uploads\/2022\/09\/evento-comprovante-pdp-2022-cgi.pdf\" data-type=\"link\" data-id=\"https:\/\/progepe.ufpr.br\/capacitacao\/wp-content\/uploads\/2022\/09\/evento-comprovante-pdp-2022-cgi.pdf\">Afastamento para evento<\/a><\/td><td class=\"has-text-align-center\" data-align=\"center\">Afastamento para estudos\/<em>Stricto sensu<\/em><br><strong>Sem a\u00e7\u00e3o cadastrada<\/strong><\/td><td class=\"has-text-align-center\" data-align=\"center\"><a href=\"https:\/\/progepe.ufpr.br\/capacitacao\/wp-content\/uploads\/2022\/09\/pos-doutorado-comprovante-pdp-2022-cgi.pdf\" data-type=\"link\" data-id=\"https:\/\/progepe.ufpr.br\/capacitacao\/wp-content\/uploads\/2022\/09\/pos-doutorado-comprovante-pdp-2022-cgi.pdf\">Afastamento para estudos\/P\u00f3s-doutorado<\/a><\/td><td class=\"has-text-align-center\" data-align=\"center\">Afastamento para CAPES PrInt<br><strong>Sem a\u00e7\u00e3o cadastrada<\/strong><\/td><td class=\"has-text-align-center\" data-align=\"center\">Licen\u00e7a para capacita\u00e7\u00e3o<br><strong>Sem a\u00e7\u00e3o cadastrada<\/strong><\/td><\/tr><\/tbody><\/table><\/figure>\n<\/div>\n<\/div>\n\n\n\n<div style=\"height:1em\" aria-hidden=\"true\" class=\"wp-block-spacer\"><\/div>\n\n\n\n<h4 class=\"wp-block-heading has-medium-font-size\"><strong>Educa\u00e7\u00e3o<\/strong><\/h4>\n\n\n\n<div class=\"wp-block-group is-layout-flow wp-block-group-is-layout-flow\" style=\"padding-left:var(--wp--preset--spacing--40)\"><\/div>\n\n\n\n<div style=\"height:1em\" aria-hidden=\"true\" class=\"wp-block-spacer\"><\/div>\n\n\n\n<h4 class=\"wp-block-heading has-medium-font-size\"><strong>Educa\u00e7\u00e3o Profissional e Tecnol\u00f3gica<\/strong><\/h4>\n\n\n\n<div class=\"wp-block-group is-layout-flow wp-block-group-is-layout-flow\" style=\"padding-left:var(--wp--preset--spacing--40)\"><\/div>\n\n\n\n<div style=\"height:1em\" aria-hidden=\"true\" class=\"wp-block-spacer\"><\/div>\n\n\n\n<h4 class=\"wp-block-heading has-medium-font-size\"><strong>Tecnologia<\/strong><\/h4>\n\n\n\n<div class=\"wp-block-group is-layout-flow wp-block-group-is-layout-flow\" style=\"padding-left:var(--wp--preset--spacing--40)\"><\/div>\n\n\n\n<div style=\"height:1em\" aria-hidden=\"true\" class=\"wp-block-spacer\"><\/div>\n\n\n\n<h4 class=\"wp-block-heading has-medium-font-size\"><strong>Litoral<\/strong><\/h4>\n\n\n\n<div class=\"wp-block-group is-layout-flow wp-block-group-is-layout-flow\" style=\"padding-left:var(--wp--preset--spacing--40)\">\n<figure class=\"wp-block-table is-style-regular has-small-font-size\"><table><tbody><tr><td class=\"has-text-align-center\" data-align=\"center\"><a href=\"https:\/\/progepe.ufpr.br\/capacitacao\/wp-content\/uploads\/2022\/09\/evento-comprovante-pdp-2022-litoral.pdf\" data-type=\"link\" data-id=\"https:\/\/progepe.ufpr.br\/capacitacao\/wp-content\/uploads\/2022\/12\/setor-litoral-eventos.pdf\">Afastamento para evento<\/a><\/td><td class=\"has-text-align-center\" data-align=\"center\"><a href=\"https:\/\/progepe.ufpr.br\/capacitacao\/wp-content\/uploads\/2022\/09\/stricto-sensu-comprovante-pdp-2022-litoral.pdf\" data-type=\"link\" data-id=\"https:\/\/progepe.ufpr.br\/capacitacao\/wp-content\/uploads\/2022\/09\/stricto-sensu-comprovante-pdp-2022-litoral.pdf\">Afastamento para estudos\/<em>Stricto sensu<\/em><\/a><\/td><td class=\"has-text-align-center\" data-align=\"center\"><a href=\"https:\/\/progepe.ufpr.br\/capacitacao\/wp-content\/uploads\/2022\/09\/pos-doutorado-comprovante-pdp-2022-litoral.pdf\" data-type=\"link\" data-id=\"https:\/\/progepe.ufpr.br\/capacitacao\/wp-content\/uploads\/2022\/09\/pos-doutorado-comprovante-pdp-2022-litoral.pdf\">Afastamento para estudos\/P\u00f3s-doutorado<\/a><\/td><td class=\"has-text-align-center\" data-align=\"center\">Afastamento para CAPES PrInt<br><strong>Sem a\u00e7\u00e3o cadastrada<\/strong><\/td><td class=\"has-text-align-center\" data-align=\"center\"><a href=\"https:\/\/progepe.ufpr.br\/capacitacao\/wp-content\/uploads\/2022\/09\/lic-comprovante-pdp-2022-litoral.pdf\" data-type=\"link\" data-id=\"https:\/\/progepe.ufpr.br\/capacitacao\/wp-content\/uploads\/2022\/09\/lic-comprovante-pdp-2022-litoral.pdf\">Licen\u00e7a para capacita\u00e7\u00e3o<\/a><\/td><\/tr><\/tbody><\/table><\/figure>\n<\/div>\n\n\n\n<div style=\"height:1em\" aria-hidden=\"true\" class=\"wp-block-spacer\"><\/div>\n\n\n\n<h4 class=\"wp-block-heading has-medium-font-size\"><strong>Palotina<\/strong><\/h4>\n\n\n\n<div class=\"wp-block-group is-layout-flow wp-block-group-is-layout-flow\" style=\"padding-left:var(--wp--preset--spacing--40)\"><\/div>\n<\/div>\n\n\n\n<div style=\"height:3em\" aria-hidden=\"true\" class=\"wp-block-spacer\"><\/div>\n\n\n\n<hr class=\"wp-block-separator has-alpha-channel-opacity\"\/>\n\n\n\n<div style=\"height:1em\" aria-hidden=\"true\" class=\"wp-block-spacer\"><\/div>\n\n\n\n<h3 class=\"wp-block-heading\" id=\"superintendencias\">Superintend\u00eancias<\/h3>\n\n\n\n<div class=\"wp-block-group is-layout-flow wp-block-group-is-layout-flow\" style=\"padding-left:var(--wp--preset--spacing--40)\">\n<h4 class=\"wp-block-heading has-medium-font-size\"><strong>Superintend\u00eancia de Inclus\u00e3o, Pol\u00edticas Afirmativas e Diversidade (SIPAD)<\/strong><\/h4>\n\n\n\n<div class=\"wp-block-group is-layout-flow wp-block-group-is-layout-flow\" style=\"padding-left:var(--wp--preset--spacing--40)\"><\/div>\n\n\n\n<div style=\"height:1em\" aria-hidden=\"true\" class=\"wp-block-spacer\"><\/div>\n\n\n\n<h4 class=\"wp-block-heading has-medium-font-size\"><strong>Superintend\u00eancia de Infraestrutura (SUINFRA)<\/strong><\/h4>\n\n\n\n<div class=\"wp-block-group is-layout-flow wp-block-group-is-layout-flow\" style=\"padding-left:var(--wp--preset--spacing--40)\"><\/div>\n\n\n\n<div style=\"height:1em\" aria-hidden=\"true\" class=\"wp-block-spacer\"><\/div>\n\n\n\n<h4 class=\"wp-block-heading has-medium-font-size\"><strong>Superintend\u00eancia de Parcerias e Inova\u00e7\u00e3o (SPIN)<\/strong><\/h4>\n\n\n\n<div class=\"wp-block-group is-layout-flow wp-block-group-is-layout-flow\" style=\"padding-left:var(--wp--preset--spacing--40)\"><\/div>\n<\/div>\n\n\n\n<div style=\"height:3em\" aria-hidden=\"true\" class=\"wp-block-spacer\"><\/div>\n","protected":false},"excerpt":{"rendered":"<p>Bibliotecas&nbsp;|&nbsp;Campus&nbsp;|&nbsp;Hospital de Cl\u00ednicas&nbsp;|&nbsp;Pr\u00f3-reitorias&nbsp;|&nbsp;Reitoria&nbsp;|&nbsp;Setores&nbsp;|&nbsp;Superintend\u00eancias Bibliotecas &#8211; SiBi Campus Campus Jandaia do Sul Afastamento para evento Afastamento para estudos\/Stricto sensu Afastamento para estudos\/P\u00f3s-doutorado Afastamento para CAPES PrIntSem a\u00e7\u00e3o cadastrada Licen\u00e7a para capacita\u00e7\u00e3o Campus Pontal do Paran\u00e1 &#8211; Centro de Estudos do Mar Afastamento para evento Afastamento para estudos\/Stricto sensu Afastamento para estudos\/P\u00f3s-doutoradoSem a\u00e7\u00e3o cadastrada Afastamento para CAPES [&hellip;]<\/p>\n","protected":false},"author":41,"featured_media":0,"parent":0,"menu_order":0,"comment_status":"closed","ping_status":"closed","template":"","meta":{"_coblocks_attr":"","_coblocks_dimensions":"","_coblocks_responsive_height":"","_coblocks_accordion_ie_support":"","_uag_custom_page_level_css":"","iawp_total_views":2,"footnotes":""},"class_list":["post-3265","page","type-page","status-publish","hentry"],"uagb_featured_image_src":{"full":false,"thumbnail":false,"medium":false,"medium_large":false,"large":false,"1536x1536":false,"2048x2048":false},"uagb_author_info":{"display_name":"progepe-admin","author_link":"https:\/\/progepe.ufpr.br\/capacitacao\/author\/progepe-admin\/"},"uagb_comment_info":0,"uagb_excerpt":"Bibliotecas&nbsp;|&nbsp;Campus&nbsp;|&nbsp;Hospital de Cl\u00ednicas&nbsp;|&nbsp;Pr\u00f3-reitorias&nbsp;|&nbsp;Reitoria&nbsp;|&nbsp;Setores&nbsp;|&nbsp;Superintend\u00eancias Bibliotecas &#8211; SiBi Campus Campus Jandaia do Sul Afastamento para evento Afastamento para estudos\/Stricto sensu Afastamento para estudos\/P\u00f3s-doutorado Afastamento para CAPES PrIntSem a\u00e7\u00e3o cadastrada Licen\u00e7a para capacita\u00e7\u00e3o Campus Pontal do Paran\u00e1 &#8211; Centro de Estudos do Mar Afastamento para evento Afastamento para estudos\/Stricto sensu Afastamento para estudos\/P\u00f3s-doutoradoSem a\u00e7\u00e3o cadastrada Afastamento para CAPES&hellip;","publishpress_future_workflow_manual_trigger":{"enabledWorkflows":[]},"_links":{"self":[{"href":"https:\/\/progepe.ufpr.br\/capacitacao\/wp-json\/wp\/v2\/pages\/3265","targetHints":{"allow":["GET"]}}],"collection":[{"href":"https:\/\/progepe.ufpr.br\/capacitacao\/wp-json\/wp\/v2\/pages"}],"about":[{"href":"https:\/\/progepe.ufpr.br\/capacitacao\/wp-json\/wp\/v2\/types\/page"}],"author":[{"embeddable":true,"href":"https:\/\/progepe.ufpr.br\/capacitacao\/wp-json\/wp\/v2\/users\/41"}],"replies":[{"embeddable":true,"href":"https:\/\/progepe.ufpr.br\/capacitacao\/wp-json\/wp\/v2\/comments?post=3265"}],"version-history":[{"count":20,"href":"https:\/\/progepe.ufpr.br\/capacitacao\/wp-json\/wp\/v2\/pages\/3265\/revisions"}],"predecessor-version":[{"id":77466,"href":"https:\/\/progepe.ufpr.br\/capacitacao\/wp-json\/wp\/v2\/pages\/3265\/revisions\/77466"}],"wp:attachment":[{"href":"https:\/\/progepe.ufpr.br\/capacitacao\/wp-json\/wp\/v2\/media?parent=3265"}],"curies":[{"name":"wp","href":"https:\/\/api.w.org\/{rel}","templated":true}]}}