{"id":3796,"date":"2022-12-01T15:34:20","date_gmt":"2022-12-01T18:34:20","guid":{"rendered":"https:\/\/www.prppg.ufpr.br\/site\/portalcapacitacao\/?page_id=3796"},"modified":"2025-02-03T16:35:35","modified_gmt":"2025-02-03T19:35:35","slug":"pdp-2023-acoes","status":"publish","type":"page","link":"https:\/\/progepe.ufpr.br\/capacitacao\/pdp-2023-acoes\/","title":{"rendered":"A\u00e7\u00f5es PDP 2023"},"content":{"rendered":"\n<div style=\"height:1em\" aria-hidden=\"true\" class=\"wp-block-spacer\"><\/div>\n\n\n\n<p class=\"has-text-align-center\"><a href=\"#bibliotecas\" data-type=\"internal\" data-id=\"#bibliotecas\">Bibliotecas<\/a>&nbsp;|&nbsp;<a href=\"#campus\" data-type=\"internal\" data-id=\"#campus\">Campus<\/a>&nbsp;|&nbsp;<a href=\"#hc\" data-type=\"internal\" data-id=\"#hc\">Hospital de Cl\u00ednicas<\/a>&nbsp;|&nbsp;<a href=\"#proreitorias\" data-type=\"internal\" data-id=\"#proreitorias\">Pr\u00f3-reitorias<\/a>&nbsp;|&nbsp;<a href=\"#rt\" data-type=\"internal\" data-id=\"#rt\">Reitoria<\/a>&nbsp;|&nbsp;<a href=\"#setores\" data-type=\"internal\" data-id=\"#setores\">Setores<\/a>&nbsp;|&nbsp;<a href=\"#superintendencias\" data-type=\"internal\" data-id=\"#superintendencias\">Superintend\u00eancias<\/a><\/p>\n\n\n\n<div style=\"height:1em\" aria-hidden=\"true\" class=\"wp-block-spacer\"><\/div>\n\n\n\n<hr class=\"wp-block-separator has-alpha-channel-opacity\"\/>\n\n\n\n<div style=\"height:1em\" aria-hidden=\"true\" class=\"wp-block-spacer\"><\/div>\n\n\n\n<h3 class=\"wp-block-heading\" id=\"bibliotecas\">Bibliotecas &#8211; SiBi<\/h3>\n\n\n\n<div class=\"wp-block-group is-layout-flow wp-block-group-is-layout-flow\" style=\"padding-left:var(--wp--preset--spacing--40)\">\n<figure class=\"wp-block-table is-style-regular has-small-font-size\"><table><tbody><tr><td class=\"has-text-align-center\" data-align=\"center\"><a href=\"https:\/\/progepe.ufpr.br\/capacitacao\/wp-content\/uploads\/2022\/12\/bibliotecas-sibi-eventos.pdf\" data-type=\"link\" data-id=\"https:\/\/progepe.ufpr.br\/capacitacao\/wp-content\/uploads\/2022\/12\/bibliotecas-sibi-eventos.pdf\">Afastamento para evento<\/a><\/td><td class=\"has-text-align-center\" data-align=\"center\"><a href=\"https:\/\/progepe.ufpr.br\/capacitacao\/wp-content\/uploads\/2022\/12\/bibliotecas-sibi-stricto-sensu.pdf\" data-type=\"link\" data-id=\"https:\/\/progepe.ufpr.br\/capacitacao\/wp-content\/uploads\/2022\/12\/bibliotecas-sibi-stricto-sensu.pdf\">Afastamento para estudos\/<em>Stricto sensu<\/em><\/a><\/td><td class=\"has-text-align-center\" data-align=\"center\"><a href=\"https:\/\/progepe.ufpr.br\/capacitacao\/wp-content\/uploads\/2022\/12\/bibliotecas-sibi-pos-doutorado.pdf\" data-type=\"link\" data-id=\"https:\/\/progepe.ufpr.br\/capacitacao\/wp-content\/uploads\/2022\/12\/bibliotecas-sibi-pos-doutorado.pdf\">Afastamento para estudos\/P\u00f3s-doutorado<\/a><\/td><td class=\"has-text-align-center\" data-align=\"center\">Afastamento para CAPES PrInt<br><strong>Sem a\u00e7\u00e3o cadastrada<\/strong><\/td><td class=\"has-text-align-center\" data-align=\"center\"><a href=\"https:\/\/progepe.ufpr.br\/capacitacao\/wp-content\/uploads\/2022\/12\/bibliotecas-sibi-licenca-capacitacao.pdf\" data-type=\"link\" data-id=\"https:\/\/progepe.ufpr.br\/capacitacao\/wp-content\/uploads\/2022\/12\/bibliotecas-sibi-licenca-capacitacao.pdf\">Licen\u00e7a para capacita\u00e7\u00e3o<\/a><\/td><\/tr><\/tbody><\/table><\/figure>\n<\/div>\n\n\n\n<div style=\"height:2em\" aria-hidden=\"true\" class=\"wp-block-spacer\"><\/div>\n\n\n\n<hr class=\"wp-block-separator has-alpha-channel-opacity\"\/>\n\n\n\n<div style=\"height:0.75em\" aria-hidden=\"true\" class=\"wp-block-spacer\"><\/div>\n\n\n\n<h3 class=\"wp-block-heading\" id=\"campus\">Campus<\/h3>\n\n\n\n<div class=\"wp-block-group is-layout-flow wp-block-group-is-layout-flow\" style=\"padding-left:var(--wp--preset--spacing--40)\">\n<h4 class=\"wp-block-heading has-medium-font-size\"><strong>Campus Jandaia do Sul<\/strong><\/h4>\n\n\n\n<div class=\"wp-block-group is-layout-flow wp-block-group-is-layout-flow\" style=\"padding-left:var(--wp--preset--spacing--40)\">\n<figure class=\"wp-block-table is-style-regular has-small-font-size\"><table><tbody><tr><td class=\"has-text-align-center\" data-align=\"center\"><a href=\"https:\/\/progepe.ufpr.br\/capacitacao\/wp-content\/uploads\/2023\/07\/campus-jandaia-do-sul-eventos-tecnicos.pdf\" data-type=\"link\" data-id=\"https:\/\/progepe.ufpr.br\/capacitacao\/wp-content\/uploads\/2023\/07\/campus-jandaia-do-sul-eventos-tecnicos.pdf\">Afastamento para evento &#8211; T\u00e9cnicos administrativos<\/a><br><br><a href=\"https:\/\/progepe.ufpr.br\/capacitacao\/wp-content\/uploads\/2023\/02\/campus-jandaia-do-sul-eventos-docentes.pdf\" data-type=\"link\" data-id=\"https:\/\/progepe.ufpr.br\/capacitacao\/wp-content\/uploads\/2023\/02\/campus-jandaia-do-sul-eventos-docentes.pdf\">Afastamento para evento &#8211; Docentes<\/a><\/td><td class=\"has-text-align-center\" data-align=\"center\"><a href=\"https:\/\/progepe.ufpr.br\/capacitacao\/wp-content\/uploads\/2023\/04\/campus-jandaia-do-sul-stricto-sensu.pdf\" data-type=\"link\" data-id=\"https:\/\/progepe.ufpr.br\/capacitacao\/wp-content\/uploads\/2023\/04\/campus-jandaia-do-sul-stricto-sensu.pdf\">Afastamento para estudos\/<em>Stricto sensu<\/em><\/a><\/td><td class=\"has-text-align-center\" data-align=\"center\"><a href=\"https:\/\/progepe.ufpr.br\/capacitacao\/wp-content\/uploads\/2023\/07\/campus-jandaia-do-sul-pos-doutorado-tecnicos.pdf\" data-type=\"link\" data-id=\"https:\/\/progepe.ufpr.br\/capacitacao\/wp-content\/uploads\/2023\/07\/campus-jandaia-do-sul-pos-doutorado-tecnicos.pdf\">Afastamento para estudos\/P\u00f3s-doutorado &#8211; T\u00e9cnicos administrativos<\/a><br><br><a href=\"https:\/\/progepe.ufpr.br\/capacitacao\/wp-content\/uploads\/2023\/02\/campus-jandaia-do-sul-pos-doutorado-docentes.pdf\" data-type=\"link\" data-id=\"https:\/\/progepe.ufpr.br\/capacitacao\/wp-content\/uploads\/2023\/02\/campus-jandaia-do-sul-pos-doutorado-docentes.pdf\">Afastamento para estudos\/P\u00f3s-doutorado &#8211; Docentes<\/a><\/td><td class=\"has-text-align-center\" data-align=\"center\"><a href=\"https:\/\/progepe.ufpr.br\/capacitacao\/wp-content\/uploads\/2023\/07\/campus-jandaia-do-sul-capes-print.pdf\" data-type=\"link\" data-id=\"https:\/\/progepe.ufpr.br\/capacitacao\/wp-content\/uploads\/2023\/07\/campus-jandaia-do-sul-capes-print.pdf\">Afastamento para CAPES PrInt<\/a><\/td><td class=\"has-text-align-center\" data-align=\"center\"><a href=\"https:\/\/progepe.ufpr.br\/capacitacao\/wp-content\/uploads\/2023\/02\/campus-jandaia-do-sul-licenca-capacitacao-tecnicos.pdf\" data-type=\"link\" data-id=\"https:\/\/progepe.ufpr.br\/capacitacao\/wp-content\/uploads\/2023\/02\/campus-jandaia-do-sul-licenca-capacitacao-tecnicos.pdf\">Licen\u00e7a para capacita\u00e7\u00e3o &#8211; T\u00e9cnicos administrativos<\/a><br><br><a href=\"https:\/\/progepe.ufpr.br\/capacitacao\/wp-content\/uploads\/2023\/02\/campus-jandaia-do-sul-licenca-capacitacao-docentes.pdf\" data-type=\"link\" data-id=\"https:\/\/progepe.ufpr.br\/capacitacao\/wp-content\/uploads\/2023\/02\/campus-jandaia-do-sul-licenca-capacitacao-docentes.pdf\">Licen\u00e7a para capacita\u00e7\u00e3o &#8211; Docentes<\/a><\/td><\/tr><\/tbody><\/table><\/figure>\n<\/div>\n\n\n\n<div style=\"height:0.75em\" aria-hidden=\"true\" class=\"wp-block-spacer\"><\/div>\n\n\n\n<h4 class=\"wp-block-heading has-medium-font-size\"><strong>Campus Pontal do Paran\u00e1 &#8211; Centro de Estudos do Mar<\/strong><\/h4>\n\n\n\n<div class=\"wp-block-group is-layout-flow wp-block-group-is-layout-flow\" style=\"padding-left:var(--wp--preset--spacing--40)\">\n<figure class=\"wp-block-table is-style-regular has-small-font-size\"><table><tbody><tr><td class=\"has-text-align-center\" data-align=\"center\"><a href=\"https:\/\/progepe.ufpr.br\/capacitacao\/wp-content\/uploads\/2022\/12\/campus-pontal-do-parana-eventos.pdf\" data-type=\"link\" data-id=\"https:\/\/progepe.ufpr.br\/capacitacao\/wp-content\/uploads\/2022\/12\/campus-pontal-do-parana-eventos.pdf\">Afastamento para evento<\/a><\/td><td class=\"has-text-align-center\" data-align=\"center\"><a href=\"https:\/\/progepe.ufpr.br\/capacitacao\/wp-content\/uploads\/2022\/12\/campus-pontal-do-parana-stricto-sensu.pdf\" data-type=\"link\" data-id=\"https:\/\/progepe.ufpr.br\/capacitacao\/wp-content\/uploads\/2022\/12\/campus-pontal-do-parana-stricto-sensu.pdf\">Afastamento para estudos\/<em>Stricto sensu<\/em><\/a><\/td><td class=\"has-text-align-center\" data-align=\"center\"><a href=\"https:\/\/progepe.ufpr.br\/capacitacao\/wp-content\/uploads\/2022\/12\/campus-pontal-do-parana-pos-doutorado.pdf\" data-type=\"link\" data-id=\"https:\/\/progepe.ufpr.br\/capacitacao\/wp-content\/uploads\/2022\/12\/campus-pontal-do-parana-pos-doutorado.pdf\">Afastamento para estudos\/P\u00f3s-doutorado<\/a><\/td><td class=\"has-text-align-center\" data-align=\"center\">Afastamento para CAPES PrInt<br><strong>Sem a\u00e7\u00e3o cadastrada<\/strong><\/td><td class=\"has-text-align-center\" data-align=\"center\"><a href=\"https:\/\/progepe.ufpr.br\/capacitacao\/wp-content\/uploads\/2022\/12\/campus-pontal-do-parana-licenca-capacitacao.pdf\" data-type=\"link\" data-id=\"https:\/\/progepe.ufpr.br\/capacitacao\/wp-content\/uploads\/2022\/12\/campus-pontal-do-parana-licenca-capacitacao.pdf\">Licen\u00e7a para capacita\u00e7\u00e3o<\/a><\/td><\/tr><\/tbody><\/table><\/figure>\n<\/div>\n\n\n\n<div style=\"height:0.75em\" aria-hidden=\"true\" class=\"wp-block-spacer\"><\/div>\n\n\n\n<h4 class=\"wp-block-heading has-medium-font-size\"><strong>Campus Toledo<\/strong><\/h4>\n\n\n\n<div class=\"wp-block-group is-layout-flow wp-block-group-is-layout-flow\" style=\"padding-left:var(--wp--preset--spacing--40)\">\n<figure class=\"wp-block-table is-style-regular has-small-font-size\"><table><tbody><tr><td class=\"has-text-align-center\" data-align=\"center\"><a href=\"https:\/\/progepe.ufpr.br\/capacitacao\/wp-content\/uploads\/2022\/12\/campus-toledo-eventos-anatomia.pdf\" data-type=\"link\" data-id=\"https:\/\/progepe.ufpr.br\/capacitacao\/wp-content\/uploads\/2022\/12\/campus-toledo-eventos-anatomia.pdf\">Afastamento para evento &#8211; Anatomia<\/a><br><br><a href=\"https:\/\/progepe.ufpr.br\/capacitacao\/wp-content\/uploads\/2022\/12\/campus-toledo-eventos-biologia-geral.pdf\" data-type=\"link\" data-id=\"https:\/\/progepe.ufpr.br\/capacitacao\/wp-content\/uploads\/2022\/12\/campus-toledo-eventos-biologia-geral.pdf\">Afastamento para evento &#8211; Biologia Geral<\/a><br><br><a href=\"https:\/\/progepe.ufpr.br\/capacitacao\/wp-content\/uploads\/2022\/12\/campus-toledo-eventos-estatistica.pdf\" data-type=\"link\" data-id=\"https:\/\/progepe.ufpr.br\/capacitacao\/wp-content\/uploads\/2022\/12\/campus-toledo-eventos-estatistica.pdf\">Afastamento para evento &#8211; Estat\u00edstica<\/a><br><br><a href=\"https:\/\/progepe.ufpr.br\/capacitacao\/wp-content\/uploads\/2022\/12\/campus-toledo-eventos-farmacologia.pdf\" data-type=\"link\" data-id=\"https:\/\/progepe.ufpr.br\/capacitacao\/wp-content\/uploads\/2022\/12\/campus-toledo-eventos-farmacologia.pdf\">Afastamento para evento &#8211; Farmacologia<\/a><br><br><a href=\"https:\/\/progepe.ufpr.br\/capacitacao\/wp-content\/uploads\/2022\/12\/campus-toledo-eventos-saude-publica.pdf\" data-type=\"link\" data-id=\"https:\/\/progepe.ufpr.br\/capacitacao\/wp-content\/uploads\/2022\/12\/campus-toledo-eventos-saude-publica.pdf\">Afastamento para evento &#8211; Sa\u00fade P\u00fablica<\/a><\/td><td class=\"has-text-align-center\" data-align=\"center\"><a href=\"https:\/\/progepe.ufpr.br\/capacitacao\/wp-content\/uploads\/2023\/07\/campus-toledo-stricto-sensu.pdf\" data-type=\"link\" data-id=\"https:\/\/progepe.ufpr.br\/capacitacao\/wp-content\/uploads\/2023\/07\/campus-toledo-stricto-sensu.pdf\">Afastamento para estudos\/<em>Stricto sensu<\/em><\/a><br><br><a href=\"https:\/\/progepe.ufpr.br\/capacitacao\/wp-content\/uploads\/2022\/12\/campus-toledo-stricto-sensu-andragogia.pdf\" data-type=\"link\" data-id=\"https:\/\/progepe.ufpr.br\/capacitacao\/wp-content\/uploads\/2022\/12\/campus-toledo-stricto-sensu-andragogia.pdf\">Afastamento para estudos\/<em>Stricto sensu<\/em> &#8211; Andragogia<\/a><\/td><td class=\"has-text-align-center\" data-align=\"center\">Afastamento para estudos\/P\u00f3s-doutorado<br><strong>Sem a\u00e7\u00e3o cadastrada<\/strong><\/td><td class=\"has-text-align-center\" data-align=\"center\">Afastamento para CAPES PrInt<br><strong>Sem a\u00e7\u00e3o cadastrada<\/strong><\/td><td class=\"has-text-align-center\" data-align=\"center\">Licen\u00e7a para capacita\u00e7\u00e3o<br><strong>Sem a\u00e7\u00e3o cadastrada<\/strong><\/td><\/tr><\/tbody><\/table><\/figure>\n<\/div>\n\n\n\n<div class=\"wp-block-group is-layout-flow wp-block-group-is-layout-flow\" style=\"padding-left:var(--wp--preset--spacing--40)\"><\/div>\n<\/div>\n\n\n\n<div style=\"height:2em\" aria-hidden=\"true\" class=\"wp-block-spacer\"><\/div>\n\n\n\n<hr class=\"wp-block-separator has-alpha-channel-opacity\"\/>\n\n\n\n<div style=\"height:0.75em\" aria-hidden=\"true\" class=\"wp-block-spacer\"><\/div>\n\n\n\n<h3 class=\"wp-block-heading\" id=\"hc\">Hospital de Cl\u00ednicas<\/h3>\n\n\n\n<div class=\"wp-block-group is-layout-flow wp-block-group-is-layout-flow\" style=\"padding-left:var(--wp--preset--spacing--40)\">\n<figure class=\"wp-block-table is-style-regular has-small-font-size\"><table><tbody><tr><td class=\"has-text-align-center\" data-align=\"center\"><a href=\"https:\/\/progepe.ufpr.br\/capacitacao\/wp-content\/uploads\/2022\/12\/comprovante-sipec-chc-eventos.pdf\" data-type=\"link\" data-id=\"https:\/\/progepe.ufpr.br\/capacitacao\/wp-content\/uploads\/2022\/12\/comprovante-sipec-chc-eventos.pdf\">Afastamento para evento<\/a><\/td><td class=\"has-text-align-center\" data-align=\"center\"><a href=\"https:\/\/progepe.ufpr.br\/capacitacao\/wp-content\/uploads\/2022\/12\/comprovante-sipec-chc-stricto-sensu.pdf\" data-type=\"link\" data-id=\"https:\/\/progepe.ufpr.br\/capacitacao\/wp-content\/uploads\/2022\/12\/comprovante-sipec-chc-stricto-sensu.pdf\">Afastamento para estudos\/<em>Stricto sensu<\/em><\/a><\/td><td class=\"has-text-align-center\" data-align=\"center\"><a href=\"https:\/\/progepe.ufpr.br\/capacitacao\/wp-content\/uploads\/2022\/12\/comprovante-sipec-chc-pos-doutorado.pdf\" data-type=\"link\" data-id=\"https:\/\/progepe.ufpr.br\/capacitacao\/wp-content\/uploads\/2022\/12\/comprovante-sipec-chc-pos-doutorado.pdf\">Afastamento para estudos\/P\u00f3s-doutorado<\/a><\/td><td class=\"has-text-align-center\" data-align=\"center\">Afastamento para CAPES PrInt<br><strong>Sem a\u00e7\u00e3o cadastrada<\/strong><\/td><td class=\"has-text-align-center\" data-align=\"center\"><a href=\"https:\/\/progepe.ufpr.br\/capacitacao\/wp-content\/uploads\/2022\/12\/comprovante-sipec-chc-licenca-capacitacao.pdf\" data-type=\"link\" data-id=\"https:\/\/progepe.ufpr.br\/capacitacao\/wp-content\/uploads\/2022\/12\/comprovante-sipec-chc-licenca-capacitacao.pdf\">Licen\u00e7a para capacita\u00e7\u00e3o<\/a><\/td><\/tr><\/tbody><\/table><\/figure>\n<\/div>\n\n\n\n<div style=\"height:3em\" aria-hidden=\"true\" class=\"wp-block-spacer\"><\/div>\n\n\n\n<hr class=\"wp-block-separator has-alpha-channel-opacity\"\/>\n\n\n\n<div style=\"height:1em\" aria-hidden=\"true\" class=\"wp-block-spacer\"><\/div>\n\n\n\n<h3 class=\"wp-block-heading\" id=\"proreitorias\">Pr\u00f3-reitorias<\/h3>\n\n\n\n<div class=\"wp-block-group is-layout-flow wp-block-group-is-layout-flow\" style=\"padding-left:var(--wp--preset--spacing--40)\">\n<h4 class=\"wp-block-heading has-medium-font-size\"><strong>PRA<\/strong><\/h4>\n\n\n\n<div class=\"wp-block-group is-layout-flow wp-block-group-is-layout-flow\" style=\"padding-left:var(--wp--preset--spacing--40)\">\n<figure class=\"wp-block-table is-style-regular has-small-font-size\"><table><tbody><tr><td class=\"has-text-align-center\" data-align=\"center\"><a href=\"https:\/\/progepe.ufpr.br\/capacitacao\/wp-content\/uploads\/2022\/12\/pra-coordenadoria-de-logistica-eventos.pdf\" data-type=\"link\" data-id=\"https:\/\/progepe.ufpr.br\/capacitacao\/wp-content\/uploads\/2022\/12\/pra-coordenadoria-de-logistica-eventos.pdf\">Afastamento para evento &#8211; CLOG<\/a><br><br><a href=\"https:\/\/progepe.ufpr.br\/capacitacao\/wp-content\/uploads\/2022\/12\/agtic-eventos.pdf\" data-type=\"link\" data-id=\"https:\/\/progepe.ufpr.br\/capacitacao\/wp-content\/uploads\/2022\/12\/agtic-eventos.pdf\">Afastamento para evento &#8211; AGTIC<\/a><\/td><td class=\"has-text-align-center\" data-align=\"center\"><a href=\"https:\/\/progepe.ufpr.br\/capacitacao\/wp-content\/uploads\/2023\/05\/pra-stricto-sensu.pdf\" data-type=\"link\" data-id=\"https:\/\/progepe.ufpr.br\/capacitacao\/wp-content\/uploads\/2023\/05\/pra-stricto-sensu.pdf\">Afastamento para estudos\/<em>Stricto sensu<\/em><\/a><\/td><td class=\"has-text-align-center\" data-align=\"center\">Afastamento para estudos\/P\u00f3s-doutorado<br><strong>Sem a\u00e7\u00e3o cadastrada<\/strong><\/td><td class=\"has-text-align-center\" data-align=\"center\">Afastamento para CAPES PrInt<br><strong>Sem a\u00e7\u00e3o cadastrada<\/strong><\/td><td class=\"has-text-align-center\" data-align=\"center\"><a href=\"https:\/\/progepe.ufpr.br\/capacitacao\/wp-content\/uploads\/2022\/12\/pra-licenca-capacitacao.pdf\" data-type=\"link\" data-id=\"https:\/\/progepe.ufpr.br\/capacitacao\/wp-content\/uploads\/2022\/12\/pra-licenca-capacitacao.pdf\">Licen\u00e7a para capacita\u00e7\u00e3o &#8211; PRA<\/a><br><br><a href=\"https:\/\/progepe.ufpr.br\/capacitacao\/wp-content\/uploads\/2022\/12\/agtic-licenca-capacitacao.pdf\" data-type=\"link\" data-id=\"https:\/\/progepe.ufpr.br\/capacitacao\/wp-content\/uploads\/2022\/12\/agtic-licenca-capacitacao.pdf\">Licen\u00e7a para capacita\u00e7\u00e3o &#8211; AGTIC<\/a><\/td><\/tr><\/tbody><\/table><\/figure>\n<\/div>\n\n\n\n<div style=\"height:1em\" aria-hidden=\"true\" class=\"wp-block-spacer\"><\/div>\n\n\n\n<h4 class=\"wp-block-heading has-medium-font-size\"><strong>PRAE<\/strong><\/h4>\n\n\n\n<div class=\"wp-block-group is-layout-flow wp-block-group-is-layout-flow\" style=\"padding-left:var(--wp--preset--spacing--40)\">\n<figure class=\"wp-block-table is-style-regular has-small-font-size\"><table><tbody><tr><td class=\"has-text-align-center\" data-align=\"center\"><a href=\"https:\/\/progepe.ufpr.br\/capacitacao\/wp-content\/uploads\/2023\/07\/comprovante-sipec-prae-cae-eventos.pdf\" data-type=\"link\" data-id=\"https:\/\/progepe.ufpr.br\/capacitacao\/wp-content\/uploads\/2023\/07\/comprovante-sipec-prae-cae-eventos.pdf\">Afastamento para evento &#8211; CAE<\/a><\/td><td class=\"has-text-align-center\" data-align=\"center\"><a href=\"https:\/\/progepe.ufpr.br\/capacitacao\/wp-content\/uploads\/2022\/12\/comprovante-sipec-prae-stricto-sensu.pdf\" data-type=\"link\" data-id=\"https:\/\/progepe.ufpr.br\/capacitacao\/wp-content\/uploads\/2022\/12\/comprovante-sipec-prae-stricto-sensu.pdf\">Afastamento para estudos\/<em>Stricto sensu<\/em><\/a><\/td><td class=\"has-text-align-center\" data-align=\"center\">Afastamento para estudos\/P\u00f3s-doutorado<br><strong>Sem a\u00e7\u00e3o cadastrada<\/strong><\/td><td class=\"has-text-align-center\" data-align=\"center\">Afastamento para CAPES PrInt<br><strong>Sem a\u00e7\u00e3o cadastrada<\/strong><\/td><td class=\"has-text-align-center\" data-align=\"center\"><a href=\"https:\/\/progepe.ufpr.br\/capacitacao\/wp-content\/uploads\/2022\/12\/comprovante-sipec-prae-licenca-capacitacao.pdf\" data-type=\"link\" data-id=\"https:\/\/progepe.ufpr.br\/capacitacao\/wp-content\/uploads\/2022\/12\/comprovante-sipec-prae-licenca-capacitacao.pdf\">Licen\u00e7a para capacita\u00e7\u00e3o<\/a><\/td><\/tr><\/tbody><\/table><\/figure>\n<\/div>\n\n\n\n<div style=\"height:1em\" aria-hidden=\"true\" class=\"wp-block-spacer\"><\/div>\n\n\n\n<h4 class=\"wp-block-heading has-medium-font-size\"><strong>PROEC<\/strong><\/h4>\n\n\n\n<div class=\"wp-block-group is-layout-flow wp-block-group-is-layout-flow\" style=\"padding-left:var(--wp--preset--spacing--40)\">\n<figure class=\"wp-block-table is-style-regular has-small-font-size\"><table><tbody><tr><td class=\"has-text-align-center\" data-align=\"center\"><a href=\"https:\/\/progepe.ufpr.br\/capacitacao\/wp-content\/uploads\/2022\/12\/proec-eventos.pdf\" data-type=\"link\" data-id=\"https:\/\/progepe.ufpr.br\/capacitacao\/wp-content\/uploads\/2022\/12\/proec-eventos.pdf\">Afastamento para evento<\/a><\/td><td class=\"has-text-align-center\" data-align=\"center\"><a href=\"https:\/\/progepe.ufpr.br\/capacitacao\/wp-content\/uploads\/2022\/12\/proec-stricto-sensu.pdf\" data-type=\"link\" data-id=\"https:\/\/progepe.ufpr.br\/capacitacao\/wp-content\/uploads\/2022\/12\/proec-stricto-sensu.pdf\">Afastamento para estudos\/<em>Stricto sensu<\/em><\/a><\/td><td class=\"has-text-align-center\" data-align=\"center\">Afastamento para estudos\/P\u00f3s-doutorado<br><strong>Sem a\u00e7\u00e3o cadastrada<\/strong><\/td><td class=\"has-text-align-center\" data-align=\"center\">Afastamento para CAPES PrInt<br><strong>Sem a\u00e7\u00e3o cadastrada<\/strong><\/td><td class=\"has-text-align-center\" data-align=\"center\"><a href=\"https:\/\/progepe.ufpr.br\/capacitacao\/wp-content\/uploads\/2022\/12\/proec-licenca-capacitacao.pdf\" data-type=\"link\" data-id=\"https:\/\/progepe.ufpr.br\/capacitacao\/wp-content\/uploads\/2022\/12\/proec-licenca-capacitacao.pdf\">Licen\u00e7a para capacita\u00e7\u00e3o<\/a><\/td><\/tr><\/tbody><\/table><\/figure>\n<\/div>\n\n\n\n<div style=\"height:1em\" aria-hidden=\"true\" class=\"wp-block-spacer\"><\/div>\n\n\n\n<h4 class=\"wp-block-heading has-medium-font-size\"><strong>PROGEPE<\/strong><\/h4>\n\n\n\n<div class=\"wp-block-group is-layout-flow wp-block-group-is-layout-flow\" style=\"padding-left:var(--wp--preset--spacing--40)\">\n<figure class=\"wp-block-table is-style-regular has-small-font-size\"><table><tbody><tr><td class=\"has-text-align-center\" data-align=\"center\"><a href=\"https:\/\/progepe.ufpr.br\/capacitacao\/wp-content\/uploads\/2022\/12\/progepe-eventos-1.pdf\" data-type=\"link\" data-id=\"https:\/\/progepe.ufpr.br\/capacitacao\/wp-content\/uploads\/2022\/12\/progepe-eventos-1.pdf\">Afastamento para evento<\/a><\/td><td class=\"has-text-align-center\" data-align=\"center\"><a href=\"https:\/\/progepe.ufpr.br\/capacitacao\/wp-content\/uploads\/2022\/12\/progepe-stricto-sensu-1.pdf\" data-type=\"link\" data-id=\"https:\/\/progepe.ufpr.br\/capacitacao\/wp-content\/uploads\/2022\/12\/progepe-stricto-sensu-1.pdf\">Afastamento para estudos\/<em>Stricto sensu<\/em><\/a><\/td><td class=\"has-text-align-center\" data-align=\"center\"><a href=\"https:\/\/progepe.ufpr.br\/capacitacao\/wp-content\/uploads\/2022\/12\/progepe-pos-doutorado-1.pdf\" data-type=\"link\" data-id=\"https:\/\/progepe.ufpr.br\/capacitacao\/wp-content\/uploads\/2022\/12\/progepe-pos-doutorado-1.pdf\">Afastamento para estudos\/P\u00f3s-doutorado<\/a><\/td><td class=\"has-text-align-center\" data-align=\"center\">Afastamento para CAPES PrInt<br><strong>Sem a\u00e7\u00e3o cadastrada<\/strong><\/td><td class=\"has-text-align-center\" data-align=\"center\"><a href=\"https:\/\/progepe.ufpr.br\/capacitacao\/wp-content\/uploads\/2022\/12\/progepe-licenca-capacitacao.pdf\" data-type=\"link\" data-id=\"https:\/\/progepe.ufpr.br\/capacitacao\/wp-content\/uploads\/2022\/12\/progepe-licenca-capacitacao.pdf\">Licen\u00e7a para capacita\u00e7\u00e3o<\/a><\/td><\/tr><\/tbody><\/table><\/figure>\n<\/div>\n\n\n\n<div style=\"height:1em\" aria-hidden=\"true\" class=\"wp-block-spacer\"><\/div>\n\n\n\n<h4 class=\"wp-block-heading has-medium-font-size\"><strong>PROGRAD<\/strong><\/h4>\n\n\n\n<div class=\"wp-block-group is-layout-flow wp-block-group-is-layout-flow\" style=\"padding-left:var(--wp--preset--spacing--40)\">\n<figure class=\"wp-block-table is-style-regular has-small-font-size\"><table><tbody><tr><td class=\"has-text-align-center\" data-align=\"center\"><a href=\"https:\/\/progepe.ufpr.br\/capacitacao\/wp-content\/uploads\/2022\/12\/prograd-eventos.pdf\" data-type=\"link\" data-id=\"https:\/\/progepe.ufpr.br\/capacitacao\/wp-content\/uploads\/2022\/12\/prograd-eventos.pdf\">Afastamento para evento<\/a><\/td><td class=\"has-text-align-center\" data-align=\"center\"><a href=\"https:\/\/progepe.ufpr.br\/capacitacao\/wp-content\/uploads\/2022\/12\/prograd-stricto-sensu.pdf\" data-type=\"link\" data-id=\"https:\/\/progepe.ufpr.br\/capacitacao\/wp-content\/uploads\/2022\/12\/prograd-stricto-sensu.pdf\">Afastamento para estudos\/<em>Stricto sensu<\/em><\/a><\/td><td class=\"has-text-align-center\" data-align=\"center\"><a href=\"https:\/\/progepe.ufpr.br\/capacitacao\/wp-content\/uploads\/2022\/12\/prograd-pos-doutorado.pdf\" data-type=\"link\" data-id=\"https:\/\/progepe.ufpr.br\/capacitacao\/wp-content\/uploads\/2022\/12\/prograd-pos-doutorado.pdf\">Afastamento para estudos\/P\u00f3s-doutorado<\/a><\/td><td class=\"has-text-align-center\" data-align=\"center\">Afastamento para CAPES PrInt<br><strong>Sem a\u00e7\u00e3o cadastrada<\/strong><\/td><td class=\"has-text-align-center\" data-align=\"center\"><a href=\"https:\/\/progepe.ufpr.br\/capacitacao\/wp-content\/uploads\/2022\/12\/prograd-licenca-capacitacao.pdf\" data-type=\"link\" data-id=\"https:\/\/progepe.ufpr.br\/capacitacao\/wp-content\/uploads\/2022\/12\/prograd-licenca-capacitacao.pdf\">Licen\u00e7a para capacita\u00e7\u00e3o<\/a><\/td><\/tr><\/tbody><\/table><\/figure>\n<\/div>\n\n\n\n<div style=\"height:1em\" aria-hidden=\"true\" class=\"wp-block-spacer\"><\/div>\n\n\n\n<h4 class=\"wp-block-heading has-medium-font-size\"><strong>PRPPG<\/strong><\/h4>\n\n\n\n<div class=\"wp-block-group is-layout-flow wp-block-group-is-layout-flow\" style=\"padding-left:var(--wp--preset--spacing--40)\">\n<figure class=\"wp-block-table is-style-regular has-small-font-size\"><table><tbody><tr><td class=\"has-text-align-center\" data-align=\"center\"><a href=\"https:\/\/progepe.ufpr.br\/capacitacao\/wp-content\/uploads\/2022\/12\/prppg-eventos-1.pdf\" data-type=\"link\" data-id=\"https:\/\/progepe.ufpr.br\/capacitacao\/wp-content\/uploads\/2022\/12\/prppg-eventos-1.pdf\">Afastamento para evento<\/a><\/td><td class=\"has-text-align-center\" data-align=\"center\"><a href=\"https:\/\/progepe.ufpr.br\/capacitacao\/wp-content\/uploads\/2022\/12\/prppg-stricto-sensu.pdf\" data-type=\"link\" data-id=\"https:\/\/progepe.ufpr.br\/capacitacao\/wp-content\/uploads\/2022\/12\/prppg-stricto-sensu.pdf\">Afastamento para estudos\/<em>Stricto sensu<\/em><\/a><\/td><td class=\"has-text-align-center\" data-align=\"center\"><a href=\"https:\/\/progepe.ufpr.br\/capacitacao\/wp-content\/uploads\/2022\/12\/prppg-pos-doutorado.pdf\" data-type=\"link\" data-id=\"https:\/\/progepe.ufpr.br\/capacitacao\/wp-content\/uploads\/2022\/12\/prppg-pos-doutorado.pdf\">Afastamento para estudos\/P\u00f3s-doutorado<\/a><\/td><td class=\"has-text-align-center\" data-align=\"center\">Afastamento para CAPES PrInt<br><strong>Sem a\u00e7\u00e3o cadastrada<\/strong><\/td><td class=\"has-text-align-center\" data-align=\"center\"><a href=\"https:\/\/progepe.ufpr.br\/capacitacao\/wp-content\/uploads\/2022\/12\/prppg-licenca-capacitacao.pdf\" data-type=\"link\" data-id=\"https:\/\/progepe.ufpr.br\/capacitacao\/wp-content\/uploads\/2022\/12\/prppg-licenca-capacitacao.pdf\">Licen\u00e7a para capacita\u00e7\u00e3o<\/a><\/td><\/tr><\/tbody><\/table><\/figure>\n<\/div>\n\n\n\n<div style=\"height:1em\" aria-hidden=\"true\" class=\"wp-block-spacer\"><\/div>\n\n\n\n<h4 class=\"wp-block-heading has-medium-font-size\"><strong>PROPLAN<\/strong><\/h4>\n\n\n\n<div class=\"wp-block-group is-layout-flow wp-block-group-is-layout-flow\" style=\"padding-left:var(--wp--preset--spacing--40)\">\n<figure class=\"wp-block-table is-style-regular has-small-font-size\"><table><tbody><tr><td class=\"has-text-align-center\" data-align=\"center\"><a href=\"https:\/\/progepe.ufpr.br\/capacitacao\/wp-content\/uploads\/2022\/12\/proplan-eventos.pdf\" data-type=\"link\" data-id=\"https:\/\/progepe.ufpr.br\/capacitacao\/wp-content\/uploads\/2022\/12\/proplan-eventos.pdf\">Afastamento para evento<\/a><\/td><td class=\"has-text-align-center\" data-align=\"center\"><a href=\"https:\/\/progepe.ufpr.br\/capacitacao\/wp-content\/uploads\/2022\/12\/proplan-stricto-sensu.pdf\" data-type=\"link\" data-id=\"https:\/\/progepe.ufpr.br\/capacitacao\/wp-content\/uploads\/2022\/12\/proplan-stricto-sensu.pdf\">Afastamento para estudos\/<em>Stricto sensu<\/em><\/a><\/td><td class=\"has-text-align-center\" data-align=\"center\"><a href=\"https:\/\/progepe.ufpr.br\/capacitacao\/wp-content\/uploads\/2022\/12\/proplan-pos-doutorado.pdf\" data-type=\"link\" data-id=\"https:\/\/progepe.ufpr.br\/capacitacao\/wp-content\/uploads\/2022\/12\/proplan-pos-doutorado.pdf\">Afastamento para estudos\/P\u00f3s-doutorado<\/a><\/td><td class=\"has-text-align-center\" data-align=\"center\"><a href=\"https:\/\/progepe.ufpr.br\/capacitacao\/wp-content\/uploads\/2022\/12\/proplan-capes-print.pdf\" data-type=\"link\" data-id=\"https:\/\/progepe.ufpr.br\/capacitacao\/wp-content\/uploads\/2022\/12\/proplan-capes-print.pdf\">Afastamento para CAPES PrInt<\/a><\/td><td class=\"has-text-align-center\" data-align=\"center\"><a href=\"https:\/\/progepe.ufpr.br\/capacitacao\/wp-content\/uploads\/2022\/12\/proplan-licenca-capacitacao.pdf\" data-type=\"link\" data-id=\"https:\/\/progepe.ufpr.br\/capacitacao\/wp-content\/uploads\/2022\/12\/proplan-licenca-capacitacao.pdf\">Licen\u00e7a para capacita\u00e7\u00e3o<\/a><\/td><\/tr><\/tbody><\/table><\/figure>\n<\/div>\n<\/div>\n\n\n\n<div style=\"height:3em\" aria-hidden=\"true\" class=\"wp-block-spacer\"><\/div>\n\n\n\n<hr class=\"wp-block-separator has-alpha-channel-opacity\"\/>\n\n\n\n<div style=\"height:1em\" aria-hidden=\"true\" class=\"wp-block-spacer\"><\/div>\n\n\n\n<h3 class=\"wp-block-heading\" id=\"rt\">Reitoria<\/h3>\n\n\n\n<div class=\"wp-block-group is-layout-flow wp-block-group-is-layout-flow\" style=\"padding-left:var(--wp--preset--spacing--40)\">\n<h4 class=\"wp-block-heading has-medium-font-size\"><strong>Ag\u00eancia UFPR Internacional (AUI)<\/strong><\/h4>\n\n\n\n<div class=\"wp-block-group is-layout-flow wp-block-group-is-layout-flow\" style=\"padding-left:var(--wp--preset--spacing--40)\">\n<figure class=\"wp-block-table is-style-regular has-small-font-size\"><table><tbody><tr><td class=\"has-text-align-center\" data-align=\"center\"><a href=\"https:\/\/progepe.ufpr.br\/capacitacao\/wp-content\/uploads\/2022\/12\/aui-eventos.pdf\" data-type=\"link\" data-id=\"https:\/\/progepe.ufpr.br\/capacitacao\/wp-content\/uploads\/2022\/12\/aui-eventos.pdf\">Afastamento para evento<\/a><\/td><td class=\"has-text-align-center\" data-align=\"center\"><a href=\"https:\/\/progepe.ufpr.br\/capacitacao\/wp-content\/uploads\/2022\/12\/aui-stricto-sensu.pdf\" data-type=\"link\" data-id=\"https:\/\/progepe.ufpr.br\/capacitacao\/wp-content\/uploads\/2022\/12\/aui-stricto-sensu.pdf\">Afastamento para estudos\/<em>Stricto sensu<\/em><\/a><\/td><td class=\"has-text-align-center\" data-align=\"center\"><a href=\"https:\/\/progepe.ufpr.br\/capacitacao\/wp-content\/uploads\/2022\/12\/aui-pos-doutorado.pdf\" data-type=\"link\" data-id=\"https:\/\/progepe.ufpr.br\/capacitacao\/wp-content\/uploads\/2022\/12\/aui-pos-doutorado.pdf\">Afastamento para estudos\/P\u00f3s-doutorado<\/a><\/td><td class=\"has-text-align-center\" data-align=\"center\">Afastamento para CAPES PrInt<br><strong>Sem a\u00e7\u00e3o cadastrada<\/strong><\/td><td class=\"has-text-align-center\" data-align=\"center\"><a href=\"https:\/\/progepe.ufpr.br\/capacitacao\/wp-content\/uploads\/2022\/12\/aui-licenca-capacitacao.pdf\" data-type=\"link\" data-id=\"https:\/\/progepe.ufpr.br\/capacitacao\/wp-content\/uploads\/2022\/12\/aui-licenca-capacitacao.pdf\">Licen\u00e7a para capacita\u00e7\u00e3o<\/a><\/td><\/tr><\/tbody><\/table><\/figure>\n<\/div>\n\n\n\n<div style=\"height:1em\" aria-hidden=\"true\" class=\"wp-block-spacer\"><\/div>\n\n\n\n<h4 class=\"wp-block-heading has-medium-font-size\"><strong>Auditoria Interna (AUDIN)<\/strong><\/h4>\n\n\n\n<div class=\"wp-block-group is-layout-flow wp-block-group-is-layout-flow\" style=\"padding-left:var(--wp--preset--spacing--40)\">\n<figure class=\"wp-block-table is-style-regular has-small-font-size\"><table><tbody><tr><td class=\"has-text-align-center\" data-align=\"center\"><a href=\"https:\/\/progepe.ufpr.br\/capacitacao\/wp-content\/uploads\/2022\/12\/audin-eventos.pdf\" data-type=\"link\" data-id=\"https:\/\/progepe.ufpr.br\/capacitacao\/wp-content\/uploads\/2022\/12\/audin-eventos.pdf\">Afastamento para evento<\/a><\/td><td class=\"has-text-align-center\" data-align=\"center\">Afastamento para estudos\/<em>Stricto sensu<\/em><br><strong>Sem a\u00e7\u00e3o cadastrada<\/strong><\/td><td class=\"has-text-align-center\" data-align=\"center\"><a href=\"https:\/\/progepe.ufpr.br\/capacitacao\/wp-content\/uploads\/2022\/12\/audin-pos-doutorado-1.pdf\" data-type=\"link\" data-id=\"https:\/\/progepe.ufpr.br\/capacitacao\/wp-content\/uploads\/2022\/12\/audin-pos-doutorado-1.pdf\">Afastamento para estudos\/P\u00f3s-doutorado<\/a><\/td><td class=\"has-text-align-center\" data-align=\"center\">Afastamento para CAPES PrInt<br><strong>Sem a\u00e7\u00e3o cadastrada<\/strong><\/td><td class=\"has-text-align-center\" data-align=\"center\"><a href=\"https:\/\/progepe.ufpr.br\/capacitacao\/wp-content\/uploads\/2022\/12\/audin-licenca-capacitacao.pdf\" data-type=\"link\" data-id=\"https:\/\/progepe.ufpr.br\/capacitacao\/wp-content\/uploads\/2022\/12\/audin-licenca-capacitacao.pdf\">Licen\u00e7a para capacita\u00e7\u00e3o<\/a><\/td><\/tr><\/tbody><\/table><\/figure>\n<\/div>\n\n\n\n<div style=\"height:1em\" aria-hidden=\"true\" class=\"wp-block-spacer\"><\/div>\n\n\n\n<h4 class=\"wp-block-heading has-medium-font-size\"><strong>Comiss\u00e3o Pr\u00f3pria de Avalia\u00e7\u00e3o (CPA)<\/strong><\/h4>\n\n\n\n<div class=\"wp-block-group is-layout-flow wp-block-group-is-layout-flow\" style=\"padding-left:var(--wp--preset--spacing--40)\">\n<figure class=\"wp-block-table is-style-regular has-small-font-size\"><table><tbody><tr><td class=\"has-text-align-center\" data-align=\"center\"><a href=\"https:\/\/progepe.ufpr.br\/capacitacao\/wp-content\/uploads\/2022\/12\/cpa-eventos.pdf\" data-type=\"link\" data-id=\"https:\/\/progepe.ufpr.br\/capacitacao\/wp-content\/uploads\/2022\/12\/cpa-eventos.pdf\">Afastamento para evento<\/a><\/td><td class=\"has-text-align-center\" data-align=\"center\">Afastamento para estudos\/<em>Stricto sensu<\/em><br><strong>Sem a\u00e7\u00e3o cadastrada<\/strong><\/td><td class=\"has-text-align-center\" data-align=\"center\">Afastamento para estudos\/P\u00f3s-doutorado<br><strong>Sem a\u00e7\u00e3o cadastrada<\/strong><\/td><td class=\"has-text-align-center\" data-align=\"center\">Afastamento para CAPES PrInt<br><strong>Sem a\u00e7\u00e3o cadastrada<\/strong><\/td><td class=\"has-text-align-center\" data-align=\"center\"><a href=\"https:\/\/progepe.ufpr.br\/capacitacao\/wp-content\/uploads\/2023\/07\/cpa-licenca-para-capacitacao.pdf\" data-type=\"link\" data-id=\"https:\/\/progepe.ufpr.br\/capacitacao\/wp-content\/uploads\/2023\/07\/cpa-licenca-para-capacitacao.pdf\">Licen\u00e7a para capacita\u00e7\u00e3o<\/a><\/td><\/tr><\/tbody><\/table><\/figure>\n<\/div>\n\n\n\n<div style=\"height:1em\" aria-hidden=\"true\" class=\"wp-block-spacer\"><\/div>\n\n\n\n<h4 class=\"wp-block-heading has-medium-font-size\"><strong>Diretoria Disciplinar (DD)<\/strong><\/h4>\n\n\n\n<div class=\"wp-block-group is-layout-flow wp-block-group-is-layout-flow\" style=\"padding-left:var(--wp--preset--spacing--40)\">\n<figure class=\"wp-block-table is-style-regular has-small-font-size\"><table><tbody><tr><td class=\"has-text-align-center\" data-align=\"center\"><a href=\"https:\/\/progepe.ufpr.br\/capacitacao\/wp-content\/uploads\/2022\/12\/diretoria-disciplinar-eventos.pdf\" data-type=\"link\" data-id=\"https:\/\/progepe.ufpr.br\/capacitacao\/wp-content\/uploads\/2022\/12\/diretoria-disciplinar-eventos.pdf\">Afastamento para evento<\/a><\/td><td class=\"has-text-align-center\" data-align=\"center\"><a href=\"https:\/\/progepe.ufpr.br\/capacitacao\/wp-content\/uploads\/2022\/12\/diretoria-disciplinar-stricto-sensu.pdf\" data-type=\"link\" data-id=\"https:\/\/progepe.ufpr.br\/capacitacao\/wp-content\/uploads\/2022\/12\/diretoria-disciplinar-stricto-sensu.pdf\">Afastamento para estudos\/<em>Stricto sensu<\/em><\/a><\/td><td class=\"has-text-align-center\" data-align=\"center\">Afastamento para estudos\/P\u00f3s-doutorado<br><strong>Sem a\u00e7\u00e3o cadastrada<\/strong><\/td><td class=\"has-text-align-center\" data-align=\"center\">Afastamento para CAPES PrInt<br><strong>Sem a\u00e7\u00e3o cadastrada<\/strong><\/td><td class=\"has-text-align-center\" data-align=\"center\"><a href=\"https:\/\/progepe.ufpr.br\/capacitacao\/wp-content\/uploads\/2022\/12\/diretoria-disciplinar-licenca-capacitacao.pdf\" data-type=\"link\" data-id=\"https:\/\/progepe.ufpr.br\/capacitacao\/wp-content\/uploads\/2022\/12\/diretoria-disciplinar-licenca-capacitacao.pdf\">Licen\u00e7a para capacita\u00e7\u00e3o<\/a><\/td><\/tr><\/tbody><\/table><\/figure>\n<\/div>\n\n\n\n<div style=\"height:1em\" aria-hidden=\"true\" class=\"wp-block-spacer\"><\/div>\n\n\n\n<h4 class=\"wp-block-heading has-medium-font-size\"><strong>Procuradoria<\/strong><\/h4>\n\n\n\n<div class=\"wp-block-group is-layout-flow wp-block-group-is-layout-flow\" style=\"padding-left:var(--wp--preset--spacing--40)\">\n<figure class=\"wp-block-table is-style-regular has-small-font-size\"><table><tbody><tr><td class=\"has-text-align-center\" data-align=\"center\"><a href=\"https:\/\/progepe.ufpr.br\/capacitacao\/wp-content\/uploads\/2022\/12\/procuradoria-eventos.pdf\" data-type=\"link\" data-id=\"https:\/\/progepe.ufpr.br\/capacitacao\/wp-content\/uploads\/2022\/12\/procuradoria-eventos.pdf\">Afastamento para evento<\/a><\/td><td class=\"has-text-align-center\" data-align=\"center\"><a href=\"https:\/\/progepe.ufpr.br\/capacitacao\/wp-content\/uploads\/2022\/12\/procuradoria-stricto-sensu.pdf\" data-type=\"link\" data-id=\"https:\/\/progepe.ufpr.br\/capacitacao\/wp-content\/uploads\/2022\/12\/procuradoria-stricto-sensu.pdf\">Afastamento para estudos\/<em>Stricto sensu<\/em><\/a><\/td><td class=\"has-text-align-center\" data-align=\"center\">Afastamento para estudos\/P\u00f3s-doutorado<br><strong>Sem a\u00e7\u00e3o cadastrada<\/strong><\/td><td class=\"has-text-align-center\" data-align=\"center\">Afastamento para CAPES PrInt<br><strong>Sem a\u00e7\u00e3o cadastrada<\/strong><\/td><td class=\"has-text-align-center\" data-align=\"center\"><a href=\"https:\/\/progepe.ufpr.br\/capacitacao\/wp-content\/uploads\/2022\/12\/procuradoria-licenca-capacitacao.pdf\" data-type=\"link\" data-id=\"https:\/\/progepe.ufpr.br\/capacitacao\/wp-content\/uploads\/2022\/12\/procuradoria-licenca-capacitacao.pdf\">Licen\u00e7a para capacita\u00e7\u00e3o<\/a><\/td><\/tr><\/tbody><\/table><\/figure>\n<\/div>\n\n\n\n<div style=\"height:1em\" aria-hidden=\"true\" class=\"wp-block-spacer\"><\/div>\n\n\n\n<h4 class=\"wp-block-heading has-medium-font-size\"><strong>Gabinete da Reitoria (GAB)<\/strong><\/h4>\n\n\n\n<div class=\"wp-block-group is-layout-flow wp-block-group-is-layout-flow\" style=\"padding-left:var(--wp--preset--spacing--40)\">\n<figure class=\"wp-block-table is-style-regular has-small-font-size\"><table><tbody><tr><td class=\"has-text-align-center\" data-align=\"center\"><a href=\"https:\/\/progepe.ufpr.br\/capacitacao\/wp-content\/uploads\/2022\/12\/gabiente-eventos.pdf\" data-type=\"link\" data-id=\"https:\/\/progepe.ufpr.br\/capacitacao\/wp-content\/uploads\/2022\/12\/gabiente-eventos.pdf\">Afastamento para evento<\/a><\/td><td class=\"has-text-align-center\" data-align=\"center\"><a href=\"https:\/\/progepe.ufpr.br\/capacitacao\/wp-content\/uploads\/2022\/12\/gabinete-stricto-sensu.pdf\" data-type=\"link\" data-id=\"https:\/\/progepe.ufpr.br\/capacitacao\/wp-content\/uploads\/2022\/12\/gabinete-stricto-sensu.pdf\">Afastamento para estudos\/<em>Stricto sensu<\/em><\/a><\/td><td class=\"has-text-align-center\" data-align=\"center\">Afastamento para estudos\/P\u00f3s-doutorado<br><strong>Sem a\u00e7\u00e3o cadastrada<\/strong><\/td><td class=\"has-text-align-center\" data-align=\"center\">Afastamento para CAPES PrInt<br><strong>Sem a\u00e7\u00e3o cadastrada<\/strong><\/td><td class=\"has-text-align-center\" data-align=\"center\"><a href=\"https:\/\/progepe.ufpr.br\/capacitacao\/wp-content\/uploads\/2023\/11\/gabiente-licenca-para-capacitacao-administracao-de-empresas.pdf\" data-type=\"link\" data-id=\"https:\/\/progepe.ufpr.br\/capacitacao\/wp-content\/uploads\/2023\/11\/gabiente-licenca-para-capacitacao-administracao-de-empresas.pdf\">Licen\u00e7a para capacita\u00e7\u00e3o (Administra\u00e7\u00e3o de empresas)<\/a><br><br><a href=\"https:\/\/progepe.ufpr.br\/capacitacao\/wp-content\/uploads\/2023\/11\/gabiente-licenca-para-capacitacao-lingua-portuguesa.pdf\" data-type=\"link\" data-id=\"https:\/\/progepe.ufpr.br\/capacitacao\/wp-content\/uploads\/2023\/11\/gabiente-licenca-para-capacitacao-lingua-portuguesa.pdf\">Licen\u00e7a para capacita\u00e7\u00e3o (L\u00edngua portuguesa)<\/a><br><br><a href=\"https:\/\/progepe.ufpr.br\/capacitacao\/wp-content\/uploads\/2023\/11\/gabiente-licenca-para-capacitacao-orcamento-e-financas.pdf\" data-type=\"link\" data-id=\"https:\/\/progepe.ufpr.br\/capacitacao\/wp-content\/uploads\/2023\/11\/gabiente-licenca-para-capacitacao-orcamento-e-financas.pdf\">Licen\u00e7a para capacita\u00e7\u00e3o (Or\u00e7amento e finan\u00e7as)<\/a><br><br><a href=\"https:\/\/progepe.ufpr.br\/capacitacao\/wp-content\/uploads\/2023\/11\/gabinete-licenca-para-capacitacao-gestor-publico.pdf\" data-type=\"link\" data-id=\"https:\/\/progepe.ufpr.br\/capacitacao\/wp-content\/uploads\/2023\/11\/gabinete-licenca-para-capacitacao-gestor-publico.pdf\">Licen\u00e7a para capacita\u00e7\u00e3o (Gestor p\u00fablico)<\/a><\/td><\/tr><\/tbody><\/table><\/figure>\n<\/div>\n\n\n\n<div style=\"height:1em\" aria-hidden=\"true\" class=\"wp-block-spacer\"><\/div>\n\n\n\n<h4 class=\"wp-block-heading has-medium-font-size\"><strong>Diretoria de Desenvolvimento e Integra\u00e7\u00e3o dos Campi &#8211; (INTEGRA)<\/strong><\/h4>\n\n\n\n<div class=\"wp-block-group is-layout-flow wp-block-group-is-layout-flow\" style=\"padding-left:var(--wp--preset--spacing--40)\">\n<figure class=\"wp-block-table is-style-regular has-small-font-size\"><table><tbody><tr><td class=\"has-text-align-center\" data-align=\"center\"><a href=\"https:\/\/progepe.ufpr.br\/capacitacao\/wp-content\/uploads\/2022\/12\/integra-eventos.pdf\" data-type=\"link\" data-id=\"https:\/\/progepe.ufpr.br\/capacitacao\/wp-content\/uploads\/2022\/12\/integra-eventos.pdf\">Afastamento para evento<\/a><\/td><td class=\"has-text-align-center\" data-align=\"center\"><a href=\"https:\/\/progepe.ufpr.br\/capacitacao\/wp-content\/uploads\/2022\/12\/integra-stricto-sensu.pdf\" data-type=\"link\" data-id=\"https:\/\/progepe.ufpr.br\/capacitacao\/wp-content\/uploads\/2022\/12\/integra-stricto-sensu.pdf\">Afastamento para estudos\/<em>Stricto sensu<\/em><\/a><\/td><td class=\"has-text-align-center\" data-align=\"center\">Afastamento para estudos\/P\u00f3s-doutorado<br><strong>Sem a\u00e7\u00e3o cadastrada<\/strong><\/td><td class=\"has-text-align-center\" data-align=\"center\">Afastamento para CAPES PrInt<br><strong>Sem a\u00e7\u00e3o cadastrada<\/strong><\/td><td class=\"has-text-align-center\" data-align=\"center\">Licen\u00e7a para capacita\u00e7\u00e3o<br><strong>Sem a\u00e7\u00e3o cadastrada<\/strong><\/td><\/tr><\/tbody><\/table><\/figure>\n<\/div>\n\n\n\n<div style=\"height:1em\" aria-hidden=\"true\" class=\"wp-block-spacer\"><\/div>\n\n\n\n<h4 class=\"wp-block-heading has-medium-font-size\"><strong>Ouvidoria (OUV)<\/strong><\/h4>\n\n\n\n<div class=\"wp-block-group is-layout-flow wp-block-group-is-layout-flow\" style=\"padding-left:var(--wp--preset--spacing--40)\">\n<figure class=\"wp-block-table is-style-regular has-small-font-size\"><table><tbody><tr><td class=\"has-text-align-center\" data-align=\"center\"><a href=\"https:\/\/progepe.ufpr.br\/capacitacao\/wp-content\/uploads\/2022\/12\/ouvidoria-eventos.pdf\" data-type=\"link\" data-id=\"https:\/\/progepe.ufpr.br\/capacitacao\/wp-content\/uploads\/2022\/12\/ouvidoria-eventos.pdf\">Afastamento para evento<\/a><\/td><td class=\"has-text-align-center\" data-align=\"center\"><a href=\"https:\/\/progepe.ufpr.br\/capacitacao\/wp-content\/uploads\/2022\/12\/ouvidoria-stricto-sensu.pdf\" data-type=\"link\" data-id=\"https:\/\/progepe.ufpr.br\/capacitacao\/wp-content\/uploads\/2022\/12\/ouvidoria-stricto-sensu.pdf\">Afastamento para estudos\/<em>Stricto sensu<\/em><\/a><\/td><td class=\"has-text-align-center\" data-align=\"center\">Afastamento para estudos\/P\u00f3s-doutorado<br><strong>Sem a\u00e7\u00e3o cadastrada<\/strong><\/td><td class=\"has-text-align-center\" data-align=\"center\">Afastamento para CAPES PrInt<br><strong>Sem a\u00e7\u00e3o cadastrada<\/strong><\/td><td class=\"has-text-align-center\" data-align=\"center\">Licen\u00e7a para capacita\u00e7\u00e3o<br><strong>Sem a\u00e7\u00e3o cadastrada<\/strong><\/td><\/tr><\/tbody><\/table><\/figure>\n<\/div>\n\n\n\n<div style=\"height:1em\" aria-hidden=\"true\" class=\"wp-block-spacer\"><\/div>\n\n\n\n<h4 class=\"wp-block-heading has-medium-font-size\"><strong>Secretaria dos \u00d3rg\u00e3os Colegiados (SOC)<\/strong><\/h4>\n\n\n\n<div class=\"wp-block-group is-layout-flow wp-block-group-is-layout-flow\" style=\"padding-left:var(--wp--preset--spacing--40)\">\n<figure class=\"wp-block-table is-style-regular has-small-font-size\"><table><tbody><tr><td class=\"has-text-align-center\" data-align=\"center\"><a href=\"https:\/\/progepe.ufpr.br\/capacitacao\/wp-content\/uploads\/2022\/12\/secretaria-dos-orgaos-colegiados-eventos.pdf\" data-type=\"link\" data-id=\"https:\/\/progepe.ufpr.br\/capacitacao\/wp-content\/uploads\/2022\/12\/secretaria-dos-orgaos-colegiados-eventos.pdf\">Afastamento para evento<\/a><\/td><td class=\"has-text-align-center\" data-align=\"center\"><a href=\"https:\/\/progepe.ufpr.br\/capacitacao\/wp-content\/uploads\/2022\/12\/secretaria-dos-orgaos-colegiados-stricto-sensu.pdf\" data-type=\"link\" data-id=\"https:\/\/progepe.ufpr.br\/capacitacao\/wp-content\/uploads\/2022\/12\/secretaria-dos-orgaos-colegiados-stricto-sensu.pdf\">Afastamento para estudos\/<em>Stricto sensu<\/em><\/a><\/td><td class=\"has-text-align-center\" data-align=\"center\">Afastamento para estudos\/P\u00f3s-doutorado<br><strong>Sem a\u00e7\u00e3o cadastrada<\/strong><\/td><td class=\"has-text-align-center\" data-align=\"center\">Afastamento para CAPES PrInt<br><strong>Sem a\u00e7\u00e3o cadastrada<\/strong><\/td><td class=\"has-text-align-center\" data-align=\"center\"><a href=\"https:\/\/progepe.ufpr.br\/capacitacao\/wp-content\/uploads\/2022\/12\/secretaria-dos-orgaos-colegiados-licenca-capacitacao.pdf\" data-type=\"link\" data-id=\"https:\/\/progepe.ufpr.br\/capacitacao\/wp-content\/uploads\/2022\/12\/secretaria-dos-orgaos-colegiados-licenca-capacitacao.pdf\">Licen\u00e7a para capacita\u00e7\u00e3o<\/a><\/td><\/tr><\/tbody><\/table><\/figure>\n<\/div>\n<\/div>\n\n\n\n<div style=\"height:3em\" aria-hidden=\"true\" class=\"wp-block-spacer\"><\/div>\n\n\n\n<hr class=\"wp-block-separator has-alpha-channel-opacity\"\/>\n\n\n\n<div style=\"height:1em\" aria-hidden=\"true\" class=\"wp-block-spacer\"><\/div>\n\n\n\n<h3 class=\"wp-block-heading\" id=\"setores\">Setores<\/h3>\n\n\n\n<div class=\"wp-block-group is-layout-flow wp-block-group-is-layout-flow\" style=\"padding-left:var(--wp--preset--spacing--40)\">\n<h4 class=\"wp-block-heading has-medium-font-size\"><strong>Artes, Comunica\u00e7\u00e3o e Design<\/strong><\/h4>\n\n\n\n<div class=\"wp-block-group is-layout-flow wp-block-group-is-layout-flow\" style=\"padding-left:var(--wp--preset--spacing--40)\">\n<figure class=\"wp-block-table is-style-regular has-small-font-size\"><table><tbody><tr><td class=\"has-text-align-center\" data-align=\"center\"><a href=\"https:\/\/progepe.ufpr.br\/capacitacao\/wp-content\/uploads\/2022\/12\/setor-de-artes-comunicacao-e-design-eventos.pdf\" data-type=\"link\" data-id=\"https:\/\/progepe.ufpr.br\/capacitacao\/wp-content\/uploads\/2022\/12\/setor-de-artes-comunicacao-e-design-eventos.pdf\">Afastamento para evento<\/a><\/td><td class=\"has-text-align-center\" data-align=\"center\"><a href=\"https:\/\/progepe.ufpr.br\/capacitacao\/wp-content\/uploads\/2022\/12\/setor-de-artes-comunicacao-e-design-stricto-sensu.pdf\" data-type=\"link\" data-id=\"https:\/\/progepe.ufpr.br\/capacitacao\/wp-content\/uploads\/2022\/12\/setor-de-artes-comunicacao-e-design-stricto-sensu.pdf\">Afastamento para estudos\/<em>Stricto sensu<\/em><\/a><\/td><td class=\"has-text-align-center\" data-align=\"center\"><a href=\"https:\/\/progepe.ufpr.br\/capacitacao\/wp-content\/uploads\/2022\/12\/setor-de-artes-comunicacao-e-design-pos-doutorado.pdf\" data-type=\"link\" data-id=\"https:\/\/progepe.ufpr.br\/capacitacao\/wp-content\/uploads\/2022\/12\/setor-de-artes-comunicacao-e-design-pos-doutorado.pdf\">Afastamento para estudos\/P\u00f3s-doutorado<\/a><\/td><td class=\"has-text-align-center\" data-align=\"center\"><a href=\"https:\/\/progepe.ufpr.br\/capacitacao\/wp-content\/uploads\/2022\/12\/setor-de-artes-comunicacao-e-design-capes-print.pdf\" data-type=\"link\" data-id=\"https:\/\/progepe.ufpr.br\/capacitacao\/wp-content\/uploads\/2022\/12\/setor-de-artes-comunicacao-e-design-capes-print.pdf\">Afastamento para CAPES PrInt<\/a><\/td><td class=\"has-text-align-center\" data-align=\"center\"><a href=\"https:\/\/progepe.ufpr.br\/capacitacao\/wp-content\/uploads\/2022\/12\/setor-de-artes-comunicacao-e-design-licenca-capacitacao.pdf\" data-type=\"link\" data-id=\"https:\/\/progepe.ufpr.br\/capacitacao\/wp-content\/uploads\/2022\/12\/setor-de-artes-comunicacao-e-design-licenca-capacitacao.pdf\">Licen\u00e7a para capacita\u00e7\u00e3o<\/a><\/td><\/tr><\/tbody><\/table><\/figure>\n<\/div>\n\n\n\n<div style=\"height:1em\" aria-hidden=\"true\" class=\"wp-block-spacer\"><\/div>\n\n\n\n<h4 class=\"wp-block-heading has-medium-font-size\"><strong>Ci\u00eancias Agr\u00e1rias<\/strong><\/h4>\n\n\n\n<div class=\"wp-block-group is-layout-flow wp-block-group-is-layout-flow\" style=\"padding-left:var(--wp--preset--spacing--40)\">\n<figure class=\"wp-block-table is-style-regular has-small-font-size\"><table><tbody><tr><td class=\"has-text-align-center\" data-align=\"center\"><a href=\"https:\/\/progepe.ufpr.br\/capacitacao\/wp-content\/uploads\/2022\/12\/setor-ciencias-agrarias-evento.pdf\" data-type=\"link\" data-id=\"https:\/\/progepe.ufpr.br\/capacitacao\/wp-content\/uploads\/2022\/12\/setor-ciencias-agrarias-evento.pdf\">Afastamento para evento<\/a><\/td><td class=\"has-text-align-center\" data-align=\"center\"><a href=\"https:\/\/progepe.ufpr.br\/capacitacao\/wp-content\/uploads\/2022\/12\/setor-ciencias-agrarias-stricto-sensu.pdf\" data-type=\"link\" data-id=\"https:\/\/progepe.ufpr.br\/capacitacao\/wp-content\/uploads\/2022\/12\/setor-ciencias-agrarias-stricto-sensu.pdf\">Afastamento para estudos\/<em>Stricto sensu<\/em><\/a><\/td><td class=\"has-text-align-center\" data-align=\"center\"><a href=\"https:\/\/progepe.ufpr.br\/capacitacao\/wp-content\/uploads\/2022\/12\/setor-ciencias-agrarias-pos-doutorado.pdf\" data-type=\"link\" data-id=\"https:\/\/progepe.ufpr.br\/capacitacao\/wp-content\/uploads\/2022\/12\/setor-ciencias-agrarias-pos-doutorado.pdf\">Afastamento para estudos\/P\u00f3s-doutorado<\/a><\/td><td class=\"has-text-align-center\" data-align=\"center\">Afastamento para CAPES PrInt<br><strong>Sem a\u00e7\u00e3o cadastrada<\/strong><\/td><td class=\"has-text-align-center\" data-align=\"center\"><a href=\"https:\/\/progepe.ufpr.br\/capacitacao\/wp-content\/uploads\/2022\/12\/setor-ciencias-agrarias-licenca-capacitacao.pdf\" data-type=\"link\" data-id=\"https:\/\/progepe.ufpr.br\/capacitacao\/wp-content\/uploads\/2022\/12\/setor-ciencias-agrarias-licenca-capacitacao.pdf\">Licen\u00e7a para capacita\u00e7\u00e3o<\/a><\/td><\/tr><\/tbody><\/table><\/figure>\n<\/div>\n\n\n\n<div style=\"height:1em\" aria-hidden=\"true\" class=\"wp-block-spacer\"><\/div>\n\n\n\n<h4 class=\"wp-block-heading has-medium-font-size\"><strong>Ci\u00eancias Biol\u00f3gicas<\/strong><\/h4>\n\n\n\n<div class=\"wp-block-group is-layout-flow wp-block-group-is-layout-flow\" style=\"padding-left:var(--wp--preset--spacing--40)\">\n<figure class=\"wp-block-table is-style-regular has-small-font-size\"><table><tbody><tr><td class=\"has-text-align-center\" data-align=\"center\"><a href=\"https:\/\/progepe.ufpr.br\/capacitacao\/wp-content\/uploads\/2022\/12\/comprovante-sipec-setor-de-ciencias-biologicas-eventos.pdf\" data-type=\"link\" data-id=\"https:\/\/progepe.ufpr.br\/capacitacao\/wp-content\/uploads\/2022\/12\/comprovante-sipec-setor-de-ciencias-biologicas-eventos.pdf\">Afastamento para evento<\/a><\/td><td class=\"has-text-align-center\" data-align=\"center\"><a href=\"https:\/\/progepe.ufpr.br\/capacitacao\/wp-content\/uploads\/2022\/12\/comprovante-sipec-setor-de-ciencias-biologicas-stricto-sensu.pdf\" data-type=\"link\" data-id=\"https:\/\/progepe.ufpr.br\/capacitacao\/wp-content\/uploads\/2022\/12\/comprovante-sipec-setor-de-ciencias-biologicas-stricto-sensu.pdf\">Afastamento para estudos\/<em>Stricto sensu<\/em><\/a><\/td><td class=\"has-text-align-center\" data-align=\"center\"><a href=\"https:\/\/progepe.ufpr.br\/capacitacao\/wp-content\/uploads\/2022\/12\/comprovante-sipec-setor-de-ciencias-biologicas-pos-doutorado.pdf\" data-type=\"link\" data-id=\"https:\/\/progepe.ufpr.br\/capacitacao\/wp-content\/uploads\/2022\/12\/comprovante-sipec-setor-de-ciencias-biologicas-pos-doutorado.pdf\">Afastamento para estudos\/P\u00f3s-doutorado<\/a><\/td><td class=\"has-text-align-center\" data-align=\"center\">Afastamento para CAPES PrInt<br><strong>Sem a\u00e7\u00e3o cadastrada<\/strong><\/td><td class=\"has-text-align-center\" data-align=\"center\"><a href=\"https:\/\/progepe.ufpr.br\/capacitacao\/wp-content\/uploads\/2023\/02\/comprovante-sipec-setor-de-ciencias-biologicas-licenca-capacitacao.pdf\" data-type=\"link\" data-id=\"https:\/\/progepe.ufpr.br\/capacitacao\/wp-content\/uploads\/2023\/02\/comprovante-sipec-setor-de-ciencias-biologicas-licenca-capacitacao.pdf\">Licen\u00e7a para capacita\u00e7\u00e3o<\/a><\/td><\/tr><\/tbody><\/table><\/figure>\n<\/div>\n\n\n\n<div style=\"height:1em\" aria-hidden=\"true\" class=\"wp-block-spacer\"><\/div>\n\n\n\n<h4 class=\"wp-block-heading has-medium-font-size\"><strong>Ci\u00eancias da Sa\u00fade<\/strong><\/h4>\n\n\n\n<div class=\"wp-block-group is-layout-flow wp-block-group-is-layout-flow\" style=\"padding-left:var(--wp--preset--spacing--40)\">\n<figure class=\"wp-block-table is-style-regular has-small-font-size\"><table><tbody><tr><td class=\"has-text-align-center\" data-align=\"center\"><a href=\"https:\/\/progepe.ufpr.br\/capacitacao\/wp-content\/uploads\/2022\/12\/setor-ciencias-da-saude-eventos.pdf\" data-type=\"link\" data-id=\"https:\/\/progepe.ufpr.br\/capacitacao\/wp-content\/uploads\/2022\/12\/setor-ciencias-da-saude-eventos.pdf\">Afastamento para evento<\/a><\/td><td class=\"has-text-align-center\" data-align=\"center\"><a href=\"https:\/\/progepe.ufpr.br\/capacitacao\/wp-content\/uploads\/2022\/12\/setor-ciencias-da-saude-stricto-sensu.pdf\" data-type=\"link\" data-id=\"https:\/\/progepe.ufpr.br\/capacitacao\/wp-content\/uploads\/2022\/12\/setor-ciencias-da-saude-stricto-sensu.pdf\">Afastamento para estudos\/<em>Stricto sensu<\/em><\/a><\/td><td class=\"has-text-align-center\" data-align=\"center\"><a href=\"https:\/\/progepe.ufpr.br\/capacitacao\/wp-content\/uploads\/2022\/12\/setor-ciencias-da-saude-pos-doutorado.pdf\" data-type=\"link\" data-id=\"https:\/\/progepe.ufpr.br\/capacitacao\/wp-content\/uploads\/2022\/12\/setor-ciencias-da-saude-pos-doutorado.pdf\">Afastamento para estudos\/P\u00f3s-doutorado<\/a><\/td><td class=\"has-text-align-center\" data-align=\"center\"><a href=\"https:\/\/progepe.ufpr.br\/capacitacao\/wp-content\/uploads\/2022\/12\/setor-ciencias-da-saude-capes-print.pdf\" data-type=\"link\" data-id=\"https:\/\/progepe.ufpr.br\/capacitacao\/wp-content\/uploads\/2022\/12\/setor-ciencias-da-saude-capes-print.pdf\">Afastamento para CAPES PrInt<\/a><\/td><td class=\"has-text-align-center\" data-align=\"center\"><a href=\"https:\/\/progepe.ufpr.br\/capacitacao\/wp-content\/uploads\/2022\/12\/setor-ciencias-da-saude-licenca-capacitacao.pdf\" data-type=\"link\" data-id=\"https:\/\/progepe.ufpr.br\/capacitacao\/wp-content\/uploads\/2022\/12\/setor-ciencias-da-saude-licenca-capacitacao.pdf\">Licen\u00e7a para capacita\u00e7\u00e3o<\/a><\/td><\/tr><\/tbody><\/table><\/figure>\n<\/div>\n\n\n\n<div style=\"height:1em\" aria-hidden=\"true\" class=\"wp-block-spacer\"><\/div>\n\n\n\n<h4 class=\"wp-block-heading has-medium-font-size\"><strong>Ci\u00eancias da Terra<\/strong><\/h4>\n\n\n\n<div class=\"wp-block-group is-layout-flow wp-block-group-is-layout-flow\" style=\"padding-left:var(--wp--preset--spacing--40)\">\n<figure class=\"wp-block-table is-style-regular has-small-font-size\"><table><tbody><tr><td class=\"has-text-align-center\" data-align=\"center\"><a href=\"https:\/\/progepe.ufpr.br\/capacitacao\/wp-content\/uploads\/2022\/12\/setor-ciencias-da-terra-eventos.pdf\" data-type=\"link\" data-id=\"https:\/\/progepe.ufpr.br\/capacitacao\/wp-content\/uploads\/2022\/12\/setor-ciencias-da-terra-eventos.pdf\">Afastamento para evento<\/a><\/td><td class=\"has-text-align-center\" data-align=\"center\"><a href=\"https:\/\/progepe.ufpr.br\/capacitacao\/wp-content\/uploads\/2022\/12\/setor-ciencias-da-terra-stricto-sensu.pdf\" data-type=\"link\" data-id=\"https:\/\/progepe.ufpr.br\/capacitacao\/wp-content\/uploads\/2022\/12\/setor-ciencias-da-terra-stricto-sensu.pdf\">Afastamento para estudos\/<em>Stricto sensu<\/em><\/a><\/td><td class=\"has-text-align-center\" data-align=\"center\">Afastamento para estudos\/P\u00f3s-doutorado<br><strong>Sem a\u00e7\u00e3o cadastrada<\/strong><\/td><td class=\"has-text-align-center\" data-align=\"center\"><a href=\"https:\/\/progepe.ufpr.br\/capacitacao\/wp-content\/uploads\/2022\/12\/setor-ciencias-da-terra-capes-print.pdf\" data-type=\"link\" data-id=\"https:\/\/progepe.ufpr.br\/capacitacao\/wp-content\/uploads\/2022\/12\/setor-ciencias-da-terra-capes-print.pdf\">Afastamento para CAPES PrInt<\/a><\/td><td class=\"has-text-align-center\" data-align=\"center\"><a href=\"https:\/\/progepe.ufpr.br\/capacitacao\/wp-content\/uploads\/2022\/12\/setor-ciencias-da-terra-licenca-capacitacao.pdf\" data-type=\"link\" data-id=\"https:\/\/progepe.ufpr.br\/capacitacao\/wp-content\/uploads\/2022\/12\/setor-ciencias-da-terra-licenca-capacitacao.pdf\">Licen\u00e7a para capacita\u00e7\u00e3o<\/a><\/td><\/tr><\/tbody><\/table><\/figure>\n<\/div>\n\n\n\n<div style=\"height:1em\" aria-hidden=\"true\" class=\"wp-block-spacer\"><\/div>\n\n\n\n<h4 class=\"wp-block-heading has-medium-font-size\"><strong>Ci\u00eancias Exatas<\/strong><\/h4>\n\n\n\n<div class=\"wp-block-group is-layout-flow wp-block-group-is-layout-flow\" style=\"padding-left:var(--wp--preset--spacing--40)\">\n<figure class=\"wp-block-table is-style-regular has-small-font-size\"><table><tbody><tr><td class=\"has-text-align-center\" data-align=\"center\"><a href=\"https:\/\/progepe.ufpr.br\/capacitacao\/wp-content\/uploads\/2022\/12\/setor-ciencias-exatas-eventos.pdf\" data-type=\"link\" data-id=\"https:\/\/progepe.ufpr.br\/capacitacao\/wp-content\/uploads\/2022\/12\/setor-ciencias-exatas-eventos.pdf\">Afastamento para evento<\/a><\/td><td class=\"has-text-align-center\" data-align=\"center\"><a href=\"https:\/\/progepe.ufpr.br\/capacitacao\/wp-content\/uploads\/2022\/12\/setor-ciencias-exatas-stricto-sensu.pdf\" data-type=\"link\" data-id=\"https:\/\/progepe.ufpr.br\/capacitacao\/wp-content\/uploads\/2022\/12\/setor-ciencias-exatas-stricto-sensu.pdf\">Afastamento para estudos\/<em>Stricto sensu<\/em><\/a><\/td><td class=\"has-text-align-center\" data-align=\"center\"><a href=\"https:\/\/progepe.ufpr.br\/capacitacao\/wp-content\/uploads\/2022\/12\/setor-ciencias-exatas-pos-doutorado.pdf\" data-type=\"link\" data-id=\"https:\/\/progepe.ufpr.br\/capacitacao\/wp-content\/uploads\/2022\/12\/setor-ciencias-exatas-pos-doutorado.pdf\">Afastamento para estudos\/P\u00f3s-doutorado<\/a><\/td><td class=\"has-text-align-center\" data-align=\"center\">Afastamento para CAPES PrInt<br><strong>Sem a\u00e7\u00e3o cadastrada<\/strong><\/td><td class=\"has-text-align-center\" data-align=\"center\"><a href=\"https:\/\/progepe.ufpr.br\/capacitacao\/wp-content\/uploads\/2022\/12\/setor-ciencias-exatas-licenca-capacitacao.pdf\" data-type=\"link\" data-id=\"https:\/\/progepe.ufpr.br\/capacitacao\/wp-content\/uploads\/2022\/12\/setor-ciencias-exatas-licenca-capacitacao.pdf\">Licen\u00e7a para capacita\u00e7\u00e3o<\/a><\/td><\/tr><\/tbody><\/table><\/figure>\n<\/div>\n\n\n\n<div style=\"height:1em\" aria-hidden=\"true\" class=\"wp-block-spacer\"><\/div>\n\n\n\n<h4 class=\"wp-block-heading has-medium-font-size\"><strong>Ci\u00eancias Humanas<\/strong><\/h4>\n\n\n\n<div class=\"wp-block-group is-layout-flow wp-block-group-is-layout-flow\" style=\"padding-left:var(--wp--preset--spacing--40)\">\n<figure class=\"wp-block-table is-style-regular has-small-font-size\"><table><tbody><tr><td class=\"has-text-align-center\" data-align=\"center\"><a href=\"https:\/\/progepe.ufpr.br\/capacitacao\/wp-content\/uploads\/2022\/12\/comprovante-sipec-setor-de-ciencias-humanas-eventos-1.pdf\" data-type=\"link\" data-id=\"https:\/\/progepe.ufpr.br\/capacitacao\/wp-content\/uploads\/2022\/12\/comprovante-sipec-setor-de-ciencias-humanas-eventos-1.pdf\">Afastamento para evento<\/a><\/td><td class=\"has-text-align-center\" data-align=\"center\"><a href=\"https:\/\/progepe.ufpr.br\/capacitacao\/wp-content\/uploads\/2022\/12\/comprovante-sipec-setor-de-ciencias-humanas-stricto-sensu-1.pdf\" data-type=\"link\" data-id=\"https:\/\/progepe.ufpr.br\/capacitacao\/wp-content\/uploads\/2022\/12\/comprovante-sipec-setor-de-ciencias-humanas-stricto-sensu-1.pdf\">Afastamento para estudos\/<em>Stricto sensu<\/em><\/a><\/td><td class=\"has-text-align-center\" data-align=\"center\"><a href=\"https:\/\/progepe.ufpr.br\/capacitacao\/wp-content\/uploads\/2022\/12\/comprovante-sipec-setor-de-ciencias-humanas-pos-doutorado.pdf\" data-type=\"link\" data-id=\"https:\/\/progepe.ufpr.br\/capacitacao\/wp-content\/uploads\/2022\/12\/comprovante-sipec-setor-de-ciencias-humanas-pos-doutorado.pdf\">Afastamento para estudos\/P\u00f3s-doutorado<\/a><\/td><td class=\"has-text-align-center\" data-align=\"center\"><a href=\"https:\/\/progepe.ufpr.br\/capacitacao\/wp-content\/uploads\/2022\/12\/comprovante-sipec-setor-de-ciencias-humanas-capes-print.pdf\" data-type=\"link\" data-id=\"https:\/\/progepe.ufpr.br\/capacitacao\/wp-content\/uploads\/2022\/12\/comprovante-sipec-setor-de-ciencias-humanas-capes-print.pdf\">Afastamento para CAPES PrInt<\/a><\/td><td class=\"has-text-align-center\" data-align=\"center\"><a href=\"https:\/\/progepe.ufpr.br\/capacitacao\/wp-content\/uploads\/2022\/12\/comprovante-sipec-setor-de-ciencias-humanas-licenca-capacitacao.pdf\" data-type=\"link\" data-id=\"https:\/\/progepe.ufpr.br\/capacitacao\/wp-content\/uploads\/2022\/12\/comprovante-sipec-setor-de-ciencias-humanas-licenca-capacitacao.pdf\">Licen\u00e7a para capacita\u00e7\u00e3o<\/a><\/td><\/tr><\/tbody><\/table><\/figure>\n<\/div>\n\n\n\n<div style=\"height:1em\" aria-hidden=\"true\" class=\"wp-block-spacer\"><\/div>\n\n\n\n<h4 class=\"wp-block-heading has-medium-font-size\"><strong>Ci\u00eancias Jur\u00eddicas<\/strong><\/h4>\n\n\n\n<div class=\"wp-block-group is-layout-flow wp-block-group-is-layout-flow\" style=\"padding-left:var(--wp--preset--spacing--40)\">\n<figure class=\"wp-block-table is-style-regular has-small-font-size\"><table><tbody><tr><td class=\"has-text-align-center\" data-align=\"center\"><a href=\"https:\/\/progepe.ufpr.br\/capacitacao\/wp-content\/uploads\/2022\/12\/comprovante-sipec-setor-ciencias-juridicas-eventos.pdf\" data-type=\"link\" data-id=\"https:\/\/progepe.ufpr.br\/capacitacao\/wp-content\/uploads\/2022\/12\/comprovante-sipec-setor-ciencias-juridicas-eventos.pdf\">Afastamento para evento<\/a><\/td><td class=\"has-text-align-center\" data-align=\"center\"><a href=\"https:\/\/progepe.ufpr.br\/capacitacao\/wp-content\/uploads\/2022\/12\/comprovante-sipec-setor-ciencias-juridicas-stricto-sensu.pdf\" data-type=\"link\" data-id=\"https:\/\/progepe.ufpr.br\/capacitacao\/wp-content\/uploads\/2022\/12\/comprovante-sipec-setor-ciencias-juridicas-stricto-sensu.pdf\">Afastamento para estudos\/<em>Stricto sensu<\/em><\/a><\/td><td class=\"has-text-align-center\" data-align=\"center\"><a href=\"https:\/\/progepe.ufpr.br\/capacitacao\/wp-content\/uploads\/2022\/12\/comprovante-sipec-setor-ciencias-juridicas-pos-doutorado.pdf\" data-type=\"link\" data-id=\"https:\/\/progepe.ufpr.br\/capacitacao\/wp-content\/uploads\/2022\/12\/comprovante-sipec-setor-ciencias-juridicas-pos-doutorado.pdf\">Afastamento para estudos\/P\u00f3s-doutorado<\/a><\/td><td class=\"has-text-align-center\" data-align=\"center\"><a href=\"https:\/\/progepe.ufpr.br\/capacitacao\/wp-content\/uploads\/2022\/12\/comprovante-sipec-setor-ciencias-juridicas-capes-print.pdf\" data-type=\"link\" data-id=\"https:\/\/progepe.ufpr.br\/capacitacao\/wp-content\/uploads\/2022\/12\/comprovante-sipec-setor-ciencias-juridicas-capes-print.pdf\">Afastamento para CAPES PrInt<\/a><\/td><td class=\"has-text-align-center\" data-align=\"center\"><a href=\"https:\/\/progepe.ufpr.br\/capacitacao\/wp-content\/uploads\/2022\/12\/comprovante-sipec-setor-ciencias-juridicas-licenca-capacitacao.pdf\" data-type=\"link\" data-id=\"https:\/\/progepe.ufpr.br\/capacitacao\/wp-content\/uploads\/2022\/12\/comprovante-sipec-setor-ciencias-juridicas-licenca-capacitacao.pdf\">Licen\u00e7a para capacita\u00e7\u00e3o<\/a><\/td><\/tr><\/tbody><\/table><\/figure>\n<\/div>\n\n\n\n<div style=\"height:1em\" aria-hidden=\"true\" class=\"wp-block-spacer\"><\/div>\n\n\n\n<h4 class=\"wp-block-heading has-medium-font-size\"><strong>Ci\u00eancias Sociais Aplicadas<\/strong><\/h4>\n\n\n\n<div class=\"wp-block-group is-layout-flow wp-block-group-is-layout-flow\" style=\"padding-left:var(--wp--preset--spacing--40)\">\n<figure class=\"wp-block-table is-style-regular has-small-font-size\"><table><tbody><tr><td class=\"has-text-align-center\" data-align=\"center\"><a href=\"https:\/\/progepe.ufpr.br\/capacitacao\/wp-content\/uploads\/2022\/12\/setor-ciencias-sociais-aplicadas-eventos-1.pdf\" data-type=\"link\" data-id=\"https:\/\/progepe.ufpr.br\/capacitacao\/wp-content\/uploads\/2022\/12\/setor-ciencias-sociais-aplicadas-eventos-1.pdf\">Afastamento para evento<\/a><\/td><td class=\"has-text-align-center\" data-align=\"center\"><a href=\"https:\/\/progepe.ufpr.br\/capacitacao\/wp-content\/uploads\/2022\/12\/setor-ciencias-sociais-aplicadas-stricto-sensu-1.pdf\" data-type=\"link\" data-id=\"https:\/\/progepe.ufpr.br\/capacitacao\/wp-content\/uploads\/2022\/12\/setor-ciencias-sociais-aplicadas-stricto-sensu-1.pdf\">Afastamento para estudos\/<em>Stricto sensu<\/em><\/a><\/td><td class=\"has-text-align-center\" data-align=\"center\"><a href=\"https:\/\/progepe.ufpr.br\/capacitacao\/wp-content\/uploads\/2022\/12\/setor-ciencias-sociais-aplicadas-pos-doutorado-1.pdf\" data-type=\"link\" data-id=\"https:\/\/progepe.ufpr.br\/capacitacao\/wp-content\/uploads\/2022\/12\/setor-ciencias-sociais-aplicadas-pos-doutorado-1.pdf\">Afastamento para estudos\/P\u00f3s-doutorado<\/a><\/td><td class=\"has-text-align-center\" data-align=\"center\"><a href=\"https:\/\/progepe.ufpr.br\/capacitacao\/wp-content\/uploads\/2023\/04\/setor-ciencias-sociais-aplicadas-capes-print.pdf\" data-type=\"link\" data-id=\"https:\/\/progepe.ufpr.br\/capacitacao\/wp-content\/uploads\/2023\/04\/setor-ciencias-sociais-aplicadas-capes-print.pdf\">Afastamento para CAPES PrInt<\/a><\/td><td class=\"has-text-align-center\" data-align=\"center\"><a href=\"https:\/\/progepe.ufpr.br\/capacitacao\/wp-content\/uploads\/2022\/12\/setor-ciencias-sociais-aplicadas-licenca-capacitacao.pdf\" data-type=\"link\" data-id=\"https:\/\/progepe.ufpr.br\/capacitacao\/wp-content\/uploads\/2022\/12\/setor-ciencias-sociais-aplicadas-licenca-capacitacao.pdf\">Licen\u00e7a para capacita\u00e7\u00e3o<\/a><\/td><\/tr><\/tbody><\/table><\/figure>\n<\/div>\n\n\n\n<div style=\"height:1em\" aria-hidden=\"true\" class=\"wp-block-spacer\"><\/div>\n\n\n\n<h4 class=\"wp-block-heading has-medium-font-size\"><strong>Educa\u00e7\u00e3o<\/strong><\/h4>\n\n\n\n<div class=\"wp-block-group is-layout-flow wp-block-group-is-layout-flow\" style=\"padding-left:var(--wp--preset--spacing--40)\">\n<figure class=\"wp-block-table is-style-regular has-small-font-size\"><table><tbody><tr><td class=\"has-text-align-center\" data-align=\"center\"><a href=\"https:\/\/progepe.ufpr.br\/capacitacao\/wp-content\/uploads\/2022\/12\/comprovante-sipec-setor-educacao-eventos.pdf\" data-type=\"link\" data-id=\"https:\/\/progepe.ufpr.br\/capacitacao\/wp-content\/uploads\/2022\/12\/comprovante-sipec-setor-educacao-eventos.pdf\">Afastamento para evento<\/a><\/td><td class=\"has-text-align-center\" data-align=\"center\"><a href=\"https:\/\/progepe.ufpr.br\/capacitacao\/wp-content\/uploads\/2022\/12\/comprovante-sipec-setor-educacao-stricto-sensu.pdf\" data-type=\"link\" data-id=\"https:\/\/progepe.ufpr.br\/capacitacao\/wp-content\/uploads\/2022\/12\/comprovante-sipec-setor-educacao-stricto-sensu.pdf\">Afastamento para estudos\/<em>Stricto sensu<\/em><\/a><\/td><td class=\"has-text-align-center\" data-align=\"center\"><a href=\"https:\/\/progepe.ufpr.br\/capacitacao\/wp-content\/uploads\/2022\/12\/comprovante-sipec-setor-educacao-pos-doutorado.pdf\" data-type=\"link\" data-id=\"https:\/\/progepe.ufpr.br\/capacitacao\/wp-content\/uploads\/2022\/12\/comprovante-sipec-setor-educacao-pos-doutorado.pdf\">Afastamento para estudos\/P\u00f3s-doutorado<\/a><\/td><td class=\"has-text-align-center\" data-align=\"center\"><a href=\"https:\/\/progepe.ufpr.br\/capacitacao\/wp-content\/uploads\/2022\/12\/comprovante-sipec-setor-educacao-capes-print.pdf\" data-type=\"link\" data-id=\"https:\/\/progepe.ufpr.br\/capacitacao\/wp-content\/uploads\/2022\/12\/comprovante-sipec-setor-educacao-capes-print.pdf\">Afastamento para CAPES PrInt<\/a><\/td><td class=\"has-text-align-center\" data-align=\"center\"><a href=\"https:\/\/progepe.ufpr.br\/capacitacao\/wp-content\/uploads\/2022\/12\/comprovante-sipec-setor-educacao-licenca-capacitacao.pdf\" data-type=\"link\" data-id=\"https:\/\/progepe.ufpr.br\/capacitacao\/wp-content\/uploads\/2022\/12\/comprovante-sipec-setor-educacao-licenca-capacitacao.pdf\">Licen\u00e7a para capacita\u00e7\u00e3o<\/a><\/td><\/tr><\/tbody><\/table><\/figure>\n<\/div>\n\n\n\n<div style=\"height:1em\" aria-hidden=\"true\" class=\"wp-block-spacer\"><\/div>\n\n\n\n<h4 class=\"wp-block-heading has-medium-font-size\"><strong>Educa\u00e7\u00e3o Profissional e Tecnol\u00f3gica<\/strong><\/h4>\n\n\n\n<div class=\"wp-block-group is-layout-flow wp-block-group-is-layout-flow\" style=\"padding-left:var(--wp--preset--spacing--40)\">\n<figure class=\"wp-block-table is-style-regular has-small-font-size\"><table><tbody><tr><td class=\"has-text-align-center\" data-align=\"center\"><a href=\"https:\/\/progepe.ufpr.br\/capacitacao\/wp-content\/uploads\/2022\/12\/setor-educacao-profissional-e-tecnologica-eventos.pdf\" data-type=\"link\" data-id=\"https:\/\/progepe.ufpr.br\/capacitacao\/wp-content\/uploads\/2022\/12\/setor-educacao-profissional-e-tecnologica-eventos.pdf\">Afastamento para evento<\/a><\/td><td class=\"has-text-align-center\" data-align=\"center\"><a href=\"https:\/\/progepe.ufpr.br\/capacitacao\/wp-content\/uploads\/2022\/12\/setor-educacao-profissional-e-tecnologica-stricto-sensu.pdf\" data-type=\"link\" data-id=\"https:\/\/progepe.ufpr.br\/capacitacao\/wp-content\/uploads\/2022\/12\/setor-educacao-profissional-e-tecnologica-stricto-sensu.pdf\">Afastamento para estudos\/<em>Stricto sensu<\/em><\/a><\/td><td class=\"has-text-align-center\" data-align=\"center\"><a href=\"https:\/\/progepe.ufpr.br\/capacitacao\/wp-content\/uploads\/2022\/12\/setor-educacao-profissional-e-tecnologica-pos-doutorado.pdf\" data-type=\"link\" data-id=\"https:\/\/progepe.ufpr.br\/capacitacao\/wp-content\/uploads\/2022\/12\/comprovante-sipec-setor-ciencias-juridicas-pos-doutorado.pdf\">Afastamento para estudos\/P\u00f3s-doutorado<\/a><\/td><td class=\"has-text-align-center\" data-align=\"center\">Afastamento para CAPES PrInt<br><strong>Sem a\u00e7\u00e3o cadastrada<\/strong><\/td><td class=\"has-text-align-center\" data-align=\"center\"><a href=\"https:\/\/progepe.ufpr.br\/capacitacao\/wp-content\/uploads\/2022\/12\/setor-educacao-profissional-e-tecnologica-licenca-capacitacao.pdf\" data-type=\"link\" data-id=\"https:\/\/progepe.ufpr.br\/capacitacao\/wp-content\/uploads\/2022\/12\/setor-educacao-profissional-e-tecnologica-licenca-capacitacao.pdf\">Licen\u00e7a para capacita\u00e7\u00e3o<\/a><\/td><\/tr><\/tbody><\/table><\/figure>\n<\/div>\n\n\n\n<div style=\"height:1em\" aria-hidden=\"true\" class=\"wp-block-spacer\"><\/div>\n\n\n\n<h4 class=\"wp-block-heading has-medium-font-size\"><strong>Tecnologia<\/strong><\/h4>\n\n\n\n<div class=\"wp-block-group is-layout-flow wp-block-group-is-layout-flow\" style=\"padding-left:var(--wp--preset--spacing--40)\">\n<figure class=\"wp-block-table is-style-regular has-small-font-size\"><table><tbody><tr><td class=\"has-text-align-center\" data-align=\"center\"><a href=\"https:\/\/progepe.ufpr.br\/capacitacao\/wp-content\/uploads\/2023\/04\/setor-tecnologia-eventos.pdf\" data-type=\"link\" data-id=\"https:\/\/progepe.ufpr.br\/capacitacao\/wp-content\/uploads\/2023\/04\/setor-tecnologia-eventos.pdf\">Afastamento para evento<\/a><\/td><td class=\"has-text-align-center\" data-align=\"center\"><a href=\"https:\/\/progepe.ufpr.br\/capacitacao\/wp-content\/uploads\/2023\/04\/setor-tecnologia-stricto-sensu.pdf\" data-type=\"link\" data-id=\"https:\/\/progepe.ufpr.br\/capacitacao\/wp-content\/uploads\/2023\/04\/setor-tecnologia-stricto-sensu.pdf\">Afastamento para estudos\/<em>Stricto sensu<\/em><\/a><\/td><td class=\"has-text-align-center\" data-align=\"center\"><a href=\"https:\/\/progepe.ufpr.br\/capacitacao\/wp-content\/uploads\/2023\/04\/setor-tecnologia-pos-doutorado.pdf\" data-type=\"link\" data-id=\"https:\/\/progepe.ufpr.br\/capacitacao\/wp-content\/uploads\/2023\/04\/setor-tecnologia-pos-doutorado.pdf\">Afastamento para estudos\/P\u00f3s-doutorado<\/a><\/td><td class=\"has-text-align-center\" data-align=\"center\"><a href=\"https:\/\/progepe.ufpr.br\/capacitacao\/wp-content\/uploads\/2023\/04\/setor-tecnologia-capes-print.pdf\" data-type=\"link\" data-id=\"https:\/\/progepe.ufpr.br\/capacitacao\/wp-content\/uploads\/2023\/04\/setor-tecnologia-capes-print.pdf\">Afastamento para CAPES PrInt<\/a><\/td><td class=\"has-text-align-center\" data-align=\"center\"><a href=\"https:\/\/progepe.ufpr.br\/capacitacao\/wp-content\/uploads\/2023\/04\/setor-tecnologia-licenca-para-capacitacao.pdf\" data-type=\"link\" data-id=\"https:\/\/progepe.ufpr.br\/capacitacao\/wp-content\/uploads\/2023\/04\/setor-tecnologia-licenca-para-capacitacao.pdf\">Licen\u00e7a para capacita\u00e7\u00e3o<\/a><\/td><\/tr><\/tbody><\/table><\/figure>\n<\/div>\n\n\n\n<div style=\"height:1em\" aria-hidden=\"true\" class=\"wp-block-spacer\"><\/div>\n\n\n\n<h4 class=\"wp-block-heading has-medium-font-size\"><strong>Litoral<\/strong><\/h4>\n\n\n\n<div class=\"wp-block-group is-layout-flow wp-block-group-is-layout-flow\" style=\"padding-left:var(--wp--preset--spacing--40)\">\n<figure class=\"wp-block-table is-style-regular has-small-font-size\"><table><tbody><tr><td class=\"has-text-align-center\" data-align=\"center\"><a href=\"https:\/\/progepe.ufpr.br\/capacitacao\/wp-content\/uploads\/2022\/12\/setor-litoral-eventos.pdf\" data-type=\"link\" data-id=\"https:\/\/progepe.ufpr.br\/capacitacao\/wp-content\/uploads\/2022\/12\/setor-litoral-eventos.pdf\">Afastamento para evento<\/a><\/td><td class=\"has-text-align-center\" data-align=\"center\"><a href=\"https:\/\/progepe.ufpr.br\/capacitacao\/wp-content\/uploads\/2022\/12\/setor-litoral-stricto-sensu.pdf\" data-type=\"link\" data-id=\"https:\/\/progepe.ufpr.br\/capacitacao\/wp-content\/uploads\/2022\/12\/setor-litoral-stricto-sensu.pdf\">Afastamento para estudos\/<em>Stricto sensu<\/em><\/a><\/td><td class=\"has-text-align-center\" data-align=\"center\"><a href=\"https:\/\/progepe.ufpr.br\/capacitacao\/wp-content\/uploads\/2022\/12\/setor-litoral-pos-doutorado.pdf\" data-type=\"link\" data-id=\"https:\/\/progepe.ufpr.br\/capacitacao\/wp-content\/uploads\/2022\/12\/setor-litoral-pos-doutorado.pdf\">Afastamento para estudos\/P\u00f3s-doutorado<\/a><\/td><td class=\"has-text-align-center\" data-align=\"center\">Afastamento para CAPES PrInt<br><strong>Sem a\u00e7\u00e3o cadastrada<\/strong><\/td><td class=\"has-text-align-center\" data-align=\"center\"><a href=\"https:\/\/progepe.ufpr.br\/capacitacao\/wp-content\/uploads\/2022\/12\/setor-litoral-licenca-capacitacao.pdf\" data-type=\"link\" data-id=\"https:\/\/progepe.ufpr.br\/capacitacao\/wp-content\/uploads\/2022\/12\/setor-litoral-licenca-capacitacao.pdf\">Licen\u00e7a para capacita\u00e7\u00e3o<\/a><\/td><\/tr><\/tbody><\/table><\/figure>\n<\/div>\n\n\n\n<div style=\"height:1em\" aria-hidden=\"true\" class=\"wp-block-spacer\"><\/div>\n\n\n\n<h4 class=\"wp-block-heading has-medium-font-size\"><strong>Palotina<\/strong><\/h4>\n\n\n\n<div class=\"wp-block-group is-layout-flow wp-block-group-is-layout-flow\" style=\"padding-left:var(--wp--preset--spacing--40)\">\n<figure class=\"wp-block-table is-style-regular has-small-font-size\"><table><tbody><tr><td class=\"has-text-align-center\" data-align=\"center\"><a href=\"https:\/\/progepe.ufpr.br\/capacitacao\/wp-content\/uploads\/2022\/12\/comprovante-sipec-setor-palotina-eventos.pdf\" data-type=\"link\" data-id=\"https:\/\/progepe.ufpr.br\/capacitacao\/wp-content\/uploads\/2022\/12\/comprovante-sipec-setor-palotina-eventos.pdf\">Afastamento para evento<\/a><\/td><td class=\"has-text-align-center\" data-align=\"center\"><a href=\"https:\/\/progepe.ufpr.br\/capacitacao\/wp-content\/uploads\/2022\/12\/comprovante-sipec-setor-palotina-stricto-sensu.pdf\" data-type=\"link\" data-id=\"https:\/\/progepe.ufpr.br\/capacitacao\/wp-content\/uploads\/2022\/12\/comprovante-sipec-setor-palotina-stricto-sensu.pdf\">Afastamento para estudos\/<em>Stricto sensu<\/em><\/a><\/td><td class=\"has-text-align-center\" data-align=\"center\"><a href=\"https:\/\/progepe.ufpr.br\/capacitacao\/wp-content\/uploads\/2022\/12\/comprovante-sipec-setor-palotina-pos-doutorado.pdf\" data-type=\"link\" data-id=\"https:\/\/progepe.ufpr.br\/capacitacao\/wp-content\/uploads\/2022\/12\/comprovante-sipec-setor-palotina-pos-doutorado.pdf\">Afastamento para estudos\/P\u00f3s-doutorado<\/a><\/td><td class=\"has-text-align-center\" data-align=\"center\"><a href=\"https:\/\/progepe.ufpr.br\/capacitacao\/wp-content\/uploads\/2023\/04\/comprovante-sipec-setor-palotina-capes-print.pdf\" data-type=\"link\" data-id=\"https:\/\/progepe.ufpr.br\/capacitacao\/wp-content\/uploads\/2023\/04\/comprovante-sipec-setor-palotina-capes-print.pdf\">Afastamento para CAPES PrInt<\/a><\/td><td class=\"has-text-align-center\" data-align=\"center\"><a href=\"https:\/\/progepe.ufpr.br\/capacitacao\/wp-content\/uploads\/2023\/04\/comprovante-sipec-setor-palotina-licenca-para-capacitacao.pdf\" data-type=\"link\" data-id=\"https:\/\/progepe.ufpr.br\/capacitacao\/wp-content\/uploads\/2023\/04\/comprovante-sipec-setor-palotina-licenca-para-capacitacao.pdf\">Licen\u00e7a para capacita\u00e7\u00e3o<\/a><\/td><\/tr><\/tbody><\/table><\/figure>\n<\/div>\n<\/div>\n\n\n\n<div style=\"height:3em\" aria-hidden=\"true\" class=\"wp-block-spacer\"><\/div>\n\n\n\n<hr class=\"wp-block-separator has-alpha-channel-opacity\"\/>\n\n\n\n<div style=\"height:1em\" aria-hidden=\"true\" class=\"wp-block-spacer\"><\/div>\n\n\n\n<h3 class=\"wp-block-heading\" id=\"superintendencias\">Superintend\u00eancias<\/h3>\n\n\n\n<div class=\"wp-block-group is-layout-flow wp-block-group-is-layout-flow\" style=\"padding-left:var(--wp--preset--spacing--40)\">\n<h4 class=\"wp-block-heading has-medium-font-size\"><strong>Superintend\u00eancia de Inclus\u00e3o, Pol\u00edticas Afirmativas e Diversidade (SIPAD)<\/strong><\/h4>\n\n\n\n<div class=\"wp-block-group is-layout-flow wp-block-group-is-layout-flow\" style=\"padding-left:var(--wp--preset--spacing--40)\">\n<figure class=\"wp-block-table is-style-regular has-small-font-size\"><table><tbody><tr><td class=\"has-text-align-center\" data-align=\"center\"><a href=\"https:\/\/progepe.ufpr.br\/capacitacao\/wp-content\/uploads\/2022\/12\/sipad-eventos.pdf\" data-type=\"link\" data-id=\"https:\/\/progepe.ufpr.br\/capacitacao\/wp-content\/uploads\/2022\/12\/sipad-eventos.pdf\">Afastamento para evento<\/a><\/td><td class=\"has-text-align-center\" data-align=\"center\"><a href=\"https:\/\/progepe.ufpr.br\/capacitacao\/wp-content\/uploads\/2022\/12\/sipad-stricto-sensu.pdf\" data-type=\"link\" data-id=\"https:\/\/progepe.ufpr.br\/capacitacao\/wp-content\/uploads\/2022\/12\/sipad-stricto-sensu.pdf\">Afastamento para estudos\/<em>Stricto sensu<\/em><\/a><\/td><td class=\"has-text-align-center\" data-align=\"center\">Afastamento para estudos\/P\u00f3s-doutorado<br><strong>Sem a\u00e7\u00e3o cadastrada<\/strong><\/td><td class=\"has-text-align-center\" data-align=\"center\">Afastamento para CAPES PrInt<br><strong>Sem a\u00e7\u00e3o cadastrada<\/strong><\/td><td class=\"has-text-align-center\" data-align=\"center\"><a href=\"https:\/\/progepe.ufpr.br\/capacitacao\/wp-content\/uploads\/2022\/12\/sipad-licenca-capacitacao.pdf\" data-type=\"link\" data-id=\"https:\/\/progepe.ufpr.br\/capacitacao\/wp-content\/uploads\/2022\/12\/sipad-licenca-capacitacao.pdf\">Licen\u00e7a para capacita\u00e7\u00e3o<\/a><\/td><\/tr><\/tbody><\/table><\/figure>\n<\/div>\n\n\n\n<div style=\"height:1em\" aria-hidden=\"true\" class=\"wp-block-spacer\"><\/div>\n\n\n\n<h4 class=\"wp-block-heading has-medium-font-size\"><strong>Superintend\u00eancia de Infraestrutura (SUINFRA)<\/strong><\/h4>\n\n\n\n<div class=\"wp-block-group is-layout-flow wp-block-group-is-layout-flow\" style=\"padding-left:var(--wp--preset--spacing--40)\">\n<figure class=\"wp-block-table is-style-regular has-small-font-size\"><table><tbody><tr><td class=\"has-text-align-center\" data-align=\"center\"><a href=\"https:\/\/progepe.ufpr.br\/capacitacao\/wp-content\/uploads\/2022\/12\/suinfra-eventos.pdf\" data-type=\"link\" data-id=\"https:\/\/progepe.ufpr.br\/capacitacao\/wp-content\/uploads\/2022\/12\/suinfra-eventos.pdf\">Afastamento para evento<\/a><\/td><td class=\"has-text-align-center\" data-align=\"center\"><a href=\"https:\/\/progepe.ufpr.br\/capacitacao\/wp-content\/uploads\/2022\/12\/suinfra-stricto-sensu.pdf\" data-type=\"link\" data-id=\"https:\/\/progepe.ufpr.br\/capacitacao\/wp-content\/uploads\/2022\/12\/suinfra-stricto-sensu.pdf\">Afastamento para estudos\/<em>Stricto sensu<\/em><\/a><\/td><td class=\"has-text-align-center\" data-align=\"center\"><a href=\"https:\/\/progepe.ufpr.br\/capacitacao\/wp-content\/uploads\/2022\/12\/suinfra-pos-doutorado.pdf\" data-type=\"link\" data-id=\"https:\/\/progepe.ufpr.br\/capacitacao\/wp-content\/uploads\/2022\/12\/suinfra-pos-doutorado.pdf\">Afastamento para estudos\/P\u00f3s-doutorado<\/a><\/td><td class=\"has-text-align-center\" data-align=\"center\">Afastamento para CAPES PrInt<br><strong>Sem a\u00e7\u00e3o cadastrada<\/strong><\/td><td class=\"has-text-align-center\" data-align=\"center\"><a href=\"https:\/\/progepe.ufpr.br\/capacitacao\/wp-content\/uploads\/2022\/12\/suinfra-licenca-capacitacao.pdf\" data-type=\"link\" data-id=\"https:\/\/progepe.ufpr.br\/capacitacao\/wp-content\/uploads\/2022\/12\/suinfra-licenca-capacitacao.pdf\">Licen\u00e7a para capacita\u00e7\u00e3o<\/a><\/td><\/tr><\/tbody><\/table><\/figure>\n<\/div>\n\n\n\n<div style=\"height:1em\" aria-hidden=\"true\" class=\"wp-block-spacer\"><\/div>\n\n\n\n<h4 class=\"wp-block-heading has-medium-font-size\"><strong>Superintend\u00eancia de Parcerias e Inova\u00e7\u00e3o (SPIN)<\/strong><\/h4>\n\n\n\n<div class=\"wp-block-group is-layout-flow wp-block-group-is-layout-flow\" style=\"padding-left:var(--wp--preset--spacing--40)\">\n<figure class=\"wp-block-table is-style-regular has-small-font-size\"><table><tbody><tr><td class=\"has-text-align-center\" data-align=\"center\"><a href=\"https:\/\/progepe.ufpr.br\/capacitacao\/wp-content\/uploads\/2022\/12\/spin-eventos.pdf\" data-type=\"link\" data-id=\"https:\/\/progepe.ufpr.br\/capacitacao\/wp-content\/uploads\/2022\/12\/spin-eventos.pdf\">Afastamento para evento<\/a><\/td><td class=\"has-text-align-center\" data-align=\"center\"><a href=\"https:\/\/progepe.ufpr.br\/capacitacao\/wp-content\/uploads\/2022\/12\/spin-stricto-sensu.pdf\" data-type=\"link\" data-id=\"https:\/\/progepe.ufpr.br\/capacitacao\/wp-content\/uploads\/2022\/12\/spin-stricto-sensu.pdf\">Afastamento para estudos\/<em>Stricto sensu<\/em><\/a><\/td><td class=\"has-text-align-center\" data-align=\"center\">Afastamento para estudos\/P\u00f3s-doutorado<br><strong>Sem a\u00e7\u00e3o cadastrada<\/strong><\/td><td class=\"has-text-align-center\" data-align=\"center\">Afastamento para CAPES PrInt<br><strong>Sem a\u00e7\u00e3o cadastrada<\/strong><\/td><td class=\"has-text-align-center\" data-align=\"center\"><a href=\"https:\/\/progepe.ufpr.br\/capacitacao\/wp-content\/uploads\/2022\/12\/spin-licenca-capacitacao.pdf\" data-type=\"link\" data-id=\"https:\/\/progepe.ufpr.br\/capacitacao\/wp-content\/uploads\/2022\/12\/spin-licenca-capacitacao.pdf\">Licen\u00e7a para capacita\u00e7\u00e3o<\/a><\/td><\/tr><\/tbody><\/table><\/figure>\n<\/div>\n\n\n\n<div style=\"height:1em\" aria-hidden=\"true\" class=\"wp-block-spacer\"><\/div>\n\n\n\n<h4 class=\"wp-block-heading has-medium-font-size\"><strong>Superintend\u00eancia de Comunica\u00e7\u00e3o e Marketing (SUCOM)<\/strong><\/h4>\n\n\n\n<div class=\"wp-block-group is-layout-flow wp-block-group-is-layout-flow\" style=\"padding-left:var(--wp--preset--spacing--40)\">\n<figure class=\"wp-block-table is-style-regular has-small-font-size\"><table><tbody><tr><td class=\"has-text-align-center\" data-align=\"center\"><a href=\"https:\/\/progepe.ufpr.br\/capacitacao\/wp-content\/uploads\/2022\/12\/sucom-eventos.pdf\" data-type=\"link\" data-id=\"https:\/\/progepe.ufpr.br\/capacitacao\/wp-content\/uploads\/2022\/12\/sucom-eventos.pdf\">Afastamento para evento<\/a><\/td><td class=\"has-text-align-center\" data-align=\"center\"><a href=\"https:\/\/progepe.ufpr.br\/capacitacao\/wp-content\/uploads\/2022\/12\/sucom-stricto-sensu.pdf\" data-type=\"link\" data-id=\"https:\/\/progepe.ufpr.br\/capacitacao\/wp-content\/uploads\/2022\/12\/sucom-stricto-sensu.pdf\">Afastamento para estudos\/<em>Stricto sensu<\/em><\/a><\/td><td class=\"has-text-align-center\" data-align=\"center\">Afastamento para estudos\/P\u00f3s-doutorado<br><strong>Sem a\u00e7\u00e3o cadastrada<\/strong><\/td><td class=\"has-text-align-center\" data-align=\"center\">Afastamento para CAPES PrInt<br><strong>Sem a\u00e7\u00e3o cadastrada<\/strong><\/td><td class=\"has-text-align-center\" data-align=\"center\"><a href=\"https:\/\/progepe.ufpr.br\/capacitacao\/wp-content\/uploads\/2022\/12\/sucom-licenca-capacitacao.pdf\" data-type=\"link\" data-id=\"https:\/\/progepe.ufpr.br\/capacitacao\/wp-content\/uploads\/2022\/12\/sucom-licenca-capacitacao.pdf\">Licen\u00e7a para capacita\u00e7\u00e3o<\/a><\/td><\/tr><\/tbody><\/table><\/figure>\n<\/div>\n<\/div>\n\n\n\n<div style=\"height:3em\" aria-hidden=\"true\" class=\"wp-block-spacer\"><\/div>\n","protected":false},"excerpt":{"rendered":"<p>Bibliotecas&nbsp;|&nbsp;Campus&nbsp;|&nbsp;Hospital de Cl\u00ednicas&nbsp;|&nbsp;Pr\u00f3-reitorias&nbsp;|&nbsp;Reitoria&nbsp;|&nbsp;Setores&nbsp;|&nbsp;Superintend\u00eancias Bibliotecas &#8211; SiBi Afastamento para evento Afastamento para estudos\/Stricto sensu Afastamento para estudos\/P\u00f3s-doutorado Afastamento para CAPES PrIntSem a\u00e7\u00e3o cadastrada Licen\u00e7a para capacita\u00e7\u00e3o Campus Campus Jandaia do Sul Afastamento para evento &#8211; T\u00e9cnicos administrativos Afastamento para evento &#8211; Docentes Afastamento para estudos\/Stricto sensu Afastamento para estudos\/P\u00f3s-doutorado &#8211; T\u00e9cnicos administrativos Afastamento para estudos\/P\u00f3s-doutorado &#8211; [&hellip;]<\/p>\n","protected":false},"author":41,"featured_media":0,"parent":0,"menu_order":0,"comment_status":"closed","ping_status":"closed","template":"","meta":{"_coblocks_attr":"","_coblocks_dimensions":"","_coblocks_responsive_height":"","_coblocks_accordion_ie_support":"","_uag_custom_page_level_css":"","iawp_total_views":3,"footnotes":""},"class_list":["post-3796","page","type-page","status-publish","hentry"],"uagb_featured_image_src":{"full":false,"thumbnail":false,"medium":false,"medium_large":false,"large":false,"1536x1536":false,"2048x2048":false},"uagb_author_info":{"display_name":"progepe-admin","author_link":"https:\/\/progepe.ufpr.br\/capacitacao\/author\/progepe-admin\/"},"uagb_comment_info":0,"uagb_excerpt":"Bibliotecas&nbsp;|&nbsp;Campus&nbsp;|&nbsp;Hospital de Cl\u00ednicas&nbsp;|&nbsp;Pr\u00f3-reitorias&nbsp;|&nbsp;Reitoria&nbsp;|&nbsp;Setores&nbsp;|&nbsp;Superintend\u00eancias Bibliotecas &#8211; SiBi Afastamento para evento Afastamento para estudos\/Stricto sensu Afastamento para estudos\/P\u00f3s-doutorado Afastamento para CAPES PrIntSem a\u00e7\u00e3o cadastrada Licen\u00e7a para capacita\u00e7\u00e3o Campus Campus Jandaia do Sul Afastamento para evento &#8211; T\u00e9cnicos administrativos Afastamento para evento &#8211; Docentes Afastamento para estudos\/Stricto sensu Afastamento para estudos\/P\u00f3s-doutorado &#8211; T\u00e9cnicos administrativos Afastamento para estudos\/P\u00f3s-doutorado &#8211;&hellip;","publishpress_future_workflow_manual_trigger":{"enabledWorkflows":[]},"_links":{"self":[{"href":"https:\/\/progepe.ufpr.br\/capacitacao\/wp-json\/wp\/v2\/pages\/3796","targetHints":{"allow":["GET"]}}],"collection":[{"href":"https:\/\/progepe.ufpr.br\/capacitacao\/wp-json\/wp\/v2\/pages"}],"about":[{"href":"https:\/\/progepe.ufpr.br\/capacitacao\/wp-json\/wp\/v2\/types\/page"}],"author":[{"embeddable":true,"href":"https:\/\/progepe.ufpr.br\/capacitacao\/wp-json\/wp\/v2\/users\/41"}],"replies":[{"embeddable":true,"href":"https:\/\/progepe.ufpr.br\/capacitacao\/wp-json\/wp\/v2\/comments?post=3796"}],"version-history":[{"count":30,"href":"https:\/\/progepe.ufpr.br\/capacitacao\/wp-json\/wp\/v2\/pages\/3796\/revisions"}],"predecessor-version":[{"id":77064,"href":"https:\/\/progepe.ufpr.br\/capacitacao\/wp-json\/wp\/v2\/pages\/3796\/revisions\/77064"}],"wp:attachment":[{"href":"https:\/\/progepe.ufpr.br\/capacitacao\/wp-json\/wp\/v2\/media?parent=3796"}],"curies":[{"name":"wp","href":"https:\/\/api.w.org\/{rel}","templated":true}]}}