{"id":3928,"date":"2022-12-01T16:26:51","date_gmt":"2022-12-01T19:26:51","guid":{"rendered":"https:\/\/www.prppg.ufpr.br\/site\/portalcapacitacao\/?page_id=3928"},"modified":"2025-02-04T15:48:25","modified_gmt":"2025-02-04T18:48:25","slug":"editais-afastamento-2020","status":"publish","type":"page","link":"https:\/\/progepe.ufpr.br\/capacitacao\/editais-afastamento-2020\/","title":{"rendered":"Editais &#8211; Afastamentos &#8211; 2020"},"content":{"rendered":"<h6><strong>Processo Seletivo para classifica\u00e7\u00e3o dos (as) servidores (as) da carreira Magist\u00e9rio Superior e Magist\u00e9rio do Ensino B\u00e1sico, T\u00e9cnico e Tecnol\u00f3gico para participa\u00e7\u00e3o em Programas de P\u00f3s-Gradua\u00e7\u00e3o ou P\u00f3s-Doutorado &#8211; 2020\u00a0 \u00a0<span style=\"color: #800000;\">FINALIZADO<\/span><\/strong><\/h6>\n<p><strong><a href=\"https:\/\/progepe.ufpr.br\/capacitacao\/wp-content\/uploads\/2021\/01\/edital-08-2020-progepe-cdp.pdf\">Edital 08-2020 PROGEPE-CDP<\/a> <\/strong>&#8211; Processo seletivo (Docentes)<\/p>\n<p><strong><em>Resultados do Edital 08-2020 PROGEPE-CDP<\/em><\/strong><\/p>\n<p><em>Campus Jandaia do Sul<\/em><\/p>\n<ol>\n<li><a href=\"https:\/\/progepe.ufpr.br\/capacitacao\/wp-content\/uploads\/2021\/01\/inscricoes-homologadas-e-resultado-preliminar-campus-jandaia-do-sul.pdf\">Inscri\u00e7\u00f5es homologadas e resultado preliminar &#8211; Campus Jandaia do Sul<\/a><\/li>\n<li><a href=\"https:\/\/progepe.ufpr.br\/capacitacao\/wp-content\/uploads\/2021\/01\/resultado-final-campus-jandaia-do-sul-1.pdf\">Resultado final &#8211; Campus Jandaia do Sul<\/a><\/li>\n<\/ol>\n<p><em>Setor de Ci\u00eancias Exatas<\/em><\/p>\n<ol>\n<li><a href=\"https:\/\/progepe.ufpr.br\/capacitacao\/wp-content\/uploads\/2021\/01\/inscricoes-homologadas-e-resultado-preliminar-setor-de-ciencias-exatas.pdf\">Inscri\u00e7\u00f5es homologadas e resultado preliminar &#8211; Setor de Ci\u00eancias Exatas<\/a><\/li>\n<li><a href=\"https:\/\/progepe.ufpr.br\/capacitacao\/wp-content\/uploads\/2021\/01\/resultado-final-setor-de-ciencias-exatas-1.pdf\">Resultado final &#8211; Setor de Ci\u00eancias Exatas<\/a><\/li>\n<\/ol>\n<p><em>Setor de Ci\u00eancias Humanas<\/em><\/p>\n<ol>\n<li><a href=\"https:\/\/progepe.ufpr.br\/capacitacao\/wp-content\/uploads\/2021\/01\/inscricoes-homologadas-e-resultado-preliminar-setor-de-ciencias-humanas.pdf\">Inscri\u00e7\u00f5es homologadas e resultado preliminar &#8211; Setor de Ci\u00eancias Humanas<\/a><\/li>\n<li><a href=\"https:\/\/progepe.ufpr.br\/capacitacao\/wp-content\/uploads\/2021\/01\/resultado-final-setor-de-ciencias-humanas-1.pdf\">Resultado final &#8211; Setor de Ci\u00eancias Humanas<\/a><\/li>\n<\/ol>\n<p><em>Setor de Ci\u00eancias da Sa\u00fade<\/em><\/p>\n<ol>\n<li><a href=\"https:\/\/progepe.ufpr.br\/capacitacao\/wp-content\/uploads\/2021\/01\/inscricoes-homologadas-e-resultado-preliminar-setor-de-ciencias-da-saude.pdf\">Inscri\u00e7\u00f5es homologadas e resultado preliminar &#8211; Setor de Ci\u00eancias da Sa\u00fade<\/a><\/li>\n<li><a href=\"https:\/\/progepe.ufpr.br\/capacitacao\/wp-content\/uploads\/2021\/01\/resultado-final-setor-de-ciencias-da-saude-1.pdf\">Resultado final &#8211; Setor de Ci\u00eancias da Sa\u00fade<\/a><\/li>\n<\/ol>\n<p><em>Setor de Ci\u00eancias da Terra<\/em><\/p>\n<ol>\n<li><a href=\"https:\/\/progepe.ufpr.br\/capacitacao\/wp-content\/uploads\/2021\/01\/inscricoes-homologadas-e-resultado-preliminar-setor-de-ciencias-da-terra.pdf\">Inscri\u00e7\u00f5es homologadas e resultado preliminar &#8211; Setor de Ci\u00eancias da Terra<\/a><\/li>\n<li><a href=\"https:\/\/progepe.ufpr.br\/capacitacao\/wp-content\/uploads\/2021\/01\/resultado-final-setor-de-ciencias-da-terra.pdf\">Resultado final &#8211; Setor de Ci\u00eancias da Terra<\/a><\/li>\n<\/ol>\n<p><em>Setor de Educa\u00e7\u00e3o<\/em><\/p>\n<ol>\n<li><a href=\"https:\/\/progepe.ufpr.br\/capacitacao\/wp-content\/uploads\/2021\/01\/inscricoes-homologadas-e-resultado-preliminar-setor-de-educacao.pdf\">Inscri\u00e7\u00f5es homologadas e resultado preliminar &#8211; Setor de Educa\u00e7\u00e3o<\/a><\/li>\n<li><a href=\"https:\/\/progepe.ufpr.br\/capacitacao\/wp-content\/uploads\/2021\/01\/resultado-final-setor-de-educacao-1.pdf\">Resultado final &#8211; Setor de Educa\u00e7\u00e3o<\/a><\/li>\n<\/ol>\n<p><em>Setor de Tecnologia<\/em><\/p>\n<ol>\n<li><a href=\"https:\/\/progepe.ufpr.br\/capacitacao\/wp-content\/uploads\/2021\/01\/inscricoes-homologadas-e-resultado-preliminar-setor-de-tecnologia.pdf\">Inscri\u00e7\u00f5es homologadas e resultado preliminar &#8211; Setor de Tecnologia<\/a><\/li>\n<li><a href=\"https:\/\/progepe.ufpr.br\/capacitacao\/wp-content\/uploads\/2021\/01\/resultado-final-setor-de-tecnologia-1.pdf\">Resultado final &#8211; Setor de Tecnologia<\/a><\/li>\n<\/ol>\n<p><em>Setor Litoral<\/em><\/p>\n<ol>\n<li><a href=\"https:\/\/progepe.ufpr.br\/capacitacao\/wp-content\/uploads\/2021\/01\/inscricoes-homologadas-e-resultado-preliminar-setor-litoral.pdf\">Inscri\u00e7\u00f5es homologadas e resultado preliminar &#8211; Setor Litoral<\/a><\/li>\n<li><a href=\"https:\/\/progepe.ufpr.br\/capacitacao\/wp-content\/uploads\/2021\/01\/resultado-final-setor-litoral-1.pdf\">Resultado final &#8211; Setor Litoral<\/a><\/li>\n<\/ol>\n<p><em>Setor Palotina<\/em><\/p>\n<ol>\n<li><a href=\"https:\/\/progepe.ufpr.br\/capacitacao\/wp-content\/uploads\/2021\/01\/inscricoes-homologadas-e-resultado-preliminar-setor-palotina.pdf\">Inscri\u00e7\u00f5es homologadas e resultado preliminar &#8211; Setor Palotina<\/a><\/li>\n<li><a href=\"https:\/\/progepe.ufpr.br\/capacitacao\/wp-content\/uploads\/2021\/01\/resultado-final-setor-palotina-1.pdf\">Resultado final &#8211; Setor Palotina<\/a><\/li>\n<\/ol>\n<h6><\/h6>\n<hr \/>\n<h6><strong>Processo Seletivo para classifica\u00e7\u00e3o dos (as) servidores (as) da carreira T\u00e9cnico-Administrativo em Educa\u00e7\u00e3o para participa\u00e7\u00e3o em Programas de P\u00f3s-Gradua\u00e7\u00e3o ou P\u00f3s-Doutorado &#8211; 2020\u00a0 \u00a0<span style=\"color: #800000;\">FINALIZADO<\/span><\/strong><\/h6>\n<p><strong><a href=\"https:\/\/progepe.ufpr.br\/capacitacao\/wp-content\/uploads\/2021\/01\/edital-07-2020-progepe-cdp.pdf\">Edital 07-2020 PROGEPE-CDP<\/a> <\/strong>&#8211; Processo seletivo (T\u00e9cnicos)<\/p>\n<p><strong><em>Resultados do Edital 07-2020 PROGEPE-CDP<\/em><\/strong><\/p>\n<ol>\n<li>Inscri\u00e7\u00f5es homologadas e resultado preliminar <a href=\"https:\/\/progepe.ufpr.br\/capacitacao\/wp-content\/uploads\/2021\/01\/edital-01-2020-comissao-do-processo-seletivo-1.pdf\">Edital 01-2020 Comiss\u00e3o do Processo Seletivo<\/a><\/li>\n<li>An\u00e1lise dos recursos <a href=\"https:\/\/progepe.ufpr.br\/capacitacao\/wp-content\/uploads\/2021\/01\/edital-01-2020-comissao-recursal-1.pdf\">Edital 01-2020 Comiss\u00e3o Recursal<\/a><\/li>\n<li>Resultado final <a href=\"https:\/\/progepe.ufpr.br\/capacitacao\/wp-content\/uploads\/2021\/01\/edital-02-2020-comissao-do-processo-seletivo-1.pdf\">Edital 02-2020 Comiss\u00e3o do Processo Seletivo<\/a><\/li>\n<\/ol>\n<h6><\/h6>\n<hr \/>\n<h6><strong>Processo Seletivo para classifica\u00e7\u00e3o dos (as) servidores (as) da carreira Magist\u00e9rio Superior e Magist\u00e9rio do Ensino B\u00e1sico, T\u00e9cnico e Tecnol\u00f3gico para participa\u00e7\u00e3o em Programas de P\u00f3s-Gradua\u00e7\u00e3o ou P\u00f3s-Doutorado &#8211; 2020\u00a0 \u00a0<span style=\"color: #800000;\">FINALIZADO<\/span><\/strong><\/h6>\n<p><strong><a href=\"https:\/\/progepe.ufpr.br\/capacitacao\/wp-content\/uploads\/2021\/01\/edital-02-2020-progepe-cdp.pdf\">Edital 02-2020 PROGEPE-CDP<\/a> <\/strong>&#8211; Processo seletivo (Docentes)<\/p>\n<p><strong><a href=\"https:\/\/progepe.ufpr.br\/capacitacao\/wp-content\/uploads\/2021\/01\/edital-04-2020-progepe-cdp.pdf\">Edital 04-2020 PROGEPE-CDP<\/a> <\/strong>&#8211; Prorroga\u00e7\u00e3o do Edital 02-2020 PROGEPE-CDP<\/p>\n<p><strong><em>Resultados do Edital 02-2020 PROGEPE-CDP<\/em><\/strong><\/p>\n<p><em>Campus Jandaia do Sul<\/em><\/p>\n<ol>\n<li><a href=\"https:\/\/progepe.ufpr.br\/capacitacao\/wp-content\/uploads\/2024\/01\/campus-jandaia-do-sul-resultado-final.pdf\">Resultado Final &#8211; Campus Jandaia do Sul<\/a><\/li>\n<\/ol>\n<p><em>Setor de Artes, Comunica\u00e7\u00e3o e Design<\/em><\/p>\n<ol>\n<li><a href=\"https:\/\/progepe.ufpr.br\/capacitacao\/wp-content\/uploads\/2024\/01\/setor-artes-comunicacao-e-design-resultado-final.pdf\">Resultado Final &#8211; Setor de Artes, Comunica\u00e7\u00e3o e Design<\/a><\/li>\n<\/ol>\n<p><em>Setor de Ci\u00eancias Biol\u00f3gicas<\/em><\/p>\n<ol>\n<li><a href=\"https:\/\/progepe.ufpr.br\/capacitacao\/wp-content\/uploads\/2024\/01\/setor-ciencias-biologicas-resultado-final.pdf\">Resultado Final &#8211; Setor Ci\u00eancias Biol\u00f3gicas<\/a><\/li>\n<\/ol>\n<p><em>Setor de Ci\u00eancias da Sa\u00fade<\/em><\/p>\n<ol>\n<li><a href=\"https:\/\/progepe.ufpr.br\/capacitacao\/wp-content\/uploads\/2024\/01\/setor-de-ciencias-da-saude-resultado-final.pdf\">Resultado Final &#8211; Setor de Ci\u00eancias da Sa\u00fade<\/a><\/li>\n<\/ol>\n<p><em>Setor de Ci\u00eancias da Terra<\/em><\/p>\n<ol>\n<li><a href=\"https:\/\/progepe.ufpr.br\/capacitacao\/wp-content\/uploads\/2024\/01\/setor-ciencias-da-terra-resultado-final.pdf\">Resultado Final &#8211; Setor Ci\u00eancias da Terra<\/a><\/li>\n<\/ol>\n<p><em>Setor de Ci\u00eancias Exatas<\/em><\/p>\n<ol>\n<li><a href=\"https:\/\/progepe.ufpr.br\/capacitacao\/wp-content\/uploads\/2024\/01\/setor-ciencias-exatas-resultado-final.pdf\">Resultado Final &#8211; Setor-Ci\u00eancias-Exatas<\/a><\/li>\n<\/ol>\n<p><em>Setor de Ci\u00eancias Humanas<\/em><\/p>\n<ol>\n<li><a href=\"https:\/\/progepe.ufpr.br\/capacitacao\/wp-content\/uploads\/2024\/01\/setor-ciencias-humanas-resultado-final.pdf\">Resultado Final &#8211; Setor Ci\u00eancias Humanas<\/a><\/li>\n<\/ol>\n<p><em>Setor de Educa\u00e7\u00e3o<\/em><\/p>\n<ol>\n<li><a href=\"https:\/\/progepe.ufpr.br\/capacitacao\/wp-content\/uploads\/2024\/01\/setor-de-educacao-resultado-final.pdf\">Resultado Final &#8211; Setor de Educa\u00e7\u00e3o<\/a><\/li>\n<\/ol>\n<p><em>Setor de Educa\u00e7\u00e3o Profissional e Tecnol\u00f3gica<\/em><\/p>\n<ol>\n<li><a href=\"https:\/\/progepe.ufpr.br\/capacitacao\/wp-content\/uploads\/2024\/01\/setor-de-educacao-profissional-e-tecnologica-resultado-final.pdf\">Resultado Final &#8211; Setor de Educa\u00e7\u00e3o Profissional e Tecnol\u00f3gica<\/a><\/li>\n<\/ol>\n<p><em>Setor de Tecnologia<\/em><\/p>\n<ol>\n<li><a href=\"https:\/\/progepe.ufpr.br\/capacitacao\/wp-content\/uploads\/2024\/01\/setor-de-tecnologia-resultado-final.pdf\">Resultado Final &#8211; Setor de Tecnologia<\/a><\/li>\n<\/ol>\n<p><em>Setor Litoral<\/em><\/p>\n<ol>\n<li><a href=\"https:\/\/progepe.ufpr.br\/capacitacao\/wp-content\/uploads\/2024\/01\/setor-litoral-resultado-final.pdf\">Resultado Final &#8211; Setor-Litoral<\/a><\/li>\n<\/ol>\n<p><em>Setor Palotina<\/em><\/p>\n<ol>\n<li><a href=\"https:\/\/progepe.ufpr.br\/capacitacao\/wp-content\/uploads\/2024\/01\/setor-palotina-resultado-final.pdf\">Resultado Final &#8211; Setor-Palotina<\/a><\/li>\n<\/ol>\n<hr \/>\n<h6><strong>Processo Seletivo para classifica\u00e7\u00e3o dos (as) servidores (as) da carreira T\u00e9cnico-Administrativo em Educa\u00e7\u00e3o para participa\u00e7\u00e3o em Programas de P\u00f3s-Gradua\u00e7\u00e3o ou P\u00f3s-Doutorado &#8211; 2020\u00a0 \u00a0<span style=\"color: #800000;\">FINALIZADO<\/span><\/strong><\/h6>\n<p><strong><a href=\"https:\/\/progepe.ufpr.br\/capacitacao\/wp-content\/uploads\/2021\/01\/edital-01-2020-progepe-cdp.pdf\">Edital 01-2020 PROGEPE-CDP<\/a> <\/strong>&#8211; Processo seletivo (T\u00e9cnicos)<\/p>\n<p><strong><a href=\"https:\/\/progepe.ufpr.br\/capacitacao\/wp-content\/uploads\/2021\/01\/edital-03-2020-progepe-cdp.pdf\">Edital 03-2020 PROGEPE-CDP<\/a> <\/strong>&#8211; Prorroga\u00e7\u00e3o do Edital 01-2020 PROGEPE-CDP<\/p>\n<p><strong><em>Resultados do Edital 01-2020 PROGEPE-CDP<\/em><\/strong><\/p>\n<ol>\n<li>Inscri\u00e7\u00f5es homologadas e resultado preliminar <a href=\"https:\/\/progepe.ufpr.br\/capacitacao\/wp-content\/uploads\/2021\/01\/edital-01-2020-comissao-do-processo-seletivo.pdf\">Edital 01-2020 Comiss\u00e3o do Processo Seletivo<\/a><\/li>\n<li>An\u00e1lise dos recursos <a href=\"https:\/\/progepe.ufpr.br\/capacitacao\/wp-content\/uploads\/2021\/01\/edital-01-2020-comissao-recursal.pdf\">Edital 01-2020 Comiss\u00e3o Recursal<\/a><\/li>\n<li>Resultado final <a href=\"https:\/\/progepe.ufpr.br\/capacitacao\/wp-content\/uploads\/2021\/01\/edital-02-2020-comissao-do-processo-seletivo.pdf\">Edital 02-2020 Comiss\u00e3o do Processo Seletivo<\/a><\/li>\n<li>Retifica\u00e7\u00e3o do resultado final <a href=\"https:\/\/progepe.ufpr.br\/capacitacao\/wp-content\/uploads\/2021\/01\/retificacao-do-edital-02-2020-comissao-do-processo-seletivo.pdf\">Retifica\u00e7\u00e3o do Edital 02-2020 Comiss\u00e3o do Processo Seletivo<\/a><\/li>\n<\/ol>\n","protected":false},"excerpt":{"rendered":"<p>Processo Seletivo para classifica\u00e7\u00e3o dos (as) servidores (as) da carreira Magist\u00e9rio Superior e Magist\u00e9rio do Ensino B\u00e1sico, T\u00e9cnico e Tecnol\u00f3gico para participa\u00e7\u00e3o em Programas de P\u00f3s-Gradua\u00e7\u00e3o ou P\u00f3s-Doutorado &#8211; 2020\u00a0 \u00a0FINALIZADO Edital 08-2020 PROGEPE-CDP &#8211; Processo seletivo (Docentes) Resultados do Edital 08-2020 PROGEPE-CDP Campus Jandaia do Sul Inscri\u00e7\u00f5es homologadas e resultado preliminar &#8211; Campus Jandaia [&hellip;]<\/p>\n","protected":false},"author":41,"featured_media":0,"parent":0,"menu_order":0,"comment_status":"closed","ping_status":"closed","template":"","meta":{"_coblocks_attr":"","_coblocks_dimensions":"","_coblocks_responsive_height":"","_coblocks_accordion_ie_support":"","_uag_custom_page_level_css":"","iawp_total_views":13,"footnotes":""},"class_list":["post-3928","page","type-page","status-publish","hentry"],"uagb_featured_image_src":{"full":false,"thumbnail":false,"medium":false,"medium_large":false,"large":false,"1536x1536":false,"2048x2048":false},"uagb_author_info":{"display_name":"progepe-admin","author_link":"https:\/\/progepe.ufpr.br\/capacitacao\/author\/progepe-admin\/"},"uagb_comment_info":0,"uagb_excerpt":"Processo Seletivo para classifica\u00e7\u00e3o dos (as) servidores (as) da carreira Magist\u00e9rio Superior e Magist\u00e9rio do Ensino B\u00e1sico, T\u00e9cnico e Tecnol\u00f3gico para participa\u00e7\u00e3o em Programas de P\u00f3s-Gradua\u00e7\u00e3o ou P\u00f3s-Doutorado &#8211; 2020\u00a0 \u00a0FINALIZADO Edital 08-2020 PROGEPE-CDP &#8211; Processo seletivo (Docentes) Resultados do Edital 08-2020 PROGEPE-CDP Campus Jandaia do Sul Inscri\u00e7\u00f5es homologadas e resultado preliminar &#8211; Campus Jandaia&hellip;","publishpress_future_workflow_manual_trigger":{"enabledWorkflows":[]},"_links":{"self":[{"href":"https:\/\/progepe.ufpr.br\/capacitacao\/wp-json\/wp\/v2\/pages\/3928","targetHints":{"allow":["GET"]}}],"collection":[{"href":"https:\/\/progepe.ufpr.br\/capacitacao\/wp-json\/wp\/v2\/pages"}],"about":[{"href":"https:\/\/progepe.ufpr.br\/capacitacao\/wp-json\/wp\/v2\/types\/page"}],"author":[{"embeddable":true,"href":"https:\/\/progepe.ufpr.br\/capacitacao\/wp-json\/wp\/v2\/users\/41"}],"replies":[{"embeddable":true,"href":"https:\/\/progepe.ufpr.br\/capacitacao\/wp-json\/wp\/v2\/comments?post=3928"}],"version-history":[{"count":2,"href":"https:\/\/progepe.ufpr.br\/capacitacao\/wp-json\/wp\/v2\/pages\/3928\/revisions"}],"predecessor-version":[{"id":77176,"href":"https:\/\/progepe.ufpr.br\/capacitacao\/wp-json\/wp\/v2\/pages\/3928\/revisions\/77176"}],"wp:attachment":[{"href":"https:\/\/progepe.ufpr.br\/capacitacao\/wp-json\/wp\/v2\/media?parent=3928"}],"curies":[{"name":"wp","href":"https:\/\/api.w.org\/{rel}","templated":true}]}}