{"id":3930,"date":"2022-12-01T16:26:58","date_gmt":"2022-12-01T19:26:58","guid":{"rendered":"https:\/\/www.prppg.ufpr.br\/site\/portalcapacitacao\/?page_id=3930"},"modified":"2025-02-04T15:48:25","modified_gmt":"2025-02-04T18:48:25","slug":"editais-afastamento-2021","status":"publish","type":"page","link":"https:\/\/progepe.ufpr.br\/capacitacao\/editais-afastamento-2021\/","title":{"rendered":"Editais &#8211; Afastamentos &#8211; 2021"},"content":{"rendered":"<h6><strong>Processo Seletivo para classifica\u00e7\u00e3o dos (as) servidores (as) da carreira Magist\u00e9rio Superior e Magist\u00e9rio do Ensino B\u00e1sico, T\u00e9cnico e Tecnol\u00f3gico para participa\u00e7\u00e3o em Programas de P\u00f3s-Gradua\u00e7\u00e3o ou P\u00f3s-Doutorado \u2013 2021\u00a0 <\/strong><strong><span style=\"color: #800000;\">FINALIZADO<\/span><\/strong><\/h6>\n<p><a href=\"https:\/\/progepe.ufpr.br\/capacitacao\/wp-content\/uploads\/2021\/10\/edital-06-2021-progepe-cdp.pdf\">Edital 06-2021 PROGEPE-CDP<\/a>\u00a0\u2013 Processo seletivo (Docentes)<\/p>\n<p><strong><em>Anexos do Edital em word:<\/em><\/strong><\/p>\n<p><a href=\"https:\/\/progepe.ufpr.br\/capacitacao\/wp-content\/uploads\/2021\/10\/edital-06-2021-progepe-cdp-anexo-i.docx\">Edital 06-2021 PROGEPE-CDP Anexo I<\/a><\/p>\n<p><a href=\"https:\/\/progepe.ufpr.br\/capacitacao\/wp-content\/uploads\/2021\/10\/edital-06-2021-progepe-cdp-anexo-ii.docx\">Edital 06-2021 PROGEPE-CDP Anexo II<\/a><\/p>\n<p><a href=\"https:\/\/progepe.ufpr.br\/capacitacao\/wp-content\/uploads\/2021\/10\/edital-06-2021-progepe-cdp-anexo-iv.docx\">Edital 06-2021 PROGEPE-CDP Anexo IV<\/a><\/p>\n<p><a href=\"https:\/\/progepe.ufpr.br\/capacitacao\/wp-content\/uploads\/2021\/10\/edital-06-2021-progepe-cdp-anexo-v.docx\">Edital 06-2021 PROGEPE-CDP Anexo V<\/a><\/p>\n<p><a href=\"https:\/\/progepe.ufpr.br\/capacitacao\/wp-content\/uploads\/2021\/04\/orientacoes-docentes.pdf\">Orienta\u00e7\u00f5es-Docentes\u00a0\u00a0<\/a><\/p>\n<p><b><i><strong><em>Resultados do Edital 06\/2021 PROGEPE-CDP<\/em><\/strong><\/i><\/b><\/p>\n<p><em>Setor de Artes, Comunica\u00e7\u00e3o e Design<\/em><\/p>\n<ol>\n<li><a href=\"https:\/\/progepe.ufpr.br\/capacitacao\/wp-content\/uploads\/2021\/10\/inscricoes-homologadas-e-resultado-preliminar--setor-de-artes-comunicacao-e-design-1.pdf\">Inscri\u00e7\u00f5es homologadas e resultado preliminar \u2013 Setor de Artes, Comunica\u00e7\u00e3o e Design<\/a><\/li>\n<li><a href=\"https:\/\/progepe.ufpr.br\/capacitacao\/wp-content\/uploads\/2021\/10\/resultado-final--setor-de-artes-comunicacao-e-design-1.pdf\">Resultado final \u2013 Setor de Artes, Comunica\u00e7\u00e3o e Design<\/a><\/li>\n<\/ol>\n<p><em>Setor de Ci\u00eancias Agr\u00e1rias<\/em><\/p>\n<ol>\n<li><a href=\"https:\/\/progepe.ufpr.br\/capacitacao\/wp-content\/uploads\/2021\/10\/inscricoes-homologadas-e-resultado-preliminar--setor-de-ciencias-agrarias.pdf\">Inscri\u00e7\u00f5es homologadas e resultado preliminar \u2013 Setor de Ci\u00eancias Agr\u00e1rias<\/a><\/li>\n<li><a href=\"https:\/\/progepe.ufpr.br\/capacitacao\/wp-content\/uploads\/2021\/10\/resultado-final--setor-de-ciencias-agrarias.pdf\">Resultado final \u2013 Setor de Ci\u00eancias Agr\u00e1rias<\/a><\/li>\n<\/ol>\n<p><em>Setor de Ci\u00eancias da Sa\u00fade<\/em><\/p>\n<ol>\n<li><a href=\"https:\/\/progepe.ufpr.br\/capacitacao\/wp-content\/uploads\/2021\/10\/inscricoes-homologadas-e-resultado-preliminar--setor-ciencias-da-saude-1.pdf\">Inscri\u00e7\u00f5es homologadas e resultado preliminar \u2013 Setor Ci\u00eancias da Sa\u00fade<\/a><\/li>\n<li><a href=\"https:\/\/progepe.ufpr.br\/capacitacao\/wp-content\/uploads\/2021\/10\/errata-inscricoes-homologadas-e-resultado-preliminar--setor-ciencias-da-saude-2.pdf\">Errata \u2013 Inscri\u00e7\u00f5es homologadas e resultado preliminar \u2013 Setor Ci\u00eancias da Sa\u00fade<\/a><\/li>\n<li><a href=\"https:\/\/progepe.ufpr.br\/capacitacao\/wp-content\/uploads\/2021\/10\/resultado-final--setor-ciencias-da-saude.pdf\">Resultado final \u2013 Setor Ci\u00eancias da Sa\u00fade<\/a><\/li>\n<\/ol>\n<p><em>Setor de Ci\u00eancias da Terra<\/em><\/p>\n<ol>\n<li><a href=\"https:\/\/progepe.ufpr.br\/capacitacao\/wp-content\/uploads\/2021\/10\/inscricoes-homologadas-e-resultado-preliminar--setor-de-ciencias-da-terra.pdf\">Inscri\u00e7\u00f5es homologadas e resultado preliminar \u2013 Setor de Ci\u00eancias da Terra<\/a><\/li>\n<li><a href=\"https:\/\/progepe.ufpr.br\/capacitacao\/wp-content\/uploads\/2021\/10\/resultado-final--setor-de-ciencias-da-terra.pdf\">Resultado final \u2013 Setor de Ci\u00eancias da Terra<\/a><\/li>\n<\/ol>\n<p><em>Setor de Ci\u00eancias Exatas<\/em><\/p>\n<ol>\n<li><a href=\"https:\/\/progepe.ufpr.br\/capacitacao\/wp-content\/uploads\/2021\/10\/inscricoes-homologadas-e-resultado-preliminar--setor-de-ciencias-exatas.pdf\">Inscri\u00e7\u00f5es homologadas e resultado preliminar \u2013 Setor de Ci\u00eancias Exatas<\/a><\/li>\n<li><a href=\"https:\/\/progepe.ufpr.br\/capacitacao\/wp-content\/uploads\/2021\/10\/resultado-final--setor-de-ciencias-exatas.pdf\">Resultado final \u2013 Setor de Ci\u00eancias Exatas<\/a><\/li>\n<\/ol>\n<p><em>Setor de Ci\u00eancias Humanas<\/em><\/p>\n<ol>\n<li><a href=\"https:\/\/progepe.ufpr.br\/capacitacao\/wp-content\/uploads\/2021\/10\/inscricoes-homologadas-e-resultado-preliminar--setor-de-ciencias-humanas.pdf\">Inscri\u00e7\u00f5es homologadas e resultado preliminar \u2013 Setor de Ci\u00eancias Humanas<\/a><\/li>\n<li><a href=\"https:\/\/progepe.ufpr.br\/capacitacao\/wp-content\/uploads\/2021\/10\/resultado-final--setor-de-ciencias-humanas.pdf\">Resultado final \u2013 Setor de Ci\u00eancias Humanas<\/a><\/li>\n<\/ol>\n<p><em>Setor de Ci\u00eancias Jur\u00eddicas<\/em><\/p>\n<ol>\n<li><a href=\"https:\/\/progepe.ufpr.br\/capacitacao\/wp-content\/uploads\/2021\/10\/inscricoes-homologadas-e-resultado-preliminar--setor-de-ciencias-juridicas.pdf\">Inscri\u00e7\u00f5es homologadas e resultado preliminar \u2013 Setor de Ci\u00eancias Jur\u00eddicas<\/a><\/li>\n<li><a href=\"https:\/\/progepe.ufpr.br\/capacitacao\/wp-content\/uploads\/2021\/10\/resultado-final--setor-de-ciencias-juridicas.pdf\">Resultado final \u2013 Setor de Ci\u00eancias Jur\u00eddicas<\/a><\/li>\n<\/ol>\n<p><em>Setor de Ci\u00eancias Sociais Aplicadas<\/em><\/p>\n<ol>\n<li><a href=\"https:\/\/progepe.ufpr.br\/capacitacao\/wp-content\/uploads\/2021\/10\/inscricoes-homologadas-e-resultado-preliminar--setor-de-ciencias-sociais-aplicadas.pdf\">Inscri\u00e7\u00f5es homologadas e resultado preliminar \u2013 Setor de Ci\u00eancias Sociais Aplicadas<\/a><\/li>\n<li><a href=\"https:\/\/progepe.ufpr.br\/capacitacao\/wp-content\/uploads\/2021\/10\/resultado-final--setor-de-ciencias-sociais-aplicadas.pdf\">Resultado final \u2013 Setor de Ci\u00eancias Sociais Aplicadas<\/a><\/li>\n<\/ol>\n<p><em>Setor de Educa\u00e7\u00e3o<\/em><\/p>\n<ol>\n<li><a href=\"https:\/\/progepe.ufpr.br\/capacitacao\/wp-content\/uploads\/2021\/10\/inscricoes-homologadas-e-resultado-preliminar--setor-de-educacao.pdf\">Inscri\u00e7\u00f5es homologadas e resultado preliminar \u2013 Setor de Educa\u00e7\u00e3o<\/a><\/li>\n<li><a href=\"https:\/\/progepe.ufpr.br\/capacitacao\/wp-content\/uploads\/2021\/10\/resultado-final--setor-de-educacao-1.pdf\">Resultado final \u2013 Setor de Educa\u00e7\u00e3o<\/a><\/li>\n<\/ol>\n<p><em>Setor de Tecnologia<\/em><\/p>\n<ol>\n<li><a href=\"https:\/\/progepe.ufpr.br\/capacitacao\/wp-content\/uploads\/2021\/10\/inscricoes-homologadas-e-resultado-preliminar--setor-de-tecnologia-1.pdf\">Inscri\u00e7\u00f5es homologadas e resultado preliminar \u2013 Setor de Tecnologia<\/a><\/li>\n<li><a href=\"https:\/\/progepe.ufpr.br\/capacitacao\/wp-content\/uploads\/2021\/10\/resultado-final--setor-de-tecnologia.pdf\">Resultado final \u2013 Setor de Tecnologia<\/a><\/li>\n<\/ol>\n<p><em>Setor Litoral<\/em><\/p>\n<ol>\n<li><a href=\"https:\/\/progepe.ufpr.br\/capacitacao\/wp-content\/uploads\/2021\/10\/inscricoes-homologadas-e-resultado-preliminar--setor-litoral.pdf\">Inscri\u00e7\u00f5es homologadas e resultado preliminar \u2013 Setor Litoral<\/a><\/li>\n<li><a href=\"https:\/\/progepe.ufpr.br\/capacitacao\/wp-content\/uploads\/2021\/10\/resultado-final--setor-litoral.pdf\">Resultado final \u2013 Setor Litoral<\/a><\/li>\n<\/ol>\n<p><em>Setor Palotina\u00a0<\/em><\/p>\n<ol>\n<li><a href=\"https:\/\/progepe.ufpr.br\/capacitacao\/wp-content\/uploads\/2021\/10\/inscricoes-homologadas-e-resultado-preliminar--setor-palotina.pdf\">Inscri\u00e7\u00f5es homologadas e resultado preliminar \u2013 Setor Palotina<\/a><\/li>\n<li><a href=\"https:\/\/progepe.ufpr.br\/capacitacao\/wp-content\/uploads\/2021\/10\/resultado-final--setor-palotina.pdf\">Resultado final \u2013 Setor Palotina<\/a><\/li>\n<\/ol>\n<p><em>Campus Jandaia do Sul<\/em><\/p>\n<ol>\n<li><a href=\"https:\/\/progepe.ufpr.br\/capacitacao\/wp-content\/uploads\/2021\/10\/inscricoes-homologadas-e-resultado-preliminar--campus-jandaia-do-sul.pdf\">Inscri\u00e7\u00f5es homologadas e resultado preliminar \u2013 Campus Jandaia do Sul<\/a><\/li>\n<li><a href=\"https:\/\/progepe.ufpr.br\/capacitacao\/wp-content\/uploads\/2021\/10\/resultado-final--campus-jandaia-do-sul.pdf\">Resultado final \u2013 Campus Jandaia do Sul<\/a><\/li>\n<\/ol>\n<h6><\/h6>\n<hr \/>\n<h6><strong>Processo Seletivo para classifica\u00e7\u00e3o dos (as) servidores (as) da carreira T\u00e9cnico-Administrativo em Educa\u00e7\u00e3o para participa\u00e7\u00e3o em Programas de P\u00f3s-Gradua\u00e7\u00e3o ou P\u00f3s-Doutorado \u2013 2021 <\/strong><strong><span style=\"color: #800000;\">FINALIZADO<\/span><\/strong><\/h6>\n<p><a href=\"https:\/\/progepe.ufpr.br\/capacitacao\/wp-content\/uploads\/2021\/10\/edital-05-2021-progepe-cdp.pdf\">Edital 05-2021 PROGEPE-CDP<\/a>\u00a0\u2013 Processo seletivo (T\u00e9cnicos)<\/p>\n<p><strong><em>Aten\u00e7\u00e3o!<\/em><\/strong><\/p>\n<p>Em fun\u00e7\u00e3o do trabalho remoto, informamos que os Anexos estar\u00e3o dispon\u00edveis em documento\u00a0<em>word<\/em>\u00a0e poder\u00e3o ser transcritos em documento no SEI para assinatura do (a) servidor (a) e chefia imediata quando for o caso. Ap\u00f3s, transformados em PDF e encaminhados com o restante da documenta\u00e7\u00e3o pelo SIGA.<\/p>\n<p><strong><em>Anexos do Edital em word:<\/em><\/strong><\/p>\n<p><a href=\"https:\/\/progepe.ufpr.br\/capacitacao\/wp-content\/uploads\/2021\/10\/edital-05-2021-progepe-cdp-anexo-i.docx\">Edital 05-2021 PROGEPE-CDP Anexo I<\/a><\/p>\n<p><a href=\"https:\/\/progepe.ufpr.br\/capacitacao\/wp-content\/uploads\/2021\/10\/edital-05-2021-progepe-cdp-anexo-ii.docx\">Edital 05-2021 PROGEPE-CDP Anexo II<\/a><\/p>\n<p><a href=\"https:\/\/progepe.ufpr.br\/capacitacao\/wp-content\/uploads\/2021\/10\/edital-05-2021-progepe-cdp-anexo-iv.docx\">Edital 05-2021 PROGEPE-CDP Anexo IV<\/a><\/p>\n<p><a href=\"https:\/\/progepe.ufpr.br\/capacitacao\/wp-content\/uploads\/2021\/10\/edital-05-2021-progepe-cdp-anexo-v.docx\">Edital 05-2021 PROGEPE-CDP Anexo V<\/a><\/p>\n<p><a href=\"https:\/\/progepe.ufpr.br\/capacitacao\/wp-content\/uploads\/2021\/10\/orientacoes-tecnico-1.pdf\">Orienta\u00e7\u00f5es-T\u00e9cnicos<\/a><\/p>\n<p><b><i><strong><em>Resultados do Edital 05\/2021 PROGEPE-CDP<\/em><\/strong><\/i><\/b><\/p>\n<ol>\n<li>Inscri\u00e7\u00f5es homologadas e resultado preliminar:\u00a0\u00a0<a href=\"https:\/\/progepe.ufpr.br\/capacitacao\/wp-content\/uploads\/2021\/10\/edital-01-2021-comissao-do-processo-seletivo.pdf\">Edital 01-2021 Comiss\u00e3o do Processo Seletivo<\/a><\/li>\n<li>An\u00e1lise dos Recursos:\u00a0<a href=\"https:\/\/progepe.ufpr.br\/capacitacao\/wp-content\/uploads\/2021\/10\/edital-01-2021-comissao-recursal.pdf\">Edital 01-2021 Comiss\u00e3o Recursal<\/a><\/li>\n<li>Resultado Final:\u00a0\u00a0<a href=\"https:\/\/progepe.ufpr.br\/capacitacao\/wp-content\/uploads\/2021\/10\/edital-02-2021-comissao-do-processo-seletivo-1.pdf\">Edital 02-2021 Comiss\u00e3o do Processo Seletivo<\/a><\/li>\n<\/ol>\n<hr \/>\n<h6><strong>Processo Seletivo para classifica\u00e7\u00e3o dos (as) servidores (as) da carreira Magist\u00e9rio Superior e Magist\u00e9rio do Ensino B\u00e1sico, T\u00e9cnico e Tecnol\u00f3gico para participa\u00e7\u00e3o em Programas de P\u00f3s-Gradua\u00e7\u00e3o ou P\u00f3s-Doutorado \u2013 2021\u00a0 \u00a0<span style=\"color: #800000;\">FINALIZADO<\/span><\/strong><\/h6>\n<p><a href=\"https:\/\/progepe.ufpr.br\/capacitacao\/wp-content\/uploads\/2021\/04\/edital-02-2021-progepe-cdp.pdf\">Edital 02-2021 PROGEPE-CDP<\/a>\u00a0 \u2013 Processo seletivo (Docentes)<\/p>\n<p><a href=\"https:\/\/progepe.ufpr.br\/capacitacao\/wp-content\/uploads\/2021\/04\/errata-01-do-edital-02-2021-progepe-cdp.pdf\">Errata 01 do Edital 02-2021 PROGEPE-CDP<\/a><\/p>\n<p><strong><em>Aten\u00e7\u00e3o!<\/em><\/strong><\/p>\n<p>Em fun\u00e7\u00e3o do trabalho remoto, informamos que os Anexos estar\u00e3o dispon\u00edveis em documento\u00a0<em>word<\/em>\u00a0e poder\u00e3o ser transcritos em documento no SEI para assinatura do (a) servidor (a) e chefia imediata quando for o caso. Ap\u00f3s, transformados em PDF e encaminhados com o restante da documenta\u00e7\u00e3o pelo SIGA.<\/p>\n<p><a href=\"https:\/\/progepe.ufpr.br\/capacitacao\/wp-content\/uploads\/2021\/04\/anexos-em-word-do-edital-no-02-2021-progepe-cdp.docx\">Anexos em word do Edital n\u00ba 02-2021 PROGEPE-CDP<\/a><\/p>\n<p><a href=\"https:\/\/progepe.ufpr.br\/capacitacao\/wp-content\/uploads\/2021\/04\/orientacoes-docentes.pdf\">Orienta\u00e7\u00f5es-Docentes<\/a><\/p>\n<p><strong><em>Resultados do Edital 02-2021 PROGEPE-CDP<\/em><\/strong><\/p>\n<p><em>Campus Jandaia do Sul<\/em><\/p>\n<ol>\n<li><a href=\"https:\/\/progepe.ufpr.br\/capacitacao\/wp-content\/uploads\/2021\/04\/inscricoes-homologadas-e-resultado-preliminar-campus-jandaia-do-sul.pdf\">Inscri\u00e7\u00f5es homologadas e resultado preliminar \u2013 Campus Jandaia do Sul<\/a><\/li>\n<li><a href=\"https:\/\/progepe.ufpr.br\/capacitacao\/wp-content\/uploads\/2021\/04\/resultado-final-campus-jandaia-do-sul.pdf\">Resultado final \u2013 Campus Jandaia do Sul<\/a><\/li>\n<\/ol>\n<p><em>Setor de Ci\u00eancias Agr\u00e1rias<\/em><\/p>\n<ol>\n<li><a href=\"https:\/\/progepe.ufpr.br\/capacitacao\/wp-content\/uploads\/2021\/04\/inscricoes-homologadas-e-resultado-preliminar-setor-de-ciencias-agrarias.pdf\">Inscri\u00e7\u00f5es homologadas e resultado preliminar \u2013 Setor de Ci\u00eancias Agr\u00e1rias<\/a><\/li>\n<li><a href=\"https:\/\/progepe.ufpr.br\/capacitacao\/wp-content\/uploads\/2021\/04\/resultado-final-setor-de-ciencias-agrarias.pdf\">Resultado final \u2013 Setor de Ci\u00eancias Agr\u00e1rias<\/a><\/li>\n<\/ol>\n<p><em>Setor de Ci\u00eancias da Sa\u00fade<\/em><\/p>\n<ol>\n<li><a href=\"https:\/\/progepe.ufpr.br\/capacitacao\/wp-content\/uploads\/2021\/04\/inscricoes-homologadas-e-resultado-preliminar-setor-de-ciencias-da-saude.pdf\">Inscri\u00e7\u00f5es homologadas e resultado preliminar \u2013 Setor de Ci\u00eancias da Sa\u00fade<\/a><\/li>\n<li><a href=\"https:\/\/progepe.ufpr.br\/capacitacao\/wp-content\/uploads\/2021\/04\/resultado-final-setor-de-ciencias-da-saude.pdf\">Resultado final \u2013 Setor de Ci\u00eancias da Sa\u00fade<\/a><\/li>\n<\/ol>\n<p><em>Setor de Ci\u00eancias da Terra<\/em><\/p>\n<ol>\n<li><a href=\"https:\/\/progepe.ufpr.br\/capacitacao\/wp-content\/uploads\/2021\/04\/inscricoes-homologadas-e-resultado-preliminar-setor-de-ciencias-da-terra.pdf\">Inscri\u00e7\u00f5es homologadas e resultado preliminar \u2013 Setor de Ci\u00eancias da Terra<\/a><\/li>\n<li><a href=\"https:\/\/progepe.ufpr.br\/capacitacao\/wp-content\/uploads\/2021\/04\/resultado-final-setor-de-ciencias-da-terra.pdf\">Resultado final \u2013 Setor de Ci\u00eancias da Terra<\/a><\/li>\n<\/ol>\n<p><em>Setor de Ci\u00eancias Exatas<\/em><\/p>\n<ol>\n<li><a href=\"https:\/\/progepe.ufpr.br\/capacitacao\/wp-content\/uploads\/2021\/04\/inscricoes-homologadas-e-resultado-preliminar-setor-de-ciencias-exatas.pdf\">Inscri\u00e7\u00f5es homologadas e resultado preliminar \u2013 Setor de Ci\u00eancias Exatas<\/a><\/li>\n<li><a href=\"https:\/\/progepe.ufpr.br\/capacitacao\/wp-content\/uploads\/2021\/04\/resultado-final-setor-de-ciencias-exatas.pdf\">Resultado final \u2013 Setor de Ci\u00eancias Exatas<\/a><\/li>\n<\/ol>\n<p><em>Setor de Ci\u00eancias Humanas<\/em><\/p>\n<ol>\n<li><a href=\"https:\/\/progepe.ufpr.br\/capacitacao\/wp-content\/uploads\/2021\/04\/inscricoes-homologadas-e-resultado-preliminar-setor-de-ciencias-humanas.pdf\">Inscri\u00e7\u00f5es homologadas e resultado preliminar \u2013 Setor de Ci\u00eancias Humanas<\/a><\/li>\n<li><a href=\"https:\/\/progepe.ufpr.br\/capacitacao\/wp-content\/uploads\/2021\/04\/resultado-final-setor-de-ciencias-humanas.pdf\">Resultado final \u2013 Setor de Ci\u00eancias Humanas<\/a><\/li>\n<\/ol>\n<p><em>Setor de Ci\u00eancias Sociais Aplicadas<\/em><\/p>\n<ol>\n<li><a href=\"https:\/\/progepe.ufpr.br\/capacitacao\/wp-content\/uploads\/2021\/04\/inscricoes-homologadas-e-resultado-preliminar-setor-de-ciencias-sociais-aplicadas.pdf\">Inscri\u00e7\u00f5es homologadas e resultado preliminar \u2013 Setor de Ci\u00eancias Sociais Aplicadas<\/a><\/li>\n<li><a href=\"https:\/\/progepe.ufpr.br\/capacitacao\/wp-content\/uploads\/2021\/04\/resultado-final-setor-de-ciencias-sociais-aplicadas.pdf\">Resultado final \u2013 Setor de Ci\u00eancias Sociais Aplicadas<\/a><\/li>\n<\/ol>\n<p><em>Setor de Educa\u00e7\u00e3o<\/em><\/p>\n<ol>\n<li><a href=\"https:\/\/progepe.ufpr.br\/capacitacao\/wp-content\/uploads\/2021\/04\/inscricoes-homologadas-e-resultado-preliminar-setor-de-educacao.pdf\">Inscri\u00e7\u00f5es homologadas e resultado preliminar \u2013 Setor de Educa\u00e7\u00e3o<\/a><\/li>\n<li><a href=\"https:\/\/progepe.ufpr.br\/capacitacao\/wp-content\/uploads\/2021\/04\/resultado-final-setor-de-educacao.pdf\">Resultado final \u2013 Setor de Educa\u00e7\u00e3o<\/a><\/li>\n<\/ol>\n<p><em>Setor de Tecnologia<\/em><\/p>\n<ol>\n<li><a href=\"https:\/\/progepe.ufpr.br\/capacitacao\/wp-content\/uploads\/2021\/04\/inscricoes-homologadas-e-resultado-preliminar-setor-de-tecnologia.pdf\">Inscri\u00e7\u00f5es homologadas e resultado preliminar \u2013 Setor de Tecnologia<\/a><\/li>\n<li><a href=\"https:\/\/progepe.ufpr.br\/capacitacao\/wp-content\/uploads\/2021\/04\/resultado-final-setor-de-tecnologia.pdf\">Resultado final \u2013 Setor de Tecnologia<\/a><\/li>\n<\/ol>\n<p><em>Setor Litoral<\/em><\/p>\n<ol>\n<li><a href=\"https:\/\/progepe.ufpr.br\/capacitacao\/wp-content\/uploads\/2021\/04\/inscricoes-homologadas-e-resultado-preliminar-setor-litoral.pdf\">Inscri\u00e7\u00f5es homologadas e resultado preliminar \u2013 Setor Litoral<\/a><\/li>\n<li><a href=\"https:\/\/progepe.ufpr.br\/capacitacao\/wp-content\/uploads\/2021\/04\/resultado-final-setor-litoral.pdf\">Resultado final \u2013 Setor Litoral<\/a><\/li>\n<\/ol>\n<p><em>Setor Palotina\u00a0<\/em><\/p>\n<ol>\n<li><a href=\"https:\/\/progepe.ufpr.br\/capacitacao\/wp-content\/uploads\/2021\/04\/inscricoes-homologadas-e-resultado-preliminar-setor-palotina.pdf\">Inscri\u00e7\u00f5es homologadas e resultado preliminar \u2013 Setor Palotina<\/a><\/li>\n<li><a href=\"https:\/\/progepe.ufpr.br\/capacitacao\/wp-content\/uploads\/2021\/04\/resultado-final-setor-palotina.pdf\">Resultado final \u2013 Setor Palotina<\/a><\/li>\n<\/ol>\n<hr \/>\n<h6><strong>Processo Seletivo para classifica\u00e7\u00e3o dos (as) servidores (as) da carreira T\u00e9cnico-Administrativo em Educa\u00e7\u00e3o para participa\u00e7\u00e3o em Programas de P\u00f3s-Gradua\u00e7\u00e3o ou P\u00f3s-Doutorado \u2013 2021\u00a0 <span style=\"color: #800000;\">\u00a0FINALIZADO<\/span><\/strong><\/h6>\n<p><a href=\"https:\/\/progepe.ufpr.br\/capacitacao\/wp-content\/uploads\/2021\/04\/edital-01-2021-progepe-cdp.pdf\">Edital 01-2021 PROGEPE-CDP<\/a>\u00a0\u2013 Processo seletivo (T\u00e9cnicos)<\/p>\n<p><a href=\"https:\/\/progepe.ufpr.br\/capacitacao\/wp-content\/uploads\/2021\/04\/errata-01-do-edital-01-2021-progepe-cdp.pdf\">Errata 01 do Edital 01-2021 PROGEPE-CDP<\/a><\/p>\n<p><a href=\"https:\/\/progepe.ufpr.br\/capacitacao\/wp-content\/uploads\/2021\/04\/errata-02-do-edital-01-2021-progepe-cdp.pdf\">Errata 02 do Edital 01-2021 PROGEPE-CDP<\/a><\/p>\n<p><strong><em>Aten\u00e7\u00e3o!<\/em><\/strong><\/p>\n<p>Em fun\u00e7\u00e3o do trabalho remoto, informamos que os Anexos estar\u00e3o dispon\u00edveis em documento\u00a0<em>word<\/em>\u00a0e poder\u00e3o ser transcritos em documento no SEI para assinatura do (a) servidor (a) e chefia imediata quando for o caso. Ap\u00f3s, transformados em PDF e encaminhados com o restante da documenta\u00e7\u00e3o pelo SIGA.<\/p>\n<p><a href=\"https:\/\/progepe.ufpr.br\/capacitacao\/wp-content\/uploads\/2021\/04\/anexos-em-word-do-edital-no-01-2021-progepe-cdp.docx\">Anexos em word do Edital n\u00ba 01-2021 PROGEPE-CDP<\/a><\/p>\n<p><a href=\"https:\/\/progepe.ufpr.br\/capacitacao\/wp-content\/uploads\/2021\/04\/orientacoes-tecnicos.pdf\">Orienta\u00e7\u00f5es-T\u00e9cnicos<\/a><\/p>\n<p><strong><em>Resultados do Edital 01-2021 PROGEPE-CDP<\/em><\/strong><\/p>\n<ol>\n<li>Inscri\u00e7\u00f5es homologadas e resultado preliminar\u00a0<a href=\"https:\/\/progepe.ufpr.br\/capacitacao\/wp-content\/uploads\/2021\/04\/edital-01-2021-comissao-do-processo-seletivo.pdf\">Edital 01-2021 Comiss\u00e3o do Processo Seletivo<\/a><\/li>\n<li>Resultado final\u00a0<a href=\"https:\/\/progepe.ufpr.br\/capacitacao\/wp-content\/uploads\/2021\/04\/edital-02-2021-comissao-do-processo-seletivo.pdf\">Edital 02-2021 Comiss\u00e3o do Processo Seletivo<\/a><\/li>\n<li><a href=\"https:\/\/progepe.ufpr.br\/capacitacao\/wp-content\/uploads\/2021\/06\/errata-do-edital-02-2021-comissao-do-processo-seletivo.pdf\">Errata do Edital 02-2021 Comiss\u00e3o do Processo Seletivo<\/a><\/li>\n<\/ol>\n<hr \/>\n<p><strong>Atualizado em 11\/01\/2023.<\/strong><\/p>\n","protected":false},"excerpt":{"rendered":"<p>Processo Seletivo para classifica\u00e7\u00e3o dos (as) servidores (as) da carreira Magist\u00e9rio Superior e Magist\u00e9rio do Ensino B\u00e1sico, T\u00e9cnico e Tecnol\u00f3gico para participa\u00e7\u00e3o em Programas de P\u00f3s-Gradua\u00e7\u00e3o ou P\u00f3s-Doutorado \u2013 2021\u00a0 FINALIZADO Edital 06-2021 PROGEPE-CDP\u00a0\u2013 Processo seletivo (Docentes) Anexos do Edital em word: Edital 06-2021 PROGEPE-CDP Anexo I Edital 06-2021 PROGEPE-CDP Anexo II Edital 06-2021 PROGEPE-CDP [&hellip;]<\/p>\n","protected":false},"author":41,"featured_media":0,"parent":0,"menu_order":0,"comment_status":"closed","ping_status":"closed","template":"","meta":{"_coblocks_attr":"","_coblocks_dimensions":"","_coblocks_responsive_height":"","_coblocks_accordion_ie_support":"","_uag_custom_page_level_css":"","iawp_total_views":8,"footnotes":""},"class_list":["post-3930","page","type-page","status-publish","hentry"],"uagb_featured_image_src":{"full":false,"thumbnail":false,"medium":false,"medium_large":false,"large":false,"1536x1536":false,"2048x2048":false},"uagb_author_info":{"display_name":"progepe-admin","author_link":"https:\/\/progepe.ufpr.br\/capacitacao\/author\/progepe-admin\/"},"uagb_comment_info":0,"uagb_excerpt":"Processo Seletivo para classifica\u00e7\u00e3o dos (as) servidores (as) da carreira Magist\u00e9rio Superior e Magist\u00e9rio do Ensino B\u00e1sico, T\u00e9cnico e Tecnol\u00f3gico para participa\u00e7\u00e3o em Programas de P\u00f3s-Gradua\u00e7\u00e3o ou P\u00f3s-Doutorado \u2013 2021\u00a0 FINALIZADO Edital 06-2021 PROGEPE-CDP\u00a0\u2013 Processo seletivo (Docentes) Anexos do Edital em word: Edital 06-2021 PROGEPE-CDP Anexo I Edital 06-2021 PROGEPE-CDP Anexo II Edital 06-2021 PROGEPE-CDP&hellip;","publishpress_future_workflow_manual_trigger":{"enabledWorkflows":[]},"_links":{"self":[{"href":"https:\/\/progepe.ufpr.br\/capacitacao\/wp-json\/wp\/v2\/pages\/3930","targetHints":{"allow":["GET"]}}],"collection":[{"href":"https:\/\/progepe.ufpr.br\/capacitacao\/wp-json\/wp\/v2\/pages"}],"about":[{"href":"https:\/\/progepe.ufpr.br\/capacitacao\/wp-json\/wp\/v2\/types\/page"}],"author":[{"embeddable":true,"href":"https:\/\/progepe.ufpr.br\/capacitacao\/wp-json\/wp\/v2\/users\/41"}],"replies":[{"embeddable":true,"href":"https:\/\/progepe.ufpr.br\/capacitacao\/wp-json\/wp\/v2\/comments?post=3930"}],"version-history":[{"count":2,"href":"https:\/\/progepe.ufpr.br\/capacitacao\/wp-json\/wp\/v2\/pages\/3930\/revisions"}],"predecessor-version":[{"id":77175,"href":"https:\/\/progepe.ufpr.br\/capacitacao\/wp-json\/wp\/v2\/pages\/3930\/revisions\/77175"}],"wp:attachment":[{"href":"https:\/\/progepe.ufpr.br\/capacitacao\/wp-json\/wp\/v2\/media?parent=3930"}],"curies":[{"name":"wp","href":"https:\/\/api.w.org\/{rel}","templated":true}]}}