{"id":3932,"date":"2022-12-01T16:27:05","date_gmt":"2022-12-01T19:27:05","guid":{"rendered":"https:\/\/www.prppg.ufpr.br\/site\/portalcapacitacao\/?page_id=3932"},"modified":"2025-02-04T15:48:24","modified_gmt":"2025-02-04T18:48:24","slug":"editais-afastamento-2022","status":"publish","type":"page","link":"https:\/\/progepe.ufpr.br\/capacitacao\/editais-afastamento-2022\/","title":{"rendered":"Editais &#8211; Afastamentos &#8211; 2022"},"content":{"rendered":"<h6><strong>Processo Seletivo para classifica\u00e7\u00e3o dos (as) servidores (as) da carreira Magist\u00e9rio Superior e Magist\u00e9rio do Ensino B\u00e1sico, T\u00e9cnico e Tecnol\u00f3gico para participa\u00e7\u00e3o em Programas de P\u00f3s-Gradua\u00e7\u00e3o ou P\u00f3s-Doutorado &#8211; 2022\u00a0 \u00a0<span style=\"color: #800000;\">FINALIZADO<\/span><\/strong><\/h6>\n<p><a href=\"https:\/\/progepe.ufpr.br\/capacitacao\/wp-content\/uploads\/2023\/03\/edital-18-2022-progepe-cdp.pdf\">Edital 18-2022 PROGEPE-CDP &#8211; Processo Seletivo<\/a><\/p>\n<p><a href=\"https:\/\/progepe.ufpr.br\/capacitacao\/wp-content\/uploads\/2022\/11\/edital-19-cdp-progepe-inscricoes-homologadas.pdf\">Edital 19-2022 -PROGEPE -CDP &#8211; Inscri\u00e7\u00f5es aceitas<\/a><\/p>\n<p><strong><em><span style=\"color: #800000;\">Anexos do Edital em word:<\/span><\/em><\/strong><\/p>\n<p><a href=\"https:\/\/progepe.ufpr.br\/capacitacao\/wp-content\/uploads\/2022\/11\/edital-18-2022-progepe-cdp-anexo-i.docx\">Edital 18-2022 PROGEPE-CDP Anexo I<\/a><\/p>\n<p><a href=\"https:\/\/progepe.ufpr.br\/capacitacao\/wp-content\/uploads\/2022\/11\/edital-18-2022-progepe-cdp-anexo-ii.docx\">Edital 18-2022 PROGEPE-CDP Anexo II<\/a><\/p>\n<p><a href=\"https:\/\/progepe.ufpr.br\/capacitacao\/wp-content\/uploads\/2022\/11\/edital-18-2022-progepe-cdp-anexo-iii.docx\">Edital 18-2022 PROGEPE-CDP Anexo III<\/a><\/p>\n<p><a href=\"https:\/\/progepe.ufpr.br\/capacitacao\/wp-content\/uploads\/2022\/11\/edital-18-2022-progepe-cdp-anexo-iv.docx\">Edital 18-2022 PROGEPE-CDP Anexo IV<\/a><\/p>\n<p><a href=\"https:\/\/progepe.ufpr.br\/capacitacao\/wp-content\/uploads\/2022\/11\/edital-18-2022-progepe-cdp-anexo-v.docx\">Edital 18-2022 PROGEPE-CDP Anexo V<\/a><\/p>\n<p><b><i><strong><em>Resultados do Edital 18\/2022 PROGEPE-CDP<\/em><\/strong><\/i><\/b><\/p>\n<p><em>Setor Litoral<\/em><\/p>\n<ol>\n<li><a href=\"https:\/\/progepe.ufpr.br\/capacitacao\/wp-content\/uploads\/2022\/11\/inscricoes-homologadas-e-resultado-preliminar-setor-litoral.pdf\">Inscri\u00e7\u00f5es homologadas e resultado preliminar &#8211; Setor Litoral<\/a><\/li>\n<li><a href=\"https:\/\/progepe.ufpr.br\/capacitacao\/wp-content\/uploads\/2022\/11\/resultado-final-setor-litoral.pdf\">Resultado Final &#8211; Setor Litoral<\/a><\/li>\n<\/ol>\n<p><em>Campus Pontal do Paran\u00e1<\/em><\/p>\n<ol>\n<li><a href=\"https:\/\/progepe.ufpr.br\/capacitacao\/wp-content\/uploads\/2022\/11\/inscricoes-homologadas-e-resultado-preliminar-campus-pontal-do-parana.pdf\">Inscri\u00e7\u00f5es homologadas e resultado preliminar &#8211; Campus Pontal do Paran\u00e1<\/a><\/li>\n<li><a href=\"https:\/\/progepe.ufpr.br\/capacitacao\/wp-content\/uploads\/2022\/11\/resultado-final-campus-pontal-do-parana.pdf\">Resultado Final &#8211; Campus Pontal do Paran\u00e1<\/a><\/li>\n<\/ol>\n<p><em>Setor de Tecnologia<\/em><\/p>\n<ol>\n<li><a href=\"https:\/\/progepe.ufpr.br\/capacitacao\/wp-content\/uploads\/2022\/11\/inscricoes-homologadas-e-resultado-preliminar-setor-de-tecnologia.pdf\">Inscri\u00e7\u00f5es homologadas e resultado preliminar &#8211; Setor de Tecnologia<\/a><\/li>\n<li><a href=\"https:\/\/progepe.ufpr.br\/capacitacao\/wp-content\/uploads\/2022\/11\/resultado-final-setor-de-tecnologia.pdf\">Resultado Final &#8211; Setor de Tecnologia<\/a><\/li>\n<\/ol>\n<hr \/>\n<h6><strong>Processo Seletivo para classifica\u00e7\u00e3o dos (as) servidores (as) da carreira Magist\u00e9rio Superior e Magist\u00e9rio do Ensino B\u00e1sico, T\u00e9cnico e Tecnol\u00f3gico para participa\u00e7\u00e3o em Programas de P\u00f3s-Gradua\u00e7\u00e3o ou P\u00f3s-Doutorado &#8211; 2022\u00a0 <\/strong><strong><span style=\"color: #800000;\">FINALIZADO<\/span><\/strong><\/h6>\n<p><a href=\"https:\/\/progepe.ufpr.br\/capacitacao\/wp-content\/uploads\/2022\/10\/edital-10-2022-progepe-cdp-1.pdf\">Edital 10-2022 PROGEPE-CDP <\/a>&#8211; Processo seletivo (Docentes)<\/p>\n<p><a href=\"https:\/\/progepe.ufpr.br\/capacitacao\/wp-content\/uploads\/2022\/10\/edital-no-12-2022-progepe-cdp.pdf\">EDITAL N\u00ba 12-2022 &#8211; PROGEPE-CDP<\/a> &#8211; Retifica\u00e7\u00e3o (Docentes)<\/p>\n<p><a href=\"https:\/\/progepe.ufpr.br\/capacitacao\/wp-content\/uploads\/2022\/11\/edital-n-o-17-2022-progepe-cdp.pdf\">Edital n.\u00ba 17.2022 PROGEPE-CDP<\/a><\/p>\n<p><strong><em><span style=\"color: #800000;\">Anexos do Edital em word:<\/span><\/em><\/strong><\/p>\n<p><a href=\"https:\/\/progepe.ufpr.br\/capacitacao\/wp-content\/uploads\/2022\/10\/edital-10-2022-progepe-cdp-anexo-i.docx\">Edital 10-2022 PROGEPE-CDP Anexo I<\/a><\/p>\n<p><a href=\"https:\/\/progepe.ufpr.br\/capacitacao\/wp-content\/uploads\/2022\/10\/edital-10-2022-progepe-cdp-anexo-ii.docx\">Edital 10-2022 PROGEPE-CDP Anexo II<\/a><\/p>\n<p><a href=\"https:\/\/progepe.ufpr.br\/capacitacao\/wp-content\/uploads\/2022\/10\/edital-10-2022-progepe-cdp-anexo-iv.docx\">Edital 10-2022 PROGEPE-CDP Anexo IV<\/a><\/p>\n<p><a href=\"https:\/\/progepe.ufpr.br\/capacitacao\/wp-content\/uploads\/2022\/10\/edital-10-2022-progepe-cdp-anexo-v.docx\">Edital 10-2022 PROGEPE-CDP Anexo V<\/a><\/p>\n<p><a href=\"https:\/\/progepe.ufpr.br\/capacitacao\/wp-content\/uploads\/2022\/10\/orientacoes-docentes.docx\">Orienta\u00e7\u00f5es-Docentes (Edital 10-2022 PROGEPE-CDP)<\/a><\/p>\n<p><b><i><strong><em>Resultados do Edital 10\/2022 PROGEPE-CDP<\/em><\/strong><\/i><\/b><\/p>\n<p><a href=\"https:\/\/progepe.ufpr.br\/capacitacao\/wp-content\/uploads\/2022\/10\/edital-14-2022-progepe-cdp-divulgacao-das-inscricoes.pdf\">Edital 14.2022 PROGEPE-CDP &#8211; Divulga\u00e7\u00e3o das Inscri\u00e7\u00f5es<\/a><\/p>\n<p><a href=\"https:\/\/progepe.ufpr.br\/capacitacao\/wp-content\/uploads\/2022\/10\/edital-no-16-2022-progepe-cdp.pdf\">Edital 16.2022 &#8211; PROGEPE-CDP- Retifica\u00e7\u00e3o<\/a><\/p>\n<p><strong><em>Resultados do Edital 10\/2022 PROGEPE-CDP<\/em><\/strong><\/p>\n<p><em>Campus Pontal do Paran\u00e1<\/em><\/p>\n<ol>\n<li><a href=\"https:\/\/progepe.ufpr.br\/capacitacao\/wp-content\/uploads\/2022\/10\/inscricoes-homologadas-e-resultado-preliminar-campus-pontal-do-parana.pdf\">Inscri\u00e7\u00f5es homologadas e resultado preliminar &#8211; Campus Pontal do Paran\u00e1<\/a><\/li>\n<li><em><span style=\"color: #993366;\">Aguardando retorno do Setor para publica\u00e7\u00e3o do Resultado final\u00a0 &#8211; vide <a href=\"https:\/\/progepe.ufpr.br\/capacitacao\/wp-content\/uploads\/2022\/11\/edital-n-o-17-2022-progepe-cdp.pdf\">http:\/\/Edital n.\u00ba 17.2022 PROGEPE-CDP<\/a>\u00a0<\/span><\/em><\/li>\n<\/ol>\n<p><em>Campus Toledo<\/em><\/p>\n<ol>\n<li><a href=\"https:\/\/progepe.ufpr.br\/capacitacao\/wp-content\/uploads\/2022\/10\/inscricoes-homologadas-e-resultado-preliminar--campus-toledo.pdf\">Inscri\u00e7\u00f5es homologadas e resultado preliminar \u2013 Campus Toledo<\/a><\/li>\n<li><a href=\"https:\/\/progepe.ufpr.br\/capacitacao\/wp-content\/uploads\/2022\/10\/resultado-final-campus-toledo.pdf\">Resultado final &#8211; Campus Toledo<\/a><\/li>\n<\/ol>\n<p><em>Setor de Artes, Comunica\u00e7\u00e3o e Design<\/em><\/p>\n<ol>\n<li><a href=\"https:\/\/progepe.ufpr.br\/capacitacao\/wp-content\/uploads\/2022\/10\/inscricoes-homologadas-e-resultado-preliminar-sacod.pdf\">Inscri\u00e7\u00f5es homologadas e resultado preliminar &#8211; SACOD<\/a><\/li>\n<li><a href=\"https:\/\/progepe.ufpr.br\/capacitacao\/wp-content\/uploads\/2022\/10\/resultado-final--setor-de-artes-comunicacao-e-design.pdf\">Resultado final \u2013 SACOD<\/a><\/li>\n<li><a href=\"https:\/\/progepe.ufpr.br\/capacitacao\/wp-content\/uploads\/2022\/11\/sei_5041044_informacao_43-1.pdf\">Errata &#8211; Edital resultafo final &#8211; SACOD<\/a><\/li>\n<\/ol>\n<p><em>Setor de Ci\u00eancias Agr\u00e1rias<\/em><\/p>\n<ol>\n<li><a href=\"https:\/\/progepe.ufpr.br\/capacitacao\/wp-content\/uploads\/2022\/10\/inscricoes-homologadas-e-resultado-preliminar--setor-de-ciencias-agrarias.pdf\">Inscri\u00e7\u00f5es homologadas e resultado preliminar \u2013 Setor de Ci\u00eancias Agr\u00e1rias<\/a><\/li>\n<li><a href=\"https:\/\/progepe.ufpr.br\/capacitacao\/wp-content\/uploads\/2022\/10\/resultado-final--setor-de-ciencias-agrarias.pdf\">Resultado final \u2013 Setor de Ci\u00eancias Agr\u00e1rias<\/a><\/li>\n<\/ol>\n<p><em>Setor de Ci\u00eancias Biol\u00f3gicas<\/em><\/p>\n<ol>\n<li><a href=\"https:\/\/progepe.ufpr.br\/capacitacao\/wp-content\/uploads\/2022\/10\/inscricoes-homologadas-e-resultado-preliminar--setor-de-ciencias-biologicas-1.pdf\">Inscri\u00e7\u00f5es homologadas e resultado preliminar \u2013 Setor de Ci\u00eancias Biol\u00f3gicas<\/a><\/li>\n<li><a href=\"https:\/\/progepe.ufpr.br\/capacitacao\/wp-content\/uploads\/2022\/10\/resultado-final--setor-de-ciencias-biologicas.pdf\">Resultado final \u2013 Setor de Ci\u00eancias Biol\u00f3gicas<\/a><\/li>\n<\/ol>\n<p><em>Setor de Ci\u00eancias da Sa\u00fade<\/em><\/p>\n<ol>\n<li><i><a href=\"https:\/\/progepe.ufpr.br\/capacitacao\/wp-content\/uploads\/2022\/10\/inscricoes-homologadas-e-resultado-preliminar--setor-de-ciencias-da-saude-1.pdf\">Inscri\u00e7\u00f5es homologadas e resultado preliminar \u2013 Setor de Ci\u00eancias da Sa\u00fade<\/a><\/i><\/li>\n<li><a href=\"https:\/\/progepe.ufpr.br\/capacitacao\/wp-content\/uploads\/2022\/10\/resultado-final--setor-de-ciencias-da-saude.pdf\">Resultado final \u2013 Setor de Ci\u00eancias da Sa\u00fade<\/a><\/li>\n<\/ol>\n<p><em>Setor de Ci\u00eancias Humanas<\/em><\/p>\n<ol>\n<li><a href=\"https:\/\/progepe.ufpr.br\/capacitacao\/wp-content\/uploads\/2022\/10\/inscricoes-homologadas-e-resultado-preliminar--setor-de-ciencias-humanas.pdf\">Inscri\u00e7\u00f5es homologadas e resultado preliminar \u2013 Setor de Ci\u00eancias Humanas<\/a><\/li>\n<li><a href=\"https:\/\/progepe.ufpr.br\/capacitacao\/wp-content\/uploads\/2022\/10\/resultado-final--setor-de-ciencias-humanas.pdf\">Resultado final \u2013 Setor de Ci\u00eancias Humanas<\/a><\/li>\n<\/ol>\n<p><em>Setor de Ci\u00eancias Jur\u00eddicas<\/em><\/p>\n<ol>\n<li><a href=\"https:\/\/progepe.ufpr.br\/capacitacao\/wp-content\/uploads\/2022\/10\/inscricoes-homologadas-e-resultado-preliminar--setor-de-ciencias-juridicas.pdf\">Inscri\u00e7\u00f5es homologadas e resultado preliminar \u2013 Setor de Ci\u00eancias Jur\u00eddicas<\/a><\/li>\n<li><em><span style=\"color: #993366;\">Aguardando retorno do Setor para publica\u00e7\u00e3o do Resultado final\u00a0 &#8211; vide <a href=\"https:\/\/progepe.ufpr.br\/capacitacao\/wp-content\/uploads\/2022\/11\/edital-n-o-17-2022-progepe-cdp.pdf\">http:\/\/Edital n.\u00ba 17.2022 PROGEPE-CDP<\/a>\u00a0<\/span><\/em><\/li>\n<\/ol>\n<p><em>Setor de Ci\u00eancias Sociais Aplicadas<\/em><\/p>\n<ol>\n<li><a href=\"https:\/\/progepe.ufpr.br\/capacitacao\/wp-content\/uploads\/2022\/10\/inscricoes-homologadas-e-resultado-preliminar--setor-de-ciencias-sociais-aplicadas.pdf\">Inscri\u00e7\u00f5es homologadas e resultado preliminar \u2013 Setor de Ci\u00eancias Sociais Aplicadas<\/a><\/li>\n<li><a href=\"https:\/\/progepe.ufpr.br\/capacitacao\/wp-content\/uploads\/2024\/01\/sei_5038882_edital_3.pdf\">Resultado final &#8211; Setor de Ci\u00eancias Sociais Aplicadas<\/a><\/li>\n<\/ol>\n<p><em>Setor de Educa\u00e7\u00e3o<\/em><\/p>\n<ol>\n<li><a href=\"https:\/\/progepe.ufpr.br\/capacitacao\/wp-content\/uploads\/2022\/10\/inscricoes-homologadas-e-resultado-preliminar--setor-de-educacao.pdf\">Inscri\u00e7\u00f5es homologadas e resultado preliminar \u2013 Setor de Educa\u00e7\u00e3o<\/a><\/li>\n<li><a href=\"https:\/\/progepe.ufpr.br\/capacitacao\/wp-content\/uploads\/2022\/10\/resultado-final--setor-de-ciencias-educacao.pdf\">Resultado final \u2013 Setor de Ci\u00eancias Educa\u00e7\u00e3o<\/a><\/li>\n<\/ol>\n<p><em>Setor Litoral<\/em><\/p>\n<ol>\n<li><span style=\"color: #993366;\">\u00a0Aguardando retorno do Setor para publica\u00e7\u00e3o das Inscri\u00e7\u00f5es homologadas e resultado final <em>&#8211; vide <a href=\"https:\/\/progepe.ufpr.br\/capacitacao\/wp-content\/uploads\/2022\/11\/edital-n-o-17-2022-progepe-cdp.pdf\">http:\/\/Edital n.\u00ba 17.2022 PROGEPE-CDP<\/a>\u00a0<\/em><\/span><\/li>\n<li><span style=\"color: #993366;\">Aguardando retorno do Setor para publica\u00e7\u00e3o dos recursos (se houver) <em>&#8211; vide <a href=\"https:\/\/progepe.ufpr.br\/capacitacao\/wp-content\/uploads\/2022\/11\/edital-n-o-17-2022-progepe-cdp.pdf\">http:\/\/Edital n.\u00ba 17.2022 PROGEPE-CDP<\/a>\u00a0<\/em><\/span><\/li>\n<li><span style=\"color: #993366;\">Aguardando retorno do Setor para publica\u00e7\u00e3o do resultado final <em>&#8211; vide <a href=\"https:\/\/progepe.ufpr.br\/capacitacao\/wp-content\/uploads\/2022\/11\/edital-n-o-17-2022-progepe-cdp.pdf\">http:\/\/Edital n.\u00ba 17.2022 PROGEPE-CDP<\/a>\u00a0<\/em><\/span><\/li>\n<\/ol>\n<p><em>Setor Palotina<\/em><\/p>\n<ol>\n<li><a href=\"https:\/\/progepe.ufpr.br\/capacitacao\/wp-content\/uploads\/2022\/10\/inscricoes-homologadas-e-resultado-preliminar--setor-palotina.pdf\">Inscri\u00e7\u00f5es homologadas e resultado preliminar \u2013 Setor Palotina<\/a><\/li>\n<li><a href=\"https:\/\/progepe.ufpr.br\/capacitacao\/wp-content\/uploads\/2022\/10\/resultado-final--setor-palotina.pdf\">Resultado final \u2013 Setor Palotina<\/a><\/li>\n<\/ol>\n<p><em>Setor de Tecnologia<\/em><\/p>\n<ol>\n<li><a href=\"https:\/\/progepe.ufpr.br\/capacitacao\/wp-content\/uploads\/2022\/10\/inscricoes-homologadas-e-resultado-preliminar--setor-de-tecnologia.pdf\">Inscri\u00e7\u00f5es homologadas e resultado preliminar \u2013 Setor de Tecnologia<\/a><\/li>\n<li><em><span style=\"color: #993366;\">Aguardando retorno do Setor para publica\u00e7\u00e3o do Resultado final &#8211; vide <a href=\"https:\/\/progepe.ufpr.br\/capacitacao\/wp-content\/uploads\/2022\/11\/edital-n-o-17-2022-progepe-cdp.pdf\">http:\/\/Edital n.\u00ba 17.2022 PROGEPE-CDP<\/a>\u00a0<\/span><\/em><\/li>\n<\/ol>\n<hr \/>\n<h6><strong>Processo Seletivo para classifica\u00e7\u00e3o dos (as) servidores (as) da carreira T\u00e9cnico-Administrativo em Educa\u00e7\u00e3o para participa\u00e7\u00e3o em Programas de P\u00f3s-Gradua\u00e7\u00e3o ou P\u00f3s-Doutorado &#8211; 2022<\/strong><\/h6>\n<p><a href=\"https:\/\/progepe.ufpr.br\/capacitacao\/wp-content\/uploads\/2022\/10\/edital-09-2022-progepe-cdp-1.pdf\">Edital 09-2022 PROGEPE-CDP <\/a>\u00a0Processo seletivo (T\u00e9cnicos)<\/p>\n<p><a href=\"https:\/\/progepe.ufpr.br\/capacitacao\/wp-content\/uploads\/2022\/10\/edital-no-11-2022-progepe-cdp.pdf\">EDITAL N\u00ba 11-2022 &#8211; PROGEPE-CDP<\/a>\u00a0 Retifica\u00e7\u00e3o\u00a0(T\u00e9cnicos)<\/p>\n<p><strong><em><span style=\"color: #800000;\">Anexos do Edital em word:<\/span><\/em><\/strong><\/p>\n<p><a href=\"https:\/\/progepe.ufpr.br\/capacitacao\/wp-content\/uploads\/2022\/10\/edital-09-2022-progepe-cdp-anexo-i.docx\">Edital 09-2022 PROGEPE-CDP Anexo I<\/a><\/p>\n<p><a href=\"https:\/\/progepe.ufpr.br\/capacitacao\/wp-content\/uploads\/2022\/10\/edital-09-2022-progepe-cdp-anexo-ii.docx\">Edital 09-2022 PROGEPE-CDP Anexo II<\/a><\/p>\n<p><a href=\"https:\/\/progepe.ufpr.br\/capacitacao\/wp-content\/uploads\/2022\/10\/edital-09-2022-progepe-cdp-anexo-iv.docx\">Edital 09-2022 PROGEPE-CDP Anexo IV<\/a><\/p>\n<p><a href=\"https:\/\/progepe.ufpr.br\/capacitacao\/wp-content\/uploads\/2022\/10\/edital-09-2022-progepe-cdp-anexo-v.docx\">Edital 09-2022 PROGEPE-CDP Anexo V<\/a><\/p>\n<p><a href=\"https:\/\/progepe.ufpr.br\/capacitacao\/wp-content\/uploads\/2022\/10\/orientacoes-tecnico.docx\">Orienta\u00e7\u00f5es-T\u00e9cnico(Edital 09-2022 PROGEPE-CDP)<\/a><\/p>\n<p><b><i><strong><em>Resultados do Edital 09\/2022 PROGEPE-CDP<\/em><\/strong><\/i><\/b><\/p>\n<p><a href=\"https:\/\/progepe.ufpr.br\/capacitacao\/wp-content\/uploads\/2022\/10\/edital-13-22-progepe-cdp-divulgacao-das-inscricoes.pdf\">Edital 13.22 PROGEPE-CDP &#8211; Divulga\u00e7\u00e3o das inscri\u00e7\u00f5es\u00a0<\/a><\/p>\n<p><a href=\"https:\/\/progepe.ufpr.br\/capacitacao\/wp-content\/uploads\/2022\/10\/edital-no-15-2022-progepe-cdp.pdf\">Edital 15-2022 &#8211; PROGEPE-CDP- Retifica\u00e7\u00e3o<\/a><\/p>\n<ol>\n<li>Inscri\u00e7\u00f5es homologadas e resultado preliminar: <a href=\"https:\/\/progepe.ufpr.br\/capacitacao\/wp-content\/uploads\/2022\/10\/edital-01-2022-comissao-do-processo-seletivo-1.pdf\">Edital 01-2022 Comiss\u00e3o do Processo Seletivo<\/a><\/li>\n<li>Resultado Final: <a href=\"https:\/\/progepe.ufpr.br\/capacitacao\/wp-content\/uploads\/2022\/10\/edital-02-comissao-do-processo-seletivo.pdf\">Edital 02 Comissao do Processo Seletivo<\/a><\/li>\n<\/ol>\n<hr \/>\n<h6><strong>Processo Seletivo para classifica\u00e7\u00e3o dos (as) servidores (as) da carreira Magist\u00e9rio Superior e Magist\u00e9rio do Ensino B\u00e1sico, T\u00e9cnico e Tecnol\u00f3gico para participa\u00e7\u00e3o em Programas de P\u00f3s-Gradua\u00e7\u00e3o ou P\u00f3s-Doutorado &#8211; 2022\u00a0 <\/strong><strong><span style=\"color: #800000;\">FINALIZADO<\/span><\/strong><\/h6>\n<p><a href=\"https:\/\/progepe.ufpr.br\/capacitacao\/wp-content\/uploads\/2022\/04\/edital-02-2022-progepe-cdp.pdf\">Edital 02-2022 PROGEPE-CDP<\/a> &#8211; Processo seletivo (Docentes)<\/p>\n<p><a href=\"https:\/\/progepe.ufpr.br\/capacitacao\/wp-content\/uploads\/2022\/04\/edital-04-2022-progepe-cdp-.pdf\">Edital 04-2022 PROGEPE-CDP\u00a0<\/a>&#8211; Edital de altera\u00e7\u00e3o (Docentes)<\/p>\n<p><strong><em><span style=\"color: #800000;\">Anexos do Edital em word:<\/span><\/em><\/strong><\/p>\n<p><a href=\"https:\/\/progepe.ufpr.br\/capacitacao\/wp-content\/uploads\/2022\/04\/edital-02-2022-progepe-cdp-anexo-i.docx\">Edital 02-2022 PROGEPE-CDP Anexo I<\/a><\/p>\n<p><a href=\"https:\/\/progepe.ufpr.br\/capacitacao\/wp-content\/uploads\/2022\/04\/edital-02-2022-progepe-cdp-anexo-ii.docx\">Edital 02-2022 PROGEPE-CDP Anexo II<\/a><\/p>\n<p><a href=\"https:\/\/progepe.ufpr.br\/capacitacao\/wp-content\/uploads\/2022\/04\/edital-02-2022-progepe-cdp-anexo-iv.docx\">Edital 02-2022 PROGEPE-CDP Anexo IV<\/a><\/p>\n<p><a href=\"https:\/\/progepe.ufpr.br\/capacitacao\/wp-content\/uploads\/2022\/04\/edital-02-2022-progepe-cdp-anexo-v.docx\">Edital 02-2022 PROGEPE-CDP Anexo V<\/a><\/p>\n<p><a href=\"https:\/\/progepe.ufpr.br\/capacitacao\/wp-content\/uploads\/2022\/04\/orientacoes-docentes-edital-02-2022-progepe-cdp.pdf\">Orienta\u00e7\u00f5es-Docentes (Edital 02-2022 PROGEPE-CDP)<\/a><\/p>\n<p><b><i><strong><em>Resultados do Edital 02\/2022 PROGEPE-CDP<\/em><\/strong><\/i><\/b><\/p>\n<p><em>Setor de Ci\u00eancias Agr\u00e1rias<\/em><\/p>\n<ol>\n<li><a href=\"https:\/\/progepe.ufpr.br\/capacitacao\/wp-content\/uploads\/2022\/04\/inscricoes-homologadas-e-resultado-preliminar--setor-de-ciencias-agrarias.pdf\">Inscri\u00e7\u00f5es homologadas e resultado preliminar \u2013 Setor de Ci\u00eancias Agr\u00e1rias<\/a><\/li>\n<li><a href=\"https:\/\/progepe.ufpr.br\/capacitacao\/wp-content\/uploads\/2022\/04\/resultado-final--setor-de-ciencias-agrarias.pdf\">Resultado final \u2013 Setor de Ci\u00eancias Agr\u00e1rias<\/a><\/li>\n<\/ol>\n<p><em>Setor de Ci\u00eancias Biol\u00f3gicas<\/em><\/p>\n<ol>\n<li><a href=\"https:\/\/progepe.ufpr.br\/capacitacao\/wp-content\/uploads\/2022\/04\/inscricoes-homologadas-e-resultado-preliminar--setor-de-ciencias-biologicas.pdf\">Inscri\u00e7\u00f5es homologadas e resultado preliminar \u2013 Setor de Ci\u00eancias Biol\u00f3gicas<\/a><\/li>\n<li><a href=\"https:\/\/progepe.ufpr.br\/capacitacao\/wp-content\/uploads\/2022\/05\/resultado-final--setor-de-biologicas.pdf\">Resultado final \u2013 Setor de Biol\u00f3gicas<\/a><\/li>\n<\/ol>\n<p><em>Setor de Ci\u00eancias Exatas<\/em><\/p>\n<ol>\n<li><a href=\"https:\/\/progepe.ufpr.br\/capacitacao\/wp-content\/uploads\/2022\/04\/inscricoes-homologadas-e-resultado-preliminar--setor-de-ciencias-exatas.pdf\">Inscri\u00e7\u00f5es homologadas e resultado preliminar \u2013 Setor de Ci\u00eancias Exatas<\/a><\/li>\n<li><a href=\"https:\/\/progepe.ufpr.br\/capacitacao\/wp-content\/uploads\/2022\/04\/resultado-final--setor-de-ciencias-exatas.pdf\">Resultado final \u2013 Setor de Ci\u00eancias Exatas<\/a><\/li>\n<\/ol>\n<p><em>Setor de Ci\u00eancias Humanas<\/em><\/p>\n<ol>\n<li><a href=\"https:\/\/progepe.ufpr.br\/capacitacao\/wp-content\/uploads\/2022\/04\/inscricoes-homologadas-e-resultado-preliminar--setor-de-ciencias-humanas.pdf\">Inscri\u00e7\u00f5es homologadas e resultado preliminar \u2013 Setor de Ci\u00eancias Humanas<\/a><\/li>\n<li><a href=\"https:\/\/progepe.ufpr.br\/capacitacao\/wp-content\/uploads\/2022\/04\/resultado-final--setor-de-ciencias-humanas-1.pdf\">Resultado final \u2013 Setor de Ci\u00eancias Humanas<\/a><\/li>\n<\/ol>\n<p><em>Setor de Ci\u00eancias Sociais Aplicadas<\/em><\/p>\n<ol>\n<li><a href=\"https:\/\/progepe.ufpr.br\/capacitacao\/wp-content\/uploads\/2022\/04\/inscricoes-homologadas-e-resultado-preliminar--setor-de-ciencias-sociais-aplicadas.pdf\">Inscri\u00e7\u00f5es homologadas e resultado preliminar \u2013 Setor de Ci\u00eancias Sociais Aplicadas<\/a><\/li>\n<li><a href=\"https:\/\/progepe.ufpr.br\/capacitacao\/wp-content\/uploads\/2022\/04\/resultado-final--setor-de-ciencias-sociais-aplicadas.pdf\">Resultado final \u2013 Setor de Ci\u00eancias Sociais Aplicadas<\/a><\/li>\n<\/ol>\n<p><em>Setor Litoral\u00a0<\/em><\/p>\n<ol>\n<li><a href=\"https:\/\/progepe.ufpr.br\/capacitacao\/wp-content\/uploads\/2022\/04\/inscricoes-homologadas-e-resultado-preliminar--setor-litoral.pdf\">Inscri\u00e7\u00f5es homologadas e resultado preliminar \u2013 Setor Litoral<\/a><\/li>\n<li><a href=\"https:\/\/progepe.ufpr.br\/capacitacao\/wp-content\/uploads\/2022\/04\/resultado-final--setor-litoral.pdf\">Resultado final \u2013 Setor Litoral<\/a><\/li>\n<\/ol>\n<p><em>Setor de Tecnologia<\/em><\/p>\n<ol>\n<li><a href=\"https:\/\/progepe.ufpr.br\/capacitacao\/wp-content\/uploads\/2022\/04\/inscricoes-homologadas-e-resultado-preliminar--setor-de-tecnologia.pdf\">Inscri\u00e7\u00f5es homologadas e resultado preliminar \u2013 Setor de Tecnologia<\/a><\/li>\n<li><a href=\"https:\/\/progepe.ufpr.br\/capacitacao\/wp-content\/uploads\/2022\/05\/resultado-final--setor-tecnologia.pdf\">Resultado final \u2013 Setor Tecnologia<\/a><\/li>\n<\/ol>\n<p><em>Setor de Educa\u00e7\u00e3o Profissional e Tecnol\u00f3gica<\/em><\/p>\n<ol>\n<li><a href=\"https:\/\/progepe.ufpr.br\/capacitacao\/wp-content\/uploads\/2022\/04\/inscricoes-homologadas-e-resultado-preliminar--setor-de-educacao-profissional-e-tecnologica.pdf\">Inscri\u00e7\u00f5es homologadas e resultado preliminar \u2013 Setor de Educa\u00e7\u00e3o Profissional e Tecnol\u00f3gica<\/a><\/li>\n<li><a href=\"https:\/\/progepe.ufpr.br\/capacitacao\/wp-content\/uploads\/2022\/04\/resultado-final--setor-de-educacao-profissional-e-tecnologica.pdf\">Resultado final \u2013 Setor de Educa\u00e7\u00e3o Profissional e Tecnol\u00f3gica<\/a><\/li>\n<\/ol>\n<p><em>Setor de Educa\u00e7\u00e3o<\/em><\/p>\n<ol>\n<li><a href=\"https:\/\/progepe.ufpr.br\/capacitacao\/wp-content\/uploads\/2022\/04\/inscricoes-homologadas-e-resultado-preliminar--setor-de-educacao.pdf\">Inscri\u00e7\u00f5es homologadas e resultado preliminar \u2013 Setor de Educa\u00e7\u00e3o<\/a><\/li>\n<li><a href=\"https:\/\/progepe.ufpr.br\/capacitacao\/wp-content\/uploads\/2022\/04\/resultado-final--setor-de-educacao.pdf\">Resultado final \u2013 Setor de Educa\u00e7\u00e3o<\/a><\/li>\n<\/ol>\n<p><em>Setor de Ci\u00eancias Jur\u00eddicas<\/em><\/p>\n<ol>\n<li><a href=\"https:\/\/progepe.ufpr.br\/capacitacao\/wp-content\/uploads\/2022\/04\/inscricoes-homologadas-e-resultado-preliminar--setor-de-ciencias-juridicas.pdf\">Inscri\u00e7\u00f5es homologadas e resultado preliminar \u2013 Setor de Ci\u00eancias Jur\u00eddicas<\/a><\/li>\n<li><a href=\"https:\/\/progepe.ufpr.br\/capacitacao\/wp-content\/uploads\/2022\/05\/resultado-final--setor-de-ciencias-juridicas.pdf\">Resultado final \u2013 Setor de Ci\u00eancias Jur\u00eddicas<\/a><\/li>\n<\/ol>\n<p><em>Setor de Artes, Comunica\u00e7\u00e3o e Design\u00a0<\/em><\/p>\n<ol>\n<li><a href=\"https:\/\/progepe.ufpr.br\/capacitacao\/wp-content\/uploads\/2022\/04\/inscricoes-homologadas-e-resultado-preliminar--setor-de-artes-comunicacao-e-design.pdf\">Inscri\u00e7\u00f5es homologadas e resultado preliminar \u2013 Setor de Artes, Comunica\u00e7\u00e3o e Design<\/a><\/li>\n<li><a href=\"https:\/\/progepe.ufpr.br\/capacitacao\/wp-content\/uploads\/2022\/04\/resultado-final--setor-de-artes-comunicacao-e-design.pdf\">Resultado final \u2013 Setor de Artes, Comunica\u00e7\u00e3o e Design<\/a><\/li>\n<\/ol>\n<hr \/>\n<h6><strong>Processo Seletivo para classifica\u00e7\u00e3o dos (as) servidores (as) da carreira T\u00e9cnico-Administrativo em Educa\u00e7\u00e3o para participa\u00e7\u00e3o em Programas de P\u00f3s-Gradua\u00e7\u00e3o ou P\u00f3s-Doutorado &#8211; 2022\u00a0 <\/strong><strong><span style=\"color: #800000;\">FINALIZADO<\/span><\/strong><\/h6>\n<p><a href=\"https:\/\/progepe.ufpr.br\/capacitacao\/wp-content\/uploads\/2022\/04\/edital-01-2022-progepe-cdp.pdf\">Edital 01-2022 PROGEPE-CDP<\/a><\/p>\n<p><a href=\"https:\/\/progepe.ufpr.br\/capacitacao\/wp-content\/uploads\/2022\/04\/edital-03-2022-progepe-cdp.pdf\">Edital 03-2022 PROGEPE-CDP<\/a><\/p>\n<ol>\n<li>Inscri\u00e7\u00f5es homologadas e resultado preliminar: <a href=\"https:\/\/progepe.ufpr.br\/capacitacao\/wp-content\/uploads\/2023\/06\/inscricoes-homologadas-resultado-preliminar.pdf\">Inscri\u00e7\u00f5es Homologadas &#8211; Resultado Preliminar<\/a><\/li>\n<li>Inscri\u00e7\u00f5es homologadas e resultado preliminar: <a href=\"https:\/\/progepe.ufpr.br\/capacitacao\/wp-content\/uploads\/2023\/06\/inscricoes-homologadas-resultado-preliminar-retificacao.pdf\">Inscri\u00e7\u00f5es Homologadas &#8211; Resultado Preliminar &#8211; Retifica\u00e7\u00e3o<\/a><\/li>\n<li>Resultado Final: <a href=\"https:\/\/progepe.ufpr.br\/capacitacao\/wp-content\/uploads\/2022\/04\/resultado-final--comissao-do-processo-seletivo-afastamento-tecnicos.pdf\">Resultado final \u2013 Comiss\u00e3o do Processo Seletivo Afastamento T\u00e9cnicos<\/a><\/li>\n<\/ol>\n<hr \/>\n<p><strong>Atualizado em 10\/01\/2023.<\/strong><\/p>\n","protected":false},"excerpt":{"rendered":"<p>Processo Seletivo para classifica\u00e7\u00e3o dos (as) servidores (as) da carreira Magist\u00e9rio Superior e Magist\u00e9rio do Ensino B\u00e1sico, T\u00e9cnico e Tecnol\u00f3gico para participa\u00e7\u00e3o em Programas de P\u00f3s-Gradua\u00e7\u00e3o ou P\u00f3s-Doutorado &#8211; 2022\u00a0 \u00a0FINALIZADO Edital 18-2022 PROGEPE-CDP &#8211; Processo Seletivo Edital 19-2022 -PROGEPE -CDP &#8211; Inscri\u00e7\u00f5es aceitas Anexos do Edital em word: Edital 18-2022 PROGEPE-CDP Anexo I Edital [&hellip;]<\/p>\n","protected":false},"author":41,"featured_media":0,"parent":0,"menu_order":0,"comment_status":"closed","ping_status":"closed","template":"","meta":{"_coblocks_attr":"","_coblocks_dimensions":"","_coblocks_responsive_height":"","_coblocks_accordion_ie_support":"","_uag_custom_page_level_css":"","iawp_total_views":5,"footnotes":""},"class_list":["post-3932","page","type-page","status-publish","hentry"],"uagb_featured_image_src":{"full":false,"thumbnail":false,"medium":false,"medium_large":false,"large":false,"1536x1536":false,"2048x2048":false},"uagb_author_info":{"display_name":"progepe-admin","author_link":"https:\/\/progepe.ufpr.br\/capacitacao\/author\/progepe-admin\/"},"uagb_comment_info":0,"uagb_excerpt":"Processo Seletivo para classifica\u00e7\u00e3o dos (as) servidores (as) da carreira Magist\u00e9rio Superior e Magist\u00e9rio do Ensino B\u00e1sico, T\u00e9cnico e Tecnol\u00f3gico para participa\u00e7\u00e3o em Programas de P\u00f3s-Gradua\u00e7\u00e3o ou P\u00f3s-Doutorado &#8211; 2022\u00a0 \u00a0FINALIZADO Edital 18-2022 PROGEPE-CDP &#8211; Processo Seletivo Edital 19-2022 -PROGEPE -CDP &#8211; Inscri\u00e7\u00f5es aceitas Anexos do Edital em word: Edital 18-2022 PROGEPE-CDP Anexo I Edital&hellip;","publishpress_future_workflow_manual_trigger":{"enabledWorkflows":[]},"_links":{"self":[{"href":"https:\/\/progepe.ufpr.br\/capacitacao\/wp-json\/wp\/v2\/pages\/3932","targetHints":{"allow":["GET"]}}],"collection":[{"href":"https:\/\/progepe.ufpr.br\/capacitacao\/wp-json\/wp\/v2\/pages"}],"about":[{"href":"https:\/\/progepe.ufpr.br\/capacitacao\/wp-json\/wp\/v2\/types\/page"}],"author":[{"embeddable":true,"href":"https:\/\/progepe.ufpr.br\/capacitacao\/wp-json\/wp\/v2\/users\/41"}],"replies":[{"embeddable":true,"href":"https:\/\/progepe.ufpr.br\/capacitacao\/wp-json\/wp\/v2\/comments?post=3932"}],"version-history":[{"count":2,"href":"https:\/\/progepe.ufpr.br\/capacitacao\/wp-json\/wp\/v2\/pages\/3932\/revisions"}],"predecessor-version":[{"id":77174,"href":"https:\/\/progepe.ufpr.br\/capacitacao\/wp-json\/wp\/v2\/pages\/3932\/revisions\/77174"}],"wp:attachment":[{"href":"https:\/\/progepe.ufpr.br\/capacitacao\/wp-json\/wp\/v2\/media?parent=3932"}],"curies":[{"name":"wp","href":"https:\/\/api.w.org\/{rel}","templated":true}]}}