{"id":3934,"date":"2022-12-01T16:27:12","date_gmt":"2022-12-01T19:27:12","guid":{"rendered":"https:\/\/www.prppg.ufpr.br\/site\/portalcapacitacao\/?page_id=3934"},"modified":"2025-02-04T15:48:23","modified_gmt":"2025-02-04T18:48:23","slug":"editais-afastamento-2023","status":"publish","type":"page","link":"https:\/\/progepe.ufpr.br\/capacitacao\/editais-afastamento-2023\/","title":{"rendered":"Editais &#8211; Afastamentos &#8211; 2023"},"content":{"rendered":"<p><strong>Processo Seletivo para classifica\u00e7\u00e3o dos (as) servidores (as) da carreira T\u00e9cnico-Administrativo em Educa\u00e7\u00e3o para participa\u00e7\u00e3o em Programas de P\u00f3s-Gradua\u00e7\u00e3o ou P\u00f3s-Doutorado \u2013 2023\u00a0 <span style=\"color: #800000;\">FINALIZADO<\/span><\/strong><\/p>\n<p><a href=\"https:\/\/progepe.ufpr.br\/capacitacao\/wp-content\/uploads\/2023\/10\/edital-15-2023-progepe-cdp.pdf\">Edital 15-2023 PROGEPE-CDP &#8211; Processo Seletivo (T\u00e9cnico Administrativo)<\/a><\/p>\n<p><strong><em>Anexos do Edital em word:<\/em><\/strong><\/p>\n<p><a href=\"https:\/\/progepe.ufpr.br\/capacitacao\/wp-content\/uploads\/2023\/10\/edital-15-2023-progepe-cdp-anexo-i.docx\">Edital 15-2023 PROGEPE-CDP Anexo I<\/a><\/p>\n<p><a href=\"https:\/\/progepe.ufpr.br\/capacitacao\/wp-content\/uploads\/2023\/10\/edital-15-2023-progepe-cdp-anexo-ii.docx\">Edital 15-2023 PROGEPE-CDP Anexo II<\/a><\/p>\n<p><a href=\"https:\/\/progepe.ufpr.br\/capacitacao\/wp-content\/uploads\/2023\/10\/edital-15-2023-progepe-cdp-anexo-iii.docx\">Edital 15-2023 PROGEPE-CDP Anexo III<\/a><\/p>\n<p><a href=\"https:\/\/progepe.ufpr.br\/capacitacao\/wp-content\/uploads\/2023\/10\/edital-15-2023-progepe-cdp-anexo-iv.docx\">Edital 15-2023 PROGEPE-CDP Anexo IV<\/a><\/p>\n<p><a href=\"https:\/\/progepe.ufpr.br\/capacitacao\/wp-content\/uploads\/2023\/10\/edital-15-2023-progepe-cdp-anexo-v.docx\">Edital 15-2023 PROGEPE-CDP Anexo V<\/a><\/p>\n<p><a href=\"https:\/\/progepe.ufpr.br\/capacitacao\/wp-content\/uploads\/2023\/10\/orientacoes-tecnicos-edital-15-2023-progepe-cdp.docx\">Orienta\u00e7\u00f5es T\u00e9cnicos (Edital 15-2023 PROGEPE-CDP)<\/a><\/p>\n<p><strong><em>Resultados do Edital 15\/2023 PROGEPE-CDP<\/em><\/strong><\/p>\n<p>1.<a href=\"https:\/\/progepe.ufpr.br\/capacitacao\/wp-content\/uploads\/2023\/10\/edital-17-2023-progepe-cdp-inscricoes.pdf\">Edital 17-2023 PROGEPE-CDP &#8211; Divulga\u00e7\u00e3o das Inscri\u00e7\u00f5es (T\u00e9cnico-Administrativo)<\/a><\/p>\n<p>2. <a href=\"https:\/\/progepe.ufpr.br\/capacitacao\/wp-content\/uploads\/2023\/10\/tecnicos-administrativos-1.pdf\">Inscri\u00e7\u00f5es Homologadas e Resultado Preliminar &#8211; (T\u00e9cnicos-Administrativos)<\/a><\/p>\n<p>3.<a href=\"https:\/\/progepe.ufpr.br\/capacitacao\/wp-content\/uploads\/2023\/10\/tecnicos-resultado-final.pdf\">Resultado Final &#8211; (T\u00e9cnicos-Administrativos)<\/a><\/p>\n<hr \/>\n<p><strong>Processo Seletivo para classifica\u00e7\u00e3o dos (as) servidores (as) da carreira Magist\u00e9rio Superior e Magist\u00e9rio do Ensino B\u00e1sico, T\u00e9cnico e Tecnol\u00f3gico para participa\u00e7\u00e3o em Programas de P\u00f3s-Gradua\u00e7\u00e3o ou P\u00f3s-Doutorado \u2013 2023<\/strong><\/p>\n<p><strong><em>Editais &#8211; Processo Seletivo (Docente)<\/em><\/strong><\/p>\n<p><a href=\"https:\/\/progepe.ufpr.br\/capacitacao\/wp-content\/uploads\/2023\/10\/edital-14-2023-progepe-cdp.pdf\">Edital 14-2023 PROGEPE-CDP &#8211; Processo Seletivo (Docente)<\/a><\/p>\n<p><strong><em>Anexos do Edital em word:<\/em><\/strong><\/p>\n<p><a href=\"https:\/\/progepe.ufpr.br\/capacitacao\/wp-content\/uploads\/2023\/10\/edital-14-2023-progepe-cdp-anexo-i.docx\">Edital 14-2023 PROGEPE-CDP Anexo I<\/a><\/p>\n<p><a href=\"https:\/\/progepe.ufpr.br\/capacitacao\/wp-content\/uploads\/2023\/10\/edital-14-2023-progepe-cdp-anexo-ii.docx\">Edital 14-2023 PROGEPE-CDP Anexo II<\/a><\/p>\n<p><a href=\"https:\/\/progepe.ufpr.br\/capacitacao\/wp-content\/uploads\/2023\/10\/edital-14-2023-progepe-cdp-anexo-iii.docx\">Edital 14-2023 PROGEPE-CDP Anexo III<\/a><\/p>\n<p><a href=\"https:\/\/progepe.ufpr.br\/capacitacao\/wp-content\/uploads\/2023\/10\/edital-14-2023-progepe-cdp-anexo-iv.docx\">Edital 14-2023 PROGEPE-CDP Anexo IV<\/a><\/p>\n<p><a href=\"https:\/\/progepe.ufpr.br\/capacitacao\/wp-content\/uploads\/2023\/10\/edital-14-2023-progepe-cdp-anexo-v.docx\">Edital 14-2023 PROGEPE-CDP Anexo V<\/a><\/p>\n<p><a href=\"https:\/\/progepe.ufpr.br\/capacitacao\/wp-content\/uploads\/2023\/10\/orientacoes-docentes-out-2023.docx\">Orienta\u00e7\u00f5es Docentes (Edital 14-2023 PROGEPE-CDP)<\/a><\/p>\n<p><strong><em>Resultados do Edital 14\/2023 PROGEPE-CDP<\/em><\/strong><\/p>\n<p>1.<a href=\"https:\/\/progepe.ufpr.br\/capacitacao\/wp-content\/uploads\/2023\/10\/edital-16-2023-progepe-cdp-inscricoes.pdf\">Edital 16-2023 PROGEPE-CDP &#8211; Divulga\u00e7\u00e3o das Inscri\u00e7\u00f5es (Docente)<\/a><\/p>\n<p><em>Campus Jandaia do Sul<\/em><\/p>\n<ol>\n<li>N\u00e3o houve inscritos<\/li>\n<\/ol>\n<p><em>Campus Pontal do Paran\u00e1<\/em><\/p>\n<ol>\n<li>N\u00e3o houve inscritos<\/li>\n<\/ol>\n<p><em>Campus Toledo<\/em><\/p>\n<ol>\n<li>N\u00e3o houve inscritos &#8211; <a href=\"https:\/\/progepe.ufpr.br\/capacitacao\/wp-content\/uploads\/2023\/10\/campus-toledo-edital-preliminar-2.pdf\">Inscri\u00e7\u00f5es Homologadas e Resultado Preliminar (Docente) &#8211; Campus Toledo<\/a><\/li>\n<\/ol>\n<p><em>Setor de Artes, Comunica\u00e7\u00e3o e Design<\/em><\/p>\n<ol>\n<li><a href=\"https:\/\/progepe.ufpr.br\/capacitacao\/wp-content\/uploads\/2023\/10\/setor-de-artes-comunicacao-e-design.pdf\">Inscri\u00e7\u00f5es Homologadas e Resultado Preliminar (Docente) -Setor de Artes, Comunica\u00e7\u00e3o e Design<\/a><\/li>\n<li><a href=\"https:\/\/progepe.ufpr.br\/capacitacao\/wp-content\/uploads\/2023\/10\/setor-de-artes-comunicacao-e-design-resultado-final.pdf\">Resultado Final<\/a><a href=\"https:\/\/progepe.ufpr.br\/capacitacao\/wp-content\/uploads\/2023\/10\/setor-de-artes-comunicacao-e-design-resultado-final.pdf\"> &#8211; Setor de Artes, Comunica\u00e7\u00e3o e Design<\/a><\/li>\n<\/ol>\n<p><em>Setor de Ci\u00eancias Agr\u00e1rias<\/em><\/p>\n<ol>\n<li><a href=\"https:\/\/progepe.ufpr.br\/capacitacao\/wp-content\/uploads\/2023\/10\/setor-de-ciencias-agrarias.pdf\">Inscri\u00e7\u00f5es Homologadas e Resultado Preliminar (Docente) -Setor de Ci\u00eancias Agr\u00e1rias<\/a><\/li>\n<li><a href=\"https:\/\/progepe.ufpr.br\/capacitacao\/wp-content\/uploads\/2023\/10\/setor-de-ciencias-agrarias-resultado-final.pdf\">Resultado Final<\/a><a href=\"https:\/\/progepe.ufpr.br\/capacitacao\/wp-content\/uploads\/2023\/10\/setor-de-ciencias-agrarias-resultado-final.pdf\"> &#8211; Setor de Ci\u00eancias Agr\u00e1rias<\/a><\/li>\n<\/ol>\n<p><em>Setor de Ci\u00eancias Biol\u00f3gicas<\/em><\/p>\n<ol>\n<li><a href=\"https:\/\/progepe.ufpr.br\/capacitacao\/wp-content\/uploads\/2023\/10\/setor-de-ciencias-biologicas.pdf\">Inscri\u00e7\u00f5es Homologadas e Resultado Preliminar (Docente) &#8211; Setor de Ci\u00eancias Biol\u00f3gicas<\/a><\/li>\n<li><a href=\"https:\/\/progepe.ufpr.br\/capacitacao\/wp-content\/uploads\/2023\/10\/setor-de-ciencias-biologicas-resultado-final.pdf\">Resultado Final<\/a><a href=\"https:\/\/progepe.ufpr.br\/capacitacao\/wp-content\/uploads\/2023\/10\/setor-de-ciencias-biologicas-resultado-final.pdf\"> &#8211; Setor de Ci\u00eancias Biol\u00f3gicas<\/a><\/li>\n<\/ol>\n<p><em>Setor de Ci\u00eancias da Sa\u00fade\u00a0<\/em><\/p>\n<ol>\n<li><a href=\"https:\/\/progepe.ufpr.br\/capacitacao\/wp-content\/uploads\/2023\/10\/setor-de-ciencias-da-saude.pdf\">Inscri\u00e7\u00f5es Homologadas e Resultado Preliminar (Docente) -Setor de Ci\u00eancias da Sa\u00fade<\/a><\/li>\n<li><a href=\"https:\/\/progepe.ufpr.br\/capacitacao\/wp-content\/uploads\/2023\/10\/setor-de-ciencias-da-saude-resultado-final.pdf\">Resultado Final<\/a><a href=\"https:\/\/progepe.ufpr.br\/capacitacao\/wp-content\/uploads\/2023\/10\/setor-de-ciencias-da-saude-resultado-final.pdf\"> &#8211; Setor de Ci\u00eancias da Sa\u00fade<\/a><\/li>\n<\/ol>\n<p><em>Setor de Ci\u00eancias da Terra<\/em><\/p>\n<ol>\n<li>N\u00e3o houve inscritos<\/li>\n<\/ol>\n<p><em>Setor de Ci\u00eancias Exatas<\/em><\/p>\n<ol>\n<li><a href=\"https:\/\/progepe.ufpr.br\/capacitacao\/wp-content\/uploads\/2023\/10\/setor-de-ciencias-exatas.pdf\">Inscri\u00e7\u00f5es Homologadas e Resultado Preliminar (Docente) -Setor de Ci\u00eancias Exatas<\/a><\/li>\n<li><a href=\"https:\/\/progepe.ufpr.br\/capacitacao\/wp-content\/uploads\/2023\/10\/setor-de-ciencias-exatas-resultado-final.pdf\">Resultado Final<\/a><a href=\"https:\/\/progepe.ufpr.br\/capacitacao\/wp-content\/uploads\/2023\/10\/setor-de-ciencias-exatas-resultado-final.pdf\"> &#8211; Setor de Ci\u00eancias Exatas<\/a><\/li>\n<\/ol>\n<p><em>Setor de Ci\u00eancias Humanas<\/em><\/p>\n<ol>\n<li><a href=\"https:\/\/progepe.ufpr.br\/capacitacao\/wp-content\/uploads\/2023\/10\/setor-de-ciencias-humanas.pdf\">Inscri\u00e7\u00f5es Homologadas e Resultado Preliminar (Docente) -Setor de Ci\u00eancias Humanas<\/a><\/li>\n<li><a href=\"https:\/\/progepe.ufpr.br\/capacitacao\/wp-content\/uploads\/2023\/10\/setor-de-ciencias-humanas-resultado-final.pdf\">Resultado Final<\/a><a href=\"https:\/\/progepe.ufpr.br\/capacitacao\/wp-content\/uploads\/2023\/10\/setor-de-ciencias-humanas-resultado-final.pdf\"> &#8211; Setor de Ci\u00eancias Humanas<\/a><\/li>\n<\/ol>\n<p><em>Setor de Ci\u00eancias Jur\u00eddicas<\/em><\/p>\n<ol>\n<li>N\u00e3o houve inscritos<\/li>\n<\/ol>\n<p><em>Setor de Ci\u00eancias Sociais Aplicadas<\/em><\/p>\n<ol>\n<li><a href=\"https:\/\/progepe.ufpr.br\/capacitacao\/wp-content\/uploads\/2023\/10\/ciencias-sociais-aplicadas.pdf\">Inscri\u00e7\u00f5es Homologadas e Resultado Preliminar (Docente) &#8211; Setor de Ci\u00eancias Sociais Aplicadas<\/a><\/li>\n<li><a href=\"https:\/\/progepe.ufpr.br\/capacitacao\/wp-content\/uploads\/2023\/10\/setor-de-ciencias-sociais-aplicadas-resultado-final.pdf\">Resultado Final<\/a><a href=\"https:\/\/progepe.ufpr.br\/capacitacao\/wp-content\/uploads\/2023\/10\/setor-de-ciencias-sociais-aplicadas-resultado-final.pdf\"> &#8211; Setor de Ci\u00eancias Sociais Aplicadas<\/a><\/li>\n<\/ol>\n<p><em>Setor de Educa\u00e7\u00e3o<\/em><\/p>\n<ol>\n<li><a href=\"https:\/\/progepe.ufpr.br\/capacitacao\/wp-content\/uploads\/2023\/10\/inscricoes-homologadas-e-resultado-preliminar-docente-setor-de-educacao.pdf\">Inscri\u00e7\u00f5es Homologadas e Resultado Preliminar (Docente) &#8211;\u00a0<\/a><a href=\"https:\/\/progepe.ufpr.br\/capacitacao\/wp-content\/uploads\/2023\/10\/setor-de-educacao.pdf\">Setor de Educa\u00e7\u00e3o<\/a><\/li>\n<li><a href=\"https:\/\/progepe.ufpr.br\/capacitacao\/wp-content\/uploads\/2023\/10\/setor-de-educacao-resultado-final.pdf\">Resultado Final<\/a><a href=\"https:\/\/progepe.ufpr.br\/capacitacao\/wp-content\/uploads\/2023\/10\/setor-de-educacao-resultado-final.pdf\"> &#8211; Setor de Educa\u00e7\u00e3o<\/a><\/li>\n<\/ol>\n<p><em>Setor de Educa\u00e7\u00e3o Profissional e Tecnol\u00f3gica<\/em><\/p>\n<ol>\n<li>N\u00e3o houve inscritos<\/li>\n<\/ol>\n<p><em>Setor de Tecnologia<\/em><\/p>\n<ol>\n<li><a href=\"https:\/\/progepe.ufpr.br\/capacitacao\/wp-content\/uploads\/2023\/10\/setor-de-tecnologia-edital-preliminar.pdf\">Inscri\u00e7\u00f5es Homologadas e Resultado Preliminar (Docente) &#8211; Setor de Tecnologia<\/a><\/li>\n<li><a href=\"https:\/\/progepe.ufpr.br\/capacitacao\/wp-content\/uploads\/2023\/10\/setor-de-tecnologia-resultado-final.pdf\">Resultado Final<\/a><a href=\"https:\/\/progepe.ufpr.br\/capacitacao\/wp-content\/uploads\/2023\/10\/setor-de-tecnologia-resultado-final.pdf\"> &#8211; Setor de Tecnologia<\/a><\/li>\n<\/ol>\n<p><em>Setor Litoral<\/em><\/p>\n<ol>\n<li><a href=\"https:\/\/progepe.ufpr.br\/capacitacao\/wp-content\/uploads\/2023\/10\/setor-litoral-1.pdf\">Inscri\u00e7\u00f5es Homologadas e Resultado Preliminar (Docente) -Setor Litoral<\/a><\/li>\n<li><a href=\"https:\/\/progepe.ufpr.br\/capacitacao\/wp-content\/uploads\/2023\/10\/setor-litoral-resultado-final.pdf\">Resultado Final<\/a><a href=\"https:\/\/progepe.ufpr.br\/capacitacao\/wp-content\/uploads\/2023\/10\/setor-litoral-resultado-final.pdf\"> &#8211; Setor Litoral<\/a><\/li>\n<\/ol>\n<p><em>Setor Palotina<\/em><\/p>\n<ol>\n<li><a href=\"https:\/\/progepe.ufpr.br\/capacitacao\/wp-content\/uploads\/2023\/10\/setor-palotina.pdf\">Inscri\u00e7\u00f5es Homologadas e Resultado Preliminar (Docente) &#8211; Setor Palotina<\/a><\/li>\n<li><a href=\"https:\/\/progepe.ufpr.br\/capacitacao\/wp-content\/uploads\/2023\/10\/setor-palotina-resultado-final.pdf\">Resultado Final<\/a><a href=\"https:\/\/progepe.ufpr.br\/capacitacao\/wp-content\/uploads\/2023\/10\/setor-palotina-resultado-final.pdf\"> &#8211; Setor Palotina<\/a><\/li>\n<\/ol>\n<hr \/>\n<p><strong>Processo Seletivo para classifica\u00e7\u00e3o dos (as) servidores (as) da carreira Magist\u00e9rio Superior e Magist\u00e9rio do Ensino B\u00e1sico, T\u00e9cnico e Tecnol\u00f3gico para participa\u00e7\u00e3o em Programas de P\u00f3s-Gradua\u00e7\u00e3o ou P\u00f3s-Doutorado \u2013 2023\u00a0 \u00a0<span style=\"color: #800000;\">FINALIZADO<\/span><\/strong><\/p>\n<p><strong><em>Editais &#8211; Processo Seletivo (Docente)<\/em><\/strong><\/p>\n<p><a href=\"https:\/\/progepe.ufpr.br\/capacitacao\/wp-content\/uploads\/2023\/04\/edital-08-2023-progepe-cdp.pdf\">Edital 08-2023 PROGEPE-CDP &#8211; Processo Seletivo (Docente) &#8211; Campus Toledo e Setor de Ci\u00eancias da Sa\u00fade<\/a><\/p>\n<p><a href=\"https:\/\/progepe.ufpr.br\/capacitacao\/wp-content\/uploads\/2023\/04\/edital-09-2023-progepe-cdp.pdf\">Edital 09-2023 PROGEPE-CDP &#8211; Processo Seletivo (Docente) &#8211; Campus Toledo, Setor de Ci\u00eancias da Sa\u00fade e Setor de Educa\u00e7\u00e3o<\/a><\/p>\n<p><a href=\"https:\/\/progepe.ufpr.br\/capacitacao\/wp-content\/uploads\/2023\/04\/edital-10-2023-progepe-cdp.pdf\">Edital 10-2023 PROGEPE-CDP &#8211; <\/a><a href=\"https:\/\/progepe.ufpr.br\/capacitacao\/wp-content\/uploads\/2023\/04\/edital-09-2023-progepe-cdp.pdf\">Processo Seletivo (Docente) &#8211; Campus Toledo, Setor de Ci\u00eancias da Sa\u00fade e Setor de Educa\u00e7\u00e3o<\/a><\/p>\n<p><strong><em>Resultados do Edital 10\/2023 PROGEPE-CDP<\/em><\/strong><\/p>\n<p><em>Campus Toledo<\/em><\/p>\n<ol>\n<li><a href=\"https:\/\/progepe.ufpr.br\/capacitacao\/wp-content\/uploads\/2023\/04\/campus-toledo-homologacao-das-inscricoes.pdf\">Inscri\u00e7\u00f5es Homologadas &#8211; Campus Toledo<\/a><\/li>\n<li><a href=\"https:\/\/progepe.ufpr.br\/capacitacao\/wp-content\/uploads\/2023\/04\/campus-toledo-resultado-preliminar.pdf\">Resultado Preliminar &#8211; Campus Toledo<\/a><\/li>\n<li><a href=\"https:\/\/progepe.ufpr.br\/capacitacao\/wp-content\/uploads\/2023\/05\/resultado-final-campus-toledo.pdf\">Resultado Final &#8211; Campus Toledo<\/a><\/li>\n<\/ol>\n<p><em>Setor de Ci\u00eancias da Sa\u00fade<\/em><\/p>\n<ol>\n<li><a href=\"https:\/\/progepe.ufpr.br\/capacitacao\/wp-content\/uploads\/2023\/05\/setor-de-ciencias-da-saude-homologacao-das-inscricoes-e-resultado-preliminar.pdf\">Inscri\u00e7\u00f5es Homologadas e Resultado Preliminar &#8211; Setor de Ci\u00eancias da Sa\u00fade<\/a><\/li>\n<li><a href=\"https:\/\/progepe.ufpr.br\/capacitacao\/wp-content\/uploads\/2023\/05\/retificacao-setor-de-ciencias-da-saude.pdf\">Retifica\u00e7\u00e3o Inscri\u00e7\u00f5es Homologadas e Resultado Preliminar &#8211; Setor de Ci\u00eancias da Sa\u00fade<\/a><\/li>\n<li><a href=\"https:\/\/progepe.ufpr.br\/capacitacao\/wp-content\/uploads\/2023\/05\/resultado-final-setor-de-ciencias-da-saude.pdf\">Resultado Final &#8211; Setor de Ci\u00eancias da Sa\u00fade<\/a><\/li>\n<\/ol>\n<p><em>Setor de Educa\u00e7\u00e3o<\/em><\/p>\n<ol>\n<li><a href=\"https:\/\/progepe.ufpr.br\/capacitacao\/wp-content\/uploads\/2023\/04\/setor-de-educacao-inscricoes-homologadas-e-resultado-preliminar.pdf\">Inscri\u00e7\u00f5es Homologadas e Resultado Preliminar &#8211; Setor de Educa\u00e7\u00e3o<\/a><\/li>\n<li><a href=\"https:\/\/progepe.ufpr.br\/capacitacao\/wp-content\/uploads\/2023\/05\/resultado-final-setor-de-educacao.pdf\">Resultado Final &#8211; Setor de Educa\u00e7\u00e3o<\/a><\/li>\n<\/ol>\n<p><strong><em>Editais &#8211; Processo Seletivo (Docente)<\/em><\/strong><\/p>\n<p><a href=\"https:\/\/progepe.ufpr.br\/capacitacao\/wp-content\/uploads\/2023\/04\/edital-02-2023-progepe-cdp-completo.pdf\">Edital 02-2023 PROGEPE-CDP &#8211; Processo Seletivo (Docente)<\/a><\/p>\n<p><a href=\"https:\/\/progepe.ufpr.br\/capacitacao\/wp-content\/uploads\/2023\/04\/edital-04-2023-progepe-cdp-completo.pdf\">Edital 04-2023 PROGEPE-CDP &#8211; <\/a><a href=\"https:\/\/progepe.ufpr.br\/capacitacao\/wp-content\/uploads\/2023\/04\/edital-02-2023-progepe-cdp-completo.pdf\">Processo Seletivo (Docente)<\/a><\/p>\n<p><strong><em>Anexos do Edital em word:<\/em><\/strong><\/p>\n<p><a href=\"https:\/\/progepe.ufpr.br\/capacitacao\/wp-content\/uploads\/2023\/04\/edital-02-2023-progepe-cdp-anexo-i.docx\">Edital 02-2023 PROGEPE-CDP Anexo I<\/a><\/p>\n<p><a href=\"https:\/\/progepe.ufpr.br\/capacitacao\/wp-content\/uploads\/2023\/04\/edital-02-2023-progepe-cdp-anexo-ii.docx\">Edital 02-2023 PROGEPE-CDP Anexo II<\/a><\/p>\n<p><a href=\"https:\/\/progepe.ufpr.br\/capacitacao\/wp-content\/uploads\/2023\/04\/edital-02-2023-progepe-cdp-anexo-iv.docx\">Edital 02-2023 PROGEPE-CDP Anexo IV<\/a><\/p>\n<p><a href=\"https:\/\/progepe.ufpr.br\/capacitacao\/wp-content\/uploads\/2023\/04\/edital-02-2023-progepe-cdp-anexo-v.docx\">Edital 02-2023 PROGEPE-CDP Anexo V<\/a><\/p>\n<p><a href=\"https:\/\/progepe.ufpr.br\/capacitacao\/wp-content\/uploads\/2023\/04\/orientacoes-docentes-1.docx\">Orienta\u00e7\u00f5es Docentes (Edital 02-2023 PROGEPE-CDP)<\/a><\/p>\n<p><strong><em>Resultados do Edital 02\/2023 PROGEPE-CDP<\/em><\/strong><\/p>\n<p><a href=\"https:\/\/progepe.ufpr.br\/capacitacao\/wp-content\/uploads\/2023\/04\/edital-06-2023-progepe-cdp.pdf\">Edital 06-2023 PROGEPE-CDP &#8211; Divulga\u00e7\u00e3o das Inscri\u00e7\u00f5es (Docente)<\/a><\/p>\n<p><em>Campus Jandaia do Sul<\/em><\/p>\n<ol>\n<li><a href=\"https:\/\/progepe.ufpr.br\/capacitacao\/wp-content\/uploads\/2023\/04\/inscricoes-homologadas-campus-jandaia-do-sul.pdf\">Inscri\u00e7\u00f5es Homologadas &#8211; Campus Jandaia do Sul<\/a><\/li>\n<li><a href=\"https:\/\/progepe.ufpr.br\/capacitacao\/wp-content\/uploads\/2023\/04\/resultado-final-campus-jandaia-do-sul.pdf\">Resultado Final &#8211; Campus Jandaia do Sul<\/a><\/li>\n<\/ol>\n<p><em>Campus Toledo<\/em><\/p>\n<ol>\n<li><a href=\"https:\/\/progepe.ufpr.br\/capacitacao\/wp-content\/uploads\/2023\/04\/edital-08-2023-progepe-cdp.pdf\">Edital 08-2023 PROGEPE-CDP<\/a><\/li>\n<li><a href=\"https:\/\/progepe.ufpr.br\/capacitacao\/wp-content\/uploads\/2023\/04\/edital-09-2023-progepe-cdp.pdf\">Edital 09-2023 PROGEPE-CDP<\/a><\/li>\n<\/ol>\n<p><em>Setor de Artes, Comunica\u00e7\u00e3o e Design<\/em><\/p>\n<ol>\n<li><a href=\"https:\/\/progepe.ufpr.br\/capacitacao\/wp-content\/uploads\/2023\/04\/inscricoes-homologadas-e-resultado-preliminar-setor-de-artes-comunicacao-e-design.pdf\">Inscri\u00e7\u00f5es Homologadas e Resultado Preliminar &#8211; Setor de Artes Comunica\u00e7\u00e3o e Design<\/a><\/li>\n<li><a href=\"https:\/\/progepe.ufpr.br\/capacitacao\/wp-content\/uploads\/2023\/04\/resultado-final-setor-de-artes-comunicacao-e-design.pdf\">Resultado Final &#8211; Setor de Artes, Comunica\u00e7\u00e3o e Design<\/a><\/li>\n<\/ol>\n<p><em>Setor de Ci\u00eancias da Sa\u00fade\u00a0<\/em><\/p>\n<ol>\n<li><a href=\"https:\/\/progepe.ufpr.br\/capacitacao\/wp-content\/uploads\/2023\/04\/edital-08-2023-progepe-cdp.pdf\">Edital 08-2023 PROGEPE-CDP<\/a><\/li>\n<li><a href=\"https:\/\/progepe.ufpr.br\/capacitacao\/wp-content\/uploads\/2023\/04\/edital-09-2023-progepe-cdp.pdf\">Edital 09-2023 PROGEPE-CDP<\/a><\/li>\n<\/ol>\n<p><em>Setor de Ci\u00eancias Exatas<\/em><\/p>\n<ol>\n<li><a href=\"https:\/\/progepe.ufpr.br\/capacitacao\/wp-content\/uploads\/2023\/04\/setor-de-ciencias-exatas.pdf\">Inscri\u00e7\u00f5es Homologadas e Resultado Preliminar &#8211; Setor de Ci\u00eancias Exatas &#8211; Edital 1<\/a><\/li>\n<li><a href=\"https:\/\/progepe.ufpr.br\/capacitacao\/wp-content\/uploads\/2023\/04\/setor-de-ciencias-exatas-edital_2.pdf\">Inscri\u00e7\u00f5es Homologadas e resultado Preliminar &#8211; Setor de Ci\u00eancias Exatas &#8211; Edital_2<\/a><\/li>\n<li><a href=\"https:\/\/progepe.ufpr.br\/capacitacao\/wp-content\/uploads\/2023\/04\/resultado-final-setor-de-ciencias-exatas.pdf\">Resultado Final &#8211; Setor de Ci\u00eancias Exatas<\/a><\/li>\n<\/ol>\n<p><em>Setor de Ci\u00eancias Humanas<\/em><\/p>\n<ol>\n<li><a href=\"https:\/\/progepe.ufpr.br\/capacitacao\/wp-content\/uploads\/2023\/04\/inscricoes-homologadas-e-resultado-preliminar--setor-de-ciencias-humanas.pdf\">Inscri\u00e7\u00f5es Homologadas e Resultado Preliminar \u2013 Setor de Ci\u00eancias Humanas<\/a><\/li>\n<li><a href=\"https:\/\/progepe.ufpr.br\/capacitacao\/wp-content\/uploads\/2023\/04\/setor-de-humanas-edital_03_2023.pdf\">Resultado Final &#8211; Setor de Ci\u00eancias Humanas<\/a><\/li>\n<\/ol>\n<p><em>Setor de Ci\u00eancias Jur\u00eddicas<\/em><\/p>\n<ol>\n<li><a href=\"https:\/\/progepe.ufpr.br\/capacitacao\/wp-content\/uploads\/2023\/04\/inscricoes-homologadas-e-resultado-preliminar--setor-ciencias-juridicas-2.pdf\">Inscri\u00e7\u00f5es Homologadas e Resultado Preliminar \u2013 Setor Ci\u00eancias Jur\u00eddicas<\/a><\/li>\n<li><a href=\"https:\/\/progepe.ufpr.br\/capacitacao\/wp-content\/uploads\/2023\/04\/resultado-final-setor-de-ciencias-juridicas.pdf\">Resultado Final &#8211; Setor de Ci\u00eancias Jur\u00eddicas<\/a><\/li>\n<\/ol>\n<p><em>Setor de Ci\u00eancias Sociais Aplicadas<\/em><\/p>\n<ol>\n<li><a href=\"https:\/\/progepe.ufpr.br\/capacitacao\/wp-content\/uploads\/2023\/04\/inscricoes-homologadas-e-resultado-preliminar--setor-ciencias-sociais-aplicadas.pdf\">Inscri\u00e7\u00f5es Homologadas e Resultado Preliminar \u2013 Setor Ci\u00eancias Sociais Aplicadas<\/a><\/li>\n<li><a href=\"https:\/\/progepe.ufpr.br\/capacitacao\/wp-content\/uploads\/2023\/04\/resultado-final-setor-de-ciencias-sociais-aplicadas.pdf\">Resultado Final &#8211; Setor de Ci\u00eancias Sociais Aplicadas<\/a><\/li>\n<\/ol>\n<p><em>Setor de Educa\u00e7\u00e3o<\/em><\/p>\n<ol>\n<li><a href=\"https:\/\/progepe.ufpr.br\/capacitacao\/wp-content\/uploads\/2023\/04\/edital-08-2023-progepe-cdp.pdf\">Edital 08-2023 PROGEPE-CDP<\/a><\/li>\n<li><a href=\"https:\/\/progepe.ufpr.br\/capacitacao\/wp-content\/uploads\/2023\/04\/edital-09-2023-progepe-cdp.pdf\">Edital 09-2023 PROGEPE-CDP<\/a><\/li>\n<\/ol>\n<p><em>Setor Litoral<\/em><\/p>\n<ol>\n<li><a href=\"https:\/\/progepe.ufpr.br\/capacitacao\/wp-content\/uploads\/2023\/04\/inscricoes-homologadas-setor-litoral.pdf\">Inscri\u00e7\u00f5es Homologadas e Resultado Preliminar &#8211; Setor Litoral<\/a><\/li>\n<li><a href=\"https:\/\/progepe.ufpr.br\/capacitacao\/wp-content\/uploads\/2023\/04\/resultado-final-setor-litoral.pdf\">Resultado Final &#8211; Setor Litoral<\/a><\/li>\n<\/ol>\n<p><em>Setor Palotina<\/em><\/p>\n<ol>\n<li><a href=\"https:\/\/progepe.ufpr.br\/capacitacao\/wp-content\/uploads\/2023\/04\/inscricoes-homologadas-e-resultado-preliminar--setor-palotina.pdf\">Inscri\u00e7\u00f5es Homologadas e Resultado Preliminar \u2013 Setor Palotina &#8211; Edital 01<\/a><\/li>\n<li><a href=\"https:\/\/progepe.ufpr.br\/capacitacao\/wp-content\/uploads\/2023\/04\/setor-palotina-edital-02.pdf\">Inscri\u00e7\u00f5es Homologadas e Resultado Preliminar &#8211; Setor Palotina &#8211; Edital 02<\/a><\/li>\n<li><a href=\"https:\/\/progepe.ufpr.br\/capacitacao\/wp-content\/uploads\/2023\/04\/resultado-final-setor-palotina-1.pdf\">Resultado Final &#8211; Setor Palotina<\/a><\/li>\n<\/ol>\n<p><em>Setor de Tecnologia<\/em><\/p>\n<ol>\n<li><em><a href=\"https:\/\/progepe.ufpr.br\/capacitacao\/wp-content\/uploads\/2023\/04\/inscricoes-homologadas-e-resultado-preliminar-setor-de-tecnologia.pdf\">Inscri\u00e7\u00f5es Homologadas e Resultado Preliminar &#8211; Setor de Tecnologia<\/a><\/em><\/li>\n<li><a href=\"https:\/\/progepe.ufpr.br\/capacitacao\/wp-content\/uploads\/2023\/04\/resultado-final-setor-de-tecnologia.pdf\">Resultado Final &#8211; Setor de Tecnologia<\/a><\/li>\n<\/ol>\n<p><strong>Processo Seletivo para classifica\u00e7\u00e3o dos (as) servidores (as) da carreira T\u00e9cnico-Administrativo em Educa\u00e7\u00e3o para participa\u00e7\u00e3o em Programas de P\u00f3s-Gradua\u00e7\u00e3o ou P\u00f3s-Doutorado \u2013 2023\u00a0 \u00a0<span style=\"color: #800000;\">FINALIZADO<\/span><\/strong><\/p>\n<p><strong><em>Editais &#8211; Processo Seletivo (T\u00e9cnico-Administrativo)<\/em><\/strong><\/p>\n<p><a href=\"https:\/\/progepe.ufpr.br\/capacitacao\/wp-content\/uploads\/2023\/04\/edital-03-2023-progepe-cdp-completo.pdf\">Edital 03-2023 PROGEPE-CDP &#8211; Processo Seletivo (T\u00e9cnico-Administrativo)<\/a><\/p>\n<p><a href=\"https:\/\/progepe.ufpr.br\/capacitacao\/wp-content\/uploads\/2023\/04\/edital-05-2023-progepe-cdp-completo.pdf\">Edital 05-2023 PROGEPE-CDP &#8211; Processo Seletivo (T\u00e9cnico-Administrativo)<\/a><\/p>\n<p><strong><em>Anexos do Edital em word:<\/em><\/strong><\/p>\n<p><a href=\"https:\/\/progepe.ufpr.br\/capacitacao\/wp-content\/uploads\/2023\/04\/edital-03-2023-progepe-cdp-anexo-i.docx\">Edital 03-2023 PROGEPE-CDP Anexo I<\/a><\/p>\n<p><a href=\"https:\/\/progepe.ufpr.br\/capacitacao\/wp-content\/uploads\/2023\/04\/edital-03-2023-progepe-cdp-anexo-ii.docx\">Edital 03-2023 PROGEPE-CDP Anexo II<\/a><\/p>\n<p><a href=\"https:\/\/progepe.ufpr.br\/capacitacao\/wp-content\/uploads\/2023\/04\/edital-03-2023-progepe-cdp-anexo-iv.docx\">Edital 03-2023 PROGEPE-CDP Anexo IV<\/a><\/p>\n<p><a href=\"https:\/\/progepe.ufpr.br\/capacitacao\/wp-content\/uploads\/2023\/04\/edital-03-2023-progepe-cdp-anexo-v.docx\">Edital 03-2023 PROGEPE-CDP Anexo V<\/a><\/p>\n<p><a href=\"https:\/\/progepe.ufpr.br\/capacitacao\/wp-content\/uploads\/2023\/04\/orientacoes-tecnico.docx\">Orienta\u00e7\u00f5es T\u00e9cnico<\/a> <a href=\"https:\/\/progepe.ufpr.br\/capacitacao\/wp-content\/uploads\/2022\/10\/orientacoes-tecnico.docx\">(Edital 03-2023 PROGEPE-CDP)<\/a><\/p>\n<p><strong><em>Resultados do Edital 03\/2023 PROGEPE-CDP<\/em><\/strong><\/p>\n<ol>\n<li><a href=\"https:\/\/progepe.ufpr.br\/capacitacao\/wp-content\/uploads\/2023\/04\/edital-07-2023-progepe-cdp.pdf\">Edital 07-2023 PROGEPE-CDP &#8211; Divulga\u00e7\u00e3o das Inscri\u00e7\u00f5es (T\u00e9cnico-Administrativo)<\/a><\/li>\n<li><a href=\"https:\/\/progepe.ufpr.br\/capacitacao\/wp-content\/uploads\/2023\/04\/edital-01-2023-comissao-do-processo-seletivo.pdf\">Inscri\u00e7\u00f5es Homologadas e Resultado Preliminar &#8211; T\u00e9cnico-Administrativo<\/a><\/li>\n<li><a href=\"https:\/\/progepe.ufpr.br\/capacitacao\/wp-content\/uploads\/2023\/04\/resultado-final-tecnicos.pdf\">Resultado Final &#8211; T\u00e9cnico-Administrativo<\/a><\/li>\n<\/ol>\n<p><strong>Processo Seletivo para classifica\u00e7\u00e3o dos (as) servidores (as) da carreira T\u00e9cnico-Administrativo em Educa\u00e7\u00e3o para participa\u00e7\u00e3o em Programas de P\u00f3s-Gradua\u00e7\u00e3o ou P\u00f3s-Doutorado \u2013 2022\u00a0 <span style=\"color: #800000;\">FINALIZADO<\/span><\/strong><\/p>\n<p><a href=\"https:\/\/progepe.ufpr.br\/capacitacao\/wp-content\/uploads\/2023\/01\/edital-01-2023-progepe-cdp.pdf\">Edital 01-2023 PROGEPE-CDP<\/a> &#8211; Desist\u00eancia de Candidato &#8211; Setor de Ci\u00eancias Jur\u00eddicas<\/p>\n<hr \/>\n<p><strong>Atualizado em 31\/10\/2023.<\/strong><\/p>\n","protected":false},"excerpt":{"rendered":"<p>Processo Seletivo para classifica\u00e7\u00e3o dos (as) servidores (as) da carreira T\u00e9cnico-Administrativo em Educa\u00e7\u00e3o para participa\u00e7\u00e3o em Programas de P\u00f3s-Gradua\u00e7\u00e3o ou P\u00f3s-Doutorado \u2013 2023\u00a0 FINALIZADO Edital 15-2023 PROGEPE-CDP &#8211; Processo Seletivo (T\u00e9cnico Administrativo) Anexos do Edital em word: Edital 15-2023 PROGEPE-CDP Anexo I Edital 15-2023 PROGEPE-CDP Anexo II Edital 15-2023 PROGEPE-CDP Anexo III Edital 15-2023 PROGEPE-CDP [&hellip;]<\/p>\n","protected":false},"author":41,"featured_media":0,"parent":0,"menu_order":0,"comment_status":"closed","ping_status":"closed","template":"","meta":{"_coblocks_attr":"","_coblocks_dimensions":"","_coblocks_responsive_height":"","_coblocks_accordion_ie_support":"","_uag_custom_page_level_css":"","iawp_total_views":16,"footnotes":""},"class_list":["post-3934","page","type-page","status-publish","hentry"],"uagb_featured_image_src":{"full":false,"thumbnail":false,"medium":false,"medium_large":false,"large":false,"1536x1536":false,"2048x2048":false},"uagb_author_info":{"display_name":"progepe-admin","author_link":"https:\/\/progepe.ufpr.br\/capacitacao\/author\/progepe-admin\/"},"uagb_comment_info":0,"uagb_excerpt":"Processo Seletivo para classifica\u00e7\u00e3o dos (as) servidores (as) da carreira T\u00e9cnico-Administrativo em Educa\u00e7\u00e3o para participa\u00e7\u00e3o em Programas de P\u00f3s-Gradua\u00e7\u00e3o ou P\u00f3s-Doutorado \u2013 2023\u00a0 FINALIZADO Edital 15-2023 PROGEPE-CDP &#8211; Processo Seletivo (T\u00e9cnico Administrativo) Anexos do Edital em word: Edital 15-2023 PROGEPE-CDP Anexo I Edital 15-2023 PROGEPE-CDP Anexo II Edital 15-2023 PROGEPE-CDP Anexo III Edital 15-2023 PROGEPE-CDP&hellip;","publishpress_future_workflow_manual_trigger":{"enabledWorkflows":[]},"_links":{"self":[{"href":"https:\/\/progepe.ufpr.br\/capacitacao\/wp-json\/wp\/v2\/pages\/3934","targetHints":{"allow":["GET"]}}],"collection":[{"href":"https:\/\/progepe.ufpr.br\/capacitacao\/wp-json\/wp\/v2\/pages"}],"about":[{"href":"https:\/\/progepe.ufpr.br\/capacitacao\/wp-json\/wp\/v2\/types\/page"}],"author":[{"embeddable":true,"href":"https:\/\/progepe.ufpr.br\/capacitacao\/wp-json\/wp\/v2\/users\/41"}],"replies":[{"embeddable":true,"href":"https:\/\/progepe.ufpr.br\/capacitacao\/wp-json\/wp\/v2\/comments?post=3934"}],"version-history":[{"count":2,"href":"https:\/\/progepe.ufpr.br\/capacitacao\/wp-json\/wp\/v2\/pages\/3934\/revisions"}],"predecessor-version":[{"id":77173,"href":"https:\/\/progepe.ufpr.br\/capacitacao\/wp-json\/wp\/v2\/pages\/3934\/revisions\/77173"}],"wp:attachment":[{"href":"https:\/\/progepe.ufpr.br\/capacitacao\/wp-json\/wp\/v2\/media?parent=3934"}],"curies":[{"name":"wp","href":"https:\/\/api.w.org\/{rel}","templated":true}]}}