{"id":4210,"date":"2023-01-04T15:30:55","date_gmt":"2023-01-04T18:30:55","guid":{"rendered":"https:\/\/www.prppg.ufpr.br\/site\/portalcapacitacao\/?page_id=4210"},"modified":"2025-02-05T14:49:44","modified_gmt":"2025-02-05T17:49:44","slug":"pdp-2023-representantes","status":"publish","type":"page","link":"https:\/\/progepe.ufpr.br\/capacitacao\/pdp-2023-representantes\/","title":{"rendered":"Representantes PDP 2023"},"content":{"rendered":"<table border=\"0\" cellspacing=\"0\">\n<colgroup width=\"409\"><\/colgroup>\n<colgroup width=\"269\"><\/colgroup>\n<tbody>\n<tr>\n<td colspan=\"2\" align=\"center\" valign=\"middle\" height=\"18\"><b><span style=\"font-family: Calibri;\">REPRESENTANTES PDP<\/span><\/b><\/td>\n<\/tr>\n<tr>\n<td style=\"text-align: left;\" align=\"center\" valign=\"middle\" height=\"18\"><b><span style=\"color: #000000; font-family: Calibri;\">Unidade <\/span><\/b><\/td>\n<td style=\"text-align: left;\" align=\"center\" valign=\"middle\"><b><span style=\"color: #000000; font-family: Calibri;\">Representantes<\/span><\/b><\/td>\n<\/tr>\n<tr>\n<td rowspan=\"4\" align=\"left\" valign=\"middle\" height=\"68\"><span style=\"color: #000000; font-family: Calibri;\">Pr\u00f3-Reitoria de Gest\u00e3o de Pessoas<\/span><\/td>\n<td rowspan=\"4\" align=\"left\" valign=\"middle\"><span style=\"color: #000000; font-family: Calibri;\">Danilo Durski<br \/>\nFranciele Ribeiro Nakamura<br \/>\nPriscilla Toporowicz Didimo<br \/>\nSilvia Rocio da Silva <\/span><\/td>\n<\/tr>\n<\/tbody>\n<\/table>\n<table border=\"0\" cellspacing=\"0\">\n<colgroup width=\"409\"><\/colgroup>\n<colgroup width=\"269\"><\/colgroup>\n<tbody>\n<tr>\n<td rowspan=\"2\" align=\"left\" valign=\"middle\" height=\"34\"><span style=\"color: #000000; font-family: Calibri;\">Pr\u00f3-Reitoria de Administra\u00e7\u00e3o<\/span><\/td>\n<td rowspan=\"2\" align=\"left\" valign=\"middle\"><span style=\"color: #000000; font-family: Calibri;\">Joana D&#8217;Arc de Oliveira<br \/>\nEliane de Oliveira Dias <\/span><\/td>\n<\/tr>\n<\/tbody>\n<\/table>\n<table border=\"0\" cellspacing=\"0\">\n<colgroup width=\"409\"><\/colgroup>\n<colgroup width=\"269\"><\/colgroup>\n<tbody>\n<tr>\n<td rowspan=\"4\" align=\"left\" valign=\"middle\" height=\"68\"><span style=\"color: #000000; font-family: Calibri;\">Pr\u00f3-Reitoria de Assuntos Estudantis<\/span><\/td>\n<td rowspan=\"4\" align=\"left\" valign=\"middle\"><span style=\"color: #000000; font-family: Calibri;\">Lauren Machado Pinto<br \/>\nGabriela Isabel Reyes Ormeno<br \/>\nFernando Sureck Leal<br \/>\nRafael Juli\u00e3o Evangelista <\/span><\/td>\n<\/tr>\n<\/tbody>\n<\/table>\n<table border=\"0\" cellspacing=\"0\">\n<colgroup width=\"409\"><\/colgroup>\n<colgroup width=\"269\"><\/colgroup>\n<tbody>\n<tr>\n<td rowspan=\"4\" align=\"left\" valign=\"middle\" height=\"68\"><span style=\"color: #000000; font-family: Calibri;\">Pr\u00f3-Reitoria de Extens\u00e3o e Cultura<\/span><\/td>\n<td rowspan=\"4\" align=\"left\" valign=\"middle\"><span style=\"color: #000000; font-family: Calibri;\">Mayara Elita Braz Carneiro<br \/>\nVanessa Regina Sanchez Silio<br \/>\nLucia Helena Alencastro<br \/>\nRenata Suelem Scapin Nunes <\/span><\/td>\n<\/tr>\n<\/tbody>\n<\/table>\n<table border=\"0\" cellspacing=\"0\">\n<colgroup width=\"409\"><\/colgroup>\n<colgroup width=\"269\"><\/colgroup>\n<tbody>\n<tr>\n<td rowspan=\"3\" align=\"left\" valign=\"middle\" height=\"51\"><span style=\"color: #000000; font-family: Calibri;\">Pr\u00f3-Reitoria de Gradua\u00e7\u00e3o e Educa\u00e7\u00e3o Profissional<\/span><\/td>\n<td rowspan=\"3\" align=\"left\" valign=\"middle\"><span style=\"color: #000000; font-family: Calibri;\">Alexandre Knesebeck<br \/>\nLuana Moraes Costa<br \/>\nMariane de Siqueira <\/span><\/td>\n<\/tr>\n<\/tbody>\n<\/table>\n<table border=\"0\" cellspacing=\"0\">\n<colgroup width=\"409\"><\/colgroup>\n<colgroup width=\"269\"><\/colgroup>\n<tbody>\n<tr>\n<td rowspan=\"4\" align=\"left\" valign=\"middle\" height=\"68\"><span style=\"color: #000000; font-family: Calibri;\">Pr\u00f3-Reitoria de Pesquisa e P\u00f3s-Gradua\u00e7\u00e3o<\/span><\/td>\n<td rowspan=\"4\" align=\"left\" valign=\"middle\"><span style=\"color: #000000; font-family: Calibri;\">Gustavo Abib<br \/>\nLucimara Stolz Roman<br \/>\nGabriela Debas dos Santos Clerisi<br \/>\nAndr\u00e9 Dias de Oliveira <\/span><\/td>\n<\/tr>\n<\/tbody>\n<\/table>\n<table border=\"0\" cellspacing=\"0\">\n<colgroup width=\"409\"><\/colgroup>\n<colgroup width=\"269\"><\/colgroup>\n<tbody>\n<tr>\n<td rowspan=\"2\" align=\"left\" valign=\"middle\" height=\"34\"><span style=\"color: #000000; font-family: Calibri;\">Pr\u00f3-Reitoria de Planejamento, Or\u00e7amento e Finan\u00e7as<\/span><\/td>\n<td rowspan=\"2\" align=\"left\" valign=\"middle\"><span style=\"color: #000000; font-family: Calibri;\">Aldemir Junglos<br \/>\nCristiane Furman Campos <\/span><\/td>\n<\/tr>\n<\/tbody>\n<\/table>\n<table border=\"0\" cellspacing=\"0\">\n<colgroup width=\"409\"><\/colgroup>\n<colgroup width=\"269\"><\/colgroup>\n<tbody>\n<tr>\n<td rowspan=\"4\" align=\"left\" valign=\"middle\" height=\"68\"><span style=\"color: #000000; font-family: Calibri;\">Setor de Artes, Comunica\u00e7\u00e3o e Design<\/span><\/td>\n<td rowspan=\"4\" align=\"left\" valign=\"middle\"><span style=\"color: #000000; font-family: Calibri;\">Cintia Pires Osga<br \/>\nClaudia Irene de Quadros<br \/>\nKen Fl\u00e1vio Ono<br \/>\nPedro Paulo de Oliveira <\/span><\/td>\n<\/tr>\n<\/tbody>\n<\/table>\n<table border=\"0\" cellspacing=\"0\">\n<colgroup width=\"409\"><\/colgroup>\n<colgroup width=\"269\"><\/colgroup>\n<tbody>\n<tr>\n<td rowspan=\"4\" align=\"left\" valign=\"middle\" height=\"68\"><span style=\"color: #000000; font-family: Calibri;\">Setor de Ci\u00eacias Agr\u00e1rias <\/span><\/td>\n<td rowspan=\"4\" align=\"left\" valign=\"middle\"><span style=\"color: #000000; font-family: Calibri;\">Marinez de Oliveira<br \/>\nPaulo Roberto Cueto<br \/>\nAnt\u00f4nio Carlos Vargas Motta<br \/>\nLouise Larissa May de Mio <\/span><\/td>\n<\/tr>\n<\/tbody>\n<\/table>\n<table border=\"0\" cellspacing=\"0\">\n<colgroup width=\"409\"><\/colgroup>\n<colgroup width=\"269\"><\/colgroup>\n<tbody>\n<tr>\n<td rowspan=\"4\" align=\"left\" valign=\"middle\" height=\"68\"><span style=\"color: #000000; font-family: Calibri;\">Setor de Ci\u00eancias Biol\u00f3gicas<\/span><\/td>\n<td rowspan=\"4\" align=\"left\" valign=\"middle\"><span style=\"color: #000000; font-family: Calibri;\">Edneia Amancio de Souza Ramos Cavalieri<br \/>\nMaria Fernanda Pioli Torres<br \/>\nD\u00e9bora Salles da Silva Coutinho<br \/>\nFabio Roberto Caetano <\/span><\/td>\n<\/tr>\n<\/tbody>\n<\/table>\n<table border=\"0\" cellspacing=\"0\">\n<colgroup width=\"409\"><\/colgroup>\n<colgroup width=\"269\"><\/colgroup>\n<tbody>\n<tr>\n<td rowspan=\"4\" align=\"left\" valign=\"middle\" height=\"68\"><span style=\"color: #000000; font-family: Calibri;\">Setor de Ci\u00eancias da Sa\u00fade<\/span><\/td>\n<td rowspan=\"4\" align=\"left\" valign=\"middle\"><span style=\"color: #000000; font-family: Calibri;\">Josi Fernandes Dourado<br \/>\nThaiz Andraus<br \/>\nSabrina Stefanello<br \/>\nThais Martins Guimar\u00e3es <\/span><\/td>\n<\/tr>\n<\/tbody>\n<\/table>\n<table border=\"0\" cellspacing=\"0\">\n<colgroup width=\"409\"><\/colgroup>\n<colgroup width=\"269\"><\/colgroup>\n<tbody>\n<tr>\n<td rowspan=\"4\" align=\"left\" valign=\"middle\" height=\"68\"><span style=\"color: #000000; font-family: Calibri;\">Setor de Ci\u00eancias da Terra<\/span><\/td>\n<td rowspan=\"4\" align=\"left\" valign=\"middle\"><span style=\"color: #000000; font-family: Calibri;\">Adriana Cristina Oliveira<br \/>\nJuliany Helen das Gra\u00e7as Pinto<br \/>\nHideo Araki<br \/>\nEdenilson Roberto do Nascimento <\/span><\/td>\n<\/tr>\n<\/tbody>\n<\/table>\n<table border=\"0\" cellspacing=\"0\">\n<colgroup width=\"409\"><\/colgroup>\n<colgroup width=\"269\"><\/colgroup>\n<tbody>\n<tr>\n<td rowspan=\"3\" align=\"left\" valign=\"middle\" height=\"51\"><span style=\"color: #000000; font-family: Calibri;\">Setor de Ci\u00eancias Exatas<\/span><\/td>\n<td rowspan=\"3\" align=\"left\" valign=\"middle\"><span style=\"color: #000000; font-family: Calibri;\">Ana Luisa Lacava Lordello<br \/>\nAna Caroline Quallio Marques<br \/>\nKarina de Lima Louren\u00e7o Guimar\u00e3es <\/span><\/td>\n<\/tr>\n<\/tbody>\n<\/table>\n<table border=\"0\" cellspacing=\"0\">\n<colgroup width=\"409\"><\/colgroup>\n<colgroup width=\"269\"><\/colgroup>\n<tbody>\n<tr>\n<td rowspan=\"4\" align=\"left\" valign=\"middle\" height=\"68\"><span style=\"color: #000000; font-family: Calibri;\">Setor de Ci\u00eancias Humanas<\/span><\/td>\n<td rowspan=\"4\" align=\"left\" valign=\"middle\"><span style=\"color: #000000; font-family: Calibri;\">Anna Beatriz da Silveira Paula<br \/>\nClaudia Helena Daher<br \/>\nKatiano Miguel Cruz<br \/>\nRodrigo Madalozzo Bordini <\/span><\/td>\n<\/tr>\n<\/tbody>\n<\/table>\n<table border=\"0\" cellspacing=\"0\">\n<colgroup width=\"409\"><\/colgroup>\n<colgroup width=\"269\"><\/colgroup>\n<tbody>\n<tr>\n<td rowspan=\"4\" align=\"left\" valign=\"middle\" height=\"68\"><span style=\"color: #000000; font-family: Calibri;\">Setor de Ci\u00eancias Jur\u00eddicas<\/span><\/td>\n<td rowspan=\"4\" align=\"left\" valign=\"middle\"><span style=\"color: #000000; font-family: Calibri;\">William Soares Pugliese<br \/>\nNoa Piat\u00e3 Bassfeld Gnata<br \/>\nLuciano Lepka Portela<br \/>\nGuilherme Pereira Venturini <\/span><\/td>\n<\/tr>\n<\/tbody>\n<\/table>\n<table border=\"0\" cellspacing=\"0\">\n<colgroup width=\"409\"><\/colgroup>\n<colgroup width=\"269\"><\/colgroup>\n<tbody>\n<tr>\n<td rowspan=\"4\" align=\"left\" valign=\"middle\" height=\"68\"><span style=\"color: #000000; font-family: Calibri;\">Setor de Ci\u00eancias Sociais Aplicadas<\/span><\/td>\n<td rowspan=\"4\" align=\"left\" valign=\"middle\"><span style=\"color: #000000; font-family: Calibri;\">Joseane Maria de Carvalho Dresch<br \/>\nGustavo Fabr\u00edcio de Mello<br \/>\nSamantha de Toledo Martins Boehs<br \/>\nJos\u00e9 Sim\u00e3o de Paula Pinto <\/span><\/td>\n<\/tr>\n<\/tbody>\n<\/table>\n<table border=\"0\" cellspacing=\"0\">\n<colgroup width=\"409\"><\/colgroup>\n<colgroup width=\"269\"><\/colgroup>\n<tbody>\n<tr>\n<td rowspan=\"4\" align=\"left\" valign=\"middle\" height=\"68\"><span style=\"color: #000000; font-family: Calibri;\">Setor de Educa\u00e7\u00e3o <\/span><\/td>\n<td rowspan=\"4\" align=\"left\" valign=\"middle\"><span style=\"color: #000000; font-family: Calibri;\">Angela Maria Hoffmann Walesko<br \/>\nLuciana Ribeiro Pinheiro<br \/>\nDaniel Keller Mittelbach<br \/>\nCleber Luis Pedroso <\/span><\/td>\n<\/tr>\n<\/tbody>\n<\/table>\n<table border=\"0\" cellspacing=\"0\">\n<colgroup width=\"409\"><\/colgroup>\n<colgroup width=\"269\"><\/colgroup>\n<tbody>\n<tr>\n<td rowspan=\"4\" align=\"left\" valign=\"middle\" height=\"68\"><span style=\"color: #000000; font-family: Calibri;\">Setor de Educa\u00e7\u00e3o Profissional e Tecnol\u00f3gica<\/span><\/td>\n<td rowspan=\"4\" align=\"left\" valign=\"middle\"><span style=\"color: #000000; font-family: Calibri;\">Arnaud Francis Bonduelle<br \/>\nJuliana da Silva Passos<br \/>\nAllan Fernando Justino Vieira<br \/>\nRicardo Belinski <\/span><\/td>\n<\/tr>\n<\/tbody>\n<\/table>\n<table border=\"0\" cellspacing=\"0\">\n<colgroup width=\"409\"><\/colgroup>\n<colgroup width=\"269\"><\/colgroup>\n<tbody>\n<tr>\n<td rowspan=\"4\" align=\"left\" valign=\"middle\" height=\"68\"><span style=\"color: #000000; font-family: Calibri;\">Setor de Tecnologia<\/span><\/td>\n<td rowspan=\"4\" align=\"left\" valign=\"middle\"><span style=\"color: #000000; font-family: Calibri;\">Maria In\u00eas de Oliveira<br \/>\nMarcio Brandani Tenorio<br \/>\nLuiz Aur\u00e9lio Virtuoso<br \/>\nJo\u00e3o Morais da Silva Neto <\/span><\/td>\n<\/tr>\n<\/tbody>\n<\/table>\n<table border=\"0\" cellspacing=\"0\">\n<colgroup width=\"409\"><\/colgroup>\n<colgroup width=\"269\"><\/colgroup>\n<tbody>\n<tr>\n<td rowspan=\"3\" align=\"left\" valign=\"middle\" height=\"51\"><span style=\"color: #000000; font-family: Calibri;\">Setor Litoral<\/span><\/td>\n<td rowspan=\"3\" align=\"left\" valign=\"middle\"><span style=\"color: #000000; font-family: Calibri;\">Etienne C. R. Vaccarelli<br \/>\nGeisiane Caldeira<br \/>\nLuciano Guaraci Renner <\/span><\/td>\n<\/tr>\n<\/tbody>\n<\/table>\n<table border=\"0\" cellspacing=\"0\">\n<colgroup width=\"409\"><\/colgroup>\n<colgroup width=\"269\"><\/colgroup>\n<tbody>\n<tr>\n<td rowspan=\"4\" align=\"left\" valign=\"middle\" height=\"68\"><span style=\"color: #000000; font-family: Calibri;\">Setor Palotina<\/span><\/td>\n<td rowspan=\"4\" align=\"left\" valign=\"middle\"><span style=\"color: #000000; font-family: Calibri;\">Eduardo Lucas Konrad Burin<br \/>\nSuzana Stefanello<br \/>\nJoelmir dos Santos<br \/>\nViviane Eunice Scholze <\/span><\/td>\n<\/tr>\n<\/tbody>\n<\/table>\n<table border=\"0\" cellspacing=\"0\">\n<colgroup width=\"409\"><\/colgroup>\n<colgroup width=\"269\"><\/colgroup>\n<tbody>\n<tr>\n<td rowspan=\"4\" align=\"left\" valign=\"middle\" height=\"68\"><span style=\"color: #000000; font-family: Calibri;\">Campus Avan\u00e7ado de Jandaia do Sul<\/span><\/td>\n<td rowspan=\"4\" align=\"left\" valign=\"middle\"><span style=\"color: #000000; font-family: Calibri;\">Daniel Hutner<br \/>\nFernanda Novaes Chiappin Vizoni<br \/>\nAndre Luiz Gazoli de Oliveira<br \/>\nDouglas Soares de Oliveira <\/span><\/td>\n<\/tr>\n<\/tbody>\n<\/table>\n<table border=\"0\" cellspacing=\"0\">\n<colgroup width=\"409\"><\/colgroup>\n<colgroup width=\"269\"><\/colgroup>\n<tbody>\n<tr>\n<td align=\"left\" valign=\"middle\" height=\"18\"><span style=\"color: #000000; font-family: Calibri;\">Campus Pontal do Paran\u00e1<\/span><\/td>\n<td align=\"left\" valign=\"middle\"><span style=\"color: #000000; font-family: Calibri;\">Wendel Ricardo de Souza<\/span><\/td>\n<\/tr>\n<\/tbody>\n<\/table>\n<table border=\"0\" cellspacing=\"0\">\n<colgroup width=\"409\"><\/colgroup>\n<colgroup width=\"269\"><\/colgroup>\n<tbody>\n<tr>\n<td rowspan=\"4\" align=\"left\" valign=\"middle\" height=\"68\"><span style=\"color: #000000; font-family: Calibri;\">Campus Toledo<\/span><\/td>\n<td rowspan=\"4\" align=\"left\" valign=\"middle\"><span style=\"color: #000000; font-family: Calibri;\">Ana Carla Zarpelon Schutz<br \/>\nJuliana Bernardi Wenzel<br \/>\nTardelly Santos Cassemiro<br \/>\nCinthia Fa\u00e7anha Wendel <\/span><\/td>\n<\/tr>\n<\/tbody>\n<\/table>\n<table border=\"0\" cellspacing=\"0\">\n<colgroup width=\"409\"><\/colgroup>\n<colgroup width=\"269\"><\/colgroup>\n<tbody>\n<tr>\n<td rowspan=\"4\" align=\"left\" valign=\"middle\" height=\"68\"><span style=\"color: #000000; font-family: Calibri;\">Sistema de Bibliotecas (Biblioteca Central)<\/span><\/td>\n<td rowspan=\"4\" align=\"left\" valign=\"middle\"><span style=\"color: #000000; font-family: Calibri;\">Lucas Henrique Gon\u00e7alves<br \/>\nMarcia Cristina Fuchs<br \/>\nMarlon Stein<br \/>\nSelma Regina Ramalho Conte <\/span><\/td>\n<\/tr>\n<\/tbody>\n<\/table>\n<table border=\"0\" cellspacing=\"0\">\n<colgroup width=\"409\"><\/colgroup>\n<colgroup width=\"269\"><\/colgroup>\n<tbody>\n<tr>\n<td rowspan=\"6\" align=\"left\" valign=\"middle\" height=\"102\"><span style=\"color: #000000; font-family: Calibri;\">Complexo Hospital de Cl\u00ednicas<\/span><\/td>\n<td rowspan=\"6\" align=\"left\" valign=\"middle\"><span style=\"color: #000000; font-family: Calibri;\">Cleverson Jos\u00e9 dos Santos<br \/>\nMarice do Rocio Wiecek Cordeiro<br \/>\nRafaela Camille Pauluk<br \/>\nThais Loures Bello<br \/>\nMarina Castagnara<br \/>\nKarine Freitas Siqueira Basso <\/span><\/td>\n<\/tr>\n<\/tbody>\n<\/table>\n<table border=\"0\" cellspacing=\"0\">\n<colgroup width=\"409\"><\/colgroup>\n<colgroup width=\"269\"><\/colgroup>\n<tbody>\n<tr>\n<td rowspan=\"3\" align=\"left\" valign=\"middle\" height=\"51\"><span style=\"color: #000000; font-family: Calibri;\">Superintend\u00eancia de Infraestrutura<\/span><\/td>\n<td rowspan=\"3\" align=\"left\" valign=\"middle\"><span style=\"color: #000000; font-family: Calibri;\">Danilo Cesar Strapasson<br \/>\nMaisa Umbelino<br \/>\nIrene Gon\u00e7alves de Abreu Calixto <\/span><\/td>\n<\/tr>\n<\/tbody>\n<\/table>\n<table border=\"0\" cellspacing=\"0\">\n<colgroup width=\"409\"><\/colgroup>\n<colgroup width=\"269\"><\/colgroup>\n<tbody>\n<tr>\n<td rowspan=\"2\" align=\"left\" valign=\"middle\" height=\"34\"><span style=\"color: #000000; font-family: Calibri;\">Superintend\u00eancia de Comunica\u00e7\u00e3o Social<\/span><\/td>\n<td rowspan=\"2\" align=\"left\" valign=\"middle\"><span style=\"color: #000000; font-family: Calibri;\">Jos\u00e9 Aldacir Jungles de Lima<br \/>\nJuliana Marques Borghi <\/span><\/td>\n<\/tr>\n<\/tbody>\n<\/table>\n<table border=\"0\" cellspacing=\"0\">\n<colgroup width=\"409\"><\/colgroup>\n<colgroup width=\"269\"><\/colgroup>\n<tbody>\n<tr>\n<td rowspan=\"2\" align=\"left\" valign=\"middle\" height=\"34\"><span style=\"color: #000000; font-family: Calibri;\">Procuradoria Federal na UFPR<\/span><\/td>\n<td rowspan=\"2\" align=\"left\" valign=\"middle\"><span style=\"color: #000000; font-family: Calibri;\">Breno Machado de Paula<br \/>\nCintia do Rocio Basso <\/span><\/td>\n<\/tr>\n<\/tbody>\n<\/table>\n<table border=\"0\" cellspacing=\"0\">\n<colgroup width=\"409\"><\/colgroup>\n<colgroup width=\"269\"><\/colgroup>\n<tbody>\n<tr>\n<td rowspan=\"2\" align=\"left\" valign=\"middle\" height=\"34\"><span style=\"color: #000000; font-family: Calibri;\">Auditoria Interna<\/span><\/td>\n<td rowspan=\"2\" align=\"left\" valign=\"middle\"><span style=\"color: #000000; font-family: Calibri;\">Luciane Mialik Wagnitz Linczuk<br \/>\nJoyce Kimie Kurosawa <\/span><\/td>\n<\/tr>\n<\/tbody>\n<\/table>\n<table border=\"0\" cellspacing=\"0\">\n<colgroup width=\"409\"><\/colgroup>\n<colgroup width=\"269\"><\/colgroup>\n<tbody>\n<tr>\n<td rowspan=\"2\" align=\"left\" valign=\"middle\" height=\"34\"><span style=\"color: #000000; font-family: Calibri;\">Diretoria Disciplinar<\/span><\/td>\n<td rowspan=\"2\" align=\"left\" valign=\"middle\"><span style=\"color: #000000; font-family: Calibri;\">Fabiana Massako Nakatani<br \/>\nPharney de Souza Ferreira <\/span><\/td>\n<\/tr>\n<\/tbody>\n<\/table>\n<table border=\"0\" cellspacing=\"0\">\n<colgroup width=\"409\"><\/colgroup>\n<colgroup width=\"269\"><\/colgroup>\n<tbody>\n<tr>\n<td rowspan=\"2\" align=\"left\" valign=\"middle\" height=\"34\"><span style=\"color: #000000; font-family: Calibri;\">Secretaria de \u00d3rg\u00e3os Colegiados<\/span><\/td>\n<td rowspan=\"2\" align=\"left\" valign=\"middle\"><span style=\"color: #000000; font-family: Calibri;\">Ana Paula Appio<br \/>\nCinira Silva Gomes <\/span><\/td>\n<\/tr>\n<\/tbody>\n<\/table>\n<table border=\"0\" cellspacing=\"0\">\n<colgroup width=\"409\"><\/colgroup>\n<colgroup width=\"269\"><\/colgroup>\n<tbody>\n<tr>\n<td align=\"left\" valign=\"middle\" height=\"18\"><span style=\"color: #000000; font-family: Calibri;\">Ouvidoria da UFPR<\/span><\/td>\n<td align=\"left\" valign=\"middle\"><span style=\"color: #000000; font-family: Calibri;\">William Moreira<\/span><\/td>\n<\/tr>\n<\/tbody>\n<\/table>\n<table border=\"0\" cellspacing=\"0\">\n<colgroup width=\"409\"><\/colgroup>\n<colgroup width=\"269\"><\/colgroup>\n<tbody>\n<tr>\n<td rowspan=\"2\" align=\"left\" valign=\"middle\" height=\"34\"><span style=\"color: #000000; font-family: Calibri;\">Gabinete do Reitor<\/span><\/td>\n<td rowspan=\"2\" align=\"left\" valign=\"middle\"><span style=\"color: #000000; font-family: Calibri;\">Jean Carlos de Oliveira<br \/>\nVilson Ma\u00e9rcio Kaiser <\/span><\/td>\n<\/tr>\n<\/tbody>\n<\/table>\n<table border=\"0\" cellspacing=\"0\">\n<colgroup width=\"409\"><\/colgroup>\n<colgroup width=\"269\"><\/colgroup>\n<tbody>\n<tr>\n<td align=\"left\" valign=\"middle\" height=\"18\"><span style=\"color: #000000; font-family: Calibri;\">Ag\u00eancia UFPR Internacional <\/span><\/td>\n<td align=\"left\" valign=\"middle\"><span style=\"color: #000000; font-family: Calibri;\">Antonio Marcos Severino<\/span><\/td>\n<\/tr>\n<\/tbody>\n<\/table>\n<table border=\"0\" cellspacing=\"0\">\n<colgroup width=\"409\"><\/colgroup>\n<colgroup width=\"269\"><\/colgroup>\n<tbody>\n<tr>\n<td rowspan=\"3\" align=\"left\" valign=\"middle\" height=\"51\"><span style=\"color: #000000; font-family: Calibri;\">Superintend\u00eancia de Inclus\u00e3o, Pol\u00edticas Afirmativas e Diversidade<\/span><\/td>\n<td rowspan=\"3\" align=\"left\" valign=\"middle\"><span style=\"color: #000000; font-family: Calibri;\">Paulo Roberto de Lima<br \/>\nMarcos Rog\u00e9rio dos Santos<br \/>\nNathalia Savione Machado <\/span><\/td>\n<\/tr>\n<\/tbody>\n<\/table>\n<table border=\"0\" cellspacing=\"0\">\n<colgroup width=\"409\"><\/colgroup>\n<colgroup width=\"269\"><\/colgroup>\n<tbody>\n<tr>\n<td rowspan=\"2\" align=\"left\" valign=\"middle\" height=\"34\"><span style=\"color: #000000; font-family: Calibri;\">Superintend\u00eancia de Parcerias e Inova\u00e7\u00e3o<\/span><\/td>\n<td rowspan=\"2\" align=\"left\" valign=\"middle\"><span style=\"color: #000000; font-family: Calibri;\">J\u00e9ssica Mayumi Kiyoku<br \/>\nMaur\u00edcio Schubert da Rosa<\/span><\/td>\n<\/tr>\n<\/tbody>\n<\/table>\n<hr \/>\n<p><strong>Atualizado em 05\/01\/2023<\/strong><\/p>\n","protected":false},"excerpt":{"rendered":"<p>REPRESENTANTES PDP Unidade Representantes Pr\u00f3-Reitoria de Gest\u00e3o de Pessoas Danilo Durski Franciele Ribeiro Nakamura Priscilla Toporowicz Didimo Silvia Rocio da Silva Pr\u00f3-Reitoria de Administra\u00e7\u00e3o Joana D&#8217;Arc de Oliveira Eliane de Oliveira Dias Pr\u00f3-Reitoria de Assuntos Estudantis Lauren Machado Pinto Gabriela Isabel Reyes Ormeno Fernando Sureck Leal Rafael Juli\u00e3o Evangelista Pr\u00f3-Reitoria de Extens\u00e3o e Cultura Mayara [&hellip;]<\/p>\n","protected":false},"author":41,"featured_media":0,"parent":0,"menu_order":0,"comment_status":"closed","ping_status":"closed","template":"","meta":{"_coblocks_attr":"","_coblocks_dimensions":"","_coblocks_responsive_height":"","_coblocks_accordion_ie_support":"","_uag_custom_page_level_css":"","iawp_total_views":77,"footnotes":""},"class_list":["post-4210","page","type-page","status-publish","hentry"],"uagb_featured_image_src":{"full":false,"thumbnail":false,"medium":false,"medium_large":false,"large":false,"1536x1536":false,"2048x2048":false},"uagb_author_info":{"display_name":"progepe-admin","author_link":"https:\/\/progepe.ufpr.br\/capacitacao\/author\/progepe-admin\/"},"uagb_comment_info":0,"uagb_excerpt":"REPRESENTANTES PDP Unidade Representantes Pr\u00f3-Reitoria de Gest\u00e3o de Pessoas Danilo Durski Franciele Ribeiro Nakamura Priscilla Toporowicz Didimo Silvia Rocio da Silva Pr\u00f3-Reitoria de Administra\u00e7\u00e3o Joana D&#8217;Arc de Oliveira Eliane de Oliveira Dias Pr\u00f3-Reitoria de Assuntos Estudantis Lauren Machado Pinto Gabriela Isabel Reyes Ormeno Fernando Sureck Leal Rafael Juli\u00e3o Evangelista Pr\u00f3-Reitoria de Extens\u00e3o e Cultura Mayara&hellip;","publishpress_future_workflow_manual_trigger":{"enabledWorkflows":[]},"_links":{"self":[{"href":"https:\/\/progepe.ufpr.br\/capacitacao\/wp-json\/wp\/v2\/pages\/4210","targetHints":{"allow":["GET"]}}],"collection":[{"href":"https:\/\/progepe.ufpr.br\/capacitacao\/wp-json\/wp\/v2\/pages"}],"about":[{"href":"https:\/\/progepe.ufpr.br\/capacitacao\/wp-json\/wp\/v2\/types\/page"}],"author":[{"embeddable":true,"href":"https:\/\/progepe.ufpr.br\/capacitacao\/wp-json\/wp\/v2\/users\/41"}],"replies":[{"embeddable":true,"href":"https:\/\/progepe.ufpr.br\/capacitacao\/wp-json\/wp\/v2\/comments?post=4210"}],"version-history":[{"count":4,"href":"https:\/\/progepe.ufpr.br\/capacitacao\/wp-json\/wp\/v2\/pages\/4210\/revisions"}],"predecessor-version":[{"id":77497,"href":"https:\/\/progepe.ufpr.br\/capacitacao\/wp-json\/wp\/v2\/pages\/4210\/revisions\/77497"}],"wp:attachment":[{"href":"https:\/\/progepe.ufpr.br\/capacitacao\/wp-json\/wp\/v2\/media?parent=4210"}],"curies":[{"name":"wp","href":"https:\/\/api.w.org\/{rel}","templated":true}]}}