{"id":4446,"date":"2023-02-07T12:31:46","date_gmt":"2023-02-07T15:31:46","guid":{"rendered":"https:\/\/www.prppg.ufpr.br\/site\/portalcapacitacao\/?page_id=4446"},"modified":"2025-02-05T14:47:51","modified_gmt":"2025-02-05T17:47:51","slug":"pdp-2023-informativos","status":"publish","type":"page","link":"https:\/\/progepe.ufpr.br\/capacitacao\/pdp-2023-informativos\/","title":{"rendered":"Informativos PDP 2023"},"content":{"rendered":"<h6><strong>Ciclos de Revis\u00e3o PDP 2023<\/strong><\/h6>\n<p><a href=\"https:\/\/progepe.ufpr.br\/capacitacao\/wp-content\/uploads\/2023\/01\/memorando_1-revisao-pdp-2023-23075-000646-2023-13.pdf\">Memorando_1 &#8211; Revis\u00e3o PDP 2023<\/a><\/p>\n<p><a href=\"https:\/\/progepe.ufpr.br\/capacitacao\/wp-content\/uploads\/2023\/02\/memorando_2-revisoes-pdp-2023.pdf\">Memorando_2 &#8211; Revis\u00f5es PDP 2023<\/a><\/p>\n<hr \/>\n<h6><strong>Informativos PDP 2023<\/strong><\/h6>\n<p><a href=\"https:\/\/progepe.ufpr.br\/capacitacao\/wp-content\/uploads\/2023\/01\/oficio_1-pdp-2023-progepe.pdf\">Oficio_1 &#8211; PDP 2023 &#8211; PROGEPE<\/a><\/p>\n<p><a href=\"https:\/\/progepe.ufpr.br\/capacitacao\/wp-content\/uploads\/2023\/01\/oficio_2-pdp-2023-pra.pdf\">Oficio_2 &#8211; PDP 2023 &#8211; PRA<\/a><\/p>\n<p><a href=\"https:\/\/progepe.ufpr.br\/capacitacao\/wp-content\/uploads\/2023\/01\/oficio_3-pdp-2023-prae.pdf\">Oficio_3 &#8211; PDP 2023 &#8211; PRAE<\/a><\/p>\n<p><a href=\"https:\/\/progepe.ufpr.br\/capacitacao\/wp-content\/uploads\/2023\/01\/oficio_4-pdp-2023-proec.pdf\">Oficio_4 &#8211; PDP 2023 &#8211; PROEC<\/a><\/p>\n<p><a href=\"https:\/\/progepe.ufpr.br\/capacitacao\/wp-content\/uploads\/2023\/01\/oficio_5-pdp-2023-prograd.pdf\">Oficio_5 &#8211; PDP 2023 &#8211; PROGRAD<\/a><\/p>\n<p><a href=\"https:\/\/progepe.ufpr.br\/capacitacao\/wp-content\/uploads\/2023\/01\/oficio_6-pdp-2023-prppg.pdf\">Oficio_6 &#8211; PDP 2023 &#8211; PRPPG<\/a><\/p>\n<p><a href=\"https:\/\/progepe.ufpr.br\/capacitacao\/wp-content\/uploads\/2023\/01\/oficio_7-pdp-2023-proplan.pdf\">Oficio_7 &#8211; PDP 2023 &#8211; PROPLAN<\/a><\/p>\n<p><a href=\"https:\/\/progepe.ufpr.br\/capacitacao\/wp-content\/uploads\/2023\/01\/oficio_8-pdp-2023-setor-de-artes-comunicacao-e-design.pdf\">Oficio_8 &#8211; PDP 2023 &#8211; Setor de Artes, Comunica\u00e7\u00e3o e Design<\/a><\/p>\n<p><a href=\"https:\/\/progepe.ufpr.br\/capacitacao\/wp-content\/uploads\/2023\/01\/oficio_9-pdp-2023-setor-de-ciencias-agrarias.pdf\">Oficio_9 &#8211; PDP 2023 &#8211; Setor de Ci\u00eancias Agr\u00e1rias<\/a><\/p>\n<p><a href=\"https:\/\/progepe.ufpr.br\/capacitacao\/wp-content\/uploads\/2023\/01\/oficio_10-pdp-2023-setor-de-ciencias-biologicas.pdf\">Oficio_10 &#8211; PDP 2023 &#8211; Setor de Ci\u00eancias Biol\u00f3gicas<\/a><\/p>\n<p><a href=\"https:\/\/progepe.ufpr.br\/capacitacao\/wp-content\/uploads\/2023\/01\/oficio_11-pdp-2023-setor-de-ciencias-da-saude.pdf\">Oficio_11 &#8211; PDP 2023 &#8211; Setor de Ci\u00eancias da Sa\u00fade<\/a><\/p>\n<p><a href=\"https:\/\/progepe.ufpr.br\/capacitacao\/wp-content\/uploads\/2023\/01\/oficio_12-pdp-2023-setor-de-ciencias-da-terra.pdf\">Oficio_12 &#8211; PDP 2023 &#8211; Setor de Ci\u00eancias da Terra<\/a><\/p>\n<p><a href=\"https:\/\/progepe.ufpr.br\/capacitacao\/wp-content\/uploads\/2023\/01\/oficio_13-pdp-2023-setor-de-ciencias-exatas.pdf\">Oficio_13 &#8211; PDP 2023 &#8211; Setor de Ci\u00eancias Exatas<\/a><\/p>\n<p><a href=\"https:\/\/progepe.ufpr.br\/capacitacao\/wp-content\/uploads\/2023\/01\/oficio_14-pdp-2023-setor-de-ciencias-humanas.pdf\">Oficio_14 &#8211; PDP 2023 &#8211; Setor de Ci\u00eancias Humanas<\/a><\/p>\n<p><a href=\"https:\/\/progepe.ufpr.br\/capacitacao\/wp-content\/uploads\/2023\/01\/oficio_15-pdp-2023-setor-de-ciencias-juridicas.pdf\">Oficio_15 &#8211; PDP 2023 &#8211; Setor de Ci\u00eancias Jur\u00eddicas<\/a><\/p>\n<p><a href=\"https:\/\/progepe.ufpr.br\/capacitacao\/wp-content\/uploads\/2023\/01\/oficio_16-pdp-2023-setor-de-ciencias-sociais-aplicadas.pdf\">Oficio_16 &#8211; PDP 2023 &#8211; Setor de Ci\u00eancias Sociais Aplicadas<\/a><\/p>\n<p><a href=\"https:\/\/progepe.ufpr.br\/capacitacao\/wp-content\/uploads\/2023\/01\/oficio_17-pdp-2023-setor-de-educacao.pdf\">Oficio_17 &#8211; PDP 2023 &#8211; Setor de Educa\u00e7\u00e3o<\/a><\/p>\n<p><a href=\"https:\/\/progepe.ufpr.br\/capacitacao\/wp-content\/uploads\/2023\/01\/oficio_18-pdp-2023-setor-de-educacao-profissional-e-tecnologica.pdf\">Oficio_18 &#8211; PDP 2023 &#8211; Setor de Educa\u00e7\u00e3o Profissional e Tecnol\u00f3gica<\/a><\/p>\n<p><a href=\"https:\/\/progepe.ufpr.br\/capacitacao\/wp-content\/uploads\/2023\/01\/oficio_19-pdp-2023-setor-de-tecnologia.pdf\">Oficio_19 &#8211; PDP 2023 &#8211; Setor de Tecnologia<\/a><\/p>\n<p><a href=\"https:\/\/progepe.ufpr.br\/capacitacao\/wp-content\/uploads\/2023\/01\/oficio_20-pdp-2023-setor-litoral.pdf\">Oficio_20 &#8211; PDP 2023 &#8211; Setor Litoral<\/a><\/p>\n<p><a href=\"https:\/\/progepe.ufpr.br\/capacitacao\/wp-content\/uploads\/2023\/01\/oficio_21-pdp-2023-setor-palotina.pdf\">Oficio_21 &#8211; PDP 2023 &#8211; Setor Palotina<\/a><\/p>\n<p><a href=\"https:\/\/progepe.ufpr.br\/capacitacao\/wp-content\/uploads\/2023\/01\/oficio_22-pdp-2023-campus-jandaia-do-sul.pdf\">Oficio_22 &#8211; PDP 2023 &#8211; Campus Jandaia do Sul<\/a><\/p>\n<p><a href=\"https:\/\/progepe.ufpr.br\/capacitacao\/wp-content\/uploads\/2023\/01\/oficio_23-pdp-2023-campus-pontal-do-parana.pdf\">Oficio_23 &#8211; PDP 2023 &#8211; Campus Pontal do Paran\u00e1<\/a><\/p>\n<p><a href=\"https:\/\/progepe.ufpr.br\/capacitacao\/wp-content\/uploads\/2023\/01\/oficio_24-pdp-2023-campus-toledo.pdf\">Oficio_24 &#8211; PDP 2023 &#8211; Campus Toledo<\/a><\/p>\n<p><a href=\"https:\/\/progepe.ufpr.br\/capacitacao\/wp-content\/uploads\/2023\/01\/oficio_25-pdp-2023-chc.pdf\">Oficio_25 &#8211; PDP 2023 &#8211; CHC<\/a><\/p>\n<p><a href=\"https:\/\/progepe.ufpr.br\/capacitacao\/wp-content\/uploads\/2023\/01\/oficio_26-pdp-2023-suinfra.pdf\">Oficio_26 &#8211; PDP 2023 &#8211; SUINFRA<\/a><\/p>\n<p><a href=\"https:\/\/progepe.ufpr.br\/capacitacao\/wp-content\/uploads\/2023\/01\/oficio_27-pdp-2023-sucom.pdf\">Oficio_27 &#8211; PDP 2023 &#8211; SUCOM<\/a><\/p>\n<p><a href=\"https:\/\/progepe.ufpr.br\/capacitacao\/wp-content\/uploads\/2023\/01\/oficio_28-pdp-2023-sipad.pdf\">Oficio_28 &#8211; PDP 2023 &#8211; SIPAD<\/a><\/p>\n<p><a href=\"https:\/\/progepe.ufpr.br\/capacitacao\/wp-content\/uploads\/2023\/01\/oficio_29-pdp-2023-spin.pdf\">Oficio_29 &#8211; PDP 2023 &#8211; SPIN<\/a><\/p>\n<p><a href=\"https:\/\/progepe.ufpr.br\/capacitacao\/wp-content\/uploads\/2023\/01\/oficio_30-pdp-2023-procuradoria-federal.pdf\">Oficio_30 &#8211; PDP 2023 &#8211; Procuradoria Federal<\/a><\/p>\n<p><a href=\"https:\/\/progepe.ufpr.br\/capacitacao\/wp-content\/uploads\/2023\/01\/oficio_31-pdp-2023-auditoria-interna.pdf\">Oficio_31 &#8211; PDP 2023 &#8211; Auditoria Interna<\/a><\/p>\n<p><a href=\"https:\/\/progepe.ufpr.br\/capacitacao\/wp-content\/uploads\/2023\/01\/oficio_32-pdp-2023-diretoria-disciplinar.pdf\">Oficio_32 &#8211; PDP 2023 &#8211; Diretoria Disciplinar<\/a><\/p>\n<p><a href=\"https:\/\/progepe.ufpr.br\/capacitacao\/wp-content\/uploads\/2023\/01\/oficio_33-pdp-2023-soc.pdf\">Oficio_33 &#8211; PDP 2023 &#8211; SOC<\/a><\/p>\n<p><a href=\"https:\/\/progepe.ufpr.br\/capacitacao\/wp-content\/uploads\/2023\/01\/oficio_34-pdp-2023-ouvidoria-ufpr.pdf\">Oficio_34 &#8211; PDP 2023 &#8211; Ouvidoria UFPR<\/a><\/p>\n<p><a href=\"https:\/\/progepe.ufpr.br\/capacitacao\/wp-content\/uploads\/2023\/01\/oficio_35-pdp-2023-gabinete-da-reitoria.pdf\">Oficio_35 &#8211; PDP 2023 &#8211; Gabinete da Reitoria<\/a><\/p>\n<p><a href=\"https:\/\/progepe.ufpr.br\/capacitacao\/wp-content\/uploads\/2023\/01\/oficio_36-pdp-2023-agencia-internacional.pdf\">Oficio_36 &#8211; PDP 2023 &#8211; Ag\u00eancia Internacional<\/a><\/p>\n<p><a href=\"https:\/\/progepe.ufpr.br\/capacitacao\/wp-content\/uploads\/2023\/01\/oficio_37-pdp-2023-sistema-de-bibliotecas.pdf\">Oficio_37 &#8211; PDP 2023 &#8211; Sistema de Bibliotecas<\/a><\/p>\n<hr \/>\n<p><strong>Atualizado em 07\/02\/2023<\/strong><\/p>\n","protected":false},"excerpt":{"rendered":"<p>Ciclos de Revis\u00e3o PDP 2023 Memorando_1 &#8211; Revis\u00e3o PDP 2023 Memorando_2 &#8211; Revis\u00f5es PDP 2023 Informativos PDP 2023 Oficio_1 &#8211; PDP 2023 &#8211; PROGEPE Oficio_2 &#8211; PDP 2023 &#8211; PRA Oficio_3 &#8211; PDP 2023 &#8211; PRAE Oficio_4 &#8211; PDP 2023 &#8211; PROEC Oficio_5 &#8211; PDP 2023 &#8211; PROGRAD Oficio_6 &#8211; PDP 2023 &#8211; PRPPG Oficio_7 [&hellip;]<\/p>\n","protected":false},"author":41,"featured_media":0,"parent":0,"menu_order":0,"comment_status":"closed","ping_status":"closed","template":"","meta":{"_coblocks_attr":"","_coblocks_dimensions":"","_coblocks_responsive_height":"","_coblocks_accordion_ie_support":"","_uag_custom_page_level_css":"","iawp_total_views":2,"footnotes":""},"class_list":["post-4446","page","type-page","status-publish","hentry"],"uagb_featured_image_src":{"full":false,"thumbnail":false,"medium":false,"medium_large":false,"large":false,"1536x1536":false,"2048x2048":false},"uagb_author_info":{"display_name":"progepe-admin","author_link":"https:\/\/progepe.ufpr.br\/capacitacao\/author\/progepe-admin\/"},"uagb_comment_info":0,"uagb_excerpt":"Ciclos de Revis\u00e3o PDP 2023 Memorando_1 &#8211; Revis\u00e3o PDP 2023 Memorando_2 &#8211; Revis\u00f5es PDP 2023 Informativos PDP 2023 Oficio_1 &#8211; PDP 2023 &#8211; PROGEPE Oficio_2 &#8211; PDP 2023 &#8211; PRA Oficio_3 &#8211; PDP 2023 &#8211; PRAE Oficio_4 &#8211; PDP 2023 &#8211; PROEC Oficio_5 &#8211; PDP 2023 &#8211; PROGRAD Oficio_6 &#8211; PDP 2023 &#8211; PRPPG Oficio_7&hellip;","publishpress_future_workflow_manual_trigger":{"enabledWorkflows":[]},"_links":{"self":[{"href":"https:\/\/progepe.ufpr.br\/capacitacao\/wp-json\/wp\/v2\/pages\/4446","targetHints":{"allow":["GET"]}}],"collection":[{"href":"https:\/\/progepe.ufpr.br\/capacitacao\/wp-json\/wp\/v2\/pages"}],"about":[{"href":"https:\/\/progepe.ufpr.br\/capacitacao\/wp-json\/wp\/v2\/types\/page"}],"author":[{"embeddable":true,"href":"https:\/\/progepe.ufpr.br\/capacitacao\/wp-json\/wp\/v2\/users\/41"}],"replies":[{"embeddable":true,"href":"https:\/\/progepe.ufpr.br\/capacitacao\/wp-json\/wp\/v2\/comments?post=4446"}],"version-history":[{"count":3,"href":"https:\/\/progepe.ufpr.br\/capacitacao\/wp-json\/wp\/v2\/pages\/4446\/revisions"}],"predecessor-version":[{"id":77484,"href":"https:\/\/progepe.ufpr.br\/capacitacao\/wp-json\/wp\/v2\/pages\/4446\/revisions\/77484"}],"wp:attachment":[{"href":"https:\/\/progepe.ufpr.br\/capacitacao\/wp-json\/wp\/v2\/media?parent=4446"}],"curies":[{"name":"wp","href":"https:\/\/api.w.org\/{rel}","templated":true}]}}