{"id":5088,"date":"2023-11-16T15:53:08","date_gmt":"2023-11-16T18:53:08","guid":{"rendered":"https:\/\/www.prppg.ufpr.br\/site\/portalcapacitacao\/?page_id=5088"},"modified":"2025-02-03T15:09:07","modified_gmt":"2025-02-03T18:09:07","slug":"pdp-2024-acoes","status":"publish","type":"page","link":"https:\/\/progepe.ufpr.br\/capacitacao\/pdp-2024-acoes\/","title":{"rendered":"A\u00e7\u00f5es PDP 2024"},"content":{"rendered":"\n<div style=\"height:1em\" aria-hidden=\"true\" class=\"wp-block-spacer\"><\/div>\n\n\n\n<p class=\"has-text-align-center\"><a href=\"#bibliotecas\" data-type=\"internal\" data-id=\"#bibliotecas\">Bibliotecas<\/a>&nbsp;|&nbsp;<a href=\"#campus\" data-type=\"internal\" data-id=\"#campus\">Campus<\/a>&nbsp;|&nbsp;<a href=\"#hc\" data-type=\"internal\" data-id=\"#hc\">Hospital de Cl\u00ednicas<\/a>&nbsp;|&nbsp;<a href=\"#proreitorias\" data-type=\"internal\" data-id=\"#proreitorias\">Pr\u00f3-reitorias<\/a>&nbsp;|&nbsp;<a href=\"#rt\" data-type=\"internal\" data-id=\"#rt\">Reitoria<\/a>&nbsp;|&nbsp;<a href=\"#setores\" data-type=\"internal\" data-id=\"#setores\">Setores<\/a>&nbsp;|&nbsp;<a href=\"#superintendencias\" data-type=\"internal\" data-id=\"#superintendencias\">Superintend\u00eancias<\/a><\/p>\n\n\n\n<div style=\"height:1em\" aria-hidden=\"true\" class=\"wp-block-spacer\"><\/div>\n\n\n\n<hr class=\"wp-block-separator has-alpha-channel-opacity\"\/>\n\n\n\n<div style=\"height:1em\" aria-hidden=\"true\" class=\"wp-block-spacer\"><\/div>\n\n\n\n<h3 class=\"wp-block-heading\" id=\"bibliotecas\">Bibliotecas &#8211; SiBi<\/h3>\n\n\n\n<div class=\"wp-block-group is-layout-flow wp-block-group-is-layout-flow\" style=\"padding-left:var(--wp--preset--spacing--40)\">\n<figure class=\"wp-block-table is-style-regular has-small-font-size\"><table><tbody><tr><td class=\"has-text-align-center\" data-align=\"center\"><a href=\"https:\/\/progepe.ufpr.br\/capacitacao\/wp-content\/uploads\/2023\/12\/biblioteca-central-evento.pdf\">Afastamento para evento<\/a><\/td><td class=\"has-text-align-center\" data-align=\"center\"><a href=\"https:\/\/progepe.ufpr.br\/capacitacao\/wp-content\/uploads\/2023\/12\/biblioteca-central-stricto-sensu.pdf\">Afastamento para estudos\/<em>Stricto sensu<\/em><\/a><\/td><td class=\"has-text-align-center\" data-align=\"center\"><a href=\"https:\/\/progepe.ufpr.br\/capacitacao\/wp-content\/uploads\/2023\/12\/biblioteca-central-pos-doutorado.pdf\">Afastamento para estudos\/P\u00f3s-doutorado<\/a><\/td><td class=\"has-text-align-center\" data-align=\"center\"><a href=\"https:\/\/progepe.ufpr.br\/capacitacao\/wp-content\/uploads\/2023\/12\/biblioteca-central-capes-print.pdf\">Afastamento para CAPES PrInt<\/a><\/td><td class=\"has-text-align-center\" data-align=\"center\"><a href=\"https:\/\/progepe.ufpr.br\/capacitacao\/wp-content\/uploads\/2023\/12\/biblioteca-central-licenca-para-capacitacao.pdf\">Licen\u00e7a para capacita\u00e7\u00e3o<\/a><\/td><\/tr><\/tbody><\/table><\/figure>\n<\/div>\n\n\n\n<div style=\"height:2em\" aria-hidden=\"true\" class=\"wp-block-spacer\"><\/div>\n\n\n\n<hr class=\"wp-block-separator has-alpha-channel-opacity\"\/>\n\n\n\n<div style=\"height:0.75em\" aria-hidden=\"true\" class=\"wp-block-spacer\"><\/div>\n\n\n\n<h3 class=\"wp-block-heading\" id=\"campus\">Campus<\/h3>\n\n\n\n<div class=\"wp-block-group is-layout-flow wp-block-group-is-layout-flow\" style=\"padding-left:var(--wp--preset--spacing--40)\">\n<h4 class=\"wp-block-heading has-medium-font-size\"><strong>Campus Jandaia do Sul<\/strong><\/h4>\n\n\n\n<div class=\"wp-block-group is-layout-flow wp-block-group-is-layout-flow\" style=\"padding-left:var(--wp--preset--spacing--40)\">\n<figure class=\"wp-block-table is-style-regular has-small-font-size\"><table><tbody><tr><td class=\"has-text-align-center\" data-align=\"center\"><a href=\"https:\/\/progepe.ufpr.br\/capacitacao\/wp-content\/uploads\/2023\/12\/campus-jandaia-do-sul-evento-tecnico-administrativo.pdf\" data-type=\"link\" data-id=\"https:\/\/progepe.ufpr.br\/capacitacao\/wp-content\/uploads\/2023\/12\/campus-jandaia-do-sul-evento-tecnico-administrativo.pdf\">Afastamento para evento &#8211; T\u00e9cnicos administrativos<\/a><\/td><td class=\"has-text-align-center\" data-align=\"center\"><a href=\"https:\/\/progepe.ufpr.br\/capacitacao\/wp-content\/uploads\/2023\/12\/campus-jandaia-do-sul-stricto-sensu-tecnico-administrativo.pdf\" data-type=\"link\" data-id=\"https:\/\/progepe.ufpr.br\/capacitacao\/wp-content\/uploads\/2023\/12\/campus-jandaia-do-sul-stricto-sensu-tecnico-administrativo.pdf\">Afastamento para estudos\/<em>Stricto sensu<\/em> &#8211; T\u00e9cnicos administrativos<\/a><\/td><td class=\"has-text-align-center\" data-align=\"center\"><a href=\"https:\/\/progepe.ufpr.br\/capacitacao\/wp-content\/uploads\/2023\/12\/campus-jandaia-do-sul-pos-doutorado-tecnico-administrativo.pdf\" data-type=\"link\" data-id=\"https:\/\/progepe.ufpr.br\/capacitacao\/wp-content\/uploads\/2023\/12\/campus-jandaia-do-sul-pos-doutorado-tecnico-administrativo.pdf\">Afastamento para estudos\/P\u00f3s-doutorado &#8211; T\u00e9cnicos administrativos<\/a><\/td><td class=\"has-text-align-center\" data-align=\"center\"><a href=\"https:\/\/progepe.ufpr.br\/capacitacao\/wp-content\/uploads\/2023\/12\/campus-jandaia-do-sul-capes-print-tecnico-administrativo.pdf\" data-type=\"link\" data-id=\"https:\/\/progepe.ufpr.br\/capacitacao\/wp-content\/uploads\/2023\/12\/campus-jandaia-do-sul-capes-print-tecnico-administrativo.pdf\">Afastamento para CAPES PrInt &#8211; T\u00e9cnicos administrativos<\/a><\/td><td class=\"has-text-align-center\" data-align=\"center\"><a href=\"https:\/\/progepe.ufpr.br\/capacitacao\/wp-content\/uploads\/2023\/12\/campus-jandaia-do-sul-licenca-para-capacitacao-tecnico-administrativo.pdf\" data-type=\"link\" data-id=\"https:\/\/progepe.ufpr.br\/capacitacao\/wp-content\/uploads\/2023\/12\/campus-jandaia-do-sul-licenca-para-capacitacao-tecnico-administrativo.pdf\">Licen\u00e7a para capacita\u00e7\u00e3o &#8211; T\u00e9cnicos administrativos<\/a><\/td><\/tr><tr><td class=\"has-text-align-center\" data-align=\"center\"><a href=\"https:\/\/progepe.ufpr.br\/capacitacao\/wp-content\/uploads\/2023\/12\/campus-jandaia-do-sul-evento-docente.pdf\" data-type=\"link\" data-id=\"https:\/\/progepe.ufpr.br\/capacitacao\/wp-content\/uploads\/2023\/12\/campus-jandaia-do-sul-evento-docente.pdf\">Afastamento para evento &#8211; Docentes<\/a><\/td><td class=\"has-text-align-center\" data-align=\"center\"><a href=\"https:\/\/progepe.ufpr.br\/capacitacao\/wp-content\/uploads\/2023\/12\/campus-jandaia-do-sul-stricto-sensu-docente.pdf\" data-type=\"link\" data-id=\"https:\/\/progepe.ufpr.br\/capacitacao\/wp-content\/uploads\/2023\/12\/campus-jandaia-do-sul-stricto-sensu-docente.pdf\">Afastamento para estudos\/<em>Stricto sensu<\/em> &#8211; Docentes<\/a><\/td><td class=\"has-text-align-center\" data-align=\"center\"><a href=\"https:\/\/progepe.ufpr.br\/capacitacao\/wp-content\/uploads\/2023\/12\/campus-jandaia-do-sul-pos-doutorado-docente.pdf\" data-type=\"link\" data-id=\"https:\/\/progepe.ufpr.br\/capacitacao\/wp-content\/uploads\/2023\/12\/campus-jandaia-do-sul-pos-doutorado-docente.pdf\">Afastamento para estudos\/P\u00f3s-doutorado &#8211; Docentes<\/a><\/td><td class=\"has-text-align-center\" data-align=\"center\"><a href=\"https:\/\/progepe.ufpr.br\/capacitacao\/wp-content\/uploads\/2023\/12\/campus-jandaia-do-sul-capes-print-docente.pdf\" data-type=\"link\" data-id=\"https:\/\/progepe.ufpr.br\/capacitacao\/wp-content\/uploads\/2023\/12\/campus-jandaia-do-sul-capes-print-docente.pdf\">Afastamento para CAPES PrInt &#8211; Docentes<\/a><\/td><td class=\"has-text-align-center\" data-align=\"center\"><a href=\"https:\/\/progepe.ufpr.br\/capacitacao\/wp-content\/uploads\/2023\/12\/campus-jandaia-do-sul-licenca-para-capacitacao-docente.pdf\" data-type=\"link\" data-id=\"https:\/\/progepe.ufpr.br\/capacitacao\/wp-content\/uploads\/2023\/12\/campus-jandaia-do-sul-licenca-para-capacitacao-docente.pdf\">Licen\u00e7a para capacita\u00e7\u00e3o &#8211; Docentes<\/a><\/td><\/tr><\/tbody><\/table><\/figure>\n<\/div>\n\n\n\n<div style=\"height:0.75em\" aria-hidden=\"true\" class=\"wp-block-spacer\"><\/div>\n\n\n\n<h4 class=\"wp-block-heading has-medium-font-size\"><strong>Campus Pontal do Paran\u00e1<\/strong><\/h4>\n\n\n\n<div class=\"wp-block-group is-layout-flow wp-block-group-is-layout-flow\" style=\"padding-left:var(--wp--preset--spacing--40)\">\n<figure class=\"wp-block-table is-style-regular has-small-font-size\"><table><tbody><tr><td class=\"has-text-align-center\" data-align=\"center\"><a href=\"https:\/\/progepe.ufpr.br\/capacitacao\/wp-content\/uploads\/2023\/12\/campus-pontal-do-parana-evento.pdf\" data-type=\"link\" data-id=\"https:\/\/progepe.ufpr.br\/capacitacao\/wp-content\/uploads\/2023\/12\/campus-pontal-do-parana-evento.pdf\">Afastamento para evento<\/a><\/td><td class=\"has-text-align-center\" data-align=\"center\"><a href=\"https:\/\/progepe.ufpr.br\/capacitacao\/wp-content\/uploads\/2023\/12\/campus-pontal-do-parana-stricto-sensu.pdf\" data-type=\"link\" data-id=\"https:\/\/progepe.ufpr.br\/capacitacao\/wp-content\/uploads\/2023\/12\/campus-pontal-do-parana-stricto-sensu.pdf\">Afastamento para estudos\/<em>Stricto sensu<\/em><\/a><\/td><td class=\"has-text-align-center\" data-align=\"center\"><a href=\"https:\/\/progepe.ufpr.br\/capacitacao\/wp-content\/uploads\/2023\/12\/campus-pontal-do-parana-pos-doutorado.pdf\" data-type=\"link\" data-id=\"https:\/\/progepe.ufpr.br\/capacitacao\/wp-content\/uploads\/2023\/12\/campus-pontal-do-parana-pos-doutorado.pdf\">Afastamento para estudos\/P\u00f3s-doutorado<\/a><\/td><td class=\"has-text-align-center\" data-align=\"center\">Afastamento para CAPES PrInt<br><strong>Sem a\u00e7\u00e3o cadastrada<\/strong><\/td><td class=\"has-text-align-center\" data-align=\"center\"><a href=\"https:\/\/progepe.ufpr.br\/capacitacao\/wp-content\/uploads\/2023\/12\/campus-pontal-do-parana-licenca-para-capacitacao.pdf\" data-type=\"link\" data-id=\"https:\/\/progepe.ufpr.br\/capacitacao\/wp-content\/uploads\/2023\/12\/campus-pontal-do-parana-licenca-para-capacitacao.pdf\">Licen\u00e7a para capacita\u00e7\u00e3o<\/a><\/td><\/tr><\/tbody><\/table><\/figure>\n<\/div>\n\n\n\n<div style=\"height:0.75em\" aria-hidden=\"true\" class=\"wp-block-spacer\"><\/div>\n\n\n\n<h4 class=\"wp-block-heading has-medium-font-size\"><strong>Campus Toledo<\/strong><\/h4>\n\n\n\n<div class=\"wp-block-group is-layout-flow wp-block-group-is-layout-flow\" style=\"padding-left:var(--wp--preset--spacing--40)\">\n<figure class=\"wp-block-table is-style-regular has-small-font-size\"><table><tbody><tr><td class=\"has-text-align-center\" data-align=\"center\"><a href=\"https:\/\/progepe.ufpr.br\/capacitacao\/wp-content\/uploads\/2023\/12\/campus-toledo-evento.pdf\" data-type=\"link\" data-id=\"https:\/\/progepe.ufpr.br\/capacitacao\/wp-content\/uploads\/2023\/12\/campus-toledo-evento.pdf\">Afastamento para evento<\/a><\/td><td class=\"has-text-align-center\" data-align=\"center\"><a href=\"https:\/\/progepe.ufpr.br\/capacitacao\/wp-content\/uploads\/2023\/12\/campus-toledo-stricto-sensu.pdf\" data-type=\"link\" data-id=\"https:\/\/progepe.ufpr.br\/capacitacao\/wp-content\/uploads\/2023\/12\/campus-toledo-stricto-sensu.pdf\">Afastamento para estudos\/<em>Stricto sensu<\/em><\/a><\/td><td class=\"has-text-align-center\" data-align=\"center\">Afastamento para estudos\/P\u00f3s-doutorado<br><strong>Sem a\u00e7\u00e3o cadastrada<\/strong><\/td><td class=\"has-text-align-center\" data-align=\"center\">Afastamento para CAPES PrInt<br><strong>Sem a\u00e7\u00e3o cadastrada<\/strong><\/td><td class=\"has-text-align-center\" data-align=\"center\"><a href=\"https:\/\/progepe.ufpr.br\/capacitacao\/wp-content\/uploads\/2023\/12\/campus-toledo-licenca-para-capacitacao.pdf\" data-type=\"link\" data-id=\"https:\/\/progepe.ufpr.br\/capacitacao\/wp-content\/uploads\/2023\/12\/campus-toledo-licenca-para-capacitacao.pdf\">Licen\u00e7a para capacita\u00e7\u00e3o<\/a><\/td><\/tr><\/tbody><\/table><\/figure>\n<\/div>\n\n\n\n<div class=\"wp-block-group is-layout-flow wp-block-group-is-layout-flow\" style=\"padding-left:var(--wp--preset--spacing--40)\"><\/div>\n<\/div>\n\n\n\n<div style=\"height:2em\" aria-hidden=\"true\" class=\"wp-block-spacer\"><\/div>\n\n\n\n<hr class=\"wp-block-separator has-alpha-channel-opacity\"\/>\n\n\n\n<div style=\"height:0.75em\" aria-hidden=\"true\" class=\"wp-block-spacer\"><\/div>\n\n\n\n<h3 class=\"wp-block-heading\" id=\"hc\">Hospital de Cl\u00ednicas<\/h3>\n\n\n\n<div class=\"wp-block-group is-layout-flow wp-block-group-is-layout-flow\" style=\"padding-left:var(--wp--preset--spacing--40)\">\n<figure class=\"wp-block-table is-style-regular has-small-font-size\"><table><tbody><tr><td class=\"has-text-align-center\" data-align=\"center\"><a href=\"https:\/\/progepe.ufpr.br\/capacitacao\/wp-content\/uploads\/2023\/12\/chc-evento.pdf\" data-type=\"link\" data-id=\"https:\/\/progepe.ufpr.br\/capacitacao\/wp-content\/uploads\/2023\/12\/chc-evento.pdf\">Afastamento para evento<\/a><\/td><td class=\"has-text-align-center\" data-align=\"center\"><a href=\"https:\/\/progepe.ufpr.br\/capacitacao\/wp-content\/uploads\/2023\/12\/chc-stricto-sensu.pdf\" data-type=\"link\" data-id=\"https:\/\/progepe.ufpr.br\/capacitacao\/wp-content\/uploads\/2023\/12\/chc-stricto-sensu.pdf\">Afastamento para estudos\/<em>Stricto sensu<\/em><\/a><\/td><td class=\"has-text-align-center\" data-align=\"center\"><a href=\"https:\/\/progepe.ufpr.br\/capacitacao\/wp-content\/uploads\/2023\/12\/chc-pos-doutorado.pdf\" data-type=\"link\" data-id=\"https:\/\/progepe.ufpr.br\/capacitacao\/wp-content\/uploads\/2023\/12\/chc-pos-doutorado.pdf\">Afastamento para estudos\/P\u00f3s-doutorado<\/a><\/td><td class=\"has-text-align-center\" data-align=\"center\"><a href=\"https:\/\/progepe.ufpr.br\/capacitacao\/wp-content\/uploads\/2023\/12\/chc-capes-print.pdf\" data-type=\"link\" data-id=\"https:\/\/progepe.ufpr.br\/capacitacao\/wp-content\/uploads\/2023\/12\/chc-capes-print.pdf\">Afastamento para CAPES PrInt<\/a><\/td><td class=\"has-text-align-center\" data-align=\"center\"><a href=\"https:\/\/progepe.ufpr.br\/capacitacao\/wp-content\/uploads\/2023\/12\/chc-licenca-para-capacitacao.pdf\" data-type=\"link\" data-id=\"https:\/\/progepe.ufpr.br\/capacitacao\/wp-content\/uploads\/2023\/12\/chc-licenca-para-capacitacao.pdf\">Licen\u00e7a para capacita\u00e7\u00e3o<\/a><\/td><\/tr><\/tbody><\/table><\/figure>\n<\/div>\n\n\n\n<div style=\"height:3em\" aria-hidden=\"true\" class=\"wp-block-spacer\"><\/div>\n\n\n\n<hr class=\"wp-block-separator has-alpha-channel-opacity\"\/>\n\n\n\n<div style=\"height:1em\" aria-hidden=\"true\" class=\"wp-block-spacer\"><\/div>\n\n\n\n<h3 class=\"wp-block-heading\" id=\"proreitorias\">Pr\u00f3-reitorias<\/h3>\n\n\n\n<div class=\"wp-block-group is-layout-flow wp-block-group-is-layout-flow\" style=\"padding-left:var(--wp--preset--spacing--40)\">\n<h4 class=\"wp-block-heading has-medium-font-size\"><strong>PRA<\/strong><\/h4>\n\n\n\n<div class=\"wp-block-group is-layout-flow wp-block-group-is-layout-flow\" style=\"padding-left:var(--wp--preset--spacing--40)\">\n<figure class=\"wp-block-table is-style-regular has-small-font-size\"><table><tbody><tr><td class=\"has-text-align-center\" data-align=\"center\"><a href=\"https:\/\/progepe.ufpr.br\/capacitacao\/wp-content\/uploads\/2023\/12\/pra-evento.pdf\" data-type=\"link\" data-id=\"https:\/\/progepe.ufpr.br\/capacitacao\/wp-content\/uploads\/2023\/12\/pra-evento.pdf\">Afastamento para evento<\/a><\/td><td class=\"has-text-align-center\" data-align=\"center\"><a href=\"https:\/\/progepe.ufpr.br\/capacitacao\/wp-content\/uploads\/2023\/12\/pra-stricto-sensu.pdf\" data-type=\"link\" data-id=\"https:\/\/progepe.ufpr.br\/capacitacao\/wp-content\/uploads\/2023\/12\/pra-stricto-sensu.pdf\">Afastamento para estudos\/<em>Stricto sensu<\/em><\/a><\/td><td class=\"has-text-align-center\" data-align=\"center\"><a href=\"https:\/\/progepe.ufpr.br\/capacitacao\/wp-content\/uploads\/2023\/12\/pra-pos-doutorado.pdf\" data-type=\"link\" data-id=\"https:\/\/progepe.ufpr.br\/capacitacao\/wp-content\/uploads\/2023\/12\/pra-pos-doutorado.pdf\">Afastamento para estudos\/P\u00f3s-doutorado<\/a><\/td><td class=\"has-text-align-center\" data-align=\"center\"><a href=\"https:\/\/progepe.ufpr.br\/capacitacao\/wp-content\/uploads\/2023\/12\/pra-capes-print.pdf\" data-type=\"link\" data-id=\"https:\/\/progepe.ufpr.br\/capacitacao\/wp-content\/uploads\/2023\/12\/pra-capes-print.pdf\">Afastamento para CAPES PrInt<\/a><\/td><td class=\"has-text-align-center\" data-align=\"center\"><a href=\"https:\/\/progepe.ufpr.br\/capacitacao\/wp-content\/uploads\/2023\/12\/pra-licenca-para-capacitacao.pdf\" data-type=\"link\" data-id=\"https:\/\/progepe.ufpr.br\/capacitacao\/wp-content\/uploads\/2023\/12\/pra-licenca-para-capacitacao.pdf\">Licen\u00e7a para capacita\u00e7\u00e3o<\/a><\/td><\/tr><\/tbody><\/table><\/figure>\n<\/div>\n\n\n\n<div style=\"height:1em\" aria-hidden=\"true\" class=\"wp-block-spacer\"><\/div>\n\n\n\n<h4 class=\"wp-block-heading has-medium-font-size\"><strong>PRAE<\/strong><\/h4>\n\n\n\n<div class=\"wp-block-group is-layout-flow wp-block-group-is-layout-flow\" style=\"padding-left:var(--wp--preset--spacing--40)\">\n<figure class=\"wp-block-table is-style-regular has-small-font-size\"><table><tbody><tr><td class=\"has-text-align-center\" data-align=\"center\"><a href=\"https:\/\/progepe.ufpr.br\/capacitacao\/wp-content\/uploads\/2023\/12\/prae-evento.pdf\" data-type=\"link\" data-id=\"https:\/\/progepe.ufpr.br\/capacitacao\/wp-content\/uploads\/2023\/12\/prae-evento.pdf\">Afastamento para evento<\/a><\/td><td class=\"has-text-align-center\" data-align=\"center\"><a href=\"https:\/\/progepe.ufpr.br\/capacitacao\/wp-content\/uploads\/2023\/12\/prae-stricto-sensu.pdf\" data-type=\"link\" data-id=\"https:\/\/progepe.ufpr.br\/capacitacao\/wp-content\/uploads\/2023\/12\/prae-stricto-sensu.pdf\">Afastamento para estudos\/<em>Stricto sensu<\/em><\/a><\/td><td class=\"has-text-align-center\" data-align=\"center\">Afastamento para estudos\/P\u00f3s-doutorado<br><strong>Sem a\u00e7\u00e3o cadastrada<\/strong><\/td><td class=\"has-text-align-center\" data-align=\"center\">Afastamento para CAPES PrInt<br><strong>Sem a\u00e7\u00e3o cadastrada<\/strong><\/td><td class=\"has-text-align-center\" data-align=\"center\"><a href=\"https:\/\/progepe.ufpr.br\/capacitacao\/wp-content\/uploads\/2023\/12\/prae-licenca-para-capacitacao.pdf\" data-type=\"link\" data-id=\"https:\/\/progepe.ufpr.br\/capacitacao\/wp-content\/uploads\/2023\/12\/prae-licenca-para-capacitacao.pdf\">Licen\u00e7a para capacita\u00e7\u00e3o<\/a><\/td><\/tr><\/tbody><\/table><\/figure>\n<\/div>\n\n\n\n<div style=\"height:1em\" aria-hidden=\"true\" class=\"wp-block-spacer\"><\/div>\n\n\n\n<h4 class=\"wp-block-heading has-medium-font-size\"><strong>PROEC<\/strong><\/h4>\n\n\n\n<div class=\"wp-block-group is-layout-flow wp-block-group-is-layout-flow\" style=\"padding-left:var(--wp--preset--spacing--40)\">\n<figure class=\"wp-block-table is-style-regular has-small-font-size\"><table><tbody><tr><td class=\"has-text-align-center\" data-align=\"center\"><a href=\"https:\/\/progepe.ufpr.br\/capacitacao\/wp-content\/uploads\/2023\/12\/proec-evento.pdf\" data-type=\"link\" data-id=\"https:\/\/progepe.ufpr.br\/capacitacao\/wp-content\/uploads\/2023\/12\/proec-evento.pdf\">Afastamento para evento<\/a><\/td><td class=\"has-text-align-center\" data-align=\"center\"><a href=\"https:\/\/progepe.ufpr.br\/capacitacao\/wp-content\/uploads\/2023\/12\/proec-stricto-sensu.pdf\" data-type=\"link\" data-id=\"https:\/\/progepe.ufpr.br\/capacitacao\/wp-content\/uploads\/2023\/12\/proec-stricto-sensu.pdf\">Afastamento para estudos\/<em>Stricto sensu<\/em><\/a><\/td><td class=\"has-text-align-center\" data-align=\"center\">Afastamento para estudos\/P\u00f3s-doutorado<br><strong>Sem a\u00e7\u00e3o cadastrada<\/strong><\/td><td class=\"has-text-align-center\" data-align=\"center\">Afastamento para CAPES PrInt<br><strong>Sem a\u00e7\u00e3o cadastrada<\/strong><\/td><td class=\"has-text-align-center\" data-align=\"center\"><a href=\"https:\/\/progepe.ufpr.br\/capacitacao\/wp-content\/uploads\/2023\/12\/proec-licenca-para-capacitacao.pdf\" data-type=\"link\" data-id=\"https:\/\/progepe.ufpr.br\/capacitacao\/wp-content\/uploads\/2023\/12\/proec-licenca-para-capacitacao.pdf\">Licen\u00e7a para capacita\u00e7\u00e3o<\/a><\/td><\/tr><\/tbody><\/table><\/figure>\n<\/div>\n\n\n\n<div style=\"height:1em\" aria-hidden=\"true\" class=\"wp-block-spacer\"><\/div>\n\n\n\n<h4 class=\"wp-block-heading has-medium-font-size\"><strong>PROGEPE<\/strong><\/h4>\n\n\n\n<div class=\"wp-block-group is-layout-flow wp-block-group-is-layout-flow\" style=\"padding-left:var(--wp--preset--spacing--40)\">\n<figure class=\"wp-block-table is-style-regular has-small-font-size\"><table><tbody><tr><td class=\"has-text-align-center\" data-align=\"center\"><a href=\"https:\/\/progepe.ufpr.br\/capacitacao\/wp-content\/uploads\/2023\/12\/progepe-evento.pdf\" data-type=\"link\" data-id=\"https:\/\/progepe.ufpr.br\/capacitacao\/wp-content\/uploads\/2023\/12\/progepe-evento.pdf\">Afastamento para evento<\/a><\/td><td class=\"has-text-align-center\" data-align=\"center\"><a href=\"https:\/\/progepe.ufpr.br\/capacitacao\/wp-content\/uploads\/2023\/12\/progepe-stricto-sensu.pdf\" data-type=\"link\" data-id=\"https:\/\/progepe.ufpr.br\/capacitacao\/wp-content\/uploads\/2023\/12\/progepe-stricto-sensu.pdf\">Afastamento para estudos\/<em>Stricto sensu<\/em><\/a><\/td><td class=\"has-text-align-center\" data-align=\"center\"><a href=\"https:\/\/progepe.ufpr.br\/capacitacao\/wp-content\/uploads\/2023\/12\/progepe-pos-doutorado.pdf\" data-type=\"link\" data-id=\"https:\/\/progepe.ufpr.br\/capacitacao\/wp-content\/uploads\/2023\/12\/progepe-pos-doutorado.pdf\">Afastamento para estudos\/P\u00f3s-doutorado<\/a><\/td><td class=\"has-text-align-center\" data-align=\"center\"><a href=\"https:\/\/progepe.ufpr.br\/capacitacao\/wp-content\/uploads\/2023\/12\/progepe-capes-print.pdf\" data-type=\"link\" data-id=\"https:\/\/progepe.ufpr.br\/capacitacao\/wp-content\/uploads\/2023\/12\/progepe-capes-print.pdf\">Afastamento para CAPES PrInt<\/a><\/td><td class=\"has-text-align-center\" data-align=\"center\"><a href=\"https:\/\/progepe.ufpr.br\/capacitacao\/wp-content\/uploads\/2023\/12\/progepe-licenca-para-capacitacao.pdf\" data-type=\"link\" data-id=\"https:\/\/progepe.ufpr.br\/capacitacao\/wp-content\/uploads\/2023\/12\/progepe-licenca-para-capacitacao.pdf\">Licen\u00e7a para capacita\u00e7\u00e3o<\/a><\/td><\/tr><\/tbody><\/table><\/figure>\n<\/div>\n\n\n\n<div style=\"height:1em\" aria-hidden=\"true\" class=\"wp-block-spacer\"><\/div>\n\n\n\n<h4 class=\"wp-block-heading has-medium-font-size\"><strong>PROGRAD<\/strong><\/h4>\n\n\n\n<div class=\"wp-block-group is-layout-flow wp-block-group-is-layout-flow\" style=\"padding-left:var(--wp--preset--spacing--40)\">\n<figure class=\"wp-block-table is-style-regular has-small-font-size\"><table><tbody><tr><td class=\"has-text-align-center\" data-align=\"center\"><a href=\"https:\/\/progepe.ufpr.br\/capacitacao\/wp-content\/uploads\/2023\/12\/prograd-evento.pdf\" data-type=\"link\" data-id=\"https:\/\/progepe.ufpr.br\/capacitacao\/wp-content\/uploads\/2023\/12\/prograd-evento.pdf\">Afastamento para evento<\/a><\/td><td class=\"has-text-align-center\" data-align=\"center\"><a href=\"https:\/\/progepe.ufpr.br\/capacitacao\/wp-content\/uploads\/2023\/12\/prograd-stricto-sensu.pdf\" data-type=\"link\" data-id=\"https:\/\/progepe.ufpr.br\/capacitacao\/wp-content\/uploads\/2023\/12\/prograd-stricto-sensu.pdf\">Afastamento para estudos\/<em>Stricto sensu<\/em><\/a><\/td><td class=\"has-text-align-center\" data-align=\"center\"><a href=\"https:\/\/progepe.ufpr.br\/capacitacao\/wp-content\/uploads\/2023\/12\/prograd-pos-doutorado.pdf\" data-type=\"link\" data-id=\"https:\/\/progepe.ufpr.br\/capacitacao\/wp-content\/uploads\/2023\/12\/prograd-pos-doutorado.pdf\">Afastamento para estudos\/P\u00f3s-doutorado<\/a><\/td><td class=\"has-text-align-center\" data-align=\"center\">Afastamento para CAPES PrInt<br><strong>Sem a\u00e7\u00e3o cadastrada<\/strong><\/td><td class=\"has-text-align-center\" data-align=\"center\"><a href=\"https:\/\/progepe.ufpr.br\/capacitacao\/wp-content\/uploads\/2023\/12\/prograd-licenca-para-capacitacao.pdf\" data-type=\"link\" data-id=\"https:\/\/progepe.ufpr.br\/capacitacao\/wp-content\/uploads\/2023\/12\/prograd-licenca-para-capacitacao.pdf\">Licen\u00e7a para capacita\u00e7\u00e3o<\/a><\/td><\/tr><\/tbody><\/table><\/figure>\n<\/div>\n\n\n\n<div style=\"height:1em\" aria-hidden=\"true\" class=\"wp-block-spacer\"><\/div>\n\n\n\n<ul class=\"wp-block-list\">\n<li><strong>PRPPG<\/strong><\/li>\n<\/ul>\n\n\n\n<figure class=\"wp-block-table\"><table><tbody><tr><td><strong><em>Afastamento para Evento<\/em><\/strong><\/td><td><strong><em>Afastamento para Estudos\/&nbsp;<\/em><em>Stricto Sensu<\/em><\/strong><\/td><td><strong><em>Afastamento para Estudos\/P\u00f3s-Doutorado<\/em><\/strong><\/td><td><strong><em>Afastamento para Capes Print<\/em><\/strong><\/td><td><strong><em>Licen\u00e7a para Capacita\u00e7\u00e3o<\/em><\/strong><\/td><\/tr><tr><td><a href=\"https:\/\/progepe.ufpr.br\/capacitacao\/wp-content\/uploads\/2023\/12\/prppg-evento.pdf\">PRPPG &#8211; Evento<\/a><\/td><td><a href=\"https:\/\/progepe.ufpr.br\/capacitacao\/wp-content\/uploads\/2023\/12\/prppg-stricto-sensu.pdf\">PRPPG &#8211; Stricto Sensu<\/a><\/td><td><a href=\"https:\/\/progepe.ufpr.br\/capacitacao\/wp-content\/uploads\/2023\/12\/prppg-pos-doutorado.pdf\">PRPPG &#8211; P\u00f3s-Doutorado<\/a><\/td><td><a href=\"https:\/\/progepe.ufpr.br\/capacitacao\/wp-content\/uploads\/2023\/12\/prppg-capes-print.pdf\">PRPPG &#8211; CAPES PRINT<\/a><\/td><td><a href=\"https:\/\/progepe.ufpr.br\/capacitacao\/wp-content\/uploads\/2023\/12\/prppg-licenca-para-capacitacao.pdf\">PRPPG &#8211; Licen\u00e7a para Capacita\u00e7\u00e3o<\/a><\/td><\/tr><\/tbody><\/table><\/figure>\n\n\n\n<div style=\"height:1em\" aria-hidden=\"true\" class=\"wp-block-spacer\"><\/div>\n\n\n\n<ul class=\"wp-block-list\">\n<li><strong>PROPLAN<\/strong><\/li>\n<\/ul>\n\n\n\n<figure class=\"wp-block-table\"><table><tbody><tr><td><strong><em>Afastamento para Evento<\/em><\/strong><\/td><td><strong><em>Afastamento para Estudos\/&nbsp;<\/em><em>Stricto Sensu<\/em><\/strong><\/td><td><strong><em>Afastamento para Estudos\/P\u00f3s-Doutorado<\/em><\/strong><\/td><td><strong><em>Afastamento para Capes Print<\/em><\/strong><\/td><td><strong><em>Licen\u00e7a para Capacita\u00e7\u00e3o<\/em><\/strong><\/td><\/tr><tr><td><a href=\"https:\/\/progepe.ufpr.br\/capacitacao\/wp-content\/uploads\/2023\/12\/proplan-evento.pdf\">PROPLAN &#8211; Evento<\/a><\/td><td><a href=\"https:\/\/progepe.ufpr.br\/capacitacao\/wp-content\/uploads\/2023\/12\/proplan-stricto-sensu.pdf\">PROPLAN &#8211; Stricto Sensu<\/a><\/td><td><a href=\"https:\/\/progepe.ufpr.br\/capacitacao\/wp-content\/uploads\/2023\/12\/proplan-pos-doutorado.pdf\">PROPLAN &#8211; P\u00f3s-Doutorado<\/a><\/td><td>Sem a\u00e7\u00e3o cadastrada<\/td><td><a href=\"https:\/\/progepe.ufpr.br\/capacitacao\/wp-content\/uploads\/2023\/12\/proplan-licenca-para-capacitacao.pdf\">PROPLAN &#8211; Licen\u00e7a para Capacita\u00e7\u00e3o<\/a><\/td><\/tr><\/tbody><\/table><\/figure>\n<\/div>\n\n\n\n<div style=\"height:3em\" aria-hidden=\"true\" class=\"wp-block-spacer\"><\/div>\n\n\n\n<hr class=\"wp-block-separator has-alpha-channel-opacity\"\/>\n\n\n\n<div style=\"height:1em\" aria-hidden=\"true\" class=\"wp-block-spacer\"><\/div>\n\n\n\n<h3 class=\"wp-block-heading\" id=\"rt\">Reitoria<\/h3>\n\n\n\n<ul class=\"wp-block-list\">\n<li><strong>Ag\u00eancia UFPR Internacional (AUI)<\/strong><\/li>\n<\/ul>\n\n\n\n<figure class=\"wp-block-table\"><table><tbody><tr><td><strong><em>Afastamento para Evento<\/em><\/strong><\/td><td><strong><em>Afastamento para Estudos\/&nbsp;<\/em><em>Stricto Sensu<\/em><\/strong><\/td><td><strong><em>Afastamento para Estudos\/P\u00f3s-Doutorado<\/em><\/strong><\/td><td><strong><em>Afastamento para Capes Print<\/em><\/strong><\/td><td><strong><em>Licen\u00e7a para Capacita\u00e7\u00e3o<\/em><\/strong><\/td><\/tr><tr><td><a href=\"https:\/\/progepe.ufpr.br\/capacitacao\/wp-content\/uploads\/2023\/12\/aui-evento.pdf\">AUI &#8211; Evento<\/a><\/td><td><a href=\"https:\/\/progepe.ufpr.br\/capacitacao\/wp-content\/uploads\/2023\/12\/aui-stricto-sensu.pdf\">AUI &#8211; Stricto Sensu<\/a><\/td><td><a href=\"https:\/\/progepe.ufpr.br\/capacitacao\/wp-content\/uploads\/2023\/12\/aui-pos-doutorado.pdf\">AUI &#8211; P\u00f3s-Doutorado<\/a><\/td><td><a href=\"https:\/\/progepe.ufpr.br\/capacitacao\/wp-content\/uploads\/2023\/12\/aui-capes-print.pdf\">AUI &#8211; CAPES PRINT<\/a><\/td><td><a href=\"https:\/\/progepe.ufpr.br\/capacitacao\/wp-content\/uploads\/2023\/12\/aui-licenca-para-capacitacao.pdf\">AUI &#8211; Licen\u00e7a para Capacita\u00e7\u00e3o<\/a><\/td><\/tr><\/tbody><\/table><\/figure>\n\n\n\n<div style=\"height:1em\" aria-hidden=\"true\" class=\"wp-block-spacer\"><\/div>\n\n\n\n<ul class=\"wp-block-list\">\n<li><strong>Auditoria Interna (AUDIN)<\/strong><\/li>\n<\/ul>\n\n\n\n<figure class=\"wp-block-table\"><table><tbody><tr><td><strong><em>Afastamento para Evento<\/em><\/strong><\/td><td><strong><em>Afastamento para Estudos\/&nbsp;<\/em><em>Stricto Sensu<\/em><\/strong><\/td><td><strong><em>Afastamento para Estudos\/P\u00f3s-Doutorado<\/em><\/strong><\/td><td><strong><em>Afastamento para Capes Print<\/em><\/strong><\/td><td><strong><em>Licen\u00e7a para Capacita\u00e7\u00e3o<\/em><\/strong><\/td><\/tr><tr><td><a href=\"https:\/\/progepe.ufpr.br\/capacitacao\/wp-content\/uploads\/2023\/12\/auditoria-evento.pdf\">Auditoria &#8211; Evento<\/a><\/td><td><a href=\"https:\/\/progepe.ufpr.br\/capacitacao\/wp-content\/uploads\/2023\/12\/auditoria-stricto-sensu.pdf\">Auditoria &#8211; Stricto Sensu<\/a><\/td><td>Sem a\u00e7\u00e3o cadastrada<\/td><td>Sem a\u00e7\u00e3o cadastrada<\/td><td><a href=\"https:\/\/progepe.ufpr.br\/capacitacao\/wp-content\/uploads\/2023\/12\/auditoria-licenca-para-capacitacao.pdf\">Auditoria &#8211; Licen\u00e7a para Capacita\u00e7\u00e3o<\/a><\/td><\/tr><\/tbody><\/table><\/figure>\n\n\n\n<div style=\"height:1em\" aria-hidden=\"true\" class=\"wp-block-spacer\"><\/div>\n\n\n\n<ul class=\"wp-block-list\">\n<li><strong>Diretoria Disciplinar (DD)<\/strong><\/li>\n<\/ul>\n\n\n\n<figure class=\"wp-block-table\"><table><tbody><tr><td><strong><em>Afastamento para Evento<\/em><\/strong><\/td><td><strong><em>Afastamento para Estudos\/&nbsp;<\/em><em>Stricto Sensu<\/em><\/strong><\/td><td><strong><em>Afastamento para Estudos\/P\u00f3s-Doutorado<\/em><\/strong><\/td><td><strong><em>Afastamento para Capes Print<\/em><\/strong><\/td><td><strong><em>Licen\u00e7a para Capacita\u00e7\u00e3o<\/em><\/strong><\/td><\/tr><tr><td><a href=\"https:\/\/progepe.ufpr.br\/capacitacao\/wp-content\/uploads\/2023\/12\/diretoria-disciplinar-evento.pdf\">Diretoria Disciplinar &#8211; Evento<\/a><\/td><td><a href=\"https:\/\/progepe.ufpr.br\/capacitacao\/wp-content\/uploads\/2023\/12\/diretoria-disciplinar-stricto-sensu.pdf\">Diretoria Disciplinar &#8211; Stricto Sensu<\/a><\/td><td><a href=\"https:\/\/progepe.ufpr.br\/capacitacao\/wp-content\/uploads\/2023\/12\/diretoria-disciplinar-pos-doutorado.pdf\">Diretoria Disciplinar &#8211; P\u00f3s-Doutorado<\/a><\/td><td>Sem a\u00e7\u00e3o cadastrada<\/td><td><a href=\"https:\/\/progepe.ufpr.br\/capacitacao\/wp-content\/uploads\/2023\/12\/diretoria-disciplinar-licenca-para-capacitacao.pdf\">Diretoria Disciplinar &#8211; Licen\u00e7a para Capacita\u00e7\u00e3o<\/a><\/td><\/tr><\/tbody><\/table><\/figure>\n\n\n\n<div style=\"height:1em\" aria-hidden=\"true\" class=\"wp-block-spacer\"><\/div>\n\n\n\n<ul class=\"wp-block-list\">\n<li><strong>Gabinete da Reitoria (GAB)<\/strong><\/li>\n<\/ul>\n\n\n\n<figure class=\"wp-block-table\"><table><tbody><tr><td><strong><em>Afastamento para Evento<\/em><\/strong><\/td><td><strong><em>Afastamento para Estudos\/&nbsp;<\/em><em>Stricto Sensu<\/em><\/strong><\/td><td><strong><em>Afastamento para Estudos\/P\u00f3s-Doutorado<\/em><\/strong><\/td><td><strong><em>Afastamento para Capes Print<\/em><\/strong><\/td><td><strong><em>Licen\u00e7a para Capacita\u00e7\u00e3o<\/em><\/strong><\/td><\/tr><tr><td><a href=\"https:\/\/progepe.ufpr.br\/capacitacao\/wp-content\/uploads\/2023\/12\/gabinete-evento.pdf\">Gabinete &#8211; Evento<\/a><\/td><td><a href=\"https:\/\/progepe.ufpr.br\/capacitacao\/wp-content\/uploads\/2023\/12\/gabinete-stricto-sensu.pdf\">Gabinete &#8211; Stricto Sensu<\/a><\/td><td><a href=\"https:\/\/progepe.ufpr.br\/capacitacao\/wp-content\/uploads\/2023\/12\/gabinete-pos-doutorado.pdf\">Gabinete &#8211; P\u00f3s-Doutorado<\/a><\/td><td><a href=\"https:\/\/progepe.ufpr.br\/capacitacao\/wp-content\/uploads\/2023\/12\/gabinete-capes-print.pdf\">Gabinete &#8211; CAPES PRINT<\/a><\/td><td><a href=\"https:\/\/progepe.ufpr.br\/capacitacao\/wp-content\/uploads\/2023\/12\/gabinete-licenca-para-capacitacao.pdf\">Gabinete &#8211; Licen\u00e7a para Capacita\u00e7\u00e3o<\/a><\/td><\/tr><\/tbody><\/table><\/figure>\n\n\n\n<div style=\"height:1em\" aria-hidden=\"true\" class=\"wp-block-spacer\"><\/div>\n\n\n\n<ul class=\"wp-block-list\">\n<li><strong>Ouvidoria (OUV)<\/strong><\/li>\n<\/ul>\n\n\n\n<figure class=\"wp-block-table\"><table><tbody><tr><td><strong><em>Afastamento para Evento<\/em><\/strong><\/td><td><strong><em>Afastamento para Estudos\/&nbsp;<\/em><em>Stricto Sensu<\/em><\/strong><\/td><td><strong><em>Afastamento para Estudos\/P\u00f3s-Doutorado<\/em><\/strong><\/td><td><strong><em>Afastamento para Capes Print<\/em><\/strong><\/td><td><strong><em>Licen\u00e7a para Capacita\u00e7\u00e3o<\/em><\/strong><\/td><\/tr><tr><td><a href=\"https:\/\/progepe.ufpr.br\/capacitacao\/wp-content\/uploads\/2023\/12\/ouvidoria-evento.pdf\">Ouvidoria &#8211; Evento<\/a><\/td><td><a href=\"https:\/\/progepe.ufpr.br\/capacitacao\/wp-content\/uploads\/2023\/12\/ouvidoria-stricto-sensu.pdf\">Ouvidoria &#8211; Stricto Sensu<\/a><\/td><td>Sem a\u00e7\u00e3o cadastrada<\/td><td>Sem a\u00e7\u00e3o cadastrada<\/td><td>Sem a\u00e7\u00e3o cadastrada<\/td><\/tr><\/tbody><\/table><\/figure>\n\n\n\n<div style=\"height:1em\" aria-hidden=\"true\" class=\"wp-block-spacer\"><\/div>\n\n\n\n<ul class=\"wp-block-list\">\n<li><strong>Procuradoria UFPR<\/strong><\/li>\n<\/ul>\n\n\n\n<figure class=\"wp-block-table\"><table><tbody><tr><td><strong><em>Afastamento para Evento<\/em><\/strong><\/td><td><strong><em>Afastamento para Estudos\/&nbsp;<\/em><em>Stricto Sensu<\/em><\/strong><\/td><td><strong><em>Afastamento para Estudos\/P\u00f3s-Doutorado<\/em><\/strong><\/td><td><strong><em>Afastamento para Capes Print<\/em><\/strong><\/td><td><strong><em>Licen\u00e7a para Capacita\u00e7\u00e3o<\/em><\/strong><\/td><\/tr><tr><td><a href=\"https:\/\/progepe.ufpr.br\/capacitacao\/wp-content\/uploads\/2023\/12\/procuradoria-evento.pdf\">Procuradoria &#8211; Evento<\/a><\/td><td><a href=\"https:\/\/progepe.ufpr.br\/capacitacao\/wp-content\/uploads\/2023\/12\/procuradoria-stricto-sensu.pdf\">Procuradoria &#8211; Stricto Sensu<\/a><\/td><td>Sem a\u00e7\u00e3o cadastrada<\/td><td>Sem a\u00e7\u00e3o cadastrada<\/td><td><a href=\"https:\/\/progepe.ufpr.br\/capacitacao\/wp-content\/uploads\/2023\/12\/procuradoria-licenca-para-capacitacao.pdf\">Procuradoria &#8211; Licen\u00e7a para Capacita\u00e7\u00e3o<\/a><\/td><\/tr><\/tbody><\/table><\/figure>\n\n\n\n<div style=\"height:1em\" aria-hidden=\"true\" class=\"wp-block-spacer\"><\/div>\n\n\n\n<ul class=\"wp-block-list\">\n<li><strong>Secretaria dos \u00d3rg\u00e3os Colegiados (SOC)<\/strong><\/li>\n<\/ul>\n\n\n\n<figure class=\"wp-block-table\"><table><tbody><tr><td><strong><em>Afastamento para Evento<\/em><\/strong><\/td><td><strong><em>Afastamento para Estudos\/&nbsp;<\/em><em>Stricto Sensu<\/em><\/strong><\/td><td><strong><em>Afastamento para Estudos\/P\u00f3s-Doutorado<\/em><\/strong><\/td><td><strong><em>Afastamento para Capes Print<\/em><\/strong><\/td><td><strong><em>Licen\u00e7a para Capacita\u00e7\u00e3o<\/em><\/strong><\/td><\/tr><tr><td><a href=\"https:\/\/progepe.ufpr.br\/capacitacao\/wp-content\/uploads\/2023\/12\/soc-evento.pdf\">SOC &#8211; Evento<\/a><\/td><td><a href=\"https:\/\/progepe.ufpr.br\/capacitacao\/wp-content\/uploads\/2023\/12\/soc-stricto-sensu.pdf\">SOC &#8211; Stricto Sensu<\/a><\/td><td><a href=\"https:\/\/progepe.ufpr.br\/capacitacao\/wp-content\/uploads\/2023\/12\/soc-pos-doutorado.pdf\">SOC &#8211; P\u00f3s-Doutorado<\/a><\/td><td><a href=\"https:\/\/progepe.ufpr.br\/capacitacao\/wp-content\/uploads\/2023\/12\/soc-capes-print.pdf\">SOC &#8211; CAPES PRINT<\/a><\/td><td><a href=\"https:\/\/progepe.ufpr.br\/capacitacao\/wp-content\/uploads\/2023\/12\/soc-licenca-para-capacitacao.pdf\">SOC &#8211; Licen\u00e7a para Capacita\u00e7\u00e3o<\/a><\/td><\/tr><\/tbody><\/table><\/figure>\n\n\n\n<div style=\"height:3em\" aria-hidden=\"true\" class=\"wp-block-spacer\"><\/div>\n\n\n\n<hr class=\"wp-block-separator has-alpha-channel-opacity\"\/>\n\n\n\n<div style=\"height:1em\" aria-hidden=\"true\" class=\"wp-block-spacer\"><\/div>\n\n\n\n<h3 class=\"wp-block-heading\" id=\"setores\">Setores<\/h3>\n\n\n\n<ul class=\"wp-block-list\">\n<li><strong>Setor de Artes, Comunica\u00e7\u00e3o e Design<\/strong><\/li>\n<\/ul>\n\n\n\n<figure class=\"wp-block-table\"><table><tbody><tr><td><strong><em>Afastamento para Evento<\/em><\/strong><\/td><td><strong><em>Afastamento para Estudos\/&nbsp;<\/em><em>Stricto Sensu<\/em><\/strong><\/td><td><strong><em>Afastamento para Estudos\/P\u00f3s-Doutorado<\/em><\/strong><\/td><td><strong><em>Afastamento para Capes Print<\/em><\/strong><\/td><td><strong><em>Licen\u00e7a para Capacita\u00e7\u00e3o<\/em><\/strong><\/td><\/tr><tr><td><a href=\"https:\/\/progepe.ufpr.br\/capacitacao\/wp-content\/uploads\/2023\/12\/setor-de-artes-comunicacao-e-design-evento.pdf\">Setor de Artes, Comunica\u00e7\u00e3o e Design &#8211; Evento<\/a><\/td><td><a href=\"https:\/\/progepe.ufpr.br\/capacitacao\/wp-content\/uploads\/2023\/12\/setor-de-artes-comunicacao-e-design-stricto-sensu.pdf\">Setor de Artes, Comunica\u00e7\u00e3o e Design &#8211; Stricto Sensu<\/a><\/td><td><a href=\"https:\/\/progepe.ufpr.br\/capacitacao\/wp-content\/uploads\/2023\/12\/setor-de-artes-comunicacao-e-design-pos-doutorado.pdf\">Setor de Artes, Comunica\u00e7\u00e3o e Design &#8211; P\u00f3s-Doutorado<\/a><\/td><td><a href=\"https:\/\/progepe.ufpr.br\/capacitacao\/wp-content\/uploads\/2023\/12\/setor-de-artes-comunicacao-e-design-capes-print.pdf\">Setor de Artes, Comunica\u00e7\u00e3o e Design &#8211; CAPES PRINT<\/a><\/td><td><a href=\"https:\/\/progepe.ufpr.br\/capacitacao\/wp-content\/uploads\/2023\/12\/setor-de-artes-comunicacao-e-design-licenca-para-capacitacao.pdf\">Setor de Artes, Comunica\u00e7\u00e3o e Design &#8211; Licen\u00e7a para Capacita\u00e7\u00e3o<\/a><\/td><\/tr><\/tbody><\/table><\/figure>\n\n\n\n<div style=\"height:1em\" aria-hidden=\"true\" class=\"wp-block-spacer\"><\/div>\n\n\n\n<ul class=\"wp-block-list\">\n<li><strong>Setor de Ci\u00eancias Agr\u00e1rias<\/strong><\/li>\n<\/ul>\n\n\n\n<figure class=\"wp-block-table\"><table><tbody><tr><td><strong><em>Afastamento para Evento<\/em><\/strong><\/td><td><strong><em>Afastamento para Estudos\/&nbsp;<\/em><em>Stricto Sensu<\/em><\/strong><\/td><td><strong><em>Afastamento para Estudos\/P\u00f3s-Doutorado<\/em><\/strong><\/td><td><strong><em>Afastamento para Capes Print<\/em><\/strong><\/td><td><strong><em>Licen\u00e7a para Capacita\u00e7\u00e3o<\/em><\/strong><\/td><\/tr><tr><td><a href=\"https:\/\/progepe.ufpr.br\/capacitacao\/wp-content\/uploads\/2023\/12\/setor-de-ciencias-agrarias-evento.pdf\">Setor de Ci\u00eancias Agr\u00e1rias &#8211; Evento<\/a><\/td><td><a href=\"https:\/\/progepe.ufpr.br\/capacitacao\/wp-content\/uploads\/2023\/12\/setor-de-ciencias-agrarias-stricto-sensu.pdf\">Setor de Ci\u00eancias Agr\u00e1rias &#8211; Stricto Sensu<\/a><\/td><td><a href=\"https:\/\/progepe.ufpr.br\/capacitacao\/wp-content\/uploads\/2023\/12\/setor-de-ciencias-agrarias-pos-doutorado.pdf\">Setor de Ci\u00eancias Agr\u00e1rias &#8211; P\u00f3s-Doutorado<\/a><\/td><td><a href=\"https:\/\/progepe.ufpr.br\/capacitacao\/wp-content\/uploads\/2023\/12\/setor-de-ciencias-agrarias-capes-print.pdf\">Setor de Ci\u00eancias Agr\u00e1rias &#8211; CAPES PRINT<\/a><\/td><td><a href=\"https:\/\/progepe.ufpr.br\/capacitacao\/wp-content\/uploads\/2023\/12\/setor-de-ciencias-agrarias-licenca-para-capacitacao.pdf\">Setor de Ci\u00eancias Agr\u00e1rias &#8211; Licen\u00e7a para Capacita\u00e7\u00e3o<\/a><\/td><\/tr><\/tbody><\/table><\/figure>\n\n\n\n<div style=\"height:1em\" aria-hidden=\"true\" class=\"wp-block-spacer\"><\/div>\n\n\n\n<ul class=\"wp-block-list\">\n<li><strong>Setor de Ci\u00eancias Biol\u00f3gicas<\/strong><\/li>\n<\/ul>\n\n\n\n<figure class=\"wp-block-table\"><table><tbody><tr><td><strong><em>Afastamento para Evento<\/em><\/strong><\/td><td><strong><em>Afastamento para Estudos\/&nbsp;<\/em><em>Stricto Sensu<\/em><\/strong><\/td><td><strong><em>Afastamento para Estudos\/P\u00f3s-Doutorado<\/em><\/strong><\/td><td><strong><em>Afastamento para Capes Print<\/em><\/strong><\/td><td><strong><em>Licen\u00e7a para Capacita\u00e7\u00e3o<\/em><\/strong><\/td><\/tr><tr><td><a href=\"https:\/\/progepe.ufpr.br\/capacitacao\/wp-content\/uploads\/2023\/12\/setor-de-ciencias-biologicas-evento.pdf\">Setor de Ci\u00eancias Biol\u00f3gicas &#8211; Evento<\/a><\/td><td><a href=\"https:\/\/progepe.ufpr.br\/capacitacao\/wp-content\/uploads\/2023\/12\/setor-de-ciencias-biologicas-stricto-sensu.pdf\">Setor de Ci\u00eancias Biol\u00f3gicas &#8211; Stricto Sensu<\/a><\/td><td><a href=\"https:\/\/progepe.ufpr.br\/capacitacao\/wp-content\/uploads\/2023\/12\/setor-de-ciencias-biologicas-pos-doutorado.pdf\">Setor de Ci\u00eancias Biol\u00f3gicas &#8211; P\u00f3s-Doutorado<\/a><\/td><td><a href=\"https:\/\/progepe.ufpr.br\/capacitacao\/wp-content\/uploads\/2023\/12\/setor-de-ciencias-biologicas-capes-print.pdf\">Setor de Ci\u00eancias Biol\u00f3gicas &#8211; CAPES PRINT<\/a><\/td><td><a href=\"https:\/\/progepe.ufpr.br\/capacitacao\/wp-content\/uploads\/2023\/12\/setor-de-ciencias-biologicas-licenca-para-capacitacao.pdf\">Setor de Ci\u00eancias Biol\u00f3gicas &#8211; Licen\u00e7a para Capacita\u00e7\u00e3o<\/a><\/td><\/tr><\/tbody><\/table><\/figure>\n\n\n\n<div style=\"height:1em\" aria-hidden=\"true\" class=\"wp-block-spacer\"><\/div>\n\n\n\n<ul class=\"wp-block-list\">\n<li><strong>Setor de Ci\u00eancias da Sa\u00fade<\/strong><\/li>\n<\/ul>\n\n\n\n<figure class=\"wp-block-table\"><table><tbody><tr><td><strong><em>Afastamento para Evento<\/em><\/strong><\/td><td><strong><em>Afastamento para Estudos\/&nbsp;<\/em><em>Stricto Sensu<\/em><\/strong><\/td><td><strong><em>Afastamento para Estudos\/P\u00f3s-Doutorado<\/em><\/strong><\/td><td><strong><em>Afastamento para Capes Print<\/em><\/strong><\/td><td><strong><em>Licen\u00e7a para Capacita\u00e7\u00e3o<\/em><\/strong><\/td><\/tr><tr><td><a href=\"https:\/\/progepe.ufpr.br\/capacitacao\/wp-content\/uploads\/2023\/12\/setor-de-ciencias-da-saude-evento.pdf\">Setor de Ci\u00eancias da Sa\u00fade &#8211; Evento<\/a><\/td><td><a href=\"https:\/\/progepe.ufpr.br\/capacitacao\/wp-content\/uploads\/2023\/12\/setor-de-ciencias-da-saude-stricto-sensu.pdf\">Setor de Ci\u00eancias da Sa\u00fade &#8211; Stricto Sensu<\/a><\/td><td><a href=\"https:\/\/progepe.ufpr.br\/capacitacao\/wp-content\/uploads\/2023\/12\/setor-de-ciencias-da-saude-pos-doutorado.pdf\">Setor de Ci\u00eancias da Sa\u00fade &#8211; P\u00f3s-Doutorado<\/a><\/td><td><a href=\"https:\/\/progepe.ufpr.br\/capacitacao\/wp-content\/uploads\/2023\/12\/setor-de-ciencias-da-saude-capes-print.pdf\">Setor de Ci\u00eancias da Sa\u00fade &#8211; CAPES PRINT<\/a><\/td><td><a href=\"https:\/\/progepe.ufpr.br\/capacitacao\/wp-content\/uploads\/2023\/12\/setor-de-ciencias-da-saude-licenca-para-capacitacao.pdf\">Setor de Ci\u00eancias da Sa\u00fade &#8211; Licen\u00e7a para Capacita\u00e7\u00e3o<\/a><\/td><\/tr><\/tbody><\/table><\/figure>\n\n\n\n<div style=\"height:1em\" aria-hidden=\"true\" class=\"wp-block-spacer\"><\/div>\n\n\n\n<ul class=\"wp-block-list\">\n<li><strong>Setor de Ci\u00eancias da Terra<\/strong><\/li>\n<\/ul>\n\n\n\n<figure class=\"wp-block-table\"><table><tbody><tr><td><strong><em>Afastamento para Evento<\/em><\/strong><\/td><td><strong><em>Afastamento para Estudos\/&nbsp;<\/em><em>Stricto Sensu<\/em><\/strong><\/td><td><strong><em>Afastamento para Estudos\/P\u00f3s-Doutorado<\/em><\/strong><\/td><td><strong><em>Afastamento para Capes Print<\/em><\/strong><\/td><td><strong><em>Licen\u00e7a para Capacita\u00e7\u00e3o<\/em><\/strong><\/td><\/tr><tr><td><a href=\"https:\/\/progepe.ufpr.br\/capacitacao\/wp-content\/uploads\/2023\/12\/setor-de-ciencias-da-terra-evento.pdf\">Setor de Ci\u00eancias da Terra &#8211; Evento<\/a><\/td><td><a href=\"https:\/\/progepe.ufpr.br\/capacitacao\/wp-content\/uploads\/2023\/12\/setor-de-ciencias-da-terra-stricto-sensu.pdf\">Setor de Ci\u00eancias da Terra -Stricto Sensu<\/a><\/td><td><a href=\"https:\/\/progepe.ufpr.br\/capacitacao\/wp-content\/uploads\/2023\/12\/setor-de-ciencias-da-terra-pos-doutorado.pdf\">Setor de Ci\u00eancias da Terra &#8211; P\u00f3s-Doutorado<\/a><\/td><td><a href=\"https:\/\/progepe.ufpr.br\/capacitacao\/wp-content\/uploads\/2023\/12\/setor-de-ciencias-da-terra-capes-print.pdf\">Setor de Ci\u00eancias da Terra &#8211; CAPES PRINT<\/a><\/td><td><a href=\"https:\/\/progepe.ufpr.br\/capacitacao\/wp-content\/uploads\/2023\/12\/setor-de-ciencias-da-terra-licenca-para-capacitacao.pdf\">Setor de Ci\u00eancias da Terra &#8211; Licen\u00e7a para Capacita\u00e7\u00e3o<\/a><\/td><\/tr><\/tbody><\/table><\/figure>\n\n\n\n<div style=\"height:1em\" aria-hidden=\"true\" class=\"wp-block-spacer\"><\/div>\n\n\n\n<ul class=\"wp-block-list\">\n<li><strong>Setor de Ci\u00eancias Exatas<\/strong><\/li>\n<\/ul>\n\n\n\n<figure class=\"wp-block-table\"><table><tbody><tr><td><strong><em>Afastamento para Evento<\/em><\/strong><\/td><td><strong><em>Afastamento para Estudos\/&nbsp;<\/em><em>Stricto Sensu<\/em><\/strong><\/td><td><strong><em>Afastamento para Estudos\/P\u00f3s-Doutorado<\/em><\/strong><\/td><td><strong><em>Afastamento para Capes Print<\/em><\/strong><\/td><td><strong><em>Licen\u00e7a para Capacita\u00e7\u00e3o<\/em><\/strong><\/td><\/tr><tr><td><a href=\"https:\/\/progepe.ufpr.br\/capacitacao\/wp-content\/uploads\/2023\/12\/setor-de-ciencias-exatas-evento.pdf\">Setor de Ci\u00eancias Exatas &#8211; Evento<\/a><\/td><td><a href=\"https:\/\/progepe.ufpr.br\/capacitacao\/wp-content\/uploads\/2023\/12\/setor-de-ciencias-exatas-stricto-sensu.pdf\">Setor de Ci\u00eancias Exatas &#8211; Stricto Sensu<\/a><\/td><td><a href=\"https:\/\/progepe.ufpr.br\/capacitacao\/wp-content\/uploads\/2023\/12\/setor-de-ciencias-exatas-pos-doutorado.pdf\">Setor de Ci\u00eancias Exatas &#8211; P\u00f3s-Doutorado<\/a><\/td><td><a href=\"https:\/\/progepe.ufpr.br\/capacitacao\/wp-content\/uploads\/2023\/12\/setor-de-ciencias-exatas-capes-print.pdf\">Setor de Ci\u00eancias Exatas &#8211; CAPES PRINT<\/a><\/td><td><a href=\"https:\/\/progepe.ufpr.br\/capacitacao\/wp-content\/uploads\/2023\/12\/setor-de-ciencias-exatas-licenca-para-capacitacao.pdf\">Setor de Ci\u00eancias Exatas &#8211; Licen\u00e7a para Capacita\u00e7\u00e3o<\/a><\/td><\/tr><\/tbody><\/table><\/figure>\n\n\n\n<div style=\"height:1em\" aria-hidden=\"true\" class=\"wp-block-spacer\"><\/div>\n\n\n\n<ul class=\"wp-block-list\">\n<li><strong>Setor de Ci\u00eancias Humanas<\/strong><\/li>\n<\/ul>\n\n\n\n<figure class=\"wp-block-table\"><table><tbody><tr><td><strong><em>Afastamento para Evento<\/em><\/strong><\/td><td><strong><em>Afastamento para Estudos\/&nbsp;<\/em><em>Stricto Sensu<\/em><\/strong><\/td><td><strong><em>Afastamento para Estudos\/P\u00f3s-Doutorado<\/em><\/strong><\/td><td><strong><em>Afastamento para Capes Print<\/em><\/strong><\/td><td><strong><em>Licen\u00e7a para Capacita\u00e7\u00e3o<\/em><\/strong><\/td><\/tr><tr><td><a href=\"https:\/\/progepe.ufpr.br\/capacitacao\/wp-content\/uploads\/2023\/12\/setor-de-ciencias-humanas-evento.pdf\">Setor de Ci\u00eancias Humanas &#8211; Evento<\/a><\/td><td><a href=\"https:\/\/progepe.ufpr.br\/capacitacao\/wp-content\/uploads\/2023\/12\/setor-de-ciencias-humanas-stricto-sensu.pdf\">Setor de Ci\u00eancias Humanas &#8211; Stricto Sensu<\/a><\/td><td><a href=\"https:\/\/progepe.ufpr.br\/capacitacao\/wp-content\/uploads\/2023\/12\/setor-de-ciencias-humanas-pos-doutorado.pdf\">Setor de Ci\u00eancias Humanas &#8211; P\u00f3s-Doutorado<\/a><\/td><td><a href=\"https:\/\/progepe.ufpr.br\/capacitacao\/wp-content\/uploads\/2023\/12\/setor-de-ciencias-humanas-capes-print.pdf\">Setor de Ci\u00eancias Humanas &#8211; CAPES PRINT<\/a><\/td><td><a href=\"https:\/\/progepe.ufpr.br\/capacitacao\/wp-content\/uploads\/2023\/12\/setor-de-ciencias-humanas-licenca-para-capacitacao.pdf\">Setor de Ci\u00eancias Humanas &#8211; Licen\u00e7a para Capacita\u00e7\u00e3o<\/a><\/td><\/tr><\/tbody><\/table><\/figure>\n\n\n\n<div style=\"height:1em\" aria-hidden=\"true\" class=\"wp-block-spacer\"><\/div>\n\n\n\n<ul class=\"wp-block-list\">\n<li><strong>Setor de Ci\u00eancias Jur\u00eddicas<\/strong><\/li>\n<\/ul>\n\n\n\n<figure class=\"wp-block-table\"><table><tbody><tr><td><strong><em>Afastamento para Evento<\/em><\/strong><\/td><td><strong><em>Afastamento para Estudos\/&nbsp;<\/em><em>Stricto Sensu<\/em><\/strong><\/td><td><strong><em>Afastamento para Estudos\/P\u00f3s-Doutorado<\/em><\/strong><\/td><td><strong><em>Afastamento para Capes Print<\/em><\/strong><\/td><td><strong><em>Licen\u00e7a para Capacita\u00e7\u00e3o<\/em><\/strong><\/td><\/tr><tr><td><a href=\"https:\/\/progepe.ufpr.br\/capacitacao\/wp-content\/uploads\/2023\/12\/setor-de-ciencias-juridicas-evento.pdf\">Setor de Ci\u00eancias Jur\u00eddicas &#8211; Evento<\/a><\/td><td><a href=\"https:\/\/progepe.ufpr.br\/capacitacao\/wp-content\/uploads\/2023\/12\/setor-de-ciencias-juridicas-stricto-sensu.pdf\">Setor de Ci\u00eancias Jur\u00eddicas &#8211; Stricto Sensu<\/a><\/td><td><a href=\"https:\/\/progepe.ufpr.br\/capacitacao\/wp-content\/uploads\/2023\/12\/setor-de-ciencias-juridicas-pos-doutorado.pdf\">Setor de Ci\u00eancias Jur\u00eddicas &#8211; P\u00f3s-Doutorado<\/a><\/td><td><a href=\"https:\/\/progepe.ufpr.br\/capacitacao\/wp-content\/uploads\/2023\/12\/setor-de-ciencias-juridicas-capes-print.pdf\">Setor de Ci\u00eancias Jur\u00eddicas &#8211; CAPES PRINT<\/a><\/td><td><a href=\"https:\/\/progepe.ufpr.br\/capacitacao\/wp-content\/uploads\/2023\/12\/setor-de-ciencias-juridicas-licenca-para-capacitacao.pdf\">Setor de Ci\u00eancias Jur\u00eddicas &#8211; Licen\u00e7a para Capacita\u00e7\u00e3o<\/a><\/td><\/tr><\/tbody><\/table><\/figure>\n\n\n\n<div style=\"height:1em\" aria-hidden=\"true\" class=\"wp-block-spacer\"><\/div>\n\n\n\n<ul class=\"wp-block-list\">\n<li><strong>Setor de Ci\u00eancias Sociais Aplicadas<\/strong><\/li>\n<\/ul>\n\n\n\n<figure class=\"wp-block-table\"><table><tbody><tr><td><strong><em>Afastamento para Evento<\/em><\/strong><\/td><td><strong><em>Afastamento para Estudos\/&nbsp;<\/em><em>Stricto Sensu<\/em><\/strong><\/td><td><strong><em>Afastamento para Estudos\/P\u00f3s-Doutorado<\/em><\/strong><\/td><td><strong><em>Afastamento para Capes Print<\/em><\/strong><\/td><td><strong><em>Licen\u00e7a para Capacita\u00e7\u00e3o<\/em><\/strong><\/td><\/tr><tr><td><a href=\"https:\/\/progepe.ufpr.br\/capacitacao\/wp-content\/uploads\/2023\/12\/setor-de-ciencias-sociais-aplicadas-evento.pdf\">Setor de Ci\u00eancias Sociais Aplicadas &#8211; Evento<\/a><\/td><td><a href=\"https:\/\/progepe.ufpr.br\/capacitacao\/wp-content\/uploads\/2023\/12\/setor-de-ciencias-sociais-aplicadas-stricto-sensu.pdf\">Setor de Ci\u00eancias Sociais Aplicadas &#8211; Stricto Sensu<\/a><\/td><td><a href=\"https:\/\/progepe.ufpr.br\/capacitacao\/wp-content\/uploads\/2023\/12\/setor-de-ciencias-sociais-aplicadas-pos-doutorado.pdf\">Setor de Ci\u00eancias Sociais Aplicadas &#8211; P\u00f3s-Doutorado<\/a><\/td><td><a href=\"https:\/\/progepe.ufpr.br\/capacitacao\/wp-content\/uploads\/2023\/12\/setor-de-ciencias-sociais-aplicadas-capes-print.pdf\">Setor de Ci\u00eancias Sociais Aplicadas &#8211; CAPES PRINT<\/a><\/td><td><a href=\"https:\/\/progepe.ufpr.br\/capacitacao\/wp-content\/uploads\/2023\/12\/setor-de-ciencias-sociais-aplicadas-licenca-para-capacitacao.pdf\">Setor de Ci\u00eancias Sociais Aplicadas &#8211; Licen\u00e7a para Capacita\u00e7\u00e3o<\/a><\/td><\/tr><\/tbody><\/table><\/figure>\n\n\n\n<div style=\"height:1em\" aria-hidden=\"true\" class=\"wp-block-spacer\"><\/div>\n\n\n\n<ul class=\"wp-block-list\">\n<li><strong>Setor de Educa\u00e7\u00e3o<\/strong><\/li>\n<\/ul>\n\n\n\n<figure class=\"wp-block-table\"><table><tbody><tr><td><strong><em>Afastamento para Evento<\/em><\/strong><\/td><td><strong><em>Afastamento para Estudos\/&nbsp;<\/em><em>Stricto Sensu<\/em><\/strong><\/td><td><strong><em>Afastamento para Estudos\/P\u00f3s-Doutorado<\/em><\/strong><\/td><td><strong><em>Afastamento para Capes Print<\/em><\/strong><\/td><td><strong><em>Licen\u00e7a para Capacita\u00e7\u00e3o<\/em><\/strong><\/td><\/tr><tr><td><a href=\"https:\/\/progepe.ufpr.br\/capacitacao\/wp-content\/uploads\/2023\/12\/setor-de-educacao-evento.pdf\">Setor de Educa\u00e7\u00e3o &#8211; Evento<\/a><\/td><td><a href=\"https:\/\/progepe.ufpr.br\/capacitacao\/wp-content\/uploads\/2023\/12\/setor-de-educacao-stricto-sensu.pdf\">Setor de Educa\u00e7\u00e3o &#8211; Stricto Sensu<\/a><\/td><td><a href=\"https:\/\/progepe.ufpr.br\/capacitacao\/wp-content\/uploads\/2023\/12\/setor-de-educacao-pos-doutorado.pdf\">Setor de Educa\u00e7\u00e3o &#8211; P\u00f3s-Doutorado<\/a><\/td><td><a href=\"https:\/\/progepe.ufpr.br\/capacitacao\/wp-content\/uploads\/2023\/12\/setor-de-educacao-capes-print.pdf\">Setor de Educa\u00e7\u00e3o &#8211; CAPES PRINT<\/a><\/td><td><a href=\"https:\/\/progepe.ufpr.br\/capacitacao\/wp-content\/uploads\/2023\/12\/setor-de-educacao-licenca-para-capacitacao.pdf\">Setor de Educa\u00e7\u00e3o &#8211; Licen\u00e7a para Capacita\u00e7\u00e3o<\/a><\/td><\/tr><\/tbody><\/table><\/figure>\n\n\n\n<div style=\"height:1em\" aria-hidden=\"true\" class=\"wp-block-spacer\"><\/div>\n\n\n\n<ul class=\"wp-block-list\">\n<li><strong>Setor de Educa\u00e7\u00e3o Profissional e Tecnol\u00f3gica<\/strong><\/li>\n<\/ul>\n\n\n\n<figure class=\"wp-block-table\"><table><tbody><tr><td><strong><em>Afastamento para Evento<\/em><\/strong><\/td><td><strong><em>Afastamento para Estudos\/&nbsp;<\/em><em>Stricto Sensu<\/em><\/strong><\/td><td><strong><em>Afastamento para Estudos\/P\u00f3s-Doutorado<\/em><\/strong><\/td><td><strong><em>Afastamento para Capes Print<\/em><\/strong><\/td><td><strong><em>Licen\u00e7a para Capacita\u00e7\u00e3o<\/em><\/strong><\/td><\/tr><tr><td><a href=\"https:\/\/progepe.ufpr.br\/capacitacao\/wp-content\/uploads\/2023\/12\/setor-de-educacao-profissional-e-tecnologica-evento.pdf\">SEPT &#8211; Evento<\/a><\/td><td><a href=\"https:\/\/progepe.ufpr.br\/capacitacao\/wp-content\/uploads\/2023\/12\/setor-de-educacao-profissional-e-tecnologica-stricto-sensu.pdf\">SEPT &#8211; Stricto Sensu<\/a><\/td><td><a href=\"https:\/\/progepe.ufpr.br\/capacitacao\/wp-content\/uploads\/2023\/12\/setor-de-educacao-profissional-e-tecnologica-pos-doutorado.pdf\">SEPT &#8211; P\u00f3s-Doutorado<\/a><\/td><td><a href=\"https:\/\/progepe.ufpr.br\/capacitacao\/wp-content\/uploads\/2023\/12\/setor-de-educacao-profissional-e-tecnologica-capes-print.pdf\">SEPT &#8211; CAPES PRINT<\/a><\/td><td><a href=\"https:\/\/progepe.ufpr.br\/capacitacao\/wp-content\/uploads\/2023\/12\/setor-de-educacao-profissional-e-tecnologica-licenca-para-capacitacao.pdf\">SEPT &#8211; Licen\u00e7a para Capacita\u00e7\u00e3o<\/a><\/td><\/tr><\/tbody><\/table><\/figure>\n\n\n\n<div style=\"height:1em\" aria-hidden=\"true\" class=\"wp-block-spacer\"><\/div>\n\n\n\n<ul class=\"wp-block-list\">\n<li><strong>Setor de Tecnologia<\/strong><\/li>\n<\/ul>\n\n\n\n<figure class=\"wp-block-table\"><table><tbody><tr><td><strong><em>Afastamento para Evento<\/em><\/strong><\/td><td><strong><em>Afastamento para Estudos\/&nbsp;<\/em><em>Stricto Sensu<\/em><\/strong><\/td><td><strong><em>Afastamento para Estudos\/P\u00f3s-Doutorado<\/em><\/strong><\/td><td><strong><em>Afastamento para Capes Print<\/em><\/strong><\/td><td><strong><em>Licen\u00e7a para Capacita\u00e7\u00e3o<\/em><\/strong><\/td><\/tr><tr><td><a href=\"https:\/\/progepe.ufpr.br\/capacitacao\/wp-content\/uploads\/2023\/12\/setor-de-tecnologia-evento.pdf\">Setor de Tecnologia &#8211; Evento<\/a><\/td><td><a href=\"https:\/\/progepe.ufpr.br\/capacitacao\/wp-content\/uploads\/2023\/12\/setor-de-tecnologia-stricto-sensu.pdf\">Setor de Tecnologia &#8211; Stricto Sensu<\/a><\/td><td><a href=\"https:\/\/progepe.ufpr.br\/capacitacao\/wp-content\/uploads\/2023\/12\/setor-de-tecnologia-pos-doutorado.pdf\">Setor de Tecnologia &#8211; P\u00f3s-Doutorado<\/a><\/td><td><a href=\"https:\/\/progepe.ufpr.br\/capacitacao\/wp-content\/uploads\/2023\/12\/setor-de-tecnologia-capes-print.pdf\">Setor de Tecnologia &#8211; CAPES PRINT<\/a><\/td><td><a href=\"https:\/\/progepe.ufpr.br\/capacitacao\/wp-content\/uploads\/2023\/12\/setor-de-tecnologia-licenca-para-capacitacao.pdf\">Setor de Tecnologia &#8211; Licen\u00e7a para Capacita\u00e7\u00e3o<\/a><\/td><\/tr><\/tbody><\/table><\/figure>\n\n\n\n<div style=\"height:1em\" aria-hidden=\"true\" class=\"wp-block-spacer\"><\/div>\n\n\n\n<ul class=\"wp-block-list\">\n<li><strong>Setor Litoral<\/strong><\/li>\n<\/ul>\n\n\n\n<figure class=\"wp-block-table\"><table><tbody><tr><td><strong><em>Afastamento para Evento<\/em><\/strong><\/td><td><strong><em>Afastamento para Estudos\/&nbsp;<\/em><em>Stricto Sensu<\/em><\/strong><\/td><td><strong><em>Afastamento para Estudos\/P\u00f3s-Doutorado<\/em><\/strong><\/td><td><strong><em>Afastamento para Capes Print<\/em><\/strong><\/td><td><strong><em>Licen\u00e7a para Capacita\u00e7\u00e3o<\/em><\/strong><\/td><\/tr><tr><td><a href=\"https:\/\/progepe.ufpr.br\/capacitacao\/wp-content\/uploads\/2023\/12\/setor-litoral-evento.pdf\">Setor Litoral &#8211; Evento<\/a><\/td><td><a href=\"https:\/\/progepe.ufpr.br\/capacitacao\/wp-content\/uploads\/2023\/12\/setor-litoral-stricto-sensu.pdf\">Setor Litoral &#8211; Stricto Sensu<\/a><\/td><td><a href=\"https:\/\/progepe.ufpr.br\/capacitacao\/wp-content\/uploads\/2023\/12\/setor-litoral-pos-doutorado.pdf\">Setor Litoral &#8211; P\u00f3s-Doutorado<\/a><\/td><td><a href=\"https:\/\/progepe.ufpr.br\/capacitacao\/wp-content\/uploads\/2023\/12\/setor-litoral-capes-print.pdf\">Setor Litoral &#8211; CAPES PRINT<\/a><\/td><td><a href=\"https:\/\/progepe.ufpr.br\/capacitacao\/wp-content\/uploads\/2023\/12\/setor-litoral-licenca-para-capacitacao.pdf\">Setor Litoral &#8211; Licen\u00e7a para Capacita\u00e7\u00e3o<\/a><\/td><\/tr><\/tbody><\/table><\/figure>\n\n\n\n<div style=\"height:1em\" aria-hidden=\"true\" class=\"wp-block-spacer\"><\/div>\n\n\n\n<ul class=\"wp-block-list\">\n<li><strong>Setor Palotina<\/strong><\/li>\n<\/ul>\n\n\n\n<figure class=\"wp-block-table\"><table><tbody><tr><td><strong><em>Afastamento para Evento<\/em><\/strong><\/td><td><strong><em>Afastamento para Estudos\/&nbsp;<\/em><em>Stricto Sensu<\/em><\/strong><\/td><td><strong><em>Afastamento para Estudos\/P\u00f3s-Doutorado<\/em><\/strong><\/td><td><strong><em>Afastamento para Capes Print<\/em><\/strong><\/td><td><strong><em>Licen\u00e7a para Capacita\u00e7\u00e3o<\/em><\/strong><\/td><\/tr><tr><td><a href=\"https:\/\/progepe.ufpr.br\/capacitacao\/wp-content\/uploads\/2023\/12\/setor-palotina-evento.pdf\">Setor Palotina &#8211; Evento<\/a><\/td><td><a href=\"https:\/\/progepe.ufpr.br\/capacitacao\/wp-content\/uploads\/2023\/12\/setor-palotina-stricto-sensu.pdf\">Setor Palotina &#8211; Stricto Sensu<\/a><\/td><td><a href=\"https:\/\/progepe.ufpr.br\/capacitacao\/wp-content\/uploads\/2023\/12\/setor-palotina-pos-doutorado.pdf\">Setor Palotina &#8211; P\u00f3s-Doutorado<\/a><\/td><td><a href=\"https:\/\/progepe.ufpr.br\/capacitacao\/wp-content\/uploads\/2023\/12\/setor-palotina-capes-print.pdf\">Setor Palotina &#8211; CAPES PRINT<\/a><\/td><td><a href=\"https:\/\/progepe.ufpr.br\/capacitacao\/wp-content\/uploads\/2023\/12\/setor-palotina-licenca-para-capacitacao.pdf\">Setor Palotina &#8211; Licen\u00e7a para Capacita\u00e7\u00e3o<\/a><\/td><\/tr><\/tbody><\/table><\/figure>\n\n\n\n<div style=\"height:3em\" aria-hidden=\"true\" class=\"wp-block-spacer\"><\/div>\n\n\n\n<hr class=\"wp-block-separator has-alpha-channel-opacity\"\/>\n\n\n\n<div style=\"height:1em\" aria-hidden=\"true\" class=\"wp-block-spacer\"><\/div>\n\n\n\n<h3 class=\"wp-block-heading\" id=\"superintendencias\">Superintend\u00eancias<\/h3>\n\n\n\n<ul class=\"wp-block-list\">\n<li><strong>SIPAD<\/strong><\/li>\n<\/ul>\n\n\n\n<figure class=\"wp-block-table\"><table><tbody><tr><td><strong><em>Afastamento para Evento<\/em><\/strong><\/td><td><strong><em>Afastamento para Estudos\/&nbsp;<\/em><em>Stricto Sensu<\/em><\/strong><\/td><td><strong><em>Afastamento para Estudos\/P\u00f3s-Doutorado<\/em><\/strong><\/td><td><strong><em>Afastamento para Capes Print<\/em><\/strong><\/td><td><strong><em>Licen\u00e7a para Capacita\u00e7\u00e3o<\/em><\/strong><\/td><\/tr><tr><td><a href=\"https:\/\/progepe.ufpr.br\/capacitacao\/wp-content\/uploads\/2023\/12\/sipad-evento.pdf\">SIPAD &#8211; Evento<\/a><\/td><td><a href=\"https:\/\/progepe.ufpr.br\/capacitacao\/wp-content\/uploads\/2023\/12\/sipad-stricto-sensu.pdf\">SIPAD &#8211; Stricto Sensu<\/a><\/td><td><a href=\"https:\/\/progepe.ufpr.br\/capacitacao\/wp-content\/uploads\/2023\/12\/sipad-pos-doutorado.pdf\">SIPAD &#8211; P\u00f3s-Doutorado<\/a><\/td><td><a href=\"https:\/\/progepe.ufpr.br\/capacitacao\/wp-content\/uploads\/2023\/12\/sipad-capes-print.pdf\">SIPAD &#8211; CAPES PRINT<\/a><\/td><td><a href=\"https:\/\/progepe.ufpr.br\/capacitacao\/wp-content\/uploads\/2023\/12\/sipad-licenca-para-capacitacao.pdf\">SIPAD &#8211; Licen\u00e7a para Capacita\u00e7\u00e3o<\/a><\/td><\/tr><\/tbody><\/table><\/figure>\n\n\n\n<div style=\"height:1em\" aria-hidden=\"true\" class=\"wp-block-spacer\"><\/div>\n\n\n\n<ul class=\"wp-block-list\">\n<li><strong>SUINFRA<\/strong><\/li>\n<\/ul>\n\n\n\n<figure class=\"wp-block-table\"><table><tbody><tr><td><strong><em>Afastamento para Evento<\/em><\/strong><\/td><td><strong><em>Afastamento para Estudos\/&nbsp;<\/em><em>Stricto Sensu<\/em><\/strong><\/td><td><strong><em>Afastamento para Estudos\/P\u00f3s-Doutorado<\/em><\/strong><\/td><td><strong><em>Afastamento para Capes Print<\/em><\/strong><\/td><td><strong><em>Licen\u00e7a para Capacita\u00e7\u00e3o<\/em><\/strong><\/td><\/tr><tr><td><a href=\"https:\/\/progepe.ufpr.br\/capacitacao\/wp-content\/uploads\/2023\/12\/suinfra-evento.pdf\">SUINFRA &#8211; Evento<\/a><\/td><td><a href=\"https:\/\/progepe.ufpr.br\/capacitacao\/wp-content\/uploads\/2023\/12\/suinfra-stricto-sensu.pdf\">SUINFRA &#8211; Stricto Sensu<\/a><\/td><td><a href=\"https:\/\/progepe.ufpr.br\/capacitacao\/wp-content\/uploads\/2023\/12\/suinfra-pos-doutorado.pdf\">SUINFRA &#8211; P\u00f3s-Doutorado<\/a><\/td><td>Sem a\u00e7\u00e3o cadastrada<\/td><td><a href=\"https:\/\/progepe.ufpr.br\/capacitacao\/wp-content\/uploads\/2023\/12\/suinfra-licenca-para-capacitacao.pdf\">SUINFRA &#8211; Licen\u00e7a para Capacita\u00e7\u00e3o<\/a><\/td><\/tr><\/tbody><\/table><\/figure>\n\n\n\n<div style=\"height:1em\" aria-hidden=\"true\" class=\"wp-block-spacer\"><\/div>\n\n\n\n<ul class=\"wp-block-list\">\n<li><strong>SPIN<\/strong><\/li>\n<\/ul>\n\n\n\n<figure class=\"wp-block-table\"><table><tbody><tr><td><strong><em>Afastamento para Evento<\/em><\/strong><\/td><td><strong><em>Afastamento para Estudos\/&nbsp;<\/em><em>Stricto Sensu<\/em><\/strong><\/td><td><strong><em>Afastamento para Estudos\/P\u00f3s-Doutorado<\/em><\/strong><\/td><td><strong><em>Afastamento para Capes Print<\/em><\/strong><\/td><td><strong><em>Licen\u00e7a para Capacita\u00e7\u00e3o<\/em><\/strong><\/td><\/tr><tr><td><a href=\"https:\/\/progepe.ufpr.br\/capacitacao\/wp-content\/uploads\/2023\/12\/spin-evento.pdf\">SPIN &#8211; Evento<\/a><\/td><td><a href=\"https:\/\/progepe.ufpr.br\/capacitacao\/wp-content\/uploads\/2023\/12\/spin-stricto-sensu.pdf\">SPIN &#8211; Stricto Sensu<\/a><\/td><td>Sem a\u00e7\u00e3o cadastrada<\/td><td>Sem a\u00e7\u00e3o cadastrada<\/td><td><a href=\"https:\/\/progepe.ufpr.br\/capacitacao\/wp-content\/uploads\/2023\/12\/spin-licenca-para-capacitacao.pdf\">SPIN &#8211; Licen\u00e7a para Capacita\u00e7\u00e3o<\/a><\/td><\/tr><\/tbody><\/table><\/figure>\n\n\n\n<div style=\"height:1em\" aria-hidden=\"true\" class=\"wp-block-spacer\"><\/div>\n\n\n\n<ul class=\"wp-block-list\">\n<li><strong>SUCOM<\/strong><\/li>\n<\/ul>\n\n\n\n<figure class=\"wp-block-table\"><table><tbody><tr><td><strong><em>Afastamento para Evento<\/em><\/strong><\/td><td><strong><em>Afastamento para Estudos\/&nbsp;<\/em><em>Stricto Sensu<\/em><\/strong><\/td><td><strong><em>Afastamento para Estudos\/P\u00f3s-Doutorado<\/em><\/strong><\/td><td><strong><em>Afastamento para Capes Print<\/em><\/strong><\/td><td><strong><em>Licen\u00e7a para Capacita\u00e7\u00e3o<\/em><\/strong><\/td><\/tr><tr><td><a href=\"https:\/\/progepe.ufpr.br\/capacitacao\/wp-content\/uploads\/2023\/12\/sucom-evento.pdf\">SUCOM &#8211; Evento<\/a><\/td><td><a href=\"https:\/\/progepe.ufpr.br\/capacitacao\/wp-content\/uploads\/2023\/12\/sucom-stricto-sensu.pdf\">SUCOM &#8211; Stricto Sensu<\/a><\/td><td>Sem a\u00e7\u00e3o cadastrada<\/td><td>Sem a\u00e7\u00e3o cadastrada<\/td><td><a href=\"https:\/\/progepe.ufpr.br\/capacitacao\/wp-content\/uploads\/2023\/12\/sucom-licenca-para-capacitacao.pdf\">SUCOM &#8211; Licen\u00e7a para Capacita\u00e7\u00e3o<\/a><\/td><\/tr><\/tbody><\/table><\/figure>\n\n\n\n<div style=\"height:3em\" aria-hidden=\"true\" class=\"wp-block-spacer\"><\/div>\n","protected":false},"excerpt":{"rendered":"<p>Bibliotecas&nbsp;|&nbsp;Campus&nbsp;|&nbsp;Hospital de Cl\u00ednicas&nbsp;|&nbsp;Pr\u00f3-reitorias&nbsp;|&nbsp;Reitoria&nbsp;|&nbsp;Setores&nbsp;|&nbsp;Superintend\u00eancias Bibliotecas &#8211; SiBi Afastamento para evento Afastamento para estudos\/Stricto sensu Afastamento para estudos\/P\u00f3s-doutorado Afastamento para CAPES PrInt Licen\u00e7a para capacita\u00e7\u00e3o Campus Campus Jandaia do Sul Afastamento para evento &#8211; T\u00e9cnicos administrativos Afastamento para estudos\/Stricto sensu &#8211; T\u00e9cnicos administrativos Afastamento para estudos\/P\u00f3s-doutorado &#8211; T\u00e9cnicos administrativos Afastamento para CAPES PrInt &#8211; T\u00e9cnicos administrativos Licen\u00e7a [&hellip;]<\/p>\n","protected":false},"author":41,"featured_media":0,"parent":0,"menu_order":0,"comment_status":"closed","ping_status":"closed","template":"","meta":{"_coblocks_attr":"","_coblocks_dimensions":"","_coblocks_responsive_height":"","_coblocks_accordion_ie_support":"","_uag_custom_page_level_css":"","iawp_total_views":13,"footnotes":""},"class_list":["post-5088","page","type-page","status-publish","hentry"],"uagb_featured_image_src":{"full":false,"thumbnail":false,"medium":false,"medium_large":false,"large":false,"1536x1536":false,"2048x2048":false},"uagb_author_info":{"display_name":"progepe-admin","author_link":"https:\/\/progepe.ufpr.br\/capacitacao\/author\/progepe-admin\/"},"uagb_comment_info":0,"uagb_excerpt":"Bibliotecas&nbsp;|&nbsp;Campus&nbsp;|&nbsp;Hospital de Cl\u00ednicas&nbsp;|&nbsp;Pr\u00f3-reitorias&nbsp;|&nbsp;Reitoria&nbsp;|&nbsp;Setores&nbsp;|&nbsp;Superintend\u00eancias Bibliotecas &#8211; SiBi Afastamento para evento Afastamento para estudos\/Stricto sensu Afastamento para estudos\/P\u00f3s-doutorado Afastamento para CAPES PrInt Licen\u00e7a para capacita\u00e7\u00e3o Campus Campus Jandaia do Sul Afastamento para evento &#8211; T\u00e9cnicos administrativos Afastamento para estudos\/Stricto sensu &#8211; T\u00e9cnicos administrativos Afastamento para estudos\/P\u00f3s-doutorado &#8211; T\u00e9cnicos administrativos Afastamento para CAPES PrInt &#8211; T\u00e9cnicos administrativos Licen\u00e7a&hellip;","publishpress_future_workflow_manual_trigger":{"enabledWorkflows":[]},"_links":{"self":[{"href":"https:\/\/progepe.ufpr.br\/capacitacao\/wp-json\/wp\/v2\/pages\/5088","targetHints":{"allow":["GET"]}}],"collection":[{"href":"https:\/\/progepe.ufpr.br\/capacitacao\/wp-json\/wp\/v2\/pages"}],"about":[{"href":"https:\/\/progepe.ufpr.br\/capacitacao\/wp-json\/wp\/v2\/types\/page"}],"author":[{"embeddable":true,"href":"https:\/\/progepe.ufpr.br\/capacitacao\/wp-json\/wp\/v2\/users\/41"}],"replies":[{"embeddable":true,"href":"https:\/\/progepe.ufpr.br\/capacitacao\/wp-json\/wp\/v2\/comments?post=5088"}],"version-history":[{"count":35,"href":"https:\/\/progepe.ufpr.br\/capacitacao\/wp-json\/wp\/v2\/pages\/5088\/revisions"}],"predecessor-version":[{"id":77034,"href":"https:\/\/progepe.ufpr.br\/capacitacao\/wp-json\/wp\/v2\/pages\/5088\/revisions\/77034"}],"wp:attachment":[{"href":"https:\/\/progepe.ufpr.br\/capacitacao\/wp-json\/wp\/v2\/media?parent=5088"}],"curies":[{"name":"wp","href":"https:\/\/api.w.org\/{rel}","templated":true}]}}