{"id":5299,"date":"2023-11-28T10:54:18","date_gmt":"2023-11-28T13:54:18","guid":{"rendered":"https:\/\/www.prppg.ufpr.br\/site\/portalcapacitacao\/?page_id=5299"},"modified":"2025-02-04T15:57:53","modified_gmt":"2025-02-04T18:57:53","slug":"editais-instrutores-2018","status":"publish","type":"page","link":"https:\/\/progepe.ufpr.br\/capacitacao\/editais-instrutores-2018\/","title":{"rendered":"Editais &#8211; Instrutores &#8211; 2018"},"content":{"rendered":"<p>Edital de sele\u00e7\u00e3o de servidores(as) das carreiras Docente e T\u00e9cnico-Administrativo em Educa\u00e7\u00e3o do quadro permanente, ativo e em exerc\u00edcio na Universidade Federal do Paran\u00e1 (UFPR) interessados em atuar como Instrutores(as) nas a\u00e7\u00f5es que comp\u00f5em o Programa de Tecnologia da Informa\u00e7\u00e3o e Comunica\u00e7\u00e3o do Plano Institucional de Capacita\u00e7\u00e3o e Qualifica\u00e7\u00e3o dos Servidores da UFPR. <span style=\"color: #800000\"><strong>FINALIZADO.<\/strong><\/span><\/p>\n<p><a href=\"https:\/\/progepe.ufpr.br\/capacitacao\/wp-content\/uploads\/2023\/11\/edital-04-2018-progepe-cdp-ucap.pdf\">Edital 04-2018 PROGEPE-CDP-UCAP<\/a><\/p>\n<p>Anexos do Edital 04-2018 PROGEPE-CDP-UCAP: <a href=\"https:\/\/progepe.ufpr.br\/capacitacao\/wp-content\/uploads\/2023\/11\/anexo-i-3.pdf\">Anexo I<\/a>,\u00a0<a href=\"https:\/\/progepe.ufpr.br\/capacitacao\/wp-content\/uploads\/2023\/11\/anexo-ii-3.pdf\">Anexo II<\/a>, <a href=\"https:\/\/progepe.ufpr.br\/capacitacao\/wp-content\/uploads\/2023\/11\/anexo-iii-3.pdf\">Anexo III<\/a>,\u00a0<a href=\"https:\/\/progepe.ufpr.br\/capacitacao\/wp-content\/uploads\/2023\/11\/anexo-iv-3.pdf\">Anexo IV<\/a>, <a href=\"https:\/\/progepe.ufpr.br\/capacitacao\/wp-content\/uploads\/2023\/11\/anexo-v-3.pdf\">Anexo V<\/a> e <a href=\"https:\/\/progepe.ufpr.br\/capacitacao\/wp-content\/uploads\/2023\/11\/anexo-vi-4.pdf\">Anexo VI<\/a><\/p>\n<p><a href=\"https:\/\/progepe.ufpr.br\/capacitacao\/wp-content\/uploads\/2023\/11\/edital-05-2018-progepe-cdp-ucap.pdf\">Edital 05-2018 PROGEPE-CDP-UCAP<\/a> &#8211; Classifica\u00e7\u00e3o provis\u00f3ria dos candidatos inscritos<\/p>\n<hr \/>\n<p>Edital de sele\u00e7\u00e3o de servidores (as) das carreiras Docente e T\u00e9cnico-Administrativo em Educa\u00e7\u00e3o do quadro permanente, ativo e em exerc\u00edcio na Universidade Federal do Paran\u00e1 (UFPR) interessados em atuar como Instrutores(as) nas a\u00e7\u00f5es que comp\u00f5em o Programa de Capacita\u00e7\u00e3o do Plano Institucional de Capacita\u00e7\u00e3o e Qualifica\u00e7\u00e3o dos Servidores da UFPR. <strong><span style=\"color: #800000\">FINALIZADO.<\/span><\/strong><\/p>\n<p><a href=\"https:\/\/progepe.ufpr.br\/capacitacao\/wp-content\/uploads\/2023\/11\/edital-09-2018-progepe-cdp-ucap.pdf\">Edital 09-2018 PROGEPE-CDP-UCAP<\/a><\/p>\n<p>Anexos do Edital 09-2018 PROGEPE-CDP-UCAP: <a href=\"https:\/\/progepe.ufpr.br\/capacitacao\/wp-content\/uploads\/2023\/11\/anexo-i-2.pdf\">Anexo I, <\/a><a href=\"https:\/\/progepe.ufpr.br\/capacitacao\/wp-content\/uploads\/2023\/11\/anexo-ii-2.pdf\">Anexo II<\/a>, <a href=\"https:\/\/progepe.ufpr.br\/capacitacao\/wp-content\/uploads\/2023\/11\/anexo-iii-2.pdf\">Anexo III<\/a>, <a href=\"https:\/\/progepe.ufpr.br\/capacitacao\/wp-content\/uploads\/2023\/11\/anexo-iv-2.pdf\">Anexo IV<\/a>, <a href=\"https:\/\/progepe.ufpr.br\/capacitacao\/wp-content\/uploads\/2023\/11\/anexo-v-2.pdf\">Anexo V<\/a>, <a href=\"https:\/\/progepe.ufpr.br\/capacitacao\/wp-content\/uploads\/2023\/11\/anexo-vi-3.pdf\">Anexo VI<\/a>, <a href=\"https:\/\/progepe.ufpr.br\/capacitacao\/wp-content\/uploads\/2023\/11\/anexo-vii-2.pdf\">Anexo VII<\/a> e <a href=\"https:\/\/progepe.ufpr.br\/capacitacao\/wp-content\/uploads\/2023\/11\/anexo-viii-3.pdf\">Anexo VIII<\/a><\/p>\n<p><a href=\"https:\/\/progepe.ufpr.br\/capacitacao\/wp-content\/uploads\/2023\/11\/edital-10-2018-progepe-cdp-ucap.pdf\">Edital 10-2018 PROGEPE-CDP-UCAP<\/a> &#8211; Prorroga\u00e7\u00e3o do Edital 09-2018 PROGEPE-CDP-UCAP<\/p>\n<p><a href=\"https:\/\/progepe.ufpr.br\/capacitacao\/wp-content\/uploads\/2023\/11\/edital-12-2018-progepe-cdp-ucap-1.pdf\">Edital 12-2018 PROGEPE-CDP-UCAP<\/a>\u00a0&#8211; Classifica\u00e7\u00e3o provis\u00f3ria dos candidatos inscritos<\/p>\n<p><a href=\"https:\/\/progepe.ufpr.br\/capacitacao\/wp-content\/uploads\/2023\/11\/edital-13-2018-progepe-cdp-ucap.pdf\">Edital 13-2018 PROGEPE-CDP-UCAP<\/a>\u00a0&#8211; Resultado final<\/p>\n<hr \/>\n<p>Edital de sele\u00e7\u00e3o de servidores(as) da carreira Docente do quadro permanente, ativo e em exerc\u00edcio na Universidade Federal do Paran\u00e1 (UFPR) interessados em atuar como Instrutores(as) de Libras nas a\u00e7\u00f5es que comp\u00f5em o Programa de Capacita\u00e7\u00e3o do Plano Institucional de Capacita\u00e7\u00e3o e Qualifica\u00e7\u00e3o da UFPR. <span style=\"color: #800000\"><strong>FINALIZADO.<\/strong><\/span><\/p>\n<p><a href=\"https:\/\/progepe.ufpr.br\/capacitacao\/wp-content\/uploads\/2023\/11\/edital-11-2018-progepe-cdp-ucap.pdf\">Edital 11-2018 PROGEPE-CDP-UCAP<\/a><\/p>\n<p><a href=\"https:\/\/progepe.ufpr.br\/capacitacao\/wp-content\/uploads\/2023\/11\/informacao-23-2018-comissao-de-selecao.pdf\">Informa\u00e7\u00e3o 23-2018 Comiss\u00e3o de Sele\u00e7\u00e3o<\/a> &#8211; Classifica\u00e7\u00e3o provis\u00f3ria dos candidatos inscritos<\/p>\n<p><a href=\"https:\/\/progepe.ufpr.br\/capacitacao\/wp-content\/uploads\/2023\/11\/informacao-29-2018-comissao-de-selecao.pdf\">Informa\u00e7\u00e3o 29-2018 Comiss\u00e3o de Sele\u00e7\u00e3o<\/a> &#8211; Resultado final<\/p>\n<hr \/>\n<p><strong>Atualizado em 30\/11\/2023.<\/strong><\/p>\n","protected":false},"excerpt":{"rendered":"<p>Edital de sele\u00e7\u00e3o de servidores(as) das carreiras Docente e T\u00e9cnico-Administrativo em Educa\u00e7\u00e3o do quadro permanente, ativo e em exerc\u00edcio na Universidade Federal do Paran\u00e1 (UFPR) interessados em atuar como Instrutores(as) nas a\u00e7\u00f5es que comp\u00f5em o Programa de Tecnologia da Informa\u00e7\u00e3o e Comunica\u00e7\u00e3o do Plano Institucional de Capacita\u00e7\u00e3o e Qualifica\u00e7\u00e3o dos Servidores da UFPR. FINALIZADO. Edital [&hellip;]<\/p>\n","protected":false},"author":41,"featured_media":0,"parent":0,"menu_order":0,"comment_status":"closed","ping_status":"closed","template":"","meta":{"_coblocks_attr":"","_coblocks_dimensions":"","_coblocks_responsive_height":"","_coblocks_accordion_ie_support":"","_uag_custom_page_level_css":"","iawp_total_views":1,"footnotes":""},"class_list":["post-5299","page","type-page","status-publish","hentry"],"uagb_featured_image_src":{"full":false,"thumbnail":false,"medium":false,"medium_large":false,"large":false,"1536x1536":false,"2048x2048":false},"uagb_author_info":{"display_name":"progepe-admin","author_link":"https:\/\/progepe.ufpr.br\/capacitacao\/author\/progepe-admin\/"},"uagb_comment_info":0,"uagb_excerpt":"Edital de sele\u00e7\u00e3o de servidores(as) das carreiras Docente e T\u00e9cnico-Administrativo em Educa\u00e7\u00e3o do quadro permanente, ativo e em exerc\u00edcio na Universidade Federal do Paran\u00e1 (UFPR) interessados em atuar como Instrutores(as) nas a\u00e7\u00f5es que comp\u00f5em o Programa de Tecnologia da Informa\u00e7\u00e3o e Comunica\u00e7\u00e3o do Plano Institucional de Capacita\u00e7\u00e3o e Qualifica\u00e7\u00e3o dos Servidores da UFPR. FINALIZADO. Edital&hellip;","publishpress_future_workflow_manual_trigger":{"enabledWorkflows":[]},"_links":{"self":[{"href":"https:\/\/progepe.ufpr.br\/capacitacao\/wp-json\/wp\/v2\/pages\/5299","targetHints":{"allow":["GET"]}}],"collection":[{"href":"https:\/\/progepe.ufpr.br\/capacitacao\/wp-json\/wp\/v2\/pages"}],"about":[{"href":"https:\/\/progepe.ufpr.br\/capacitacao\/wp-json\/wp\/v2\/types\/page"}],"author":[{"embeddable":true,"href":"https:\/\/progepe.ufpr.br\/capacitacao\/wp-json\/wp\/v2\/users\/41"}],"replies":[{"embeddable":true,"href":"https:\/\/progepe.ufpr.br\/capacitacao\/wp-json\/wp\/v2\/comments?post=5299"}],"version-history":[{"count":2,"href":"https:\/\/progepe.ufpr.br\/capacitacao\/wp-json\/wp\/v2\/pages\/5299\/revisions"}],"predecessor-version":[{"id":77194,"href":"https:\/\/progepe.ufpr.br\/capacitacao\/wp-json\/wp\/v2\/pages\/5299\/revisions\/77194"}],"wp:attachment":[{"href":"https:\/\/progepe.ufpr.br\/capacitacao\/wp-json\/wp\/v2\/media?parent=5299"}],"curies":[{"name":"wp","href":"https:\/\/api.w.org\/{rel}","templated":true}]}}