{"id":5301,"date":"2023-11-28T10:54:28","date_gmt":"2023-11-28T13:54:28","guid":{"rendered":"https:\/\/www.prppg.ufpr.br\/site\/portalcapacitacao\/?page_id=5301"},"modified":"2025-02-04T15:57:52","modified_gmt":"2025-02-04T18:57:52","slug":"editais-instrutores-2019","status":"publish","type":"page","link":"https:\/\/progepe.ufpr.br\/capacitacao\/editais-instrutores-2019\/","title":{"rendered":"Editais &#8211; Instrutores &#8211; 2019"},"content":{"rendered":"<p>Edital de sele\u00e7\u00e3o de servidores(as) das carreiras Docente e T\u00e9cnico-Administrativo em Educa\u00e7\u00e3o do quadro permanente da Universidade Federal do Paran\u00e1 (UFPR), Universidade Tecnol\u00f3gica Federal do Paran\u00e1 (UTFPR), Universidade Federal da Integra\u00e7\u00e3o Latino-Americana (UNILA) e Instituto Federal do Paran\u00e1 (IFPR) interessados em atuar como Instrutores(as) nas a\u00e7\u00f5es que comp\u00f5em o Programa de L\u00ednguas Estrangeiras Modernas do Plano Institucional de Capacita\u00e7\u00e3o e Qualifica\u00e7\u00e3o dos Servidores da UFPR. <span style=\"color: #800000\"><strong>FINALIZADO.<\/strong><\/span><\/p>\n<p><a href=\"https:\/\/progepe.ufpr.br\/capacitacao\/wp-content\/uploads\/2023\/11\/edital-01-2019-progepe-cdp-ucaq.pdf\">Edital 01-2019 PROGEPE-CDP-UCAQ<\/a><\/p>\n<p>Anexos do Edital 01-2019 PROGEPE-CDP-UCAQ: <a href=\"https:\/\/progepe.ufpr.br\/capacitacao\/wp-content\/uploads\/2023\/11\/anexo-i.pdf\">Anexo I<\/a>, <a href=\"https:\/\/progepe.ufpr.br\/capacitacao\/wp-content\/uploads\/2023\/11\/anexo-ii.pdf\">Anexo II<\/a>, <a href=\"https:\/\/progepe.ufpr.br\/capacitacao\/wp-content\/uploads\/2023\/11\/anexo-iii.pdf\">Anexo III<\/a>, <a href=\"https:\/\/progepe.ufpr.br\/capacitacao\/wp-content\/uploads\/2023\/11\/anexo-iv.pdf\">Anexo IV<\/a>, <a href=\"https:\/\/progepe.ufpr.br\/capacitacao\/wp-content\/uploads\/2023\/11\/anexo-v.pdf\">Anexo V<\/a>, <a href=\"https:\/\/progepe.ufpr.br\/capacitacao\/wp-content\/uploads\/2023\/11\/anexo-vi.pdf\">Anexo VI<\/a>, <a href=\"https:\/\/progepe.ufpr.br\/capacitacao\/wp-content\/uploads\/2023\/11\/anexo-vii.pdf\">Anexo VII<\/a>, <a href=\"https:\/\/progepe.ufpr.br\/capacitacao\/wp-content\/uploads\/2023\/11\/anexo-viii.pdf\">Anexo VIII<\/a> e <a href=\"https:\/\/progepe.ufpr.br\/capacitacao\/wp-content\/uploads\/2023\/11\/anexo-ix.pdf\">Anexo IX<\/a><\/p>\n<p><a href=\"https:\/\/progepe.ufpr.br\/capacitacao\/wp-content\/uploads\/2023\/11\/1o-edital-de-retificacao-do-edital-01-2019-progepe-cdp-ucaq.pdf\">1\u00ba Edital de Retifica\u00e7\u00e3o do Edital 01-2019 PROGEPE-CDP-UCAQ<\/a><\/p>\n<p><a href=\"https:\/\/progepe.ufpr.br\/capacitacao\/wp-content\/uploads\/2023\/11\/2o-edital-de-retificacao-do-edital-01-2019-progepe-cdp-ucaq.pdf\">2\u00ba Edital de Retifica\u00e7\u00e3o do Edital 01-2019 PROGEPE-CDP-UCAQ<\/a><\/p>\n<p><a href=\"https:\/\/progepe.ufpr.br\/capacitacao\/wp-content\/uploads\/2023\/11\/edital-02-2019-progepe-cdp-ucaq.pdf\">Edital 02-2019 PROGEPE-CDP-UCAQ<\/a> &#8211; Resultado da 1\u00aa etapa<\/p>\n<p><a href=\"https:\/\/progepe.ufpr.br\/capacitacao\/wp-content\/uploads\/2023\/11\/edital-03-2019-progepe-cdp-ucaq.pdf\">Edital 03-2019 PROGEPE-CDP-UCAQ<\/a> &#8211; Resultado da an\u00e1lise dos recursos<\/p>\n<p><a href=\"https:\/\/progepe.ufpr.br\/capacitacao\/wp-content\/uploads\/2023\/11\/edital-04-2019-progepe-cdp-ucaq.pdf\">Edital 04-2019 PROGEPE-CDP-UCAQ<\/a> &#8211; Resultado da 2\u00aa etapa<\/p>\n<p><a href=\"https:\/\/progepe.ufpr.br\/capacitacao\/wp-content\/uploads\/2023\/11\/1o-edital-de-retificacao-do-edital-04-2019-progepe-cdp-ucaq.pdf\">1\u00ba Edital de Retifica\u00e7\u00e3o do Edital 04-2019 PROGEPE-CDP-UCAQ<\/a><\/p>\n<p><a href=\"https:\/\/progepe.ufpr.br\/capacitacao\/wp-content\/uploads\/2023\/11\/edital-05-2019-progepe-cdp-ucaq.pdf\">Edital 05-2019 PROGEPE-CDP-UCAQ<\/a> &#8211; Resultado da 3\u00aa etapa<\/p>\n<hr \/>\n<p>Edital de sele\u00e7\u00e3o de servidores das carreiras Docente e T\u00e9cnico-Administrativo em Educa\u00e7\u00e3o do quadro permanente, ativo e em exerc\u00edcio na Universidade Federal do Paran\u00e1 (UFPR), interessados em atuar como Instrutores(as) nas a\u00e7\u00f5es que comp\u00f5em o Programa de Tecnologia da Informa\u00e7\u00e3o e Comunica\u00e7\u00e3o do Plano Institucional de Capacita\u00e7\u00e3o e Qualifica\u00e7\u00e3o dos Servidores da UFPR. <span style=\"color: #800000\"><strong>FINALIZADO.<\/strong><\/span><\/p>\n<p><a href=\"https:\/\/progepe.ufpr.br\/capacitacao\/wp-content\/uploads\/2023\/11\/edital-10-2019-progepe-cdp-ucaq.pdf\">Edital 10-2019 PROGEPE-CDP-UCAQ<\/a><\/p>\n<p>Anexos do Edital 10-2019 PROGEPE-CDP-UCAQ: <a href=\"https:\/\/progepe.ufpr.br\/capacitacao\/wp-content\/uploads\/2023\/11\/anexo-i-1.pdf\">Anexo I<\/a>, <a href=\"https:\/\/progepe.ufpr.br\/capacitacao\/wp-content\/uploads\/2023\/11\/anexo-ii-1.pdf\">Anexo II<\/a>, <a href=\"https:\/\/progepe.ufpr.br\/capacitacao\/wp-content\/uploads\/2023\/11\/anexo-iii-1.pdf\">Anexo III<\/a>, <a href=\"https:\/\/progepe.ufpr.br\/capacitacao\/wp-content\/uploads\/2023\/11\/anexo-iv-1.pdf\">Anexo IV<\/a>, <a href=\"https:\/\/progepe.ufpr.br\/capacitacao\/wp-content\/uploads\/2023\/11\/anexo-v-1.pdf\">Anexo V<\/a>, <a href=\"https:\/\/progepe.ufpr.br\/capacitacao\/wp-content\/uploads\/2023\/11\/anexo-vi-1.pdf\">Anexo VI<\/a>, <a href=\"https:\/\/progepe.ufpr.br\/capacitacao\/wp-content\/uploads\/2023\/11\/anexo-vi-2.pdf\">Anexo VI<\/a>, <a href=\"https:\/\/progepe.ufpr.br\/capacitacao\/wp-content\/uploads\/2023\/11\/anexo-vii-1.pdf\">Anexo VII<\/a> e <a href=\"https:\/\/progepe.ufpr.br\/capacitacao\/wp-content\/uploads\/2023\/11\/anexo-viii-1.pdf\">Anexo VIII<\/a><\/p>\n<p><a href=\"https:\/\/progepe.ufpr.br\/capacitacao\/wp-content\/uploads\/2023\/11\/1a-retificacao-do-edital-10-2019-progepe-cdp-ucaq.pdf\">1\u00aa Retifica\u00e7\u00e3o do Edital 10-2019 PROGEPE-CDP-UCAQ<\/a><\/p>\n<p><a href=\"https:\/\/progepe.ufpr.br\/capacitacao\/wp-content\/uploads\/2023\/11\/edital-12-2019-progepe-cdp-ucaq.pdf\">Edital 12-2019 PROGEPE-CDP-UCAQ<\/a> &#8211; Resultado da 1\u00aa Etapa<\/p>\n<p><a href=\"https:\/\/progepe.ufpr.br\/capacitacao\/wp-content\/uploads\/2023\/11\/1a-retificacao-do-edital-12-2019-progepe-cdp-ucaq.pdf\">1\u00aa Retifica\u00e7\u00e3o do Edital 12-2019 PROGEPE-CDP-UCAQ<\/a><\/p>\n<p><a href=\"https:\/\/progepe.ufpr.br\/capacitacao\/wp-content\/uploads\/2023\/11\/edital-13-2019-progepe-cdp-ucaq.pdf\">Edital 13-2019 PROGEPE-CDP-UCAQ<\/a> &#8211; Resultado final<\/p>\n<hr \/>\n<p><strong>Atualizado em 30\/11\/2023.<\/strong><\/p>\n","protected":false},"excerpt":{"rendered":"<p>Edital de sele\u00e7\u00e3o de servidores(as) das carreiras Docente e T\u00e9cnico-Administrativo em Educa\u00e7\u00e3o do quadro permanente da Universidade Federal do Paran\u00e1 (UFPR), Universidade Tecnol\u00f3gica Federal do Paran\u00e1 (UTFPR), Universidade Federal da Integra\u00e7\u00e3o Latino-Americana (UNILA) e Instituto Federal do Paran\u00e1 (IFPR) interessados em atuar como Instrutores(as) nas a\u00e7\u00f5es que comp\u00f5em o Programa de L\u00ednguas Estrangeiras Modernas do [&hellip;]<\/p>\n","protected":false},"author":41,"featured_media":0,"parent":0,"menu_order":0,"comment_status":"closed","ping_status":"closed","template":"","meta":{"_coblocks_attr":"","_coblocks_dimensions":"","_coblocks_responsive_height":"","_coblocks_accordion_ie_support":"","_uag_custom_page_level_css":"","iawp_total_views":0,"footnotes":""},"class_list":["post-5301","page","type-page","status-publish","hentry"],"uagb_featured_image_src":{"full":false,"thumbnail":false,"medium":false,"medium_large":false,"large":false,"1536x1536":false,"2048x2048":false},"uagb_author_info":{"display_name":"progepe-admin","author_link":"https:\/\/progepe.ufpr.br\/capacitacao\/author\/progepe-admin\/"},"uagb_comment_info":0,"uagb_excerpt":"Edital de sele\u00e7\u00e3o de servidores(as) das carreiras Docente e T\u00e9cnico-Administrativo em Educa\u00e7\u00e3o do quadro permanente da Universidade Federal do Paran\u00e1 (UFPR), Universidade Tecnol\u00f3gica Federal do Paran\u00e1 (UTFPR), Universidade Federal da Integra\u00e7\u00e3o Latino-Americana (UNILA) e Instituto Federal do Paran\u00e1 (IFPR) interessados em atuar como Instrutores(as) nas a\u00e7\u00f5es que comp\u00f5em o Programa de L\u00ednguas Estrangeiras Modernas do&hellip;","publishpress_future_workflow_manual_trigger":{"enabledWorkflows":[]},"_links":{"self":[{"href":"https:\/\/progepe.ufpr.br\/capacitacao\/wp-json\/wp\/v2\/pages\/5301","targetHints":{"allow":["GET"]}}],"collection":[{"href":"https:\/\/progepe.ufpr.br\/capacitacao\/wp-json\/wp\/v2\/pages"}],"about":[{"href":"https:\/\/progepe.ufpr.br\/capacitacao\/wp-json\/wp\/v2\/types\/page"}],"author":[{"embeddable":true,"href":"https:\/\/progepe.ufpr.br\/capacitacao\/wp-json\/wp\/v2\/users\/41"}],"replies":[{"embeddable":true,"href":"https:\/\/progepe.ufpr.br\/capacitacao\/wp-json\/wp\/v2\/comments?post=5301"}],"version-history":[{"count":2,"href":"https:\/\/progepe.ufpr.br\/capacitacao\/wp-json\/wp\/v2\/pages\/5301\/revisions"}],"predecessor-version":[{"id":77193,"href":"https:\/\/progepe.ufpr.br\/capacitacao\/wp-json\/wp\/v2\/pages\/5301\/revisions\/77193"}],"wp:attachment":[{"href":"https:\/\/progepe.ufpr.br\/capacitacao\/wp-json\/wp\/v2\/media?parent=5301"}],"curies":[{"name":"wp","href":"https:\/\/api.w.org\/{rel}","templated":true}]}}