{"id":78266,"date":"2025-06-11T13:26:40","date_gmt":"2025-06-11T16:26:40","guid":{"rendered":"https:\/\/progepe.ufpr.br\/capacitacao\/?page_id=78266"},"modified":"2026-03-27T16:39:50","modified_gmt":"2026-03-27T19:39:50","slug":"menu-editais","status":"publish","type":"page","link":"https:\/\/progepe.ufpr.br\/capacitacao\/menu-editais\/","title":{"rendered":"Editais"},"content":{"rendered":"\n<div class=\"wp-block-group is-layout-flow wp-block-group-is-layout-flow\">\n<div style=\"height:1em\" aria-hidden=\"true\" class=\"wp-block-spacer\"><\/div>\n\n\n\n<div class=\"wp-block-coblocks-accordion\">\n<div class=\"wp-block-coblocks-accordion-item\"><details><summary class=\"wp-block-coblocks-accordion-item__title has-background has-text-color has-base-color\" style=\"background-color:#002e4f\">Apoio e incentivo \u00e0 qualifica\u00e7\u00e3o dos(as) TAEs<\/summary><div class=\"wp-block-coblocks-accordion-item__content\" style=\"border-color:#002e4f\">\n<div class=\"wp-block-buttons is-layout-flex wp-block-buttons-is-layout-flex\">\n<div class=\"wp-block-button has-custom-width wp-block-button__width-100\"><a class=\"wp-block-button__link has-text-align-left wp-element-button\" href=\"https:\/\/progepe.ufpr.br\/capacitacao\/wp-content\/uploads\/2025\/11\/SEI_8377815_Edital_N._17_2025.pdf\" target=\"_blank\" rel=\"noreferrer noopener\">EDITAL N. 17\/2025 &#8211; PROGEPE\/CDP\/UCAQ<\/a><\/div>\n\n\n\n<div class=\"wp-block-button has-custom-width wp-block-button__width-100\"><a class=\"wp-block-button__link has-text-align-left wp-element-button\" href=\"https:\/\/progepe.ufpr.br\/capacitacao\/wp-content\/uploads\/2025\/12\/SEI_8439696_Edital_N._18_2025.pdf\" target=\"_blank\" rel=\"noreferrer noopener\">Retifica\u00e7\u00e3o do Edital N. 17\/2025 &#8211; PROGEPE\/CDP\/UCAQ<\/a><\/div>\n<\/div>\n<\/div><\/details><\/div>\n\n\n\n<div class=\"wp-block-coblocks-accordion-item\"><details><summary class=\"wp-block-coblocks-accordion-item__title has-background has-text-color has-base-color\" style=\"background-color:#002e4f\">Seja um apoiador da Semana do Servidor 2025 da UFPR<\/summary><div class=\"wp-block-coblocks-accordion-item__content\" style=\"border-color:#002e4f\">\n<div class=\"wp-block-buttons is-layout-flex wp-block-buttons-is-layout-flex\">\n<div class=\"wp-block-button has-custom-width wp-block-button__width-100\"><a class=\"wp-block-button__link has-text-align-left wp-element-button\" href=\"https:\/\/progepe.ufpr.br\/capacitacao\/wp-content\/uploads\/2025\/08\/Edital.pdf\">Edital N. 11\/2025 PROGEPE\/CDP\/UCAQ<\/a><\/div>\n\n\n\n<div class=\"wp-block-button has-custom-width wp-block-button__width-100\"><a class=\"wp-block-button__link has-text-align-left wp-element-button\" href=\"https:\/\/progepe.ufpr.br\/capacitacao\/wp-content\/uploads\/2025\/08\/Formulario-de-inscricao.pdf\">Formul\u00e1rio de inscri\u00e7\u00e3o<\/a><\/div>\n\n\n\n<div class=\"wp-block-button has-custom-width wp-block-button__width-100\"><a class=\"wp-block-button__link has-text-align-left wp-element-button\" href=\"https:\/\/progepe.ufpr.br\/capacitacao\/wp-content\/uploads\/2025\/09\/SEI_8173225_Edital_N._12.pdf\">Inscri\u00e7\u00f5es homologadas e Resultado preliminar<\/a><\/div>\n\n\n\n<div class=\"wp-block-button has-custom-width wp-block-button__width-100\"><a class=\"wp-block-button__link has-text-align-left wp-element-button\" href=\"https:\/\/progepe.ufpr.br\/capacitacao\/wp-content\/uploads\/2025\/09\/SEI_8193242_Edital_N._13-1.pdf\">Resultado final<\/a><\/div>\n<\/div>\n\n\n\n<div class=\"wp-block-uagb-buttons uagb-buttons__outer-wrap uagb-btn__default-btn uagb-btn-tablet__default-btn uagb-btn-mobile__default-btn uagb-block-eeabce39\"><div class=\"uagb-buttons__wrap uagb-buttons-layout-wrap \">\n<div class=\"wp-block-uagb-buttons-child uagb-buttons__outer-wrap uagb-block-a0110a59 wp-block-button\"><div class=\"uagb-button__wrapper\"><a class=\"uagb-buttons-repeater wp-block-button__link\" aria-label=\"\" href=\"#\" rel=\"follow noopener\" target=\"_self\" role=\"button\"><div class=\"uagb-button__link\">Click Here<\/div><\/a><\/div><\/div>\n<\/div><\/div>\n<\/div><\/details><\/div>\n\n\n\n<div class=\"wp-block-coblocks-accordion-item\"><details><summary class=\"wp-block-coblocks-accordion-item__title has-background has-text-color has-base-color\" style=\"background-color:#002e4f\">Afastamentos<\/summary><div class=\"wp-block-coblocks-accordion-item__content\" style=\"border-color:#002e4f\">\n<div class=\"wp-block-buttons is-content-justification-center is-layout-flex wp-container-core-buttons-is-layout-3 wp-block-buttons-is-layout-flex\">\n<div class=\"wp-block-button has-custom-width wp-block-button__width-100\"><a class=\"wp-block-button__link has-text-align-left wp-element-button\" href=\"https:\/\/progepe.ufpr.br\/capacitacao\/calendario-editais-afastamento\/\">Sobre os editais para afastamento<\/a><\/div>\n<\/div>\n\n\n\n<div style=\"height:1em\" aria-hidden=\"true\" class=\"wp-block-spacer\"><\/div>\n\n\n\n<div class=\"wp-block-coblocks-accordion\">\n<div class=\"wp-block-coblocks-accordion-item\"><details><summary class=\"wp-block-coblocks-accordion-item__title has-background has-text-color has-base-color\" style=\"background-color:#003d69\">Editais para afastamento 2026<\/summary><div class=\"wp-block-coblocks-accordion-item__content\" style=\"border-color:#003d69\">\n<div class=\"wp-block-buttons is-content-justification-center is-layout-flex wp-container-core-buttons-is-layout-4 wp-block-buttons-is-layout-flex\">\n<div class=\"wp-block-button has-custom-width wp-block-button__width-100\"><a class=\"wp-block-button__link has-text-align-left wp-element-button\" href=\"https:\/\/progepe.ufpr.br\/capacitacao\/edital-de-afastamento-para-pos-graduacao-stricto-sensu-docente-2026\/\">Docentes<\/a><\/div>\n\n\n\n<div class=\"wp-block-button has-custom-width wp-block-button__width-100\"><a class=\"wp-block-button__link has-text-align-left wp-element-button\" href=\"https:\/\/progepe.ufpr.br\/capacitacao\/edital-afastamento-tecnicos-2026\/\">T\u00e9cnicos-administrativos<\/a><\/div>\n<\/div>\n<\/div><\/details><\/div>\n<\/div>\n\n\n\n<div class=\"wp-block-coblocks-accordion\">\n<div class=\"wp-block-coblocks-accordion-item\"><details><summary class=\"wp-block-coblocks-accordion-item__title has-background has-text-color has-base-color\" style=\"background-color:#003d69\">Editais para afastamento 2025<\/summary><div class=\"wp-block-coblocks-accordion-item__content\" style=\"border-color:#003d69\">\n<div class=\"wp-block-buttons is-content-justification-center is-layout-flex wp-container-core-buttons-is-layout-5 wp-block-buttons-is-layout-flex\">\n<div class=\"wp-block-button has-custom-width wp-block-button__width-100\"><a class=\"wp-block-button__link has-text-align-left wp-element-button\" href=\"https:\/\/progepe.ufpr.br\/capacitacao\/tag\/edital-afastamento-stricto-docente,edital-afastamento-posdoc-docente\/?s&amp;post_type=post&amp;m=2025\">Docentes<\/a><\/div>\n\n\n\n<div class=\"wp-block-button has-custom-width wp-block-button__width-100\"><a class=\"wp-block-button__link has-text-align-left wp-element-button\" href=\"https:\/\/progepe.ufpr.br\/capacitacao\/tag\/edital-afastamento-stricto-ta,edital-afastamento-posdoc-ta\/?s&amp;post_type=post&amp;m=2025\">T\u00e9cnicos-administrativos<\/a><\/div>\n<\/div>\n<\/div><\/details><\/div>\n<\/div>\n\n\n\n<div class=\"wp-block-buttons is-content-justification-center is-layout-flex wp-container-core-buttons-is-layout-6 wp-block-buttons-is-layout-flex\">\n<div class=\"wp-block-button has-custom-width wp-block-button__width-100\"><a class=\"wp-block-button__link has-text-align-left wp-element-button\" href=\"https:\/\/progepe.ufpr.br\/capacitacao\/editais-afastamento-2024\/\">Editais para afastamento 2024<\/a><\/div>\n\n\n\n<div class=\"wp-block-button has-custom-width wp-block-button__width-100\"><a class=\"wp-block-button__link has-text-align-left wp-element-button\" href=\"https:\/\/progepe.ufpr.br\/capacitacao\/editais-afastamento-2023\/\">Editais para afastamento 2023<\/a><\/div>\n\n\n\n<div class=\"wp-block-button has-custom-width wp-block-button__width-100\"><a class=\"wp-block-button__link has-text-align-left wp-element-button\" href=\"https:\/\/progepe.ufpr.br\/capacitacao\/editais-afastamento-2022\/\">Editais para afastamento 2022<\/a><\/div>\n\n\n\n<div class=\"wp-block-button has-custom-width wp-block-button__width-100\"><a class=\"wp-block-button__link has-text-align-left wp-element-button\" href=\"https:\/\/progepe.ufpr.br\/capacitacao\/editais-afastamento-2021\/\">Editais para afastamento 2021<\/a><\/div>\n\n\n\n<div class=\"wp-block-button has-custom-width wp-block-button__width-100\"><a class=\"wp-block-button__link has-text-align-left wp-element-button\" href=\"https:\/\/progepe.ufpr.br\/capacitacao\/editais-afastamento-2020\/\">Editais para afastamento 2020<\/a><\/div>\n\n\n\n<div class=\"wp-block-button has-custom-width wp-block-button__width-100\"><a class=\"wp-block-button__link has-text-align-left wp-element-button\" href=\"https:\/\/progepe.ufpr.br\/capacitacao\/editais-afastamento-2019\/\">Editais para afastamento 2019<\/a><\/div>\n<\/div>\n<\/div><\/details><\/div>\n\n\n\n<div class=\"wp-block-coblocks-accordion-item\"><details><summary class=\"wp-block-coblocks-accordion-item__title has-background has-text-color has-base-color\" style=\"background-color:#002e4f\">Plano de Incentivo \u00e0 Qualifica\u00e7\u00e3o (PIQ)<\/summary><div class=\"wp-block-coblocks-accordion-item__content\" style=\"border-color:#002e4f\">\n<div class=\"wp-block-buttons is-content-justification-center is-layout-flex wp-container-core-buttons-is-layout-7 wp-block-buttons-is-layout-flex\">\n<div class=\"wp-block-button has-custom-width wp-block-button__width-100\"><a class=\"wp-block-button__link has-text-align-left wp-element-button\" href=\"https:\/\/progepe.ufpr.br\/capacitacao\/plano-de-incentivo-a-qualificacao-2025\/\">2025<\/a><\/div>\n\n\n\n<div class=\"wp-block-button has-custom-width wp-block-button__width-100\"><a class=\"wp-block-button__link has-text-align-left wp-element-button\" href=\"https:\/\/progepe.ufpr.br\/capacitacao\/editais-piq-2024\/\">2024<\/a><\/div>\n\n\n\n<div class=\"wp-block-button has-custom-width wp-block-button__width-100\"><a class=\"wp-block-button__link has-text-align-left wp-element-button\" href=\"https:\/\/progepe.ufpr.br\/capacitacao\/editais-piq-2023\/\">2023<\/a><\/div>\n\n\n\n<div class=\"wp-block-button has-custom-width wp-block-button__width-100\"><a class=\"wp-block-button__link has-text-align-left wp-element-button\" href=\"https:\/\/progepe.ufpr.br\/capacitacao\/editais-piq-2022\/\">2022<\/a><\/div>\n\n\n\n<div class=\"wp-block-button has-custom-width wp-block-button__width-100\"><a class=\"wp-block-button__link has-text-align-left wp-element-button\" href=\"https:\/\/progepe.ufpr.br\/capacitacao\/editais-piq-2021\/\">2021<\/a><\/div>\n\n\n\n<div class=\"wp-block-button has-custom-width wp-block-button__width-100\"><a class=\"wp-block-button__link has-text-align-left wp-element-button\" href=\"https:\/\/progepe.ufpr.br\/capacitacao\/editais-piq-2020\/\">2020<\/a><\/div>\n\n\n\n<div class=\"wp-block-button has-custom-width wp-block-button__width-100\"><a class=\"wp-block-button__link has-text-align-left wp-element-button\" href=\"https:\/\/progepe.ufpr.br\/capacitacao\/editais-piq-2018\/\">2018<\/a><\/div>\n\n\n\n<div class=\"wp-block-button has-custom-width wp-block-button__width-100\"><a class=\"wp-block-button__link has-text-align-left wp-element-button\" href=\"https:\/\/progepe.ufpr.br\/capacitacao\/editais-piq-2017\/\">2017<\/a><\/div>\n<\/div>\n<\/div><\/details><\/div>\n\n\n\n<div class=\"wp-block-coblocks-accordion-item\"><details><summary class=\"wp-block-coblocks-accordion-item__title has-background has-text-color has-base-color\" style=\"background-color:#002e4f\">Instrutoria em a\u00e7\u00f5es de capacita\u00e7\u00e3o<\/summary><div class=\"wp-block-coblocks-accordion-item__content\" style=\"border-color:#002e4f\">\n<div class=\"wp-block-coblocks-accordion\">\n<div class=\"wp-block-coblocks-accordion-item\"><details><summary class=\"wp-block-coblocks-accordion-item__title has-background has-text-color has-base-color\" style=\"background-color:#003d69\">Conteudista<\/summary><div class=\"wp-block-coblocks-accordion-item__content\" style=\"border-color:#003d69\">\n<div class=\"wp-block-buttons is-content-justification-center is-layout-flex wp-container-core-buttons-is-layout-8 wp-block-buttons-is-layout-flex\">\n<div class=\"wp-block-button has-custom-width wp-block-button__width-100\"><a class=\"wp-block-button__link has-text-align-left wp-element-button\" href=\"https:\/\/progepe.ufpr.br\/capacitacao\/editais-conteudista-2018\/\">2018<\/a><\/div>\n<\/div>\n<\/div><\/details><\/div>\n\n\n\n<div class=\"wp-block-coblocks-accordion-item\"><details><summary class=\"wp-block-coblocks-accordion-item__title has-background has-text-color has-base-color\" style=\"background-color:#003d69\">Int\u00e9rprete de LIBRAS<\/summary><div class=\"wp-block-coblocks-accordion-item__content\" style=\"border-color:#003d69\">\n<div class=\"wp-block-buttons is-content-justification-center is-layout-flex wp-container-core-buttons-is-layout-9 wp-block-buttons-is-layout-flex\">\n<div class=\"wp-block-button has-custom-width wp-block-button__width-100\"><a class=\"wp-block-button__link has-text-align-left wp-element-button\" href=\"https:\/\/progepe.ufpr.br\/capacitacao\/editais-interprete-libras-2018\/\">2018<\/a><\/div>\n<\/div>\n<\/div><\/details><\/div>\n\n\n\n<div class=\"wp-block-coblocks-accordion-item\"><details><summary class=\"wp-block-coblocks-accordion-item__title has-background has-text-color has-base-color\" style=\"background-color:#003d69\">Ministrantes de aulas<\/summary><div class=\"wp-block-coblocks-accordion-item__content\" style=\"border-color:#003d69\">\n<div class=\"wp-block-coblocks-accordion\">\n<div class=\"wp-block-coblocks-accordion-item\"><details><summary class=\"wp-block-coblocks-accordion-item__title has-background has-text-color has-base-color\" style=\"background-color:#003d69\">2026<\/summary><div class=\"wp-block-coblocks-accordion-item__content\" style=\"border-color:#003d69\">\n<div class=\"wp-block-buttons is-content-justification-center is-layout-flex wp-container-core-buttons-is-layout-10 wp-block-buttons-is-layout-flex\">\n<div class=\"wp-block-button has-custom-width wp-block-button__width-100\"><a class=\"wp-block-button__link has-text-align-left wp-element-button\" href=\"https:\/\/progepe.ufpr.br\/capacitacao\/78935-2\/\" target=\"_blank\" rel=\"noreferrer noopener\">EDITAL N\u00ba 03\/2026 &#8211; PROGEPE\/CDP\/UCAQ<\/a><\/div>\n<\/div>\n<\/div><\/details><\/div>\n\n\n\n<div class=\"wp-block-coblocks-accordion-item\"><details><summary class=\"wp-block-coblocks-accordion-item__title has-background has-text-color has-base-color\" style=\"background-color:#003d69\">2025<\/summary><div class=\"wp-block-coblocks-accordion-item__content\" style=\"border-color:#003d69\">\n<div class=\"wp-block-buttons is-content-justification-center is-layout-flex wp-container-core-buttons-is-layout-11 wp-block-buttons-is-layout-flex\">\n<div class=\"wp-block-button has-custom-width wp-block-button__width-100\"><a class=\"wp-block-button__link has-text-align-left wp-element-button\" href=\"https:\/\/progepe.ufpr.br\/capacitacao\/inscricoes-para-instrutoresas\/\" target=\"_blank\" rel=\"noreferrer noopener\">Edital n\u00ba 01\/2025<\/a><\/div>\n\n\n\n<div class=\"wp-block-button has-custom-width wp-block-button__width-100\"><a class=\"wp-block-button__link has-text-align-left wp-element-button\" href=\"https:\/\/progepe.ufpr.br\/capacitacao\/selecao-de-instrutores-para-o-curso-reflexoes-sobre-disciplinas-internacionais-na-ufpr\/\" target=\"_blank\" rel=\"noreferrer noopener\">Edital N. 14\/2025<\/a><\/div>\n<\/div>\n<\/div><\/details><\/div>\n<\/div>\n\n\n\n<div class=\"wp-block-buttons is-content-justification-center is-layout-flex wp-container-core-buttons-is-layout-12 wp-block-buttons-is-layout-flex\">\n<div class=\"wp-block-button has-custom-width wp-block-button__width-100\"><a class=\"wp-block-button__link has-text-align-left wp-element-button\" href=\"https:\/\/progepe.ufpr.br\/capacitacao\/editais-instrutores-2024\/\">2024<\/a><\/div>\n\n\n\n<div class=\"wp-block-button has-custom-width wp-block-button__width-100\"><a class=\"wp-block-button__link has-text-align-left wp-element-button\" href=\"https:\/\/progepe.ufpr.br\/capacitacao\/editais-instrutores-2023\/\">2023<\/a><\/div>\n\n\n\n<div class=\"wp-block-button has-custom-width wp-block-button__width-100\"><a class=\"wp-block-button__link has-text-align-left wp-element-button\" href=\"https:\/\/progepe.ufpr.br\/capacitacao\/editais-instrutores-2022\/\">2022<\/a><\/div>\n\n\n\n<div class=\"wp-block-button has-custom-width wp-block-button__width-100\"><a class=\"wp-block-button__link has-text-align-left wp-element-button\" href=\"https:\/\/progepe.ufpr.br\/capacitacao\/editais-instrutores-2021\/\">2021<\/a><\/div>\n\n\n\n<div class=\"wp-block-button has-custom-width wp-block-button__width-100\"><a class=\"wp-block-button__link has-text-align-left wp-element-button\" href=\"https:\/\/progepe.ufpr.br\/capacitacao\/editais-instrutores-2019\/\">2019<\/a><\/div>\n\n\n\n<div class=\"wp-block-button has-custom-width wp-block-button__width-100\"><a class=\"wp-block-button__link has-text-align-left wp-element-button\" href=\"https:\/\/progepe.ufpr.br\/capacitacao\/editais-instrutores-2018\/\">2018<\/a><\/div>\n<\/div>\n<\/div><\/details><\/div>\n\n\n\n<div class=\"wp-block-coblocks-accordion-item\"><details><summary class=\"wp-block-coblocks-accordion-item__title has-background has-text-color has-base-color\" style=\"background-color:#003d69\">Tutores<\/summary><div class=\"wp-block-coblocks-accordion-item__content\" style=\"border-color:#003d69\">\n<div class=\"wp-block-buttons is-content-justification-center is-layout-flex wp-container-core-buttons-is-layout-13 wp-block-buttons-is-layout-flex\">\n<div class=\"wp-block-button has-custom-width wp-block-button__width-100\"><a class=\"wp-block-button__link has-text-align-left wp-element-button\" href=\"https:\/\/progepe.ufpr.br\/capacitacao\/editais-tutores-2022\/\">2022<\/a><\/div>\n\n\n\n<div class=\"wp-block-button has-custom-width wp-block-button__width-100\"><a class=\"wp-block-button__link has-text-align-left wp-element-button\" href=\"https:\/\/progepe.ufpr.br\/capacitacao\/editais-tutores-2021\/\">2021<\/a><\/div>\n\n\n\n<div class=\"wp-block-button has-custom-width wp-block-button__width-100\"><a class=\"wp-block-button__link has-text-align-left wp-element-button\" href=\"https:\/\/progepe.ufpr.br\/capacitacao\/editais-tutores-2019\/\">2019<\/a><\/div>\n\n\n\n<div class=\"wp-block-button has-custom-width wp-block-button__width-100\"><a class=\"wp-block-button__link has-text-align-left wp-element-button\" href=\"https:\/\/progepe.ufpr.br\/capacitacao\/editais-tutores-2018\/\">2018<\/a><\/div>\n<\/div>\n<\/div><\/details><\/div>\n<\/div>\n<\/div><\/details><\/div>\n\n\n\n<div class=\"wp-block-coblocks-accordion-item\"><details><summary class=\"wp-block-coblocks-accordion-item__title has-background has-text-color has-base-color\" style=\"background-color:#002e4f\">Programa LEM<\/summary><div class=\"wp-block-coblocks-accordion-item__content\" style=\"border-color:#002e4f\">\n<div class=\"wp-block-coblocks-accordion\">\n<div class=\"wp-block-coblocks-accordion-item\"><details><summary class=\"wp-block-coblocks-accordion-item__title has-background has-text-color has-base-color\" style=\"background-color:#003d69\">2026<\/summary><div class=\"wp-block-coblocks-accordion-item__content\" style=\"border-color:#003d69\">\n<div class=\"wp-block-coblocks-accordion\">\n<div class=\"wp-block-coblocks-accordion-item\"><details><summary class=\"wp-block-coblocks-accordion-item__title has-background has-primary-background-color has-text-color has-base-color\">Edital N\u00aa19\/2025<\/summary><div class=\"wp-block-coblocks-accordion-item__content\" style=\"border-color:#2a56a4\">\n<div class=\"wp-block-buttons is-layout-flex wp-block-buttons-is-layout-flex\">\n<div class=\"wp-block-button has-custom-width wp-block-button__width-100\"><a class=\"wp-block-button__link has-text-align-left wp-element-button\" href=\"https:\/\/progepe.ufpr.br\/capacitacao\/wp-content\/uploads\/2025\/12\/SEI_23075.079016_2025_33.pdf\" target=\"_blank\" rel=\"noreferrer noopener\">EDITAL N\u00ba 19\/2025 PROGEPE\/CDP\/UCAQ &#8211; Inscri\u00e7\u00f5es<\/a><\/div>\n\n\n\n<div class=\"wp-block-button has-custom-width wp-block-button__width-100\"><a class=\"wp-block-button__link has-text-align-left wp-element-button\" href=\"https:\/\/progepe.ufpr.br\/capacitacao\/wp-content\/uploads\/2026\/01\/Edital_02_2026-Retificacao.pdf\" target=\"_blank\" rel=\"noreferrer noopener\">EDITAL N\u00ba 02\/2026 PROGEPE\/CDP\/UCAQ &#8211; Retifica\u00e7\u00e3o<\/a><\/div>\n\n\n\n<div class=\"wp-block-button has-custom-width wp-block-button__width-100\"><a class=\"wp-block-button__link has-text-align-left wp-element-button\" href=\"https:\/\/progepe.ufpr.br\/capacitacao\/wp-content\/uploads\/2026\/01\/Edital-No01-2026.pdf\" target=\"_blank\" rel=\"noreferrer noopener\">EDITAL N\u00ba 01\/2026 &#8211; PROGEPE\/CDP\/UCAQ &#8211; Rela\u00e7\u00e3o de inscritos<\/a><\/div>\n\n\n\n<div class=\"wp-block-button has-custom-width wp-block-button__width-100\"><a class=\"wp-block-button__link has-text-align-left wp-element-button\" href=\"https:\/\/progepe.ufpr.br\/capacitacao\/wp-content\/uploads\/2026\/01\/LEM-ResultadoFinal.pdf\" target=\"_blank\" rel=\"noreferrer noopener\">Resultado do sorteio<\/a><\/div>\n\n\n\n<div class=\"wp-block-button has-custom-width wp-block-button__width-100\"><a class=\"wp-block-button__link has-text-align-left wp-element-button\" href=\"https:\/\/progepe.ufpr.br\/capacitacao\/wp-content\/uploads\/2026\/03\/Relacao-de-matriculadosas.pdf\" target=\"_blank\" rel=\"noreferrer noopener\">INFORMA\u00c7\u00c3O N\u00ba 16\/2026\/UFPR\/R\/PROGEPE\/CDP\/UCAQ &#8211; Rela\u00e7\u00e3o de Servidores(as) Matriculados(as)<\/a><\/div>\n<\/div>\n<\/div><\/details><\/div>\n<\/div>\n<\/div><\/details><\/div>\n\n\n\n<div class=\"wp-block-coblocks-accordion-item\"><details><summary class=\"wp-block-coblocks-accordion-item__title has-background has-text-color has-base-color\" style=\"background-color:#003d69\">2025<\/summary><div class=\"wp-block-coblocks-accordion-item__content\" style=\"border-color:#003d69\">\n<div class=\"wp-block-buttons has-custom-font-size has-medium-font-size is-content-justification-center is-layout-flex wp-container-core-buttons-is-layout-15 wp-block-buttons-is-layout-flex\">\n<div class=\"wp-block-button has-custom-width wp-block-button__width-100\"><a class=\"wp-block-button__link has-text-align-left wp-element-button\" href=\"https:\/\/progepe.ufpr.br\/capacitacao\/wp-content\/uploads\/2025\/05\/SEI_23075.032393_2025_17.pdf\" target=\"_blank\" rel=\"noreferrer noopener\">EDITAL N\u00ba 06\/2025 PROGEPE\/CDP\/UCAQ &#8211; Inscri\u00e7\u00f5es<\/a><\/div>\n\n\n\n<div class=\"wp-block-button has-custom-width wp-block-button__width-100\"><a class=\"wp-block-button__link has-text-align-left wp-element-button\" href=\"https:\/\/progepe.ufpr.br\/capacitacao\/wp-content\/uploads\/2025\/05\/SEI_7854469_Edital_N__07_2025-1.pdf\" target=\"_blank\" rel=\"noreferrer noopener\">EDITAL N\u00ba 07\/2025 &#8211; PROGEPE\/CDP\/UCAQ &#8211; Rela\u00e7\u00e3o de inscritos<\/a><\/div>\n\n\n\n<div class=\"wp-block-button has-custom-width wp-block-button__width-100\"><a class=\"wp-block-button__link has-text-align-left wp-element-button\" href=\"https:\/\/progepe.ufpr.br\/capacitacao\/programa-de-lem-2025-2-servidores-matriculados\/\" target=\"_blank\" rel=\"noreferrer noopener\">Rela\u00e7\u00e3o de servidores(as) matriculados(as)<\/a><\/div>\n<\/div>\n<\/div><\/details><\/div>\n<\/div>\n<\/div><\/details><\/div>\n<\/div>\n\n\n\n<div style=\"height:1em\" aria-hidden=\"true\" class=\"wp-block-spacer\"><\/div>\n<\/div>\n\n\n\n<p><\/p>\n","protected":false},"excerpt":{"rendered":"","protected":false},"author":39,"featured_media":0,"parent":0,"menu_order":0,"comment_status":"closed","ping_status":"closed","template":"pagina_de_navegacao","meta":{"_coblocks_attr":"","_coblocks_dimensions":"","_coblocks_responsive_height":"","_coblocks_accordion_ie_support":"","_uag_custom_page_level_css":"","iawp_total_views":1987,"footnotes":""},"class_list":["post-78266","page","type-page","status-publish","hentry"],"uagb_featured_image_src":{"full":false,"thumbnail":false,"medium":false,"medium_large":false,"large":false,"1536x1536":false,"2048x2048":false},"uagb_author_info":{"display_name":"Bruno Tokarski","author_link":"https:\/\/progepe.ufpr.br\/capacitacao\/author\/brtok\/"},"uagb_comment_info":0,"uagb_excerpt":null,"publishpress_future_workflow_manual_trigger":{"enabledWorkflows":[]},"_links":{"self":[{"href":"https:\/\/progepe.ufpr.br\/capacitacao\/wp-json\/wp\/v2\/pages\/78266","targetHints":{"allow":["GET"]}}],"collection":[{"href":"https:\/\/progepe.ufpr.br\/capacitacao\/wp-json\/wp\/v2\/pages"}],"about":[{"href":"https:\/\/progepe.ufpr.br\/capacitacao\/wp-json\/wp\/v2\/types\/page"}],"author":[{"embeddable":true,"href":"https:\/\/progepe.ufpr.br\/capacitacao\/wp-json\/wp\/v2\/users\/39"}],"replies":[{"embeddable":true,"href":"https:\/\/progepe.ufpr.br\/capacitacao\/wp-json\/wp\/v2\/comments?post=78266"}],"version-history":[{"count":36,"href":"https:\/\/progepe.ufpr.br\/capacitacao\/wp-json\/wp\/v2\/pages\/78266\/revisions"}],"predecessor-version":[{"id":79185,"href":"https:\/\/progepe.ufpr.br\/capacitacao\/wp-json\/wp\/v2\/pages\/78266\/revisions\/79185"}],"wp:attachment":[{"href":"https:\/\/progepe.ufpr.br\/capacitacao\/wp-json\/wp\/v2\/media?parent=78266"}],"curies":[{"name":"wp","href":"https:\/\/api.w.org\/{rel}","templated":true}]}}